{"id":140,"date":"2020-11-22T09:52:12","date_gmt":"2020-11-22T09:52:12","guid":{"rendered":"https:\/\/salesianos.info\/adviento-navidad\/?page_id=140"},"modified":"2025-11-26T08:30:07","modified_gmt":"2025-11-26T08:30:07","slug":"2-diciembre","status":"publish","type":"page","link":"https:\/\/salesianos.info\/adviento-navidad\/2-diciembre\/","title":{"rendered":"Adviento 2 diciembre"},"content":{"rendered":"<p>[et_pb_section fb_built=\u00bb1&#8243; fullwidth=\u00bbon\u00bb _builder_version=\u00bb4.16&#8243; _module_preset=\u00bbdefault\u00bb global_colors_info=\u00bb{}\u00bb][et_pb_fullwidth_header title=\u00bbAdviento\u00bb subhead=\u00bb2 de diciembre\u00bb text_orientation=\u00bbright\u00bb _builder_version=\u00bb4.16&#8243; _module_preset=\u00bbdefault\u00bb title_font_size=\u00bb55px\u00bb subhead_font_size=\u00bb24px\u00bb background_image=\u00bbhttps:\/\/salesianos.info\/adviento-navidad\/wp-content\/uploads\/sites\/2\/2020\/11\/3-dic.png\u00bb title_text_shadow_style=\u00bbpreset2&#8243; global_colors_info=\u00bb{}\u00bb][\/et_pb_fullwidth_header][\/et_pb_section][et_pb_section fb_built=\u00bb1&#8243; admin_label=\u00bbsection\u00bb _builder_version=\u00bb4.16&#8243; global_colors_info=\u00bb{}\u00bb][et_pb_row column_structure=\u00bb3_4,1_4&#8243; _builder_version=\u00bb4.16&#8243; global_colors_info=\u00bb{}\u00bb][et_pb_column type=\u00bb3_4&#8243; _builder_version=\u00bb4.16&#8243; custom_padding=\u00bb|||\u00bb global_colors_info=\u00bb{}\u00bb custom_padding__hover=\u00bb|||\u00bb][et_pb_tabs _builder_version=\u00bb4.27.4&#8243; tab_font=\u00bbAmatic SC||||\u00bb tab_font_size=\u00bb24px\u00bb z_index_tablet=\u00bb500&#8243; body_text_shadow_horizontal_length_tablet=\u00bb0px\u00bb body_text_shadow_vertical_length_tablet=\u00bb0px\u00bb body_text_shadow_blur_strength_tablet=\u00bb1px\u00bb tab_text_shadow_horizontal_length_tablet=\u00bb0px\u00bb tab_text_shadow_vertical_length_tablet=\u00bb0px\u00bb tab_text_shadow_blur_strength_tablet=\u00bb1px\u00bb body_link_text_shadow_horizontal_length_tablet=\u00bb0px\u00bb body_link_text_shadow_vertical_length_tablet=\u00bb0px\u00bb body_link_text_shadow_blur_strength_tablet=\u00bb1px\u00bb body_ul_text_shadow_horizontal_length_tablet=\u00bb0px\u00bb body_ul_text_shadow_vertical_length_tablet=\u00bb0px\u00bb body_ul_text_shadow_blur_strength_tablet=\u00bb1px\u00bb body_ol_text_shadow_horizontal_length_tablet=\u00bb0px\u00bb body_ol_text_shadow_vertical_length_tablet=\u00bb0px\u00bb body_ol_text_shadow_blur_strength_tablet=\u00bb1px\u00bb body_quote_text_shadow_horizontal_length_tablet=\u00bb0px\u00bb body_quote_text_shadow_vertical_length_tablet=\u00bb0px\u00bb body_quote_text_shadow_blur_strength_tablet=\u00bb1px\u00bb border_radii=\u00bbon|25px|25px|25px|25px\u00bb border_width_all=\u00bb2px\u00bb border_color_all=\u00bb#37424b\u00bb box_shadow_style=\u00bbpreset1&#8243; box_shadow_horizontal_tablet=\u00bb0px\u00bb box_shadow_vertical_tablet=\u00bb0px\u00bb box_shadow_blur_tablet=\u00bb40px\u00bb box_shadow_spread_tablet=\u00bb0px\u00bb global_colors_info=\u00bb{}\u00bb][et_pb_tab title=\u00bbEVANGELIO\u00bb title_tablet=\u00bbLECTIO DOMINICAL\u00bb title_phone=\u00bbLECTIO DOMINICAL\u00bb _builder_version=\u00bb4.27.4&#8243; body_font=\u00bb||||\u00bb tab_font=\u00bb||||\u00bb background_color_gradient_direction_tablet=\u00bb180deg\u00bb background_color_gradient_direction_phone=\u00bb180deg\u00bb background_color_gradient_stops_tablet=\u00bb#2b87da 0%|#29c4a9 100%\u00bb background_color_gradient_stops_phone=\u00bb#2b87da 0%|#29c4a9 100%\u00bb background_color_gradient_start_position_tablet=\u00bb0%\u00bb background_color_gradient_start_position_phone=\u00bb0%\u00bb background_color_gradient_end_position_tablet=\u00bb100%\u00bb background_color_gradient_end_position_phone=\u00bb100%\u00bb hover_transition_duration_tablet=\u00bb300ms\u00bb hover_transition_duration_phone=\u00bb300ms\u00bb hover_transition_delay_tablet=\u00bb0ms\u00bb hover_transition_delay_phone=\u00bb0ms\u00bb body_text_shadow_horizontal_length_tablet=\u00bb0px\u00bb body_text_shadow_horizontal_length_phone=\u00bb0px\u00bb body_text_shadow_vertical_length_tablet=\u00bb0px\u00bb body_text_shadow_vertical_length_phone=\u00bb0px\u00bb body_text_shadow_blur_strength_tablet=\u00bb1px\u00bb body_text_shadow_blur_strength_phone=\u00bb1px\u00bb tab_text_shadow_horizontal_length_tablet=\u00bb0px\u00bb tab_text_shadow_horizontal_length_phone=\u00bb0px\u00bb tab_text_shadow_vertical_length_tablet=\u00bb0px\u00bb tab_text_shadow_vertical_length_phone=\u00bb0px\u00bb tab_text_shadow_blur_strength_tablet=\u00bb1px\u00bb tab_text_shadow_blur_strength_phone=\u00bb1px\u00bb body_link_text_shadow_horizontal_length_tablet=\u00bb0px\u00bb body_link_text_shadow_horizontal_length_phone=\u00bb0px\u00bb body_link_text_shadow_vertical_length_tablet=\u00bb0px\u00bb body_link_text_shadow_vertical_length_phone=\u00bb0px\u00bb body_link_text_shadow_blur_strength_tablet=\u00bb1px\u00bb body_link_text_shadow_blur_strength_phone=\u00bb1px\u00bb body_ul_text_shadow_horizontal_length_tablet=\u00bb0px\u00bb body_ul_text_shadow_horizontal_length_phone=\u00bb0px\u00bb body_ul_text_shadow_vertical_length_tablet=\u00bb0px\u00bb body_ul_text_shadow_vertical_length_phone=\u00bb0px\u00bb body_ul_text_shadow_blur_strength_tablet=\u00bb1px\u00bb body_ul_text_shadow_blur_strength_phone=\u00bb1px\u00bb body_ol_text_shadow_horizontal_length_tablet=\u00bb0px\u00bb body_ol_text_shadow_horizontal_length_phone=\u00bb0px\u00bb body_ol_text_shadow_vertical_length_tablet=\u00bb0px\u00bb body_ol_text_shadow_vertical_length_phone=\u00bb0px\u00bb body_ol_text_shadow_blur_strength_tablet=\u00bb1px\u00bb body_ol_text_shadow_blur_strength_phone=\u00bb1px\u00bb body_quote_text_shadow_horizontal_length_tablet=\u00bb0px\u00bb body_quote_text_shadow_horizontal_length_phone=\u00bb0px\u00bb body_quote_text_shadow_vertical_length_tablet=\u00bb0px\u00bb body_quote_text_shadow_vertical_length_phone=\u00bb0px\u00bb body_quote_text_shadow_blur_strength_tablet=\u00bb1px\u00bb body_quote_text_shadow_blur_strength_phone=\u00bb1px\u00bb global_colors_info=\u00bb{}\u00bb]<\/p>\n<h2><strong>LUCAS 10, 21-24<\/strong><\/h2>\n<p>En aquella hora Jes\u00fas se llen\u00f3 de alegr\u00eda en el Esp\u00edritu Santo y dijo:<\/p>\n<p>\u00abTe doy gracias, Padre, Se\u00f1or del cielo y de la tierra, porque has escondido estas cosas a los sabios y entendidos, y las has revelado a los peque\u00f1os. S\u00ed, Padre, porque as\u00ed te ha parecido bien.<\/p>\n<p>Todo me ha sido entregado por mi Padre, y nadie conoce qui\u00e9n es el Hijo sino el Padre; ni qui\u00e9n es el Padre sino el Hijo y aquel a quien el Hijo se lo quiera revelar\u00bb.<br \/>Y, volvi\u00e9ndose a sus disc\u00edpulos, les dijo aparte:<\/p>\n<p>\u00ab\u00a1Bienaventurados los ojos que ven lo que vosotros veis! Porque os digo que muchos profetas y reyes quisieron ver lo que vosotros veis, y no lo vieron; y o\u00edr lo que vosotros o\u00eds, y no lo oyeron\u00bb.<\/p>\n<p>&nbsp;<\/p>\n<p>&nbsp;<\/p>\n<p>[\/et_pb_tab][\/et_pb_tabs][\/et_pb_column][et_pb_column type=\u00bb1_4&#8243; _builder_version=\u00bb4.16&#8243; custom_padding=\u00bb|||\u00bb global_colors_info=\u00bb{}\u00bb custom_padding__hover=\u00bb|||\u00bb][et_pb_image src=\u00bbhttps:\/\/salesianos.info\/adviento-navidad\/wp-content\/uploads\/sites\/2\/2025\/11\/Cartel_ProtagonistasdelaHistoria.png\u00bb alt=\u00bbsomos-futuro\u00bb title_text=\u00bbCartel_ProtagonistasdelaHistoria\u00bb url=\u00bbhttps:\/\/salesianos.info\/protagonistasdelahistoria\/\u00bb url_new_window=\u00bbon\u00bb _builder_version=\u00bb4.27.4&#8243; _module_preset=\u00bbdefault\u00bb global_colors_info=\u00bb{}\u00bb][\/et_pb_image][\/et_pb_column][\/et_pb_row][et_pb_row column_structure=\u00bb1_3,1_3,1_3&#8243; _builder_version=\u00bb4.27.4&#8243; _module_preset=\u00bbdefault\u00bb custom_margin=\u00bb38px||||false|false\u00bb border_radii=\u00bbon|25px|25px|25px|25px\u00bb box_shadow_style=\u00bbpreset1&#8243; global_colors_info=\u00bb{}\u00bb][et_pb_column type=\u00bb1_3&#8243; _builder_version=\u00bb4.16&#8243; _module_preset=\u00bbdefault\u00bb global_colors_info=\u00bb{}\u00bb][et_pb_blurb title=\u00bbTiempo interior\u00bb url=\u00bbhttps:\/\/www.salesianos.edu\/tiempo-interior\/\u00bb url_new_window=\u00bbon\u00bb use_icon=\u00bbon\u00bb font_icon=\u00bb&#xe066;||divi||400&#8243; _builder_version=\u00bb4.16&#8243; _module_preset=\u00bbdefault\u00bb header_text_align=\u00bbcenter\u00bb header_font_size=\u00bb23px\u00bb custom_margin=\u00bb|40px||40px|false|false\u00bb link_option_url=\u00bbhttps:\/\/www.salesianos.edu\/tiempo-interior\/\u00bb link_option_url_new_window=\u00bbon\u00bb global_colors_info=\u00bb{}\u00bb]<\/p>\n<p style=\"text-align: center\"><span style=\"font-weight: 400\">Dedica un tiempo de reflexi\u00f3n al comentario del Evangelio en Tiempo Interior, con Jos\u00e9 J. G\u00f3mez.<\/span><\/p>\n<p>[\/et_pb_blurb][\/et_pb_column][et_pb_column type=\u00bb1_3&#8243; _builder_version=\u00bb4.16&#8243; _module_preset=\u00bbdefault\u00bb global_colors_info=\u00bb{}\u00bb][et_pb_blurb url=\u00bbhttps:\/\/www.salesianos.es\/comunidades-en-oracion\/\u00bb url_new_window=\u00bbon\u00bb image=\u00bbhttps:\/\/salesianos.info\/adviento-navidad\/wp-content\/uploads\/sites\/2\/2024\/11\/logo-Comunidades-en-Oracion.png\u00bb _builder_version=\u00bb4.27.4&#8243; _module_preset=\u00bbdefault\u00bb header_text_align=\u00bbcenter\u00bb header_font_size=\u00bb23px\u00bb custom_margin=\u00bb|40px||40px|false|false\u00bb link_option_url=\u00bbhttps:\/\/www.salesianos.es\/comunidades-en-oracion\/\u00bb link_option_url_new_window=\u00bbon\u00bb global_colors_info=\u00bb{}\u00bb]<\/p>\n<p>Material elaborado por la Pastoral Juvenil SSM. El objetivo potenciar la experiencia diaria de la Fe<\/p>\n<p>[\/et_pb_blurb][\/et_pb_column][et_pb_column type=\u00bb1_3&#8243; _builder_version=\u00bb4.16&#8243; _module_preset=\u00bbdefault\u00bb global_colors_info=\u00bb{}\u00bb][et_pb_blurb title=\u00bbReflexi\u00f3n Diaria\u00bb url_new_window=\u00bbon\u00bb use_icon=\u00bbon\u00bb font_icon=\u00bb&#xe066;||divi||400&#8243; _builder_version=\u00bb4.27.4&#8243; _module_preset=\u00bbdefault\u00bb header_text_align=\u00bbcenter\u00bb header_font_size=\u00bb23px\u00bb custom_margin=\u00bb|40px||40px|false|false\u00bb link_option_url_new_window=\u00bbon\u00bb global_colors_info=\u00bb{}\u00bb]<\/p>\n<p class=\"p1\">Dedica un tiempo de reflexion con la propuesta que nos hace Ram\u00f3n Ariza.<\/p>\n<p>[\/et_pb_blurb][\/et_pb_column][\/et_pb_row][et_pb_row column_structure=\u00bb1_2,1_2&#8243; _builder_version=\u00bb4.16&#8243; _module_preset=\u00bbdefault\u00bb custom_margin=\u00bb38px||||false|false\u00bb border_radii=\u00bbon|25px|25px|25px|25px\u00bb box_shadow_style=\u00bbpreset1&#8243; global_colors_info=\u00bb{}\u00bb][et_pb_column type=\u00bb1_2&#8243; _builder_version=\u00bb4.16&#8243; _module_preset=\u00bbdefault\u00bb global_colors_info=\u00bb{}\u00bb][et_pb_image src=\u00bbhttps:\/\/salesianos.info\/adviento-navidad\/wp-content\/uploads\/sites\/2\/2021\/12\/774ea50ac34cda67e45e8a4a1e3c1540.jpg\u00bb title_text=\u00bb774ea50ac34cda67e45e8a4a1e3c1540&#8243; url=\u00bbhttps:\/\/es.ppc-editorial.com\/libro\/celebrar-el-adviento-y-la-navidad\u00bb url_new_window=\u00bbon\u00bb align=\u00bbcenter\u00bb _builder_version=\u00bb4.27.4&#8243; _module_preset=\u00bbdefault\u00bb global_colors_info=\u00bb{}\u00bb][\/et_pb_image][\/et_pb_column][et_pb_column type=\u00bb1_2&#8243; _builder_version=\u00bb4.16&#8243; _module_preset=\u00bbdefault\u00bb global_colors_info=\u00bb{}\u00bb][et_pb_text _builder_version=\u00bb4.16&#8243; _module_preset=\u00bbdefault\u00bb global_colors_info=\u00bb{}\u00bb]<\/p>\n<div class=\"commerce-product-extra-field commerce-product-extra-field-title node-2891-product-title\">\n<h1 class=\"commerce-product-title\">Celebrar el Adviento y la Navidad<\/h1>\n<\/div>\n<blockquote>\n<div class=\"field field-name-field-sm-ecat-frases-descrip field-type-text field-label-hidden field-wrapper\">Actividades y propuestas de oraci\u00f3n y de celebraci\u00f3n para vivir en grupo con sentido cristiano el Adviento y la Navidad.<\/div>\n<\/blockquote>\n<div class=\"field field-name-field-sm-ecat-sinopsis field-type-text-long field-label-hidden field-wrapper\">\n<p>Vivimos en una sociedad consumista que intenta anular\u00a0el sentido cristiano de muchas de nuestras fiestas. Esta propuesta pretende\u00a0ayudar a clarificar lo que celebramos los cristianos en Adviento y Navidad.<\/p>\n<p>Para ello, ofrecemos diversas actividades y propuestas de oracio\u0301n y de celebracio\u0301n que se pueden realizar\u00a0con grupos formativos en los tiempos de Adviento y\u00a0 Navidad.\u00a0<\/p>\n<p>Todas ellas ayudan a desarrollar y a hacer expli\u0301cito\u00a0el mensaje cristiano del Adviento y de la Navidad. Quieren ser estrellitas fugaces que sen\u0303alan a la Estrella de Oriente que indica el camino hacia Bele\u0301n.<\/p>\n<\/div>\n<div class=\"row collapse\">\n<div class=\"semipanel-left large-6 medium-12 columns\">\n<div class=\"row\">\n<div class=\"field field-name-field-sm-ecat-autores field-type-taxonomy-term-reference field-label-inline clearfix field-wrapper\"><\/div>\n<\/div>\n<\/div>\n<\/div>\n<p>&nbsp;<\/p>\n<p>[\/et_pb_text][et_pb_text _builder_version=\u00bb4.27.4&#8243; _module_preset=\u00bbdefault\u00bb global_colors_info=\u00bb{}\u00bb]<\/p>\n<div class=\"semipanel-left large-6 medium-12 columns\">\n<div class=\"row\">\n<div class=\"field field-name-field-sm-ecat-autores field-type-taxonomy-term-reference field-label-inline clearfix field-wrapper\">\n<div class=\"field-label\">Autor <span class=\"colon\">:\u00a0<\/span><a href=\"https:\/\/es.ppc-editorial.com\/autores\/ignacio-jose-miguel-burgui-ongay\">Ignacio Jos\u00e9 Miguel Burgui Ongay<\/a><\/div>\n<\/div>\n<\/div>\n<div class=\"field field-name-field-sm-ecat-ppc-area field-type-taxonomy-term-reference field-label-inline clearfix field-wrapper\">\u00a0<\/div>\n<\/div>\n<div class=\"semipanel-right large-5 large-push-1 medium-12 columns\">\n<div class=\"commerce-product-field commerce-product-field-field-sm-ecat-isbn field-field-sm-ecat-isbn node-2891-product-field-sm-ecat-isbn\">\n<div class=\"field field-name-field-sm-ecat-isbn field-type-text field-label-inline clearfix field-wrapper\">\n<div class=\"field-label\">\u00a0<\/div>\n<\/div>\n<\/div>\n<\/div>\n<p>&nbsp;<\/p>\n<p>[\/et_pb_text][\/et_pb_column][\/et_pb_row][\/et_pb_section][et_pb_section fb_built=\u00bb1&#8243; _builder_version=\u00bb4.16&#8243; global_colors_info=\u00bb{}\u00bb][et_pb_row column_structure=\u00bb1_2,1_2&#8243; _builder_version=\u00bb4.16&#8243; background_size=\u00bbinitial\u00bb background_position=\u00bbtop_left\u00bb background_repeat=\u00bbrepeat\u00bb custom_margin=\u00bb-25px||||false|false\u00bb custom_padding=\u00bb0px|||||\u00bb border_radii=\u00bbon|25px|25px|25px|25px\u00bb box_shadow_style=\u00bbpreset1&#8243; global_colors_info=\u00bb{}\u00bb][et_pb_column type=\u00bb1_2&#8243; _builder_version=\u00bb4.16&#8243; custom_padding=\u00bb|||\u00bb global_colors_info=\u00bb{}\u00bb custom_padding__hover=\u00bb|||\u00bb][et_pb_image src=\u00bbhttps:\/\/salesianos.info\/adviento-navidad\/wp-content\/uploads\/sites\/2\/2022\/11\/people-g9afb9bfac_1920.jpg\u00bb title_text=\u00bbpeople-g9afb9bfac_1920&#8243; align=\u00bbcenter\u00bb _builder_version=\u00bb4.27.4&#8243; _module_preset=\u00bbdefault\u00bb custom_margin=\u00bb22px|||21px|false|false\u00bb custom_margin_tablet=\u00bb\u00bb custom_margin_phone=\u00bb22px|18px||21px|false|false\u00bb custom_margin_last_edited=\u00bbon|phone\u00bb border_radii=\u00bbon|25px|25px|25px|25px\u00bb border_width_all=\u00bb4px\u00bb border_color_all=\u00bb#37424b\u00bb box_shadow_style=\u00bbpreset3&#8243; global_colors_info=\u00bb{}\u00bb][\/et_pb_image][\/et_pb_column][et_pb_column type=\u00bb1_2&#8243; _builder_version=\u00bb4.16&#8243; custom_padding=\u00bb|||\u00bb global_colors_info=\u00bb{}\u00bb custom_padding__hover=\u00bb|||\u00bb][et_pb_divider show_divider=\u00bboff\u00bb disabled_on=\u00bbon|off|off\u00bb _builder_version=\u00bb4.16&#8243; _module_preset=\u00bbdefault\u00bb custom_margin=\u00bb||120px||false|false\u00bb global_colors_info=\u00bb{}\u00bb][\/et_pb_divider][et_pb_text _builder_version=\u00bb4.27.4&#8243; _module_preset=\u00bbdefault\u00bb text_text_color=\u00bb#dc001b\u00bb text_font_size=\u00bb40px\u00bb text_orientation=\u00bbcenter\u00bb custom_margin=\u00bb6px||||false|false\u00bb custom_padding=\u00bb0px||||false|false\u00bb global_colors_info=\u00bb{}\u00bb]<\/p>\n<p>\u00abHas escondido estas cosas a los sabios y entendidos, y las has revelado a los peque\u00f1os\u00bb<\/p>\n<p>[\/et_pb_text][\/et_pb_column][\/et_pb_row][et_pb_row _builder_version=\u00bb4.16&#8243; _module_preset=\u00bbdefault\u00bb custom_margin=\u00bb55px||||false|false\u00bb border_radii=\u00bbon|25px|25px|25px|25px\u00bb box_shadow_style=\u00bbpreset1&#8243; global_colors_info=\u00bb{}\u00bb][et_pb_column type=\u00bb4_4&#8243; _builder_version=\u00bb4.16&#8243; _module_preset=\u00bbdefault\u00bb global_colors_info=\u00bb{}\u00bb][et_pb_blurb title=\u00bbCarb\u00f3n al Odio\u00bb url=\u00bbhttps:\/\/sites.google.com\/fisat.es\/amorevolezza\/recursos\/carb%C3%B3n-al-odio?authuser=0&#8243; url_new_window=\u00bbon\u00bb image=\u00bbhttps:\/\/salesianos.info\/adviento-navidad\/wp-content\/uploads\/sites\/2\/2025\/11\/carbon-al-odio.png\u00bb image_icon_width=\u00bb136%\u00bb _builder_version=\u00bb4.27.4&#8243; _module_preset=\u00bbdefault\u00bb header_text_align=\u00bbcenter\u00bb header_font_size=\u00bb23px\u00bb custom_margin=\u00bb|40px||40px|false|false\u00bb link_option_url=\u00bbhttps:\/\/sites.google.com\/fisat.es\/amorevolezza\/recursos\/carb%C3%B3n-al-odio?authuser=0&#8243; link_option_url_new_window=\u00bbon\u00bb hover_enabled=\u00bb0&#8243; global_colors_info=\u00bb{}\u00bb sticky_enabled=\u00bb0&#8243;]<\/p>\n<p style=\"text-align: center;\"><span style=\"font-weight: 400;\">Accede a los materiales para vivir el Adviento y la Navidad preparados por FISAT. Un cuento, juegos en familia y amigos&#8230;Una forma diferente de ver a los Reyes Magos<\/span><\/p>\n<p>[\/et_pb_blurb][\/et_pb_column][\/et_pb_row][\/et_pb_section][et_pb_section fb_built=\u00bb1&#8243; _builder_version=\u00bb4.16&#8243; custom_padding=\u00bb18px|||||\u00bb global_colors_info=\u00bb{}\u00bb][et_pb_row _builder_version=\u00bb4.16&#8243; _module_preset=\u00bbdefault\u00bb custom_margin=\u00bb||||false|false\u00bb border_radii=\u00bbon|26px|26px|26px|26px\u00bb box_shadow_style=\u00bbpreset1&#8243; global_colors_info=\u00bb{}\u00bb][et_pb_column type=\u00bb4_4&#8243; _builder_version=\u00bb4.16&#8243; _module_preset=\u00bbdefault\u00bb global_colors_info=\u00bb{}\u00bb][et_pb_text _builder_version=\u00bb4.16&#8243; text_text_color=\u00bb#e02b20&#8243; text_font_size=\u00bb49px\u00bb custom_margin=\u00bb|20px||20px|false|false\u00bb z_index_tablet=\u00bb500&#8243; text_text_shadow_horizontal_length_tablet=\u00bb0px\u00bb text_text_shadow_vertical_length_tablet=\u00bb0px\u00bb text_text_shadow_blur_strength_tablet=\u00bb1px\u00bb link_text_shadow_horizontal_length_tablet=\u00bb0px\u00bb link_text_shadow_vertical_length_tablet=\u00bb0px\u00bb link_text_shadow_blur_strength_tablet=\u00bb1px\u00bb ul_text_shadow_horizontal_length_tablet=\u00bb0px\u00bb ul_text_shadow_vertical_length_tablet=\u00bb0px\u00bb ul_text_shadow_blur_strength_tablet=\u00bb1px\u00bb ol_text_shadow_horizontal_length_tablet=\u00bb0px\u00bb ol_text_shadow_vertical_length_tablet=\u00bb0px\u00bb ol_text_shadow_blur_strength_tablet=\u00bb1px\u00bb quote_text_shadow_horizontal_length_tablet=\u00bb0px\u00bb quote_text_shadow_vertical_length_tablet=\u00bb0px\u00bb quote_text_shadow_blur_strength_tablet=\u00bb1px\u00bb header_text_shadow_horizontal_length_tablet=\u00bb0px\u00bb header_text_shadow_vertical_length_tablet=\u00bb0px\u00bb header_text_shadow_blur_strength_tablet=\u00bb1px\u00bb header_2_text_shadow_horizontal_length_tablet=\u00bb0px\u00bb header_2_text_shadow_vertical_length_tablet=\u00bb0px\u00bb header_2_text_shadow_blur_strength_tablet=\u00bb1px\u00bb header_3_text_shadow_horizontal_length_tablet=\u00bb0px\u00bb header_3_text_shadow_vertical_length_tablet=\u00bb0px\u00bb header_3_text_shadow_blur_strength_tablet=\u00bb1px\u00bb header_4_text_shadow_horizontal_length_tablet=\u00bb0px\u00bb header_4_text_shadow_vertical_length_tablet=\u00bb0px\u00bb header_4_text_shadow_blur_strength_tablet=\u00bb1px\u00bb header_5_text_shadow_horizontal_length_tablet=\u00bb0px\u00bb header_5_text_shadow_vertical_length_tablet=\u00bb0px\u00bb header_5_text_shadow_blur_strength_tablet=\u00bb1px\u00bb header_6_text_shadow_horizontal_length_tablet=\u00bb0px\u00bb header_6_text_shadow_vertical_length_tablet=\u00bb0px\u00bb header_6_text_shadow_blur_strength_tablet=\u00bb1px\u00bb box_shadow_horizontal_tablet=\u00bb0px\u00bb box_shadow_vertical_tablet=\u00bb0px\u00bb box_shadow_blur_tablet=\u00bb40px\u00bb box_shadow_spread_tablet=\u00bb0px\u00bb global_colors_info=\u00bb{}\u00bb]<\/p>\n<h1><span style=\"font-size: xx-large\">CATEQUESIS<\/span><\/h1>\n<p>[\/et_pb_text][et_pb_accordion open_toggle_text_color=\u00bb#e02b20&#8243; _builder_version=\u00bb4.16&#8243; toggle_font_size=\u00bb18px\u00bb custom_margin=\u00bb|20px||20px|false|false\u00bb z_index_tablet=\u00bb500&#8243; toggle_text_shadow_horizontal_length_tablet=\u00bb0px\u00bb toggle_text_shadow_vertical_length_tablet=\u00bb0px\u00bb toggle_text_shadow_blur_strength_tablet=\u00bb1px\u00bb closed_toggle_text_shadow_horizontal_length_tablet=\u00bb0px\u00bb closed_toggle_text_shadow_vertical_length_tablet=\u00bb0px\u00bb closed_toggle_text_shadow_blur_strength_tablet=\u00bb1px\u00bb body_text_shadow_horizontal_length_tablet=\u00bb0px\u00bb body_text_shadow_vertical_length_tablet=\u00bb0px\u00bb body_text_shadow_blur_strength_tablet=\u00bb1px\u00bb body_link_text_shadow_horizontal_length_tablet=\u00bb0px\u00bb body_link_text_shadow_vertical_length_tablet=\u00bb0px\u00bb body_link_text_shadow_blur_strength_tablet=\u00bb1px\u00bb body_ul_text_shadow_horizontal_length_tablet=\u00bb0px\u00bb body_ul_text_shadow_vertical_length_tablet=\u00bb0px\u00bb body_ul_text_shadow_blur_strength_tablet=\u00bb1px\u00bb body_ol_text_shadow_horizontal_length_tablet=\u00bb0px\u00bb body_ol_text_shadow_vertical_length_tablet=\u00bb0px\u00bb body_ol_text_shadow_blur_strength_tablet=\u00bb1px\u00bb body_quote_text_shadow_horizontal_length_tablet=\u00bb0px\u00bb body_quote_text_shadow_vertical_length_tablet=\u00bb0px\u00bb body_quote_text_shadow_blur_strength_tablet=\u00bb1px\u00bb border_radii=\u00bbon|25px|25px|25px|25px\u00bb border_color_all=\u00bb#37424b\u00bb box_shadow_horizontal_tablet=\u00bb0px\u00bb box_shadow_vertical_tablet=\u00bb0px\u00bb box_shadow_blur_tablet=\u00bb40px\u00bb box_shadow_spread_tablet=\u00bb0px\u00bb text_shadow_horizontal_length_tablet=\u00bb0px\u00bb text_shadow_vertical_length_tablet=\u00bb0px\u00bb text_shadow_blur_strength_tablet=\u00bb1px\u00bb global_colors_info=\u00bb{}\u00bb][et_pb_accordion_item title=\u00bbPREGUNTA\u00bb open=\u00bbon\u00bb title_tablet=\u00bbPREGUNTA\u00bb title_phone=\u00bbPREGUNTA\u00bb _builder_version=\u00bb4.16&#8243; background_color_gradient_direction_tablet=\u00bb180deg\u00bb background_color_gradient_direction_phone=\u00bb180deg\u00bb background_color_gradient_stops_tablet=\u00bb#2b87da 0%|#29c4a9 100%\u00bb background_color_gradient_stops_phone=\u00bb#2b87da 0%|#29c4a9 100%\u00bb background_color_gradient_start_position_tablet=\u00bb0%\u00bb background_color_gradient_start_position_phone=\u00bb0%\u00bb background_color_gradient_end_position_tablet=\u00bb100%\u00bb background_color_gradient_end_position_phone=\u00bb100%\u00bb hover_transition_duration_tablet=\u00bb300ms\u00bb hover_transition_duration_phone=\u00bb300ms\u00bb hover_transition_delay_tablet=\u00bb0ms\u00bb hover_transition_delay_phone=\u00bb0ms\u00bb body_text_shadow_horizontal_length_tablet=\u00bb0px\u00bb body_text_shadow_horizontal_length_phone=\u00bb0px\u00bb body_text_shadow_vertical_length_tablet=\u00bb0px\u00bb body_text_shadow_vertical_length_phone=\u00bb0px\u00bb body_text_shadow_blur_strength_tablet=\u00bb1px\u00bb body_text_shadow_blur_strength_phone=\u00bb1px\u00bb body_link_text_shadow_horizontal_length_tablet=\u00bb0px\u00bb body_link_text_shadow_horizontal_length_phone=\u00bb0px\u00bb body_link_text_shadow_vertical_length_tablet=\u00bb0px\u00bb body_link_text_shadow_vertical_length_phone=\u00bb0px\u00bb body_link_text_shadow_blur_strength_tablet=\u00bb1px\u00bb body_link_text_shadow_blur_strength_phone=\u00bb1px\u00bb body_ul_text_shadow_horizontal_length_tablet=\u00bb0px\u00bb body_ul_text_shadow_horizontal_length_phone=\u00bb0px\u00bb body_ul_text_shadow_vertical_length_tablet=\u00bb0px\u00bb body_ul_text_shadow_vertical_length_phone=\u00bb0px\u00bb body_ul_text_shadow_blur_strength_tablet=\u00bb1px\u00bb body_ul_text_shadow_blur_strength_phone=\u00bb1px\u00bb body_ol_text_shadow_horizontal_length_tablet=\u00bb0px\u00bb body_ol_text_shadow_horizontal_length_phone=\u00bb0px\u00bb body_ol_text_shadow_vertical_length_tablet=\u00bb0px\u00bb body_ol_text_shadow_vertical_length_phone=\u00bb0px\u00bb body_ol_text_shadow_blur_strength_tablet=\u00bb1px\u00bb body_ol_text_shadow_blur_strength_phone=\u00bb1px\u00bb body_quote_text_shadow_horizontal_length_tablet=\u00bb0px\u00bb body_quote_text_shadow_horizontal_length_phone=\u00bb0px\u00bb body_quote_text_shadow_vertical_length_tablet=\u00bb0px\u00bb body_quote_text_shadow_vertical_length_phone=\u00bb0px\u00bb body_quote_text_shadow_blur_strength_tablet=\u00bb1px\u00bb body_quote_text_shadow_blur_strength_phone=\u00bb1px\u00bb box_shadow_horizontal_tablet=\u00bb0px\u00bb box_shadow_horizontal_phone=\u00bb0px\u00bb box_shadow_vertical_tablet=\u00bb0px\u00bb box_shadow_vertical_phone=\u00bb0px\u00bb box_shadow_blur_tablet=\u00bb40px\u00bb box_shadow_blur_phone=\u00bb40px\u00bb box_shadow_spread_tablet=\u00bb0px\u00bb box_shadow_spread_phone=\u00bb0px\u00bb text_shadow_horizontal_length_tablet=\u00bb0px\u00bb text_shadow_horizontal_length_phone=\u00bb0px\u00bb text_shadow_vertical_length_tablet=\u00bb0px\u00bb text_shadow_vertical_length_phone=\u00bb0px\u00bb text_shadow_blur_strength_tablet=\u00bb1px\u00bb text_shadow_blur_strength_phone=\u00bb1px\u00bb global_colors_info=\u00bb{}\u00bb toggle_text_shadow_horizontal_length_tablet=\u00bb0px\u00bb toggle_text_shadow_horizontal_length_phone=\u00bb0px\u00bb toggle_text_shadow_vertical_length_tablet=\u00bb0px\u00bb toggle_text_shadow_vertical_length_phone=\u00bb0px\u00bb toggle_text_shadow_blur_strength_tablet=\u00bb1px\u00bb toggle_text_shadow_blur_strength_phone=\u00bb1px\u00bb closed_toggle_text_shadow_horizontal_length_tablet=\u00bb0px\u00bb closed_toggle_text_shadow_horizontal_length_phone=\u00bb0px\u00bb closed_toggle_text_shadow_vertical_length_tablet=\u00bb0px\u00bb closed_toggle_text_shadow_vertical_length_phone=\u00bb0px\u00bb closed_toggle_text_shadow_blur_strength_tablet=\u00bb1px\u00bb closed_toggle_text_shadow_blur_strength_phone=\u00bb1px\u00bb]<\/p>\n<p>\u00bfQu\u00e9 fechas marcan el inicio y el final del tiempo de Navidad?<\/p>\n<p>[\/et_pb_accordion_item][et_pb_accordion_item title=\u00bbRESPUESTA\u00bb title_tablet=\u00bbRESPUESTA\u00bb title_phone=\u00bbRESPUESTA\u00bb _builder_version=\u00bb4.16&#8243; background_color_gradient_direction_tablet=\u00bb180deg\u00bb background_color_gradient_direction_phone=\u00bb180deg\u00bb background_color_gradient_stops_tablet=\u00bb#2b87da 0%|#29c4a9 100%\u00bb background_color_gradient_stops_phone=\u00bb#2b87da 0%|#29c4a9 100%\u00bb background_color_gradient_start_position_tablet=\u00bb0%\u00bb background_color_gradient_start_position_phone=\u00bb0%\u00bb background_color_gradient_end_position_tablet=\u00bb100%\u00bb background_color_gradient_end_position_phone=\u00bb100%\u00bb hover_transition_duration_tablet=\u00bb300ms\u00bb hover_transition_duration_phone=\u00bb300ms\u00bb hover_transition_delay_tablet=\u00bb0ms\u00bb hover_transition_delay_phone=\u00bb0ms\u00bb body_text_shadow_horizontal_length_tablet=\u00bb0px\u00bb body_text_shadow_horizontal_length_phone=\u00bb0px\u00bb body_text_shadow_vertical_length_tablet=\u00bb0px\u00bb body_text_shadow_vertical_length_phone=\u00bb0px\u00bb body_text_shadow_blur_strength_tablet=\u00bb1px\u00bb body_text_shadow_blur_strength_phone=\u00bb1px\u00bb body_link_text_shadow_horizontal_length_tablet=\u00bb0px\u00bb body_link_text_shadow_horizontal_length_phone=\u00bb0px\u00bb body_link_text_shadow_vertical_length_tablet=\u00bb0px\u00bb body_link_text_shadow_vertical_length_phone=\u00bb0px\u00bb body_link_text_shadow_blur_strength_tablet=\u00bb1px\u00bb body_link_text_shadow_blur_strength_phone=\u00bb1px\u00bb body_ul_text_shadow_horizontal_length_tablet=\u00bb0px\u00bb body_ul_text_shadow_horizontal_length_phone=\u00bb0px\u00bb body_ul_text_shadow_vertical_length_tablet=\u00bb0px\u00bb body_ul_text_shadow_vertical_length_phone=\u00bb0px\u00bb body_ul_text_shadow_blur_strength_tablet=\u00bb1px\u00bb body_ul_text_shadow_blur_strength_phone=\u00bb1px\u00bb body_ol_text_shadow_horizontal_length_tablet=\u00bb0px\u00bb body_ol_text_shadow_horizontal_length_phone=\u00bb0px\u00bb body_ol_text_shadow_vertical_length_tablet=\u00bb0px\u00bb body_ol_text_shadow_vertical_length_phone=\u00bb0px\u00bb body_ol_text_shadow_blur_strength_tablet=\u00bb1px\u00bb body_ol_text_shadow_blur_strength_phone=\u00bb1px\u00bb body_quote_text_shadow_horizontal_length_tablet=\u00bb0px\u00bb body_quote_text_shadow_horizontal_length_phone=\u00bb0px\u00bb body_quote_text_shadow_vertical_length_tablet=\u00bb0px\u00bb body_quote_text_shadow_vertical_length_phone=\u00bb0px\u00bb body_quote_text_shadow_blur_strength_tablet=\u00bb1px\u00bb body_quote_text_shadow_blur_strength_phone=\u00bb1px\u00bb box_shadow_horizontal_tablet=\u00bb0px\u00bb box_shadow_horizontal_phone=\u00bb0px\u00bb box_shadow_vertical_tablet=\u00bb0px\u00bb box_shadow_vertical_phone=\u00bb0px\u00bb box_shadow_blur_tablet=\u00bb40px\u00bb box_shadow_blur_phone=\u00bb40px\u00bb box_shadow_spread_tablet=\u00bb0px\u00bb box_shadow_spread_phone=\u00bb0px\u00bb text_shadow_horizontal_length_tablet=\u00bb0px\u00bb text_shadow_horizontal_length_phone=\u00bb0px\u00bb text_shadow_vertical_length_tablet=\u00bb0px\u00bb text_shadow_vertical_length_phone=\u00bb0px\u00bb text_shadow_blur_strength_tablet=\u00bb1px\u00bb text_shadow_blur_strength_phone=\u00bb1px\u00bb global_colors_info=\u00bb{}\u00bb toggle_level=\u00bbh3&#8243; toggle_text_shadow_horizontal_length_tablet=\u00bb0px\u00bb toggle_text_shadow_horizontal_length_phone=\u00bb0px\u00bb toggle_text_shadow_vertical_length_tablet=\u00bb0px\u00bb toggle_text_shadow_vertical_length_phone=\u00bb0px\u00bb toggle_text_shadow_blur_strength_tablet=\u00bb1px\u00bb toggle_text_shadow_blur_strength_phone=\u00bb1px\u00bb closed_toggle_text_shadow_horizontal_length_tablet=\u00bb0px\u00bb closed_toggle_text_shadow_horizontal_length_phone=\u00bb0px\u00bb closed_toggle_text_shadow_vertical_length_tablet=\u00bb0px\u00bb closed_toggle_text_shadow_vertical_length_phone=\u00bb0px\u00bb closed_toggle_text_shadow_blur_strength_tablet=\u00bb1px\u00bb closed_toggle_text_shadow_blur_strength_phone=\u00bb1px\u00bb open=\u00bboff\u00bb]<\/p>\n<p>El tiempo de Navidad se inicia el 25 de diciembre y termina con la solemnidad del Bautismo del Se\u00f1or (domingo siguiente a la Epifan\u00eda).<\/p>\n<p>[\/et_pb_accordion_item][\/et_pb_accordion][\/et_pb_column][\/et_pb_row][\/et_pb_section][et_pb_section fb_built=\u00bb1&#8243; _builder_version=\u00bb4.16&#8243; _module_preset=\u00bbdefault\u00bb bottom_divider_style=\u00bbwaves2&#8243; bottom_divider_color=\u00bb#37424b\u00bb bottom_divider_height=\u00bb42px\u00bb global_colors_info=\u00bb{}\u00bb][et_pb_row _builder_version=\u00bb4.16&#8243; _module_preset=\u00bbdefault\u00bb global_colors_info=\u00bb{}\u00bb][et_pb_column type=\u00bb4_4&#8243; _builder_version=\u00bb4.16&#8243; _module_preset=\u00bbdefault\u00bb global_colors_info=\u00bb{}\u00bb][et_pb_image src=\u00bbhttps:\/\/salesianos.info\/adviento-navidad\/wp-content\/uploads\/sites\/2\/2020\/11\/Adviento_navidad-SALESIANO.png\u00bb title_text=\u00bbAdviento_navidad SALESIANO\u00bb _builder_version=\u00bb4.16&#8243; _module_preset=\u00bbdefault\u00bb global_colors_info=\u00bb{}\u00bb][\/et_pb_image][\/et_pb_column][\/et_pb_row][\/et_pb_section]<\/p>\n","protected":false},"excerpt":{"rendered":"<p>LUCAS 10, 21-24 En aquella hora Jes\u00fas se llen\u00f3 de alegr\u00eda en el Esp\u00edritu Santo y dijo: \u00abTe doy gracias, Padre, Se\u00f1or del cielo y de la tierra, porque has escondido estas cosas a los sabios y entendidos, y las has revelado a los peque\u00f1os. S\u00ed, Padre, porque as\u00ed te ha parecido bien. Todo me [&hellip;]<\/p>\n","protected":false},"author":3,"featured_media":1122,"parent":0,"menu_order":0,"comment_status":"closed","ping_status":"closed","template":"","meta":{"_et_pb_use_builder":"on","_et_pb_old_content":"","_et_gb_content_width":"","footnotes":""},"class_list":["post-140","page","type-page","status-publish","has-post-thumbnail","hentry"],"yoast_head":"<!-- This site is optimized with the Yoast SEO plugin v27.5 - https:\/\/yoast.com\/product\/yoast-seo-wordpress\/ -->\n<title>Adviento 2 diciembre - Adviento y Navidad Salesiana<\/title>\n<meta name=\"robots\" content=\"index, follow, max-snippet:-1, max-image-preview:large, max-video-preview:-1\" \/>\n<link rel=\"canonical\" href=\"https:\/\/salesianos.info\/adviento-navidad\/2-diciembre\/\" \/>\n<meta property=\"og:locale\" content=\"es_ES\" \/>\n<meta property=\"og:type\" content=\"article\" \/>\n<meta property=\"og:title\" content=\"Adviento 2 diciembre - Adviento y Navidad Salesiana\" \/>\n<meta property=\"og:description\" content=\"Dedica un tiempo de reflexi\u00f3n al comentario del Evangelio en Tiempo Interior, con Jos\u00e9 J. G\u00f3mez.Homilia y Eucarist\u00eda para ni\u00f1osPara potenciar la experiencia diaria de la fe\" \/>\n<meta property=\"og:url\" content=\"https:\/\/salesianos.info\/adviento-navidad\/2-diciembre\/\" \/>\n<meta property=\"og:site_name\" content=\"Adviento y Navidad Salesiana\" \/>\n<meta property=\"article:modified_time\" content=\"2025-11-26T08:30:07+00:00\" \/>\n<meta property=\"og:image\" content=\"https:\/\/salesianos.info\/adviento-navidad\/wp-content\/uploads\/sites\/2\/2022\/11\/people-g9afb9bfac_1920.jpg\" \/>\n\t<meta property=\"og:image:width\" content=\"1920\" \/>\n\t<meta property=\"og:image:height\" content=\"1280\" \/>\n\t<meta property=\"og:image:type\" content=\"image\/jpeg\" \/>\n<meta name=\"twitter:card\" content=\"summary_large_image\" \/>\n<meta name=\"twitter:label1\" content=\"Tiempo de lectura\" \/>\n\t<meta name=\"twitter:data1\" content=\"4 minutos\" \/>\n<script type=\"application\/ld+json\" class=\"yoast-schema-graph\">{\"@context\":\"https:\\\/\\\/schema.org\",\"@graph\":[{\"@type\":\"WebPage\",\"@id\":\"https:\\\/\\\/salesianos.info\\\/adviento-navidad\\\/2-diciembre\\\/\",\"url\":\"https:\\\/\\\/salesianos.info\\\/adviento-navidad\\\/2-diciembre\\\/\",\"name\":\"Adviento 2 diciembre - Adviento y Navidad Salesiana\",\"isPartOf\":{\"@id\":\"https:\\\/\\\/salesianos.info\\\/adviento-navidad\\\/#website\"},\"primaryImageOfPage\":{\"@id\":\"https:\\\/\\\/salesianos.info\\\/adviento-navidad\\\/2-diciembre\\\/#primaryimage\"},\"image\":{\"@id\":\"https:\\\/\\\/salesianos.info\\\/adviento-navidad\\\/2-diciembre\\\/#primaryimage\"},\"thumbnailUrl\":\"https:\\\/\\\/salesianos.info\\\/adviento-navidad\\\/wp-content\\\/uploads\\\/sites\\\/2\\\/2022\\\/11\\\/people-g9afb9bfac_1920.jpg\",\"datePublished\":\"2020-11-22T09:52:12+00:00\",\"dateModified\":\"2025-11-26T08:30:07+00:00\",\"breadcrumb\":{\"@id\":\"https:\\\/\\\/salesianos.info\\\/adviento-navidad\\\/2-diciembre\\\/#breadcrumb\"},\"inLanguage\":\"es\",\"potentialAction\":[{\"@type\":\"ReadAction\",\"target\":[\"https:\\\/\\\/salesianos.info\\\/adviento-navidad\\\/2-diciembre\\\/\"]}]},{\"@type\":\"ImageObject\",\"inLanguage\":\"es\",\"@id\":\"https:\\\/\\\/salesianos.info\\\/adviento-navidad\\\/2-diciembre\\\/#primaryimage\",\"url\":\"https:\\\/\\\/salesianos.info\\\/adviento-navidad\\\/wp-content\\\/uploads\\\/sites\\\/2\\\/2022\\\/11\\\/people-g9afb9bfac_1920.jpg\",\"contentUrl\":\"https:\\\/\\\/salesianos.info\\\/adviento-navidad\\\/wp-content\\\/uploads\\\/sites\\\/2\\\/2022\\\/11\\\/people-g9afb9bfac_1920.jpg\",\"width\":1920,\"height\":1280},{\"@type\":\"BreadcrumbList\",\"@id\":\"https:\\\/\\\/salesianos.info\\\/adviento-navidad\\\/2-diciembre\\\/#breadcrumb\",\"itemListElement\":[{\"@type\":\"ListItem\",\"position\":1,\"name\":\"Portada\",\"item\":\"https:\\\/\\\/salesianos.info\\\/adviento-navidad\\\/\"},{\"@type\":\"ListItem\",\"position\":2,\"name\":\"Adviento 2 diciembre\"}]},{\"@type\":\"WebSite\",\"@id\":\"https:\\\/\\\/salesianos.info\\\/adviento-navidad\\\/#website\",\"url\":\"https:\\\/\\\/salesianos.info\\\/adviento-navidad\\\/\",\"name\":\"Adviento y Navidad Salesiana\",\"description\":\"Adviento y Navidad Salesiana 2024\",\"potentialAction\":[{\"@type\":\"SearchAction\",\"target\":{\"@type\":\"EntryPoint\",\"urlTemplate\":\"https:\\\/\\\/salesianos.info\\\/adviento-navidad\\\/?s={search_term_string}\"},\"query-input\":{\"@type\":\"PropertyValueSpecification\",\"valueRequired\":true,\"valueName\":\"search_term_string\"}}],\"inLanguage\":\"es\"}]}<\/script>\n<!-- \/ Yoast SEO plugin. -->","yoast_head_json":{"title":"Adviento 2 diciembre - Adviento y Navidad Salesiana","robots":{"index":"index","follow":"follow","max-snippet":"max-snippet:-1","max-image-preview":"max-image-preview:large","max-video-preview":"max-video-preview:-1"},"canonical":"https:\/\/salesianos.info\/adviento-navidad\/2-diciembre\/","og_locale":"es_ES","og_type":"article","og_title":"Adviento 2 diciembre - Adviento y Navidad Salesiana","og_description":"Dedica un tiempo de reflexi\u00f3n al comentario del Evangelio en Tiempo Interior, con Jos\u00e9 J. G\u00f3mez.Homilia y Eucarist\u00eda para ni\u00f1osPara potenciar la experiencia diaria de la fe","og_url":"https:\/\/salesianos.info\/adviento-navidad\/2-diciembre\/","og_site_name":"Adviento y Navidad Salesiana","article_modified_time":"2025-11-26T08:30:07+00:00","og_image":[{"width":1920,"height":1280,"url":"https:\/\/salesianos.info\/adviento-navidad\/wp-content\/uploads\/sites\/2\/2022\/11\/people-g9afb9bfac_1920.jpg","type":"image\/jpeg"}],"twitter_card":"summary_large_image","twitter_misc":{"Tiempo de lectura":"4 minutos"},"schema":{"@context":"https:\/\/schema.org","@graph":[{"@type":"WebPage","@id":"https:\/\/salesianos.info\/adviento-navidad\/2-diciembre\/","url":"https:\/\/salesianos.info\/adviento-navidad\/2-diciembre\/","name":"Adviento 2 diciembre - Adviento y Navidad Salesiana","isPartOf":{"@id":"https:\/\/salesianos.info\/adviento-navidad\/#website"},"primaryImageOfPage":{"@id":"https:\/\/salesianos.info\/adviento-navidad\/2-diciembre\/#primaryimage"},"image":{"@id":"https:\/\/salesianos.info\/adviento-navidad\/2-diciembre\/#primaryimage"},"thumbnailUrl":"https:\/\/salesianos.info\/adviento-navidad\/wp-content\/uploads\/sites\/2\/2022\/11\/people-g9afb9bfac_1920.jpg","datePublished":"2020-11-22T09:52:12+00:00","dateModified":"2025-11-26T08:30:07+00:00","breadcrumb":{"@id":"https:\/\/salesianos.info\/adviento-navidad\/2-diciembre\/#breadcrumb"},"inLanguage":"es","potentialAction":[{"@type":"ReadAction","target":["https:\/\/salesianos.info\/adviento-navidad\/2-diciembre\/"]}]},{"@type":"ImageObject","inLanguage":"es","@id":"https:\/\/salesianos.info\/adviento-navidad\/2-diciembre\/#primaryimage","url":"https:\/\/salesianos.info\/adviento-navidad\/wp-content\/uploads\/sites\/2\/2022\/11\/people-g9afb9bfac_1920.jpg","contentUrl":"https:\/\/salesianos.info\/adviento-navidad\/wp-content\/uploads\/sites\/2\/2022\/11\/people-g9afb9bfac_1920.jpg","width":1920,"height":1280},{"@type":"BreadcrumbList","@id":"https:\/\/salesianos.info\/adviento-navidad\/2-diciembre\/#breadcrumb","itemListElement":[{"@type":"ListItem","position":1,"name":"Portada","item":"https:\/\/salesianos.info\/adviento-navidad\/"},{"@type":"ListItem","position":2,"name":"Adviento 2 diciembre"}]},{"@type":"WebSite","@id":"https:\/\/salesianos.info\/adviento-navidad\/#website","url":"https:\/\/salesianos.info\/adviento-navidad\/","name":"Adviento y Navidad Salesiana","description":"Adviento y Navidad Salesiana 2024","potentialAction":[{"@type":"SearchAction","target":{"@type":"EntryPoint","urlTemplate":"https:\/\/salesianos.info\/adviento-navidad\/?s={search_term_string}"},"query-input":{"@type":"PropertyValueSpecification","valueRequired":true,"valueName":"search_term_string"}}],"inLanguage":"es"}]}},"_links":{"self":[{"href":"https:\/\/salesianos.info\/adviento-navidad\/wp-json\/wp\/v2\/pages\/140","targetHints":{"allow":["GET"]}}],"collection":[{"href":"https:\/\/salesianos.info\/adviento-navidad\/wp-json\/wp\/v2\/pages"}],"about":[{"href":"https:\/\/salesianos.info\/adviento-navidad\/wp-json\/wp\/v2\/types\/page"}],"author":[{"embeddable":true,"href":"https:\/\/salesianos.info\/adviento-navidad\/wp-json\/wp\/v2\/users\/3"}],"replies":[{"embeddable":true,"href":"https:\/\/salesianos.info\/adviento-navidad\/wp-json\/wp\/v2\/comments?post=140"}],"version-history":[{"count":38,"href":"https:\/\/salesianos.info\/adviento-navidad\/wp-json\/wp\/v2\/pages\/140\/revisions"}],"predecessor-version":[{"id":19719,"href":"https:\/\/salesianos.info\/adviento-navidad\/wp-json\/wp\/v2\/pages\/140\/revisions\/19719"}],"wp:featuredmedia":[{"embeddable":true,"href":"https:\/\/salesianos.info\/adviento-navidad\/wp-json\/wp\/v2\/media\/1122"}],"wp:attachment":[{"href":"https:\/\/salesianos.info\/adviento-navidad\/wp-json\/wp\/v2\/media?parent=140"}],"curies":[{"name":"wp","href":"https:\/\/api.w.org\/{rel}","templated":true}]}}