{"id":558,"date":"2021-01-05T08:19:00","date_gmt":"2021-01-05T08:19:00","guid":{"rendered":"https:\/\/salesianos.info\/adviento-navidad\/?page_id=558"},"modified":"2025-12-31T09:59:02","modified_gmt":"2025-12-31T09:59:02","slug":"4-enero","status":"publish","type":"page","link":"https:\/\/salesianos.info\/adviento-navidad\/4-enero\/","title":{"rendered":"Navidad 4 enero"},"content":{"rendered":"<p>[et_pb_section fb_built=\u00bb1&#8243; fullwidth=\u00bbon\u00bb _builder_version=\u00bb4.16&#8243; _module_preset=\u00bbdefault\u00bb global_colors_info=\u00bb{}\u00bb][et_pb_fullwidth_header title=\u00bbNavidad\u00bb subhead=\u00bb4 de enero\u00bb text_orientation=\u00bbright\u00bb _builder_version=\u00bb4.16&#8243; _module_preset=\u00bbdefault\u00bb title_font_size=\u00bb55px\u00bb subhead_font_size=\u00bb24px\u00bb background_image=\u00bbhttps:\/\/salesianos.info\/adviento-navidad\/wp-content\/uploads\/sites\/2\/2021\/01\/5-ene-scaled.jpg\u00bb title_text_shadow_style=\u00bbpreset2&#8243; global_colors_info=\u00bb{}\u00bb][\/et_pb_fullwidth_header][\/et_pb_section][et_pb_section fb_built=\u00bb1&#8243; admin_label=\u00bbsection\u00bb _builder_version=\u00bb4.16&#8243; global_colors_info=\u00bb{}\u00bb][et_pb_row column_structure=\u00bb3_4,1_4&#8243; _builder_version=\u00bb4.16&#8243; global_colors_info=\u00bb{}\u00bb][et_pb_column type=\u00bb3_4&#8243; _builder_version=\u00bb4.16&#8243; custom_padding=\u00bb|||\u00bb global_colors_info=\u00bb{}\u00bb custom_padding__hover=\u00bb|||\u00bb][et_pb_tabs _builder_version=\u00bb4.27.4&#8243; tab_font=\u00bbAmatic SC||||\u00bb tab_font_size=\u00bb24px\u00bb z_index_tablet=\u00bb500&#8243; body_text_shadow_horizontal_length_tablet=\u00bb0px\u00bb body_text_shadow_vertical_length_tablet=\u00bb0px\u00bb body_text_shadow_blur_strength_tablet=\u00bb1px\u00bb tab_text_shadow_horizontal_length_tablet=\u00bb0px\u00bb tab_text_shadow_vertical_length_tablet=\u00bb0px\u00bb tab_text_shadow_blur_strength_tablet=\u00bb1px\u00bb body_link_text_shadow_horizontal_length_tablet=\u00bb0px\u00bb body_link_text_shadow_vertical_length_tablet=\u00bb0px\u00bb body_link_text_shadow_blur_strength_tablet=\u00bb1px\u00bb body_ul_text_shadow_horizontal_length_tablet=\u00bb0px\u00bb body_ul_text_shadow_vertical_length_tablet=\u00bb0px\u00bb body_ul_text_shadow_blur_strength_tablet=\u00bb1px\u00bb body_ol_text_shadow_horizontal_length_tablet=\u00bb0px\u00bb body_ol_text_shadow_vertical_length_tablet=\u00bb0px\u00bb body_ol_text_shadow_blur_strength_tablet=\u00bb1px\u00bb body_quote_text_shadow_horizontal_length_tablet=\u00bb0px\u00bb body_quote_text_shadow_vertical_length_tablet=\u00bb0px\u00bb body_quote_text_shadow_blur_strength_tablet=\u00bb1px\u00bb border_radii=\u00bbon|25px|25px|25px|25px\u00bb border_width_all=\u00bb2px\u00bb border_color_all=\u00bb#37424b\u00bb box_shadow_style=\u00bbpreset1&#8243; box_shadow_horizontal_tablet=\u00bb0px\u00bb box_shadow_vertical_tablet=\u00bb0px\u00bb box_shadow_blur_tablet=\u00bb40px\u00bb box_shadow_spread_tablet=\u00bb0px\u00bb global_colors_info=\u00bb{}\u00bb][et_pb_tab title=\u00bbEVANGELIO\u00bb title_tablet=\u00bbLECTIO DOMINICAL\u00bb title_phone=\u00bbLECTIO DOMINICAL\u00bb _builder_version=\u00bb4.27.4&#8243; body_font=\u00bb||||\u00bb body_font_size=\u00bb15px\u00bb tab_font=\u00bb||||\u00bb background_color_gradient_direction_tablet=\u00bb180deg\u00bb background_color_gradient_direction_phone=\u00bb180deg\u00bb background_color_gradient_stops_tablet=\u00bb#2b87da 0%|#29c4a9 100%\u00bb background_color_gradient_stops_phone=\u00bb#2b87da 0%|#29c4a9 100%\u00bb background_color_gradient_start_position_tablet=\u00bb0%\u00bb background_color_gradient_start_position_phone=\u00bb0%\u00bb background_color_gradient_end_position_tablet=\u00bb100%\u00bb background_color_gradient_end_position_phone=\u00bb100%\u00bb hover_transition_duration_tablet=\u00bb300ms\u00bb hover_transition_duration_phone=\u00bb300ms\u00bb hover_transition_delay_tablet=\u00bb0ms\u00bb hover_transition_delay_phone=\u00bb0ms\u00bb body_text_shadow_horizontal_length_tablet=\u00bb0px\u00bb body_text_shadow_horizontal_length_phone=\u00bb0px\u00bb body_text_shadow_vertical_length_tablet=\u00bb0px\u00bb body_text_shadow_vertical_length_phone=\u00bb0px\u00bb body_text_shadow_blur_strength_tablet=\u00bb1px\u00bb body_text_shadow_blur_strength_phone=\u00bb1px\u00bb tab_text_shadow_horizontal_length_tablet=\u00bb0px\u00bb tab_text_shadow_horizontal_length_phone=\u00bb0px\u00bb tab_text_shadow_vertical_length_tablet=\u00bb0px\u00bb tab_text_shadow_vertical_length_phone=\u00bb0px\u00bb tab_text_shadow_blur_strength_tablet=\u00bb1px\u00bb tab_text_shadow_blur_strength_phone=\u00bb1px\u00bb body_link_text_shadow_horizontal_length_tablet=\u00bb0px\u00bb body_link_text_shadow_horizontal_length_phone=\u00bb0px\u00bb body_link_text_shadow_vertical_length_tablet=\u00bb0px\u00bb body_link_text_shadow_vertical_length_phone=\u00bb0px\u00bb body_link_text_shadow_blur_strength_tablet=\u00bb1px\u00bb body_link_text_shadow_blur_strength_phone=\u00bb1px\u00bb body_ul_text_shadow_horizontal_length_tablet=\u00bb0px\u00bb body_ul_text_shadow_horizontal_length_phone=\u00bb0px\u00bb body_ul_text_shadow_vertical_length_tablet=\u00bb0px\u00bb body_ul_text_shadow_vertical_length_phone=\u00bb0px\u00bb body_ul_text_shadow_blur_strength_tablet=\u00bb1px\u00bb body_ul_text_shadow_blur_strength_phone=\u00bb1px\u00bb body_ol_text_shadow_horizontal_length_tablet=\u00bb0px\u00bb body_ol_text_shadow_horizontal_length_phone=\u00bb0px\u00bb body_ol_text_shadow_vertical_length_tablet=\u00bb0px\u00bb body_ol_text_shadow_vertical_length_phone=\u00bb0px\u00bb body_ol_text_shadow_blur_strength_tablet=\u00bb1px\u00bb body_ol_text_shadow_blur_strength_phone=\u00bb1px\u00bb body_quote_text_shadow_horizontal_length_tablet=\u00bb0px\u00bb body_quote_text_shadow_horizontal_length_phone=\u00bb0px\u00bb body_quote_text_shadow_vertical_length_tablet=\u00bb0px\u00bb body_quote_text_shadow_vertical_length_phone=\u00bb0px\u00bb body_quote_text_shadow_blur_strength_tablet=\u00bb1px\u00bb body_quote_text_shadow_blur_strength_phone=\u00bb1px\u00bb global_colors_info=\u00bb{}\u00bb]<\/p>\n<h2><strong>JUAN 1,1-18<\/strong><\/h2>\n<div class=\"t pg-6m1 pg-6x6 pg-6hb pg-6y1f pg-6ff2 pg-6fs5 pg-6fc0 pg-6sc0 pg-6lsd pg-6ws17\">\n<p style=\"font-weight: 400;\">En el principio ya exist\u00eda la Palabra, y la Palabra estaba junto a Dios, y la Palabra era Dios. La Palabra en el principio estaba junto a Dios. Por medio de la Palabra se hizo todo, y sin ella no se hizo nada de lo que se ha hecho. En la Palabra hab\u00eda vida, y la vida era la luz de los hombres. La luz brilla en la tiniebla, y la tiniebla no la recibi\u00f3.<\/p>\n<p style=\"font-weight: 400;\">Surgi\u00f3 un hombre enviado por Dios, que se llamaba Juan: \u00e9ste venia como testigo para dar testimonio de la luz, para que por \u00e9l todos vinieran a la fe. No era \u00e9l la luz, sino testigo de la luz. La Palabra era la luz verdadera, que alumbra a todo hombre. Al mundo vino y en el mundo estaba; el mundo se hizo por medio de ella, y el mundo no la conoci\u00f3. Vino a su casa, y los suyos no la recibieron. Pero a cuantos la recibieron, les da poder para ser hijos de Dios, si creen en su nombre. \u00c9stos no han nacido de sangre, ni de amor carnal, ni de amor humano, sino de Dios. Y la Palabra se hizo carne, y acamp\u00f3 entre nosotros, y hemos contemplado su gloria: gloria propia del Hijo \u00fanico del Padre, lleno de gracia y de verdad.<\/p>\n<p style=\"font-weight: 400;\">Juan da testimonio de \u00e9l y grita diciendo:<br \/>-\u00ab\u00c9ste es de quien dije: \u00abEl que viene detr\u00e1s de m\u00ed, pasa delante de m\u00ed, porque exist\u00eda antes que yo\u00bb\u00bb.<\/p>\n<p style=\"font-weight: 400;\">Pues de su plenitud todos hemos recibido gracia tras gracia: porque la ley se dio por medio de Mois\u00e9s, la gracia y la verdad vinieron por medio de Jesucristo.<br \/>A Dios nadie lo ha visto jam\u00e1s: el Hijo \u00fanico, que est\u00e1 en el seno del Padre, es quien lo ha dado a conocer.<\/p>\n<\/div>\n<p>[\/et_pb_tab][\/et_pb_tabs][\/et_pb_column][et_pb_column type=\u00bb1_4&#8243; _builder_version=\u00bb4.16&#8243; custom_padding=\u00bb|||\u00bb global_colors_info=\u00bb{}\u00bb custom_padding__hover=\u00bb|||\u00bb][et_pb_image src=\u00bbhttps:\/\/salesianos.info\/adviento-navidad\/wp-content\/uploads\/sites\/2\/2025\/11\/Cartel_ProtagonistasdelaHistoria.png\u00bb alt=\u00bbsomos-futuro\u00bb title_text=\u00bbCartel_ProtagonistasdelaHistoria\u00bb url=\u00bbhttps:\/\/salesianos.info\/protagonistasdelahistoria\/\u00bb url_new_window=\u00bbon\u00bb _builder_version=\u00bb4.27.4&#8243; _module_preset=\u00bbdefault\u00bb global_colors_info=\u00bb{}\u00bb][\/et_pb_image][\/et_pb_column][\/et_pb_row][et_pb_row column_structure=\u00bb1_2,1_2&#8243; _builder_version=\u00bb4.27.4&#8243; _module_preset=\u00bbdefault\u00bb custom_margin=\u00bb38px||||false|false\u00bb border_radii=\u00bbon|25px|25px|25px|25px\u00bb box_shadow_style=\u00bbpreset1&#8243; global_colors_info=\u00bb{}\u00bb][et_pb_column type=\u00bb1_2&#8243; _builder_version=\u00bb4.16&#8243; _module_preset=\u00bbdefault\u00bb global_colors_info=\u00bb{}\u00bb][et_pb_blurb title=\u00bbTiempo interior\u00bb url=\u00bbhttps:\/\/www.salesianos.edu\/tiempo-interior\/\u00bb url_new_window=\u00bbon\u00bb use_icon=\u00bbon\u00bb font_icon=\u00bb&#xe066;||divi||400&#8243; _builder_version=\u00bb4.16&#8243; _module_preset=\u00bbdefault\u00bb header_text_align=\u00bbcenter\u00bb header_font_size=\u00bb23px\u00bb custom_margin=\u00bb|40px||40px|false|false\u00bb link_option_url=\u00bbhttps:\/\/www.salesianos.edu\/tiempo-interior\/\u00bb link_option_url_new_window=\u00bbon\u00bb global_colors_info=\u00bb{}\u00bb]<\/p>\n<p style=\"text-align: center\"><span style=\"font-weight: 400\">Dedica un tiempo de reflexi\u00f3n al comentario del Evangelio en Tiempo Interior, con Jos\u00e9 J. G\u00f3mez.<\/span><\/p>\n<p>[\/et_pb_blurb][\/et_pb_column][et_pb_column type=\u00bb1_2&#8243; _builder_version=\u00bb4.16&#8243; _module_preset=\u00bbdefault\u00bb global_colors_info=\u00bb{}\u00bb][et_pb_blurb url=\u00bbhttps:\/\/www.salesianos.es\/comunidades-en-oracion\/\u00bb url_new_window=\u00bbon\u00bb image=\u00bbhttps:\/\/salesianos.info\/adviento-navidad\/wp-content\/uploads\/sites\/2\/2024\/11\/logo-Comunidades-en-Oracion.png\u00bb _builder_version=\u00bb4.27.4&#8243; _module_preset=\u00bbdefault\u00bb header_text_align=\u00bbcenter\u00bb header_font_size=\u00bb23px\u00bb custom_margin=\u00bb|40px||40px|false|false\u00bb link_option_url=\u00bbhttps:\/\/www.salesianos.es\/comunidades-en-oracion\/\u00bb link_option_url_new_window=\u00bbon\u00bb global_colors_info=\u00bb{}\u00bb]<\/p>\n<p>Material elaborado por la Pastoral Juvenil SSM. El objetivo potenciar la experiencia diaria de la Fe<\/p>\n<p>[\/et_pb_blurb][\/et_pb_column][\/et_pb_row][et_pb_row _builder_version=\u00bb4.27.4&#8243; _module_preset=\u00bbdefault\u00bb global_colors_info=\u00bb{}\u00bb][et_pb_column type=\u00bb4_4&#8243; _builder_version=\u00bb4.27.4&#8243; _module_preset=\u00bbdefault\u00bb global_colors_info=\u00bb{}\u00bb][et_pb_divider show_divider=\u00bboff\u00bb _builder_version=\u00bb4.27.4&#8243; _module_preset=\u00bbdefault\u00bb global_colors_info=\u00bb{}\u00bb][\/et_pb_divider][\/et_pb_column][\/et_pb_row][et_pb_row column_structure=\u00bb1_3,1_3,1_3&#8243; _builder_version=\u00bb4.27.4&#8243; _module_preset=\u00bbdefault\u00bb border_radii=\u00bbon|25px|25px|25px|25px\u00bb box_shadow_style=\u00bbpreset1&#8243; global_colors_info=\u00bb{}\u00bb][et_pb_column type=\u00bb1_3&#8243; _builder_version=\u00bb4.27.4&#8243; _module_preset=\u00bbdefault\u00bb global_colors_info=\u00bb{}\u00bb][et_pb_blurb title=\u00bbLa Misa del Domingo\u00bb url=\u00bbhttps:\/\/shorturl.at\/SLDfZ\u00bb url_new_window=\u00bbon\u00bb use_icon=\u00bbon\u00bb font_icon=\u00bb&#x79;||divi||400&#8243; _builder_version=\u00bb4.27.5&#8243; _module_preset=\u00bbdefault\u00bb header_text_align=\u00bbcenter\u00bb header_font_size=\u00bb23px\u00bb custom_margin=\u00bb|40px||40px|false|false\u00bb link_option_url=\u00bbhttps:\/\/shorturl.at\/SLDfZ\u00bb link_option_url_new_window=\u00bbon\u00bb hover_enabled=\u00bb0&#8243; global_colors_info=\u00bb{}\u00bb sticky_enabled=\u00bb0&#8243;]<\/p>\n<p style=\"text-align: center;\"><span style=\"font-weight: 400;\">Homil\u00eda para el Segundo Domingo de Navidad propuesta por Fco. Javier Valderr\u00e1bano, sdb<\/span><\/p>\n<p>[\/et_pb_blurb][\/et_pb_column][et_pb_column type=\u00bb1_3&#8243; _builder_version=\u00bb4.27.4&#8243; _module_preset=\u00bbdefault\u00bb global_colors_info=\u00bb{}\u00bb][et_pb_blurb title=\u00bbMisa con Ni\u00f1os\u00bb url_new_window=\u00bbon\u00bb use_icon=\u00bbon\u00bb font_icon=\u00bb&#x79;||divi||400&#8243; _builder_version=\u00bb4.27.5&#8243; _module_preset=\u00bbdefault\u00bb header_text_align=\u00bbcenter\u00bb header_font_size=\u00bb23px\u00bb custom_margin=\u00bb|40px||40px|false|false\u00bb link_option_url_new_window=\u00bbon\u00bb hover_enabled=\u00bb0&#8243; global_colors_info=\u00bb{}\u00bb url=\u00bbhttps:\/\/shorturl.at\/d8D5n\u00bb link_option_url=\u00bbhttps:\/\/shorturl.at\/d8D5n\u00bb sticky_enabled=\u00bb0&#8243;]<\/p>\n<p style=\"text-align: center;\"><span style=\"font-weight: 400;\">Materiales \u00abPor si puede ser \u00fatil\u00bb para vivir la Misa con Ni\u00f1os para el II Domingo de Navidad, propuesto por la Comisi\u00f3n de Catequesis de la Di\u00f3cesis de Galicia<\/span><\/p>\n<p>[\/et_pb_blurb][\/et_pb_column][et_pb_column type=\u00bb1_3&#8243; _builder_version=\u00bb4.27.4&#8243; _module_preset=\u00bbdefault\u00bb global_colors_info=\u00bb{}\u00bb][et_pb_blurb title=\u00bbNavidad- Protagonistas de la Historia\u00bb url=\u00bbhttps:\/\/drive.google.com\/drive\/u\/5\/folders\/1l28BxQFApVyJXg9UnKeGeRcjHquyTEz-\u00bb url_new_window=\u00bbon\u00bb use_icon=\u00bbon\u00bb font_icon=\u00bb&#xe066;||divi||400&#8243; admin_label=\u00bbAnuncio\u00bb _builder_version=\u00bb4.27.4&#8243; _module_preset=\u00bbdefault\u00bb header_text_align=\u00bbcenter\u00bb header_font_size=\u00bb23px\u00bb custom_margin=\u00bb|40px||40px|false|false\u00bb link_option_url=\u00bbhttps:\/\/drive.google.com\/drive\/u\/5\/folders\/1l28BxQFApVyJXg9UnKeGeRcjHquyTEz-\u00bb link_option_url_new_window=\u00bbon\u00bb global_colors_info=\u00bb{}\u00bb]<\/p>\n<p class=\"p1\">Propuesta del Miguel \u00c1ngel Calavia, sdb para la celebraci\u00f3n de la Navidad en el marco de la Campa\u00f1a Pastoral \u00abProtagonistas de la Historia\u00bb<\/p>\n<p>[\/et_pb_blurb][\/et_pb_column][\/et_pb_row][\/et_pb_section][et_pb_section fb_built=\u00bb1&#8243; _builder_version=\u00bb4.16&#8243; global_colors_info=\u00bb{}\u00bb][et_pb_row column_structure=\u00bb1_2,1_2&#8243; _builder_version=\u00bb4.16&#8243; background_size=\u00bbinitial\u00bb background_position=\u00bbtop_left\u00bb background_repeat=\u00bbrepeat\u00bb custom_margin=\u00bb-25px||||false|false\u00bb custom_padding=\u00bb0px|||||\u00bb border_radii=\u00bbon|25px|25px|25px|25px\u00bb box_shadow_style=\u00bbpreset1&#8243; global_colors_info=\u00bb{}\u00bb][et_pb_column type=\u00bb1_2&#8243; _builder_version=\u00bb4.16&#8243; custom_padding=\u00bb|||\u00bb global_colors_info=\u00bb{}\u00bb custom_padding__hover=\u00bb|||\u00bb][et_pb_image src=\u00bbhttps:\/\/salesianos.info\/adviento-navidad\/wp-content\/uploads\/sites\/2\/2024\/12\/Viernes-10-enero.jpg\u00bb title_text=\u00bbViernes, 10 enero\u00bb align=\u00bbcenter\u00bb _builder_version=\u00bb4.27.4&#8243; _module_preset=\u00bbdefault\u00bb custom_margin=\u00bb22px|||21px|false|false\u00bb custom_margin_tablet=\u00bb\u00bb custom_margin_phone=\u00bb22px|18px||21px|false|false\u00bb custom_margin_last_edited=\u00bbon|phone\u00bb border_radii=\u00bbon|25px|25px|25px|25px\u00bb border_width_all=\u00bb4px\u00bb border_color_all=\u00bb#37424b\u00bb box_shadow_style=\u00bbpreset3&#8243; global_colors_info=\u00bb{}\u00bb][\/et_pb_image][\/et_pb_column][et_pb_column type=\u00bb1_2&#8243; _builder_version=\u00bb4.16&#8243; custom_padding=\u00bb|||\u00bb global_colors_info=\u00bb{}\u00bb custom_padding__hover=\u00bb|||\u00bb][et_pb_divider show_divider=\u00bboff\u00bb disabled_on=\u00bbon|off|off\u00bb _builder_version=\u00bb4.16&#8243; _module_preset=\u00bbdefault\u00bb custom_margin=\u00bb||60px||false|false\u00bb global_colors_info=\u00bb{}\u00bb][\/et_pb_divider][et_pb_text _builder_version=\u00bb4.27.4&#8243; _module_preset=\u00bbdefault\u00bb text_text_color=\u00bb#dc001b\u00bb text_font_size=\u00bb40px\u00bb text_orientation=\u00bbcenter\u00bb custom_margin=\u00bb6px||||false|false\u00bb custom_padding=\u00bb0px||||false|false\u00bb global_colors_info=\u00bb{}\u00bb]<\/p>\n<p>\u00abY la Palabra se hizo carne, y acamp\u00f3 entre nosotros\u00bb<\/p>\n<p>[\/et_pb_text][\/et_pb_column][\/et_pb_row][\/et_pb_section][et_pb_section fb_built=\u00bb1&#8243; _builder_version=\u00bb4.16&#8243; global_colors_info=\u00bb{}\u00bb][et_pb_row column_structure=\u00bb1_2,1_2&#8243; _builder_version=\u00bb4.16&#8243; background_size=\u00bbinitial\u00bb background_position=\u00bbtop_left\u00bb background_repeat=\u00bbrepeat\u00bb border_radii=\u00bbon|25px|25px|25px|25px\u00bb box_shadow_style=\u00bbpreset1&#8243; global_colors_info=\u00bb{}\u00bb][et_pb_column type=\u00bb1_2&#8243; _builder_version=\u00bb4.16&#8243; custom_padding=\u00bb|||\u00bb global_colors_info=\u00bb{}\u00bb custom_padding__hover=\u00bb|||\u00bb][et_pb_text _builder_version=\u00bb4.16&#8243; text_text_color=\u00bb#e02b20&#8243; text_font_size=\u00bb49px\u00bb custom_margin=\u00bb||-26px|25px|false|false\u00bb z_index_tablet=\u00bb500&#8243; text_text_shadow_horizontal_length_tablet=\u00bb0px\u00bb text_text_shadow_vertical_length_tablet=\u00bb0px\u00bb text_text_shadow_blur_strength_tablet=\u00bb1px\u00bb link_text_shadow_horizontal_length_tablet=\u00bb0px\u00bb link_text_shadow_vertical_length_tablet=\u00bb0px\u00bb link_text_shadow_blur_strength_tablet=\u00bb1px\u00bb ul_text_shadow_horizontal_length_tablet=\u00bb0px\u00bb ul_text_shadow_vertical_length_tablet=\u00bb0px\u00bb ul_text_shadow_blur_strength_tablet=\u00bb1px\u00bb ol_text_shadow_horizontal_length_tablet=\u00bb0px\u00bb ol_text_shadow_vertical_length_tablet=\u00bb0px\u00bb ol_text_shadow_blur_strength_tablet=\u00bb1px\u00bb quote_text_shadow_horizontal_length_tablet=\u00bb0px\u00bb quote_text_shadow_vertical_length_tablet=\u00bb0px\u00bb quote_text_shadow_blur_strength_tablet=\u00bb1px\u00bb header_text_shadow_horizontal_length_tablet=\u00bb0px\u00bb header_text_shadow_vertical_length_tablet=\u00bb0px\u00bb header_text_shadow_blur_strength_tablet=\u00bb1px\u00bb header_2_text_shadow_horizontal_length_tablet=\u00bb0px\u00bb header_2_text_shadow_vertical_length_tablet=\u00bb0px\u00bb header_2_text_shadow_blur_strength_tablet=\u00bb1px\u00bb header_3_text_shadow_horizontal_length_tablet=\u00bb0px\u00bb header_3_text_shadow_vertical_length_tablet=\u00bb0px\u00bb header_3_text_shadow_blur_strength_tablet=\u00bb1px\u00bb header_4_text_shadow_horizontal_length_tablet=\u00bb0px\u00bb header_4_text_shadow_vertical_length_tablet=\u00bb0px\u00bb header_4_text_shadow_blur_strength_tablet=\u00bb1px\u00bb header_5_text_shadow_horizontal_length_tablet=\u00bb0px\u00bb header_5_text_shadow_vertical_length_tablet=\u00bb0px\u00bb header_5_text_shadow_blur_strength_tablet=\u00bb1px\u00bb header_6_text_shadow_horizontal_length_tablet=\u00bb0px\u00bb header_6_text_shadow_vertical_length_tablet=\u00bb0px\u00bb header_6_text_shadow_blur_strength_tablet=\u00bb1px\u00bb box_shadow_horizontal_tablet=\u00bb0px\u00bb box_shadow_vertical_tablet=\u00bb0px\u00bb box_shadow_blur_tablet=\u00bb40px\u00bb box_shadow_spread_tablet=\u00bb0px\u00bb global_colors_info=\u00bb{}\u00bb]<\/p>\n<h1><span style=\"font-size: xx-large\">Pel\u00edcula<\/span><\/h1>\n<p>[\/et_pb_text][et_pb_video src=\u00bbhttps:\/\/www.youtube.com\/watch?v=-Fkwzx1pJSs\u00bb _builder_version=\u00bb4.16&#8243; custom_margin=\u00bb13px|||26px|false|false\u00bb custom_margin_tablet=\u00bb\u00bb custom_margin_phone=\u00bb|20px||23px|false|false\u00bb custom_margin_last_edited=\u00bbon|phone\u00bb z_index_tablet=\u00bb500&#8243; box_shadow_horizontal_tablet=\u00bb0px\u00bb box_shadow_vertical_tablet=\u00bb0px\u00bb box_shadow_blur_tablet=\u00bb40px\u00bb box_shadow_spread_tablet=\u00bb0px\u00bb global_colors_info=\u00bb{}\u00bb][\/et_pb_video][\/et_pb_column][et_pb_column type=\u00bb1_2&#8243; _builder_version=\u00bb4.16&#8243; custom_padding=\u00bb|||\u00bb global_colors_info=\u00bb{}\u00bb custom_padding__hover=\u00bb|||\u00bb][et_pb_tabs _builder_version=\u00bb4.16&#8243; custom_margin=\u00bb|22px|||false|false\u00bb custom_margin_tablet=\u00bb\u00bb custom_margin_phone=\u00bb|19px||24px|false|false\u00bb custom_margin_last_edited=\u00bbon|phone\u00bb z_index_tablet=\u00bb500&#8243; body_text_shadow_horizontal_length_tablet=\u00bb0px\u00bb body_text_shadow_vertical_length_tablet=\u00bb0px\u00bb body_text_shadow_blur_strength_tablet=\u00bb1px\u00bb tab_text_shadow_horizontal_length_tablet=\u00bb0px\u00bb tab_text_shadow_vertical_length_tablet=\u00bb0px\u00bb tab_text_shadow_blur_strength_tablet=\u00bb1px\u00bb body_link_text_shadow_horizontal_length_tablet=\u00bb0px\u00bb body_link_text_shadow_vertical_length_tablet=\u00bb0px\u00bb body_link_text_shadow_blur_strength_tablet=\u00bb1px\u00bb body_ul_text_shadow_horizontal_length_tablet=\u00bb0px\u00bb body_ul_text_shadow_vertical_length_tablet=\u00bb0px\u00bb body_ul_text_shadow_blur_strength_tablet=\u00bb1px\u00bb body_ol_text_shadow_horizontal_length_tablet=\u00bb0px\u00bb body_ol_text_shadow_vertical_length_tablet=\u00bb0px\u00bb body_ol_text_shadow_blur_strength_tablet=\u00bb1px\u00bb body_quote_text_shadow_horizontal_length_tablet=\u00bb0px\u00bb body_quote_text_shadow_vertical_length_tablet=\u00bb0px\u00bb body_quote_text_shadow_blur_strength_tablet=\u00bb1px\u00bb border_radii=\u00bbon|25px|25px|25px|25px\u00bb border_color_all=\u00bb#37424b\u00bb box_shadow_horizontal_tablet=\u00bb0px\u00bb box_shadow_vertical_tablet=\u00bb0px\u00bb box_shadow_blur_tablet=\u00bb40px\u00bb box_shadow_spread_tablet=\u00bb0px\u00bb global_colors_info=\u00bb{}\u00bb custom_margin__hover_enabled=\u00bbon|desktop\u00bb custom_margin__hover=\u00bb|22px|||false|false\u00bb][et_pb_tab title=\u00bbAlgo para recordar\u00bb title_tablet=\u00bbCharlie y la f\u00e1brica de chocolate\u00bb title_phone=\u00bbAlgo para recordar\u00bb title_last_edited=\u00bbon|phone\u00bb _builder_version=\u00bb4.16&#8243; background_color_gradient_direction_tablet=\u00bb180deg\u00bb background_color_gradient_direction_phone=\u00bb180deg\u00bb background_color_gradient_stops_tablet=\u00bb#2b87da 0%|#29c4a9 100%\u00bb background_color_gradient_stops_phone=\u00bb#2b87da 0%|#29c4a9 100%\u00bb background_color_gradient_start_position_tablet=\u00bb0%\u00bb background_color_gradient_start_position_phone=\u00bb0%\u00bb background_color_gradient_end_position_tablet=\u00bb100%\u00bb background_color_gradient_end_position_phone=\u00bb100%\u00bb hover_transition_duration_tablet=\u00bb300ms\u00bb hover_transition_duration_phone=\u00bb300ms\u00bb hover_transition_delay_tablet=\u00bb0ms\u00bb hover_transition_delay_phone=\u00bb0ms\u00bb body_text_shadow_horizontal_length_tablet=\u00bb0px\u00bb body_text_shadow_horizontal_length_phone=\u00bb0px\u00bb body_text_shadow_vertical_length_tablet=\u00bb0px\u00bb body_text_shadow_vertical_length_phone=\u00bb0px\u00bb body_text_shadow_blur_strength_tablet=\u00bb1px\u00bb body_text_shadow_blur_strength_phone=\u00bb1px\u00bb tab_text_shadow_horizontal_length_tablet=\u00bb0px\u00bb tab_text_shadow_horizontal_length_phone=\u00bb0px\u00bb tab_text_shadow_vertical_length_tablet=\u00bb0px\u00bb tab_text_shadow_vertical_length_phone=\u00bb0px\u00bb tab_text_shadow_blur_strength_tablet=\u00bb1px\u00bb tab_text_shadow_blur_strength_phone=\u00bb1px\u00bb body_link_text_shadow_horizontal_length_tablet=\u00bb0px\u00bb body_link_text_shadow_horizontal_length_phone=\u00bb0px\u00bb body_link_text_shadow_vertical_length_tablet=\u00bb0px\u00bb body_link_text_shadow_vertical_length_phone=\u00bb0px\u00bb body_link_text_shadow_blur_strength_tablet=\u00bb1px\u00bb body_link_text_shadow_blur_strength_phone=\u00bb1px\u00bb body_ul_text_shadow_horizontal_length_tablet=\u00bb0px\u00bb body_ul_text_shadow_horizontal_length_phone=\u00bb0px\u00bb body_ul_text_shadow_vertical_length_tablet=\u00bb0px\u00bb body_ul_text_shadow_vertical_length_phone=\u00bb0px\u00bb body_ul_text_shadow_blur_strength_tablet=\u00bb1px\u00bb body_ul_text_shadow_blur_strength_phone=\u00bb1px\u00bb body_ol_text_shadow_horizontal_length_tablet=\u00bb0px\u00bb body_ol_text_shadow_horizontal_length_phone=\u00bb0px\u00bb body_ol_text_shadow_vertical_length_tablet=\u00bb0px\u00bb body_ol_text_shadow_vertical_length_phone=\u00bb0px\u00bb body_ol_text_shadow_blur_strength_tablet=\u00bb1px\u00bb body_ol_text_shadow_blur_strength_phone=\u00bb1px\u00bb body_quote_text_shadow_horizontal_length_tablet=\u00bb0px\u00bb body_quote_text_shadow_horizontal_length_phone=\u00bb0px\u00bb body_quote_text_shadow_vertical_length_tablet=\u00bb0px\u00bb body_quote_text_shadow_vertical_length_phone=\u00bb0px\u00bb body_quote_text_shadow_blur_strength_tablet=\u00bb1px\u00bb body_quote_text_shadow_blur_strength_phone=\u00bb1px\u00bb global_colors_info=\u00bb{}\u00bb]<\/p>\n<p><span style=\"font-weight: 400;\">Tras la muerte de su esposa, el arquitecto Sam Baldwin se encuentra muy abatido. Su hijo Jonah, convencido de que su padre necesita una mujer que le devuelva la alegr\u00eda de vivir, el dia de Navidad llama a un programa de radio para contar su historia. Miles de mujeres lo escuchan: una de ellas, Annie Reed, que est\u00e1 a punto de contraer matrimonio empieza a obsesionarse con la idea de conocer a Sam antes de casarse con su novio.<\/span><\/p>\n<p>&nbsp;<\/p>\n<p>[\/et_pb_tab][\/et_pb_tabs][\/et_pb_column][\/et_pb_row][\/et_pb_section][et_pb_section fb_built=\u00bb1&#8243; _builder_version=\u00bb4.16&#8243; custom_padding=\u00bb18px|||||\u00bb global_colors_info=\u00bb{}\u00bb][et_pb_row _builder_version=\u00bb4.16&#8243; _module_preset=\u00bbdefault\u00bb custom_margin=\u00bb||||false|false\u00bb border_radii=\u00bbon|26px|26px|26px|26px\u00bb box_shadow_style=\u00bbpreset1&#8243; global_colors_info=\u00bb{}\u00bb][et_pb_column type=\u00bb4_4&#8243; _builder_version=\u00bb4.16&#8243; _module_preset=\u00bbdefault\u00bb global_colors_info=\u00bb{}\u00bb][et_pb_text _builder_version=\u00bb4.16&#8243; text_text_color=\u00bb#e02b20&#8243; text_font_size=\u00bb49px\u00bb custom_margin=\u00bb|20px||20px|false|false\u00bb z_index_tablet=\u00bb500&#8243; text_text_shadow_horizontal_length_tablet=\u00bb0px\u00bb text_text_shadow_vertical_length_tablet=\u00bb0px\u00bb text_text_shadow_blur_strength_tablet=\u00bb1px\u00bb link_text_shadow_horizontal_length_tablet=\u00bb0px\u00bb link_text_shadow_vertical_length_tablet=\u00bb0px\u00bb link_text_shadow_blur_strength_tablet=\u00bb1px\u00bb ul_text_shadow_horizontal_length_tablet=\u00bb0px\u00bb ul_text_shadow_vertical_length_tablet=\u00bb0px\u00bb ul_text_shadow_blur_strength_tablet=\u00bb1px\u00bb ol_text_shadow_horizontal_length_tablet=\u00bb0px\u00bb ol_text_shadow_vertical_length_tablet=\u00bb0px\u00bb ol_text_shadow_blur_strength_tablet=\u00bb1px\u00bb quote_text_shadow_horizontal_length_tablet=\u00bb0px\u00bb quote_text_shadow_vertical_length_tablet=\u00bb0px\u00bb quote_text_shadow_blur_strength_tablet=\u00bb1px\u00bb header_text_shadow_horizontal_length_tablet=\u00bb0px\u00bb header_text_shadow_vertical_length_tablet=\u00bb0px\u00bb header_text_shadow_blur_strength_tablet=\u00bb1px\u00bb header_2_text_shadow_horizontal_length_tablet=\u00bb0px\u00bb header_2_text_shadow_vertical_length_tablet=\u00bb0px\u00bb header_2_text_shadow_blur_strength_tablet=\u00bb1px\u00bb header_3_text_shadow_horizontal_length_tablet=\u00bb0px\u00bb header_3_text_shadow_vertical_length_tablet=\u00bb0px\u00bb header_3_text_shadow_blur_strength_tablet=\u00bb1px\u00bb header_4_text_shadow_horizontal_length_tablet=\u00bb0px\u00bb header_4_text_shadow_vertical_length_tablet=\u00bb0px\u00bb header_4_text_shadow_blur_strength_tablet=\u00bb1px\u00bb header_5_text_shadow_horizontal_length_tablet=\u00bb0px\u00bb header_5_text_shadow_vertical_length_tablet=\u00bb0px\u00bb header_5_text_shadow_blur_strength_tablet=\u00bb1px\u00bb header_6_text_shadow_horizontal_length_tablet=\u00bb0px\u00bb header_6_text_shadow_vertical_length_tablet=\u00bb0px\u00bb header_6_text_shadow_blur_strength_tablet=\u00bb1px\u00bb box_shadow_horizontal_tablet=\u00bb0px\u00bb box_shadow_vertical_tablet=\u00bb0px\u00bb box_shadow_blur_tablet=\u00bb40px\u00bb box_shadow_spread_tablet=\u00bb0px\u00bb global_colors_info=\u00bb{}\u00bb]<\/p>\n<h1><span style=\"font-size: xx-large\">CATEQUESIS<\/span><\/h1>\n<p>[\/et_pb_text][et_pb_accordion open_toggle_text_color=\u00bb#e02b20&#8243; _builder_version=\u00bb4.16&#8243; toggle_font_size=\u00bb18px\u00bb custom_margin=\u00bb|20px||20px|false|false\u00bb z_index_tablet=\u00bb500&#8243; toggle_text_shadow_horizontal_length_tablet=\u00bb0px\u00bb toggle_text_shadow_vertical_length_tablet=\u00bb0px\u00bb toggle_text_shadow_blur_strength_tablet=\u00bb1px\u00bb closed_toggle_text_shadow_horizontal_length_tablet=\u00bb0px\u00bb closed_toggle_text_shadow_vertical_length_tablet=\u00bb0px\u00bb closed_toggle_text_shadow_blur_strength_tablet=\u00bb1px\u00bb body_text_shadow_horizontal_length_tablet=\u00bb0px\u00bb body_text_shadow_vertical_length_tablet=\u00bb0px\u00bb body_text_shadow_blur_strength_tablet=\u00bb1px\u00bb body_link_text_shadow_horizontal_length_tablet=\u00bb0px\u00bb body_link_text_shadow_vertical_length_tablet=\u00bb0px\u00bb body_link_text_shadow_blur_strength_tablet=\u00bb1px\u00bb body_ul_text_shadow_horizontal_length_tablet=\u00bb0px\u00bb body_ul_text_shadow_vertical_length_tablet=\u00bb0px\u00bb body_ul_text_shadow_blur_strength_tablet=\u00bb1px\u00bb body_ol_text_shadow_horizontal_length_tablet=\u00bb0px\u00bb body_ol_text_shadow_vertical_length_tablet=\u00bb0px\u00bb body_ol_text_shadow_blur_strength_tablet=\u00bb1px\u00bb body_quote_text_shadow_horizontal_length_tablet=\u00bb0px\u00bb body_quote_text_shadow_vertical_length_tablet=\u00bb0px\u00bb body_quote_text_shadow_blur_strength_tablet=\u00bb1px\u00bb border_radii=\u00bbon|25px|25px|25px|25px\u00bb border_color_all=\u00bb#37424b\u00bb box_shadow_horizontal_tablet=\u00bb0px\u00bb box_shadow_vertical_tablet=\u00bb0px\u00bb box_shadow_blur_tablet=\u00bb40px\u00bb box_shadow_spread_tablet=\u00bb0px\u00bb text_shadow_horizontal_length_tablet=\u00bb0px\u00bb text_shadow_vertical_length_tablet=\u00bb0px\u00bb text_shadow_blur_strength_tablet=\u00bb1px\u00bb global_colors_info=\u00bb{}\u00bb][et_pb_accordion_item title=\u00bbLa solemnidad de la Epifan\u00eda del Se\u00f1or\u00bb open=\u00bbon\u00bb title_tablet=\u00bbPREGUNTA\u00bb title_phone=\u00bbPREGUNTA\u00bb _builder_version=\u00bb4.16&#8243; background_color_gradient_direction_tablet=\u00bb180deg\u00bb background_color_gradient_direction_phone=\u00bb180deg\u00bb background_color_gradient_stops_tablet=\u00bb#2b87da 0%|#29c4a9 100%\u00bb background_color_gradient_stops_phone=\u00bb#2b87da 0%|#29c4a9 100%\u00bb background_color_gradient_start_position_tablet=\u00bb0%\u00bb background_color_gradient_start_position_phone=\u00bb0%\u00bb background_color_gradient_end_position_tablet=\u00bb100%\u00bb background_color_gradient_end_position_phone=\u00bb100%\u00bb hover_transition_duration_tablet=\u00bb300ms\u00bb hover_transition_duration_phone=\u00bb300ms\u00bb hover_transition_delay_tablet=\u00bb0ms\u00bb hover_transition_delay_phone=\u00bb0ms\u00bb body_text_shadow_horizontal_length_tablet=\u00bb0px\u00bb body_text_shadow_horizontal_length_phone=\u00bb0px\u00bb body_text_shadow_vertical_length_tablet=\u00bb0px\u00bb body_text_shadow_vertical_length_phone=\u00bb0px\u00bb body_text_shadow_blur_strength_tablet=\u00bb1px\u00bb body_text_shadow_blur_strength_phone=\u00bb1px\u00bb body_link_text_shadow_horizontal_length_tablet=\u00bb0px\u00bb body_link_text_shadow_horizontal_length_phone=\u00bb0px\u00bb body_link_text_shadow_vertical_length_tablet=\u00bb0px\u00bb body_link_text_shadow_vertical_length_phone=\u00bb0px\u00bb body_link_text_shadow_blur_strength_tablet=\u00bb1px\u00bb body_link_text_shadow_blur_strength_phone=\u00bb1px\u00bb body_ul_text_shadow_horizontal_length_tablet=\u00bb0px\u00bb body_ul_text_shadow_horizontal_length_phone=\u00bb0px\u00bb body_ul_text_shadow_vertical_length_tablet=\u00bb0px\u00bb body_ul_text_shadow_vertical_length_phone=\u00bb0px\u00bb body_ul_text_shadow_blur_strength_tablet=\u00bb1px\u00bb body_ul_text_shadow_blur_strength_phone=\u00bb1px\u00bb body_ol_text_shadow_horizontal_length_tablet=\u00bb0px\u00bb body_ol_text_shadow_horizontal_length_phone=\u00bb0px\u00bb body_ol_text_shadow_vertical_length_tablet=\u00bb0px\u00bb body_ol_text_shadow_vertical_length_phone=\u00bb0px\u00bb body_ol_text_shadow_blur_strength_tablet=\u00bb1px\u00bb body_ol_text_shadow_blur_strength_phone=\u00bb1px\u00bb body_quote_text_shadow_horizontal_length_tablet=\u00bb0px\u00bb body_quote_text_shadow_horizontal_length_phone=\u00bb0px\u00bb body_quote_text_shadow_vertical_length_tablet=\u00bb0px\u00bb body_quote_text_shadow_vertical_length_phone=\u00bb0px\u00bb body_quote_text_shadow_blur_strength_tablet=\u00bb1px\u00bb body_quote_text_shadow_blur_strength_phone=\u00bb1px\u00bb box_shadow_horizontal_tablet=\u00bb0px\u00bb box_shadow_horizontal_phone=\u00bb0px\u00bb box_shadow_vertical_tablet=\u00bb0px\u00bb box_shadow_vertical_phone=\u00bb0px\u00bb box_shadow_blur_tablet=\u00bb40px\u00bb box_shadow_blur_phone=\u00bb40px\u00bb box_shadow_spread_tablet=\u00bb0px\u00bb box_shadow_spread_phone=\u00bb0px\u00bb text_shadow_horizontal_length_tablet=\u00bb0px\u00bb text_shadow_horizontal_length_phone=\u00bb0px\u00bb text_shadow_vertical_length_tablet=\u00bb0px\u00bb text_shadow_vertical_length_phone=\u00bb0px\u00bb text_shadow_blur_strength_tablet=\u00bb1px\u00bb text_shadow_blur_strength_phone=\u00bb1px\u00bb global_colors_info=\u00bb{}\u00bb toggle_text_shadow_horizontal_length_tablet=\u00bb0px\u00bb toggle_text_shadow_horizontal_length_phone=\u00bb0px\u00bb toggle_text_shadow_vertical_length_tablet=\u00bb0px\u00bb toggle_text_shadow_vertical_length_phone=\u00bb0px\u00bb toggle_text_shadow_blur_strength_tablet=\u00bb1px\u00bb toggle_text_shadow_blur_strength_phone=\u00bb1px\u00bb closed_toggle_text_shadow_horizontal_length_tablet=\u00bb0px\u00bb closed_toggle_text_shadow_horizontal_length_phone=\u00bb0px\u00bb closed_toggle_text_shadow_vertical_length_tablet=\u00bb0px\u00bb closed_toggle_text_shadow_vertical_length_phone=\u00bb0px\u00bb closed_toggle_text_shadow_blur_strength_tablet=\u00bb1px\u00bb closed_toggle_text_shadow_blur_strength_phone=\u00bb1px\u00bb]<\/p>\n<p><span style=\"font-weight: 400;\">En torno a la solemnidad de la Epifan\u00eda, que tiene un origen muy antiguo y un contenido muy rico, han nacido y se han desarrollado muchas tradiciones y expresiones genuinas de piedad popular. Entre estas se pueden recordar:<\/span><\/p>\n<p><span style=\"font-weight: 400;\">&#8211; el solemne anuncio de la Pascua y de las fiestas principales del a\u00f1o; la recuperaci\u00f3n de este anuncio, que se est\u00e1 realizando en diversos lugares, se debe favorecer, pues ayuda a los fieles a descubrir la relaci\u00f3n entre la Epifan\u00eda y la Pascua, y la orientaci\u00f3n de todas las fiestas hacia la mayor de las solemnidades cristianas;<\/span><\/p>\n<p><span style=\"font-weight: 400;\">&#8211; el intercambio de \u00abregalos de Reyes\u00bb; esta costumbre tiene sus ra\u00edces en el episodio evang\u00e9lico de los dones ofrecidos por los Magos al ni\u00f1o Jes\u00fas (cfr. Mt 2,11), y en un sentido m\u00e1s radical, en el don que Dios Padre ha concedido a la humanidad con el nacimiento entre nosotros del Enmanuel (cfr. Is 7,14; 9,6; Mt 1,23). Es deseable que el intercambio de regalos con ocasi\u00f3n de la Epifan\u00eda mantenga un car\u00e1cter religioso, muestre que su motivaci\u00f3n \u00faltima se encuentra en la narraci\u00f3n evang\u00e9lica: esto ayudar\u00e1 a convertir el regalo en una expresi\u00f3n de piedad cristiana y a sacarlo de los condicionamientos de lujo, ostentaci\u00f3n y despilfarro, que son ajenos a sus or\u00edgenes;<\/span><\/p>\n<p><span style=\"font-weight: 400;\">&#8211; la bendici\u00f3n de las casas, sobre cuyas puertas se traza la cruz del Se\u00f1or, el n\u00famero del a\u00f1o comenzado, las letras iniciales de los nombres tradicionales de los santos Magos (C+M+B) [en algunas lenguas], explicadas tambi\u00e9n como siglas de <\/span><i><span style=\"font-weight: 400;\">\u00abChristus mansinem benedicat\u00bb<\/span><\/i><span style=\"font-weight: 400;\">, escritas con una tiza bendecida; estos gestos, realizados por grupos de ni\u00f1os acompa\u00f1ados de adultos, expresan la invocaci\u00f3n de la bendici\u00f3n de Cristo por intercesi\u00f3n de los santos Magos y a la vez son una ocasi\u00f3n para recoger ofrendas que se dedican a fines misioneros y de caridad;<\/span><\/p>\n<p><span style=\"font-weight: 400;\">&#8211; las iniciativas de solidaridad a favor de hombres y mujeres que, como los Magos, vienen de regiones lejanas; respecto a ellos, sean o no cristianos, la piedad popular adopta una actitud de comprensi\u00f3n acogedora y de solidaridad efectiva;<\/span><\/p>\n<p><span style=\"font-weight: 400;\">&#8211; la ayuda a la evangelizaci\u00f3n de los pueblos; el fuerte car\u00e1cter misionero de la Epifan\u00eda ha sido percibido por la piedad popular, por lo cual, en este d\u00eda tienen lugar iniciativas a favor de las misiones, especialmente las vinculadas a la \u00abObra misionera de la Santa Infancia\u00bb, instituida por la Sede Apost\u00f3lica;<\/span><\/p>\n<p><span style=\"font-weight: 400;\">&#8211; la designaci\u00f3n de Santos Patronos; en no pocas comunidades religiosas y cofrad\u00edas existe la costumbre de asignar a cada uno de los miembros un Santo bajo cuyo patrocinio se pone el a\u00f1o reci\u00e9n comenzado.<\/span><\/p>\n<p>[\/et_pb_accordion_item][\/et_pb_accordion][\/et_pb_column][\/et_pb_row][\/et_pb_section][et_pb_section fb_built=\u00bb1&#8243; _builder_version=\u00bb4.16&#8243; _module_preset=\u00bbdefault\u00bb bottom_divider_style=\u00bbwaves2&#8243; bottom_divider_color=\u00bb#37424b\u00bb bottom_divider_height=\u00bb42px\u00bb global_colors_info=\u00bb{}\u00bb][et_pb_row _builder_version=\u00bb4.16&#8243; _module_preset=\u00bbdefault\u00bb global_colors_info=\u00bb{}\u00bb][et_pb_column type=\u00bb4_4&#8243; _builder_version=\u00bb4.16&#8243; _module_preset=\u00bbdefault\u00bb global_colors_info=\u00bb{}\u00bb][et_pb_image src=\u00bbhttps:\/\/salesianos.info\/adviento-navidad\/wp-content\/uploads\/sites\/2\/2020\/11\/Adviento_navidad-SALESIANO.png\u00bb title_text=\u00bbAdviento_navidad SALESIANO\u00bb _builder_version=\u00bb4.16&#8243; _module_preset=\u00bbdefault\u00bb global_colors_info=\u00bb{}\u00bb][\/et_pb_image][\/et_pb_column][\/et_pb_row][\/et_pb_section]<\/p>\n","protected":false},"excerpt":{"rendered":"<p>JUAN 1,1-18 En el principio ya exist\u00eda la Palabra, y la Palabra estaba junto a Dios, y la Palabra era Dios. La Palabra en el principio estaba junto a Dios. Por medio de la Palabra se hizo todo, y sin ella no se hizo nada de lo que se ha hecho. En la Palabra hab\u00eda [&hellip;]<\/p>\n","protected":false},"author":3,"featured_media":19317,"parent":0,"menu_order":0,"comment_status":"closed","ping_status":"closed","template":"","meta":{"_et_pb_use_builder":"on","_et_pb_old_content":"","_et_gb_content_width":"","footnotes":""},"class_list":["post-558","page","type-page","status-publish","has-post-thumbnail","hentry"],"yoast_head":"<!-- This site is optimized with the Yoast SEO plugin v27.5 - https:\/\/yoast.com\/product\/yoast-seo-wordpress\/ -->\n<title>Navidad 4 enero - Adviento y Navidad Salesiana<\/title>\n<meta name=\"robots\" content=\"index, follow, max-snippet:-1, max-image-preview:large, max-video-preview:-1\" \/>\n<link rel=\"canonical\" href=\"https:\/\/salesianos.info\/adviento-navidad\/4-enero\/\" \/>\n<meta property=\"og:locale\" content=\"es_ES\" \/>\n<meta property=\"og:type\" content=\"article\" \/>\n<meta property=\"og:title\" content=\"Navidad 4 enero - Adviento y Navidad Salesiana\" \/>\n<meta property=\"og:description\" content=\"Dedica un tiempo de reflexi\u00f3n al comentario del Evangelio en Tiempo Interior, con Jos\u00e9 J. G\u00f3mez.Homilia y Eucarist\u00eda para ni\u00f1osPara potenciar la experiencia diaria de la fe\" \/>\n<meta property=\"og:url\" content=\"https:\/\/salesianos.info\/adviento-navidad\/4-enero\/\" \/>\n<meta property=\"og:site_name\" content=\"Adviento y Navidad Salesiana\" \/>\n<meta property=\"article:modified_time\" content=\"2025-12-31T09:59:02+00:00\" \/>\n<meta property=\"og:image\" content=\"https:\/\/salesianos.info\/adviento-navidad\/wp-content\/uploads\/sites\/2\/2024\/12\/Viernes-10-enero.jpg\" \/>\n\t<meta property=\"og:image:width\" content=\"1200\" \/>\n\t<meta property=\"og:image:height\" content=\"675\" \/>\n\t<meta property=\"og:image:type\" content=\"image\/jpeg\" \/>\n<meta name=\"twitter:card\" content=\"summary_large_image\" \/>\n<meta name=\"twitter:label1\" content=\"Tiempo de lectura\" \/>\n\t<meta name=\"twitter:data1\" content=\"6 minutos\" \/>\n<script type=\"application\/ld+json\" class=\"yoast-schema-graph\">{\"@context\":\"https:\\\/\\\/schema.org\",\"@graph\":[{\"@type\":\"WebPage\",\"@id\":\"https:\\\/\\\/salesianos.info\\\/adviento-navidad\\\/4-enero\\\/\",\"url\":\"https:\\\/\\\/salesianos.info\\\/adviento-navidad\\\/4-enero\\\/\",\"name\":\"Navidad 4 enero - Adviento y Navidad Salesiana\",\"isPartOf\":{\"@id\":\"https:\\\/\\\/salesianos.info\\\/adviento-navidad\\\/#website\"},\"primaryImageOfPage\":{\"@id\":\"https:\\\/\\\/salesianos.info\\\/adviento-navidad\\\/4-enero\\\/#primaryimage\"},\"image\":{\"@id\":\"https:\\\/\\\/salesianos.info\\\/adviento-navidad\\\/4-enero\\\/#primaryimage\"},\"thumbnailUrl\":\"https:\\\/\\\/salesianos.info\\\/adviento-navidad\\\/wp-content\\\/uploads\\\/sites\\\/2\\\/2024\\\/12\\\/Viernes-10-enero.jpg\",\"datePublished\":\"2021-01-05T08:19:00+00:00\",\"dateModified\":\"2025-12-31T09:59:02+00:00\",\"breadcrumb\":{\"@id\":\"https:\\\/\\\/salesianos.info\\\/adviento-navidad\\\/4-enero\\\/#breadcrumb\"},\"inLanguage\":\"es\",\"potentialAction\":[{\"@type\":\"ReadAction\",\"target\":[\"https:\\\/\\\/salesianos.info\\\/adviento-navidad\\\/4-enero\\\/\"]}]},{\"@type\":\"ImageObject\",\"inLanguage\":\"es\",\"@id\":\"https:\\\/\\\/salesianos.info\\\/adviento-navidad\\\/4-enero\\\/#primaryimage\",\"url\":\"https:\\\/\\\/salesianos.info\\\/adviento-navidad\\\/wp-content\\\/uploads\\\/sites\\\/2\\\/2024\\\/12\\\/Viernes-10-enero.jpg\",\"contentUrl\":\"https:\\\/\\\/salesianos.info\\\/adviento-navidad\\\/wp-content\\\/uploads\\\/sites\\\/2\\\/2024\\\/12\\\/Viernes-10-enero.jpg\",\"width\":1200,\"height\":675},{\"@type\":\"BreadcrumbList\",\"@id\":\"https:\\\/\\\/salesianos.info\\\/adviento-navidad\\\/4-enero\\\/#breadcrumb\",\"itemListElement\":[{\"@type\":\"ListItem\",\"position\":1,\"name\":\"Portada\",\"item\":\"https:\\\/\\\/salesianos.info\\\/adviento-navidad\\\/\"},{\"@type\":\"ListItem\",\"position\":2,\"name\":\"Navidad 4 enero\"}]},{\"@type\":\"WebSite\",\"@id\":\"https:\\\/\\\/salesianos.info\\\/adviento-navidad\\\/#website\",\"url\":\"https:\\\/\\\/salesianos.info\\\/adviento-navidad\\\/\",\"name\":\"Adviento y Navidad Salesiana\",\"description\":\"Adviento y Navidad Salesiana 2024\",\"potentialAction\":[{\"@type\":\"SearchAction\",\"target\":{\"@type\":\"EntryPoint\",\"urlTemplate\":\"https:\\\/\\\/salesianos.info\\\/adviento-navidad\\\/?s={search_term_string}\"},\"query-input\":{\"@type\":\"PropertyValueSpecification\",\"valueRequired\":true,\"valueName\":\"search_term_string\"}}],\"inLanguage\":\"es\"}]}<\/script>\n<!-- \/ Yoast SEO plugin. -->","yoast_head_json":{"title":"Navidad 4 enero - Adviento y Navidad Salesiana","robots":{"index":"index","follow":"follow","max-snippet":"max-snippet:-1","max-image-preview":"max-image-preview:large","max-video-preview":"max-video-preview:-1"},"canonical":"https:\/\/salesianos.info\/adviento-navidad\/4-enero\/","og_locale":"es_ES","og_type":"article","og_title":"Navidad 4 enero - Adviento y Navidad Salesiana","og_description":"Dedica un tiempo de reflexi\u00f3n al comentario del Evangelio en Tiempo Interior, con Jos\u00e9 J. G\u00f3mez.Homilia y Eucarist\u00eda para ni\u00f1osPara potenciar la experiencia diaria de la fe","og_url":"https:\/\/salesianos.info\/adviento-navidad\/4-enero\/","og_site_name":"Adviento y Navidad Salesiana","article_modified_time":"2025-12-31T09:59:02+00:00","og_image":[{"width":1200,"height":675,"url":"https:\/\/salesianos.info\/adviento-navidad\/wp-content\/uploads\/sites\/2\/2024\/12\/Viernes-10-enero.jpg","type":"image\/jpeg"}],"twitter_card":"summary_large_image","twitter_misc":{"Tiempo de lectura":"6 minutos"},"schema":{"@context":"https:\/\/schema.org","@graph":[{"@type":"WebPage","@id":"https:\/\/salesianos.info\/adviento-navidad\/4-enero\/","url":"https:\/\/salesianos.info\/adviento-navidad\/4-enero\/","name":"Navidad 4 enero - Adviento y Navidad Salesiana","isPartOf":{"@id":"https:\/\/salesianos.info\/adviento-navidad\/#website"},"primaryImageOfPage":{"@id":"https:\/\/salesianos.info\/adviento-navidad\/4-enero\/#primaryimage"},"image":{"@id":"https:\/\/salesianos.info\/adviento-navidad\/4-enero\/#primaryimage"},"thumbnailUrl":"https:\/\/salesianos.info\/adviento-navidad\/wp-content\/uploads\/sites\/2\/2024\/12\/Viernes-10-enero.jpg","datePublished":"2021-01-05T08:19:00+00:00","dateModified":"2025-12-31T09:59:02+00:00","breadcrumb":{"@id":"https:\/\/salesianos.info\/adviento-navidad\/4-enero\/#breadcrumb"},"inLanguage":"es","potentialAction":[{"@type":"ReadAction","target":["https:\/\/salesianos.info\/adviento-navidad\/4-enero\/"]}]},{"@type":"ImageObject","inLanguage":"es","@id":"https:\/\/salesianos.info\/adviento-navidad\/4-enero\/#primaryimage","url":"https:\/\/salesianos.info\/adviento-navidad\/wp-content\/uploads\/sites\/2\/2024\/12\/Viernes-10-enero.jpg","contentUrl":"https:\/\/salesianos.info\/adviento-navidad\/wp-content\/uploads\/sites\/2\/2024\/12\/Viernes-10-enero.jpg","width":1200,"height":675},{"@type":"BreadcrumbList","@id":"https:\/\/salesianos.info\/adviento-navidad\/4-enero\/#breadcrumb","itemListElement":[{"@type":"ListItem","position":1,"name":"Portada","item":"https:\/\/salesianos.info\/adviento-navidad\/"},{"@type":"ListItem","position":2,"name":"Navidad 4 enero"}]},{"@type":"WebSite","@id":"https:\/\/salesianos.info\/adviento-navidad\/#website","url":"https:\/\/salesianos.info\/adviento-navidad\/","name":"Adviento y Navidad Salesiana","description":"Adviento y Navidad Salesiana 2024","potentialAction":[{"@type":"SearchAction","target":{"@type":"EntryPoint","urlTemplate":"https:\/\/salesianos.info\/adviento-navidad\/?s={search_term_string}"},"query-input":{"@type":"PropertyValueSpecification","valueRequired":true,"valueName":"search_term_string"}}],"inLanguage":"es"}]}},"_links":{"self":[{"href":"https:\/\/salesianos.info\/adviento-navidad\/wp-json\/wp\/v2\/pages\/558","targetHints":{"allow":["GET"]}}],"collection":[{"href":"https:\/\/salesianos.info\/adviento-navidad\/wp-json\/wp\/v2\/pages"}],"about":[{"href":"https:\/\/salesianos.info\/adviento-navidad\/wp-json\/wp\/v2\/types\/page"}],"author":[{"embeddable":true,"href":"https:\/\/salesianos.info\/adviento-navidad\/wp-json\/wp\/v2\/users\/3"}],"replies":[{"embeddable":true,"href":"https:\/\/salesianos.info\/adviento-navidad\/wp-json\/wp\/v2\/comments?post=558"}],"version-history":[{"count":19,"href":"https:\/\/salesianos.info\/adviento-navidad\/wp-json\/wp\/v2\/pages\/558\/revisions"}],"predecessor-version":[{"id":19840,"href":"https:\/\/salesianos.info\/adviento-navidad\/wp-json\/wp\/v2\/pages\/558\/revisions\/19840"}],"wp:featuredmedia":[{"embeddable":true,"href":"https:\/\/salesianos.info\/adviento-navidad\/wp-json\/wp\/v2\/media\/19317"}],"wp:attachment":[{"href":"https:\/\/salesianos.info\/adviento-navidad\/wp-json\/wp\/v2\/media?parent=558"}],"curies":[{"name":"wp","href":"https:\/\/api.w.org\/{rel}","templated":true}]}}