{"id":573,"date":"2021-01-05T08:32:59","date_gmt":"2021-01-05T08:32:59","guid":{"rendered":"https:\/\/salesianos.info\/adviento-navidad\/?page_id=573"},"modified":"2025-11-24T11:29:18","modified_gmt":"2025-11-24T11:29:18","slug":"6-enero","status":"publish","type":"page","link":"https:\/\/salesianos.info\/adviento-navidad\/6-enero\/","title":{"rendered":"Navidad 6 enero"},"content":{"rendered":"<p>[et_pb_section fb_built=\u00bb1&#8243; fullwidth=\u00bbon\u00bb _builder_version=\u00bb4.16&#8243; _module_preset=\u00bbdefault\u00bb global_colors_info=\u00bb{}\u00bb][et_pb_fullwidth_header title=\u00bbEpifan\u00eda\u00bb subhead=\u00bb6 de enero\u00bb text_orientation=\u00bbright\u00bb _builder_version=\u00bb4.23.1&#8243; _module_preset=\u00bbdefault\u00bb title_font_size=\u00bb55px\u00bb subhead_font_size=\u00bb24px\u00bb background_image=\u00bbhttps:\/\/salesianos.info\/adviento-navidad\/wp-content\/uploads\/sites\/2\/2021\/01\/7-enero-scaled.jpg\u00bb title_text_shadow_style=\u00bbpreset2&#8243; global_colors_info=\u00bb{}\u00bb][\/et_pb_fullwidth_header][\/et_pb_section][et_pb_section fb_built=\u00bb1&#8243; admin_label=\u00bbsection\u00bb _builder_version=\u00bb4.16&#8243; global_colors_info=\u00bb{}\u00bb][et_pb_row column_structure=\u00bb3_4,1_4&#8243; _builder_version=\u00bb4.16&#8243; global_colors_info=\u00bb{}\u00bb][et_pb_column type=\u00bb3_4&#8243; _builder_version=\u00bb4.16&#8243; custom_padding=\u00bb|||\u00bb global_colors_info=\u00bb{}\u00bb custom_padding__hover=\u00bb|||\u00bb][et_pb_tabs _builder_version=\u00bb4.27.4&#8243; tab_font=\u00bbAmatic SC||||\u00bb tab_font_size=\u00bb24px\u00bb z_index_tablet=\u00bb500&#8243; body_text_shadow_horizontal_length_tablet=\u00bb0px\u00bb body_text_shadow_vertical_length_tablet=\u00bb0px\u00bb body_text_shadow_blur_strength_tablet=\u00bb1px\u00bb tab_text_shadow_horizontal_length_tablet=\u00bb0px\u00bb tab_text_shadow_vertical_length_tablet=\u00bb0px\u00bb tab_text_shadow_blur_strength_tablet=\u00bb1px\u00bb body_link_text_shadow_horizontal_length_tablet=\u00bb0px\u00bb body_link_text_shadow_vertical_length_tablet=\u00bb0px\u00bb body_link_text_shadow_blur_strength_tablet=\u00bb1px\u00bb body_ul_text_shadow_horizontal_length_tablet=\u00bb0px\u00bb body_ul_text_shadow_vertical_length_tablet=\u00bb0px\u00bb body_ul_text_shadow_blur_strength_tablet=\u00bb1px\u00bb body_ol_text_shadow_horizontal_length_tablet=\u00bb0px\u00bb body_ol_text_shadow_vertical_length_tablet=\u00bb0px\u00bb body_ol_text_shadow_blur_strength_tablet=\u00bb1px\u00bb body_quote_text_shadow_horizontal_length_tablet=\u00bb0px\u00bb body_quote_text_shadow_vertical_length_tablet=\u00bb0px\u00bb body_quote_text_shadow_blur_strength_tablet=\u00bb1px\u00bb border_radii=\u00bbon|25px|25px|25px|25px\u00bb border_width_all=\u00bb2px\u00bb border_color_all=\u00bb#37424b\u00bb box_shadow_style=\u00bbpreset1&#8243; box_shadow_horizontal_tablet=\u00bb0px\u00bb box_shadow_vertical_tablet=\u00bb0px\u00bb box_shadow_blur_tablet=\u00bb40px\u00bb box_shadow_spread_tablet=\u00bb0px\u00bb global_colors_info=\u00bb{}\u00bb][et_pb_tab title=\u00bbEVANGELIO\u00bb title_tablet=\u00bbLECTIO DOMINICAL\u00bb title_phone=\u00bbLECTIO DOMINICAL\u00bb _builder_version=\u00bb4.27.4&#8243; body_font=\u00bb||||\u00bb body_font_size=\u00bb15px\u00bb tab_font=\u00bb||||\u00bb hover_enabled=\u00bb0&#8243; background_color_gradient_direction_tablet=\u00bb180deg\u00bb background_color_gradient_direction_phone=\u00bb180deg\u00bb background_color_gradient_stops_tablet=\u00bb#2b87da 0%|#29c4a9 100%\u00bb background_color_gradient_stops_phone=\u00bb#2b87da 0%|#29c4a9 100%\u00bb background_color_gradient_start_position_tablet=\u00bb0%\u00bb background_color_gradient_start_position_phone=\u00bb0%\u00bb background_color_gradient_end_position_tablet=\u00bb100%\u00bb background_color_gradient_end_position_phone=\u00bb100%\u00bb hover_transition_duration_tablet=\u00bb300ms\u00bb hover_transition_duration_phone=\u00bb300ms\u00bb hover_transition_delay_tablet=\u00bb0ms\u00bb hover_transition_delay_phone=\u00bb0ms\u00bb body_text_shadow_horizontal_length_tablet=\u00bb0px\u00bb body_text_shadow_horizontal_length_phone=\u00bb0px\u00bb body_text_shadow_vertical_length_tablet=\u00bb0px\u00bb body_text_shadow_vertical_length_phone=\u00bb0px\u00bb body_text_shadow_blur_strength_tablet=\u00bb1px\u00bb body_text_shadow_blur_strength_phone=\u00bb1px\u00bb tab_text_shadow_horizontal_length_tablet=\u00bb0px\u00bb tab_text_shadow_horizontal_length_phone=\u00bb0px\u00bb tab_text_shadow_vertical_length_tablet=\u00bb0px\u00bb tab_text_shadow_vertical_length_phone=\u00bb0px\u00bb tab_text_shadow_blur_strength_tablet=\u00bb1px\u00bb tab_text_shadow_blur_strength_phone=\u00bb1px\u00bb body_link_text_shadow_horizontal_length_tablet=\u00bb0px\u00bb body_link_text_shadow_horizontal_length_phone=\u00bb0px\u00bb body_link_text_shadow_vertical_length_tablet=\u00bb0px\u00bb body_link_text_shadow_vertical_length_phone=\u00bb0px\u00bb body_link_text_shadow_blur_strength_tablet=\u00bb1px\u00bb body_link_text_shadow_blur_strength_phone=\u00bb1px\u00bb body_ul_text_shadow_horizontal_length_tablet=\u00bb0px\u00bb body_ul_text_shadow_horizontal_length_phone=\u00bb0px\u00bb body_ul_text_shadow_vertical_length_tablet=\u00bb0px\u00bb body_ul_text_shadow_vertical_length_phone=\u00bb0px\u00bb body_ul_text_shadow_blur_strength_tablet=\u00bb1px\u00bb body_ul_text_shadow_blur_strength_phone=\u00bb1px\u00bb body_ol_text_shadow_horizontal_length_tablet=\u00bb0px\u00bb body_ol_text_shadow_horizontal_length_phone=\u00bb0px\u00bb body_ol_text_shadow_vertical_length_tablet=\u00bb0px\u00bb body_ol_text_shadow_vertical_length_phone=\u00bb0px\u00bb body_ol_text_shadow_blur_strength_tablet=\u00bb1px\u00bb body_ol_text_shadow_blur_strength_phone=\u00bb1px\u00bb body_quote_text_shadow_horizontal_length_tablet=\u00bb0px\u00bb body_quote_text_shadow_horizontal_length_phone=\u00bb0px\u00bb body_quote_text_shadow_vertical_length_tablet=\u00bb0px\u00bb body_quote_text_shadow_vertical_length_phone=\u00bb0px\u00bb body_quote_text_shadow_blur_strength_tablet=\u00bb1px\u00bb body_quote_text_shadow_blur_strength_phone=\u00bb1px\u00bb global_colors_info=\u00bb{}\u00bb sticky_enabled=\u00bb0&#8243;]<\/p>\n<h2><strong>MATEO 2,1-12<\/strong><\/h2>\n<div class=\"t pg-6m1 pg-6x6 pg-6hb pg-6y1f pg-6ff2 pg-6fs5 pg-6fc0 pg-6sc0 pg-6lsd pg-6ws17\">\n<div>Habiendo nacido Jes\u00fas en Bel\u00e9n de Judea en tiempos del rey Herodes, unos magos de Oriente se presentaron en Jerusal\u00e9n preguntando:<\/div>\n<div>\u00ab\u00bfD\u00f3nde est\u00e1 el Rey de los jud\u00edos que ha nacido? Porque hemos visto salir su estrella y venimos a adorarlo\u00bb.<\/div>\n<div>\u00a0<\/div>\n<div>Al enterarse el rey Herodes, se sobresalt\u00f3 y toda Jerusal\u00e9n con \u00e9l; convoc\u00f3 a los sumos sacerdotes y a los escribas del pa\u00eds, y les pregunt\u00f3 d\u00f3nde ten\u00eda que nacer el Mes\u00edas.<\/div>\n<div>\u00a0<\/div>\n<div>Ellos le contestaron:<br \/>\u00abEn Bel\u00e9n de Judea, porque as\u00ed lo ha escrito el profeta: \u201cY t\u00fa, Bel\u00e9n, tierra de Jud\u00e1, no eres ni mucho menos la \u00faltima<br \/>de las poblaciones de Jud\u00e1, pues de ti saldr\u00e1 un jefe que pastorear\u00e1 a mi pueblo Israel\u201d\u00bb.<\/div>\n<div>\u00a0<\/div>\n<div>Entonces Herodes llam\u00f3 en secreto a los magos para que le precisaran el tiempo en que hab\u00eda aparecido la estrella, y los mand\u00f3 a Bel\u00e9n, dici\u00e9ndoles:<br \/>\u00abId y averiguad cuidadosamente qu\u00e9 hay del ni\u00f1o y, cuando lo encontr\u00e9is, avisadme, para ir yo tambi\u00e9n a adorarlo\u00bb.<\/div>\n<div>\u00a0<\/div>\n<div>Ellos, despu\u00e9s de o\u00edr al rey, se pusieron en camino y, de pronto, la estrella que hab\u00edan visto salir comenz\u00f3 a guiarlos hasta que vino a pararse encima de donde estaba el ni\u00f1o.<\/div>\n<div>\u00a0<\/div>\n<div>Al ver la estrella, se llenaron de inmensa alegr\u00eda. Entraron en la casa, vieron al ni\u00f1o con Mar\u00eda, su madre, y cayendo de rodillas lo adoraron; despu\u00e9s, abriendo sus cofres, le ofrecieron regalos: oro, incienso y mirra.<\/div>\n<div>Y habiendo recibido en sue\u00f1os un or\u00e1culo, para que no volvieran a Herodes, se retiraron a su tierra por otro camino.<\/div>\n<\/div>\n<p>[\/et_pb_tab][\/et_pb_tabs][\/et_pb_column][et_pb_column type=\u00bb1_4&#8243; _builder_version=\u00bb4.16&#8243; custom_padding=\u00bb|||\u00bb global_colors_info=\u00bb{}\u00bb custom_padding__hover=\u00bb|||\u00bb][et_pb_image src=\u00bbhttps:\/\/salesianos.info\/adviento-navidad\/wp-content\/uploads\/sites\/2\/2024\/12\/Lunes-6-enero.jpg\u00bb alt=\u00bbsomos-futuro\u00bb title_text=\u00bbLunes, 6 enero\u00bb url=\u00bbhttps:\/\/salesianos.info\/protagonistasdelahistoria\/\u00bb url_new_window=\u00bbon\u00bb _builder_version=\u00bb4.27.4&#8243; _module_preset=\u00bbdefault\u00bb global_colors_info=\u00bb{}\u00bb][\/et_pb_image][\/et_pb_column][\/et_pb_row][et_pb_row column_structure=\u00bb1_3,1_3,1_3&#8243; _builder_version=\u00bb4.27.4&#8243; _module_preset=\u00bbdefault\u00bb custom_margin=\u00bb38px||||false|false\u00bb border_radii=\u00bbon|25px|25px|25px|25px\u00bb box_shadow_style=\u00bbpreset1&#8243; global_colors_info=\u00bb{}\u00bb][et_pb_column type=\u00bb1_3&#8243; _builder_version=\u00bb4.16&#8243; _module_preset=\u00bbdefault\u00bb global_colors_info=\u00bb{}\u00bb][et_pb_blurb title=\u00bbTiempo interior\u00bb url=\u00bbhttps:\/\/www.salesianos.edu\/tiempo-interior\/\u00bb url_new_window=\u00bbon\u00bb use_icon=\u00bbon\u00bb font_icon=\u00bb&#xe066;||divi||400&#8243; _builder_version=\u00bb4.16&#8243; _module_preset=\u00bbdefault\u00bb header_text_align=\u00bbcenter\u00bb header_font_size=\u00bb23px\u00bb custom_margin=\u00bb|40px||40px|false|false\u00bb link_option_url=\u00bbhttps:\/\/www.salesianos.edu\/tiempo-interior\/\u00bb link_option_url_new_window=\u00bbon\u00bb global_colors_info=\u00bb{}\u00bb]<\/p>\n<p style=\"text-align: center\"><span style=\"font-weight: 400\">Dedica un tiempo de reflexi\u00f3n al comentario del Evangelio en Tiempo Interior, con Jos\u00e9 J. G\u00f3mez.<\/span><\/p>\n<p>[\/et_pb_blurb][\/et_pb_column][et_pb_column type=\u00bb1_3&#8243; _builder_version=\u00bb4.16&#8243; _module_preset=\u00bbdefault\u00bb global_colors_info=\u00bb{}\u00bb][et_pb_blurb url=\u00bbhttps:\/\/www.salesianos.es\/comunidades-en-oracion\/\u00bb url_new_window=\u00bbon\u00bb image=\u00bbhttps:\/\/salesianos.info\/adviento-navidad\/wp-content\/uploads\/sites\/2\/2024\/11\/logo-Comunidades-en-Oracion.png\u00bb _builder_version=\u00bb4.27.4&#8243; _module_preset=\u00bbdefault\u00bb header_text_align=\u00bbcenter\u00bb header_font_size=\u00bb23px\u00bb custom_margin=\u00bb|40px||40px|false|false\u00bb link_option_url=\u00bbhttps:\/\/www.salesianos.es\/comunidades-en-oracion\/\u00bb link_option_url_new_window=\u00bbon\u00bb global_colors_info=\u00bb{}\u00bb]<\/p>\n<p>Material elaborado por la Pastoral Juvenil SSM. El objetivo potenciar la experiencia diaria de la Fe<\/p>\n<p>[\/et_pb_blurb][\/et_pb_column][et_pb_column type=\u00bb1_3&#8243; _builder_version=\u00bb4.16&#8243; _module_preset=\u00bbdefault\u00bb global_colors_info=\u00bb{}\u00bb][et_pb_blurb title=\u00bbLa Misa del Domingo\u00bb url=\u00bbhttps:\/\/bit.ly\/4084V7w\u00bb url_new_window=\u00bbon\u00bb use_icon=\u00bbon\u00bb font_icon=\u00bb&#x79;||divi||400&#8243; _builder_version=\u00bb4.27.4&#8243; _module_preset=\u00bbdefault\u00bb header_text_align=\u00bbcenter\u00bb header_font_size=\u00bb23px\u00bb custom_margin=\u00bb|40px||40px|false|false\u00bb link_option_url=\u00bbhttps:\/\/bit.ly\/4084V7w\u00bb link_option_url_new_window=\u00bbon\u00bb global_colors_info=\u00bb{}\u00bb]<\/p>\n<p class=\"p1\">Homil\u00eda para la Epifan\u00eda del Se\u00f1or propuesta por Luis Onrubia, sdb<\/p>\n<p>[\/et_pb_blurb][\/et_pb_column][\/et_pb_row][\/et_pb_section][et_pb_section fb_built=\u00bb1&#8243; _builder_version=\u00bb4.16&#8243; global_colors_info=\u00bb{}\u00bb][et_pb_row column_structure=\u00bb1_2,1_2&#8243; _builder_version=\u00bb4.16&#8243; background_size=\u00bbinitial\u00bb background_position=\u00bbtop_left\u00bb background_repeat=\u00bbrepeat\u00bb custom_margin=\u00bb-25px||||false|false\u00bb custom_padding=\u00bb0px|||||\u00bb border_radii=\u00bbon|25px|25px|25px|25px\u00bb box_shadow_style=\u00bbpreset1&#8243; global_colors_info=\u00bb{}\u00bb][et_pb_column type=\u00bb1_2&#8243; _builder_version=\u00bb4.16&#8243; custom_padding=\u00bb|||\u00bb global_colors_info=\u00bb{}\u00bb custom_padding__hover=\u00bb|||\u00bb][et_pb_image src=\u00bbhttps:\/\/salesianos.info\/adviento-navidad\/wp-content\/uploads\/sites\/2\/2021\/01\/ocean-3605547_1920.jpg\u00bb title_text=\u00bbocean-3605547_1920&#8243; align=\u00bbcenter\u00bb _builder_version=\u00bb4.16&#8243; _module_preset=\u00bbdefault\u00bb custom_margin=\u00bb22px|||21px|false|false\u00bb custom_margin_tablet=\u00bb\u00bb custom_margin_phone=\u00bb22px|18px||21px|false|false\u00bb custom_margin_last_edited=\u00bbon|phone\u00bb border_radii=\u00bbon|25px|25px|25px|25px\u00bb border_width_all=\u00bb4px\u00bb border_color_all=\u00bb#37424b\u00bb box_shadow_style=\u00bbpreset3&#8243; global_colors_info=\u00bb{}\u00bb][\/et_pb_image][\/et_pb_column][et_pb_column type=\u00bb1_2&#8243; _builder_version=\u00bb4.16&#8243; custom_padding=\u00bb|||\u00bb global_colors_info=\u00bb{}\u00bb custom_padding__hover=\u00bb|||\u00bb][et_pb_divider show_divider=\u00bboff\u00bb disabled_on=\u00bbon|off|off\u00bb _builder_version=\u00bb4.16&#8243; _module_preset=\u00bbdefault\u00bb custom_margin=\u00bb||60px||false|false\u00bb global_colors_info=\u00bb{}\u00bb][\/et_pb_divider][et_pb_text _builder_version=\u00bb4.27.4&#8243; _module_preset=\u00bbdefault\u00bb text_text_color=\u00bb#dc001b\u00bb text_font_size=\u00bb40px\u00bb text_orientation=\u00bbcenter\u00bb custom_margin=\u00bb6px||||false|false\u00bb custom_padding=\u00bb0px||||false|false\u00bb hover_enabled=\u00bb0&#8243; global_colors_info=\u00bb{}\u00bb sticky_enabled=\u00bb0&#8243;]<\/p>\n<p>\u00abEntraron en la casa, vieron al ni\u00f1o con Mar\u00eda, su madre, y cayendo de rodillas lo adoraron\u00bb.<\/p>\n<p>[\/et_pb_text][\/et_pb_column][\/et_pb_row][\/et_pb_section][et_pb_section fb_built=\u00bb1&#8243; _builder_version=\u00bb4.16&#8243; global_colors_info=\u00bb{}\u00bb][et_pb_row column_structure=\u00bb1_2,1_2&#8243; _builder_version=\u00bb4.16&#8243; background_size=\u00bbinitial\u00bb background_position=\u00bbtop_left\u00bb background_repeat=\u00bbrepeat\u00bb border_radii=\u00bbon|25px|25px|25px|25px\u00bb box_shadow_style=\u00bbpreset1&#8243; global_colors_info=\u00bb{}\u00bb][et_pb_column type=\u00bb1_2&#8243; _builder_version=\u00bb4.16&#8243; custom_padding=\u00bb|||\u00bb global_colors_info=\u00bb{}\u00bb custom_padding__hover=\u00bb|||\u00bb][et_pb_text _builder_version=\u00bb4.16&#8243; text_text_color=\u00bb#e02b20&#8243; text_font_size=\u00bb49px\u00bb custom_margin=\u00bb||-26px|25px|false|false\u00bb z_index_tablet=\u00bb500&#8243; text_text_shadow_horizontal_length_tablet=\u00bb0px\u00bb text_text_shadow_vertical_length_tablet=\u00bb0px\u00bb text_text_shadow_blur_strength_tablet=\u00bb1px\u00bb link_text_shadow_horizontal_length_tablet=\u00bb0px\u00bb link_text_shadow_vertical_length_tablet=\u00bb0px\u00bb link_text_shadow_blur_strength_tablet=\u00bb1px\u00bb ul_text_shadow_horizontal_length_tablet=\u00bb0px\u00bb ul_text_shadow_vertical_length_tablet=\u00bb0px\u00bb ul_text_shadow_blur_strength_tablet=\u00bb1px\u00bb ol_text_shadow_horizontal_length_tablet=\u00bb0px\u00bb ol_text_shadow_vertical_length_tablet=\u00bb0px\u00bb ol_text_shadow_blur_strength_tablet=\u00bb1px\u00bb quote_text_shadow_horizontal_length_tablet=\u00bb0px\u00bb quote_text_shadow_vertical_length_tablet=\u00bb0px\u00bb quote_text_shadow_blur_strength_tablet=\u00bb1px\u00bb header_text_shadow_horizontal_length_tablet=\u00bb0px\u00bb header_text_shadow_vertical_length_tablet=\u00bb0px\u00bb header_text_shadow_blur_strength_tablet=\u00bb1px\u00bb header_2_text_shadow_horizontal_length_tablet=\u00bb0px\u00bb header_2_text_shadow_vertical_length_tablet=\u00bb0px\u00bb header_2_text_shadow_blur_strength_tablet=\u00bb1px\u00bb header_3_text_shadow_horizontal_length_tablet=\u00bb0px\u00bb header_3_text_shadow_vertical_length_tablet=\u00bb0px\u00bb header_3_text_shadow_blur_strength_tablet=\u00bb1px\u00bb header_4_text_shadow_horizontal_length_tablet=\u00bb0px\u00bb header_4_text_shadow_vertical_length_tablet=\u00bb0px\u00bb header_4_text_shadow_blur_strength_tablet=\u00bb1px\u00bb header_5_text_shadow_horizontal_length_tablet=\u00bb0px\u00bb header_5_text_shadow_vertical_length_tablet=\u00bb0px\u00bb header_5_text_shadow_blur_strength_tablet=\u00bb1px\u00bb header_6_text_shadow_horizontal_length_tablet=\u00bb0px\u00bb header_6_text_shadow_vertical_length_tablet=\u00bb0px\u00bb header_6_text_shadow_blur_strength_tablet=\u00bb1px\u00bb box_shadow_horizontal_tablet=\u00bb0px\u00bb box_shadow_vertical_tablet=\u00bb0px\u00bb box_shadow_blur_tablet=\u00bb40px\u00bb box_shadow_spread_tablet=\u00bb0px\u00bb global_colors_info=\u00bb{}\u00bb]<\/p>\n<h1><span style=\"font-size: xx-large;\">Canci\u00f3n<\/span><\/h1>\n<p>[\/et_pb_text][et_pb_video src=\u00bbhttps:\/\/www.youtube.com\/watch?v=ImX1AalXJbc\u00bb _builder_version=\u00bb4.16&#8243; custom_margin=\u00bb13px|||26px|false|false\u00bb custom_margin_tablet=\u00bb\u00bb custom_margin_phone=\u00bb|20px||23px|false|false\u00bb custom_margin_last_edited=\u00bbon|phone\u00bb z_index_tablet=\u00bb500&#8243; box_shadow_horizontal_tablet=\u00bb0px\u00bb box_shadow_vertical_tablet=\u00bb0px\u00bb box_shadow_blur_tablet=\u00bb40px\u00bb box_shadow_spread_tablet=\u00bb0px\u00bb global_colors_info=\u00bb{}\u00bb][\/et_pb_video][\/et_pb_column][et_pb_column type=\u00bb1_2&#8243; _builder_version=\u00bb4.16&#8243; custom_padding=\u00bb|||\u00bb global_colors_info=\u00bb{}\u00bb custom_padding__hover=\u00bb|||\u00bb][et_pb_tabs _builder_version=\u00bb4.16&#8243; custom_margin=\u00bb|22px|||false|false\u00bb custom_margin_tablet=\u00bb\u00bb custom_margin_phone=\u00bb|19px||24px|false|false\u00bb custom_margin_last_edited=\u00bbon|phone\u00bb z_index_tablet=\u00bb500&#8243; body_text_shadow_horizontal_length_tablet=\u00bb0px\u00bb body_text_shadow_vertical_length_tablet=\u00bb0px\u00bb body_text_shadow_blur_strength_tablet=\u00bb1px\u00bb tab_text_shadow_horizontal_length_tablet=\u00bb0px\u00bb tab_text_shadow_vertical_length_tablet=\u00bb0px\u00bb tab_text_shadow_blur_strength_tablet=\u00bb1px\u00bb body_link_text_shadow_horizontal_length_tablet=\u00bb0px\u00bb body_link_text_shadow_vertical_length_tablet=\u00bb0px\u00bb body_link_text_shadow_blur_strength_tablet=\u00bb1px\u00bb body_ul_text_shadow_horizontal_length_tablet=\u00bb0px\u00bb body_ul_text_shadow_vertical_length_tablet=\u00bb0px\u00bb body_ul_text_shadow_blur_strength_tablet=\u00bb1px\u00bb body_ol_text_shadow_horizontal_length_tablet=\u00bb0px\u00bb body_ol_text_shadow_vertical_length_tablet=\u00bb0px\u00bb body_ol_text_shadow_blur_strength_tablet=\u00bb1px\u00bb body_quote_text_shadow_horizontal_length_tablet=\u00bb0px\u00bb body_quote_text_shadow_vertical_length_tablet=\u00bb0px\u00bb body_quote_text_shadow_blur_strength_tablet=\u00bb1px\u00bb border_radii=\u00bbon|25px|25px|25px|25px\u00bb border_color_all=\u00bb#37424b\u00bb box_shadow_horizontal_tablet=\u00bb0px\u00bb box_shadow_vertical_tablet=\u00bb0px\u00bb box_shadow_blur_tablet=\u00bb40px\u00bb box_shadow_spread_tablet=\u00bb0px\u00bb global_colors_info=\u00bb{}\u00bb custom_margin__hover_enabled=\u00bbon|desktop\u00bb custom_margin__hover=\u00bb|22px|||false|false\u00bb][et_pb_tab title=\u00bbAbriendo caminos\u00bb title_tablet=\u00bbCharlie y la f\u00e1brica de chocolate\u00bb title_phone=\u00bbAlgo para recordar\u00bb title_last_edited=\u00bbon|phone\u00bb _builder_version=\u00bb4.16&#8243; background_color_gradient_direction_tablet=\u00bb180deg\u00bb background_color_gradient_direction_phone=\u00bb180deg\u00bb background_color_gradient_stops_tablet=\u00bb#2b87da 0%|#29c4a9 100%\u00bb background_color_gradient_stops_phone=\u00bb#2b87da 0%|#29c4a9 100%\u00bb background_color_gradient_start_position_tablet=\u00bb0%\u00bb background_color_gradient_start_position_phone=\u00bb0%\u00bb background_color_gradient_end_position_tablet=\u00bb100%\u00bb background_color_gradient_end_position_phone=\u00bb100%\u00bb hover_transition_duration_tablet=\u00bb300ms\u00bb hover_transition_duration_phone=\u00bb300ms\u00bb hover_transition_delay_tablet=\u00bb0ms\u00bb hover_transition_delay_phone=\u00bb0ms\u00bb body_text_shadow_horizontal_length_tablet=\u00bb0px\u00bb body_text_shadow_horizontal_length_phone=\u00bb0px\u00bb body_text_shadow_vertical_length_tablet=\u00bb0px\u00bb body_text_shadow_vertical_length_phone=\u00bb0px\u00bb body_text_shadow_blur_strength_tablet=\u00bb1px\u00bb body_text_shadow_blur_strength_phone=\u00bb1px\u00bb tab_text_shadow_horizontal_length_tablet=\u00bb0px\u00bb tab_text_shadow_horizontal_length_phone=\u00bb0px\u00bb tab_text_shadow_vertical_length_tablet=\u00bb0px\u00bb tab_text_shadow_vertical_length_phone=\u00bb0px\u00bb tab_text_shadow_blur_strength_tablet=\u00bb1px\u00bb tab_text_shadow_blur_strength_phone=\u00bb1px\u00bb body_link_text_shadow_horizontal_length_tablet=\u00bb0px\u00bb body_link_text_shadow_horizontal_length_phone=\u00bb0px\u00bb body_link_text_shadow_vertical_length_tablet=\u00bb0px\u00bb body_link_text_shadow_vertical_length_phone=\u00bb0px\u00bb body_link_text_shadow_blur_strength_tablet=\u00bb1px\u00bb body_link_text_shadow_blur_strength_phone=\u00bb1px\u00bb body_ul_text_shadow_horizontal_length_tablet=\u00bb0px\u00bb body_ul_text_shadow_horizontal_length_phone=\u00bb0px\u00bb body_ul_text_shadow_vertical_length_tablet=\u00bb0px\u00bb body_ul_text_shadow_vertical_length_phone=\u00bb0px\u00bb body_ul_text_shadow_blur_strength_tablet=\u00bb1px\u00bb body_ul_text_shadow_blur_strength_phone=\u00bb1px\u00bb body_ol_text_shadow_horizontal_length_tablet=\u00bb0px\u00bb body_ol_text_shadow_horizontal_length_phone=\u00bb0px\u00bb body_ol_text_shadow_vertical_length_tablet=\u00bb0px\u00bb body_ol_text_shadow_vertical_length_phone=\u00bb0px\u00bb body_ol_text_shadow_blur_strength_tablet=\u00bb1px\u00bb body_ol_text_shadow_blur_strength_phone=\u00bb1px\u00bb body_quote_text_shadow_horizontal_length_tablet=\u00bb0px\u00bb body_quote_text_shadow_horizontal_length_phone=\u00bb0px\u00bb body_quote_text_shadow_vertical_length_tablet=\u00bb0px\u00bb body_quote_text_shadow_vertical_length_phone=\u00bb0px\u00bb body_quote_text_shadow_blur_strength_tablet=\u00bb1px\u00bb body_quote_text_shadow_blur_strength_phone=\u00bb1px\u00bb global_colors_info=\u00bb{}\u00bb]<\/p>\n<p><span style=\"font-weight: 400;\">Voy abriendo caminos para dejarte<\/span><\/p>\n<p><span style=\"font-weight: 400;\">las cosas buenas que aprendo<\/span><\/p>\n<p><span style=\"font-weight: 400;\">mientras camino mis calles.<\/span><\/p>\n<p><span style=\"font-weight: 400;\">Me llevar\u00e9<\/span><\/p>\n<p><span style=\"font-weight: 400;\">las buenas luces que tiene la gente<\/span><\/p>\n<p><span style=\"font-weight: 400;\">que me iluminan la vida<\/span><\/p>\n<p><span style=\"font-weight: 400;\">y me regalan mi suerte.<\/span><\/p>\n<p><span style=\"font-weight: 400;\">COMO UN RIO QUE CAMINA HACIA EL MAR.<\/span><\/p>\n<p><span style=\"font-weight: 400;\">QUIERO VER LA RISA DEL SOL POR LAS MA\u00d1ANAS,<\/span><\/p>\n<p><span style=\"font-weight: 400;\">QUE VENGA SIEMPRE A GOLPEARNOS LA VENTANA.<\/span><\/p>\n<p><span style=\"font-weight: 400;\">YO QUIERO UN SOL.<\/span><\/p>\n<p><span style=\"font-weight: 400;\">YO QUIERO UN SOL QUE ME ACOMPA\u00d1E.<\/span><\/p>\n<p><span style=\"font-weight: 400;\">HABLANDO SIEMPRE DE FRENTE.<\/span><\/p>\n<p><span style=\"font-weight: 400;\">TIRANDO TODO LO MALO.<\/span><\/p>\n<p><span style=\"font-weight: 400;\">Voy abriendo caminos para encontrarte.<\/span><\/p>\n<p><span style=\"font-weight: 400;\">En este mundo perdido<\/span><\/p>\n<p><span style=\"font-weight: 400;\">tambi\u00e9n hay buenos amigos.<\/span><\/p>\n<p><span style=\"font-weight: 400;\">Y me llevar\u00e9<\/span><\/p>\n<p><span style=\"font-weight: 400;\">las buenas luces que tiene la gente<\/span><\/p>\n<p><span style=\"font-weight: 400;\">y cuando me sienta solo<\/span><\/p>\n<p><span style=\"font-weight: 400;\">me cuidar\u00e1n para siempre.<\/span><\/p>\n<p><span style=\"font-weight: 400;\">COMO UN RIO QUE CAMINA HACIA EL MAR.<\/span><\/p>\n<p><span style=\"font-weight: 400;\">QUIERO VER LA RISA DEL SOL POR LAS MA\u00d1ANAS,<\/span><\/p>\n<p><span style=\"font-weight: 400;\">QUE VENGA SIEMPRE A GOLPEARNOS LA VENTANA.<\/span><\/p>\n<p><span style=\"font-weight: 400;\">YO QUIERO UN SOL.<\/span><\/p>\n<p><span style=\"font-weight: 400;\">YO QUIERO UN SOL QUE ME ACOMPA\u00d1E.<\/span><\/p>\n<p><span style=\"font-weight: 400;\">HABLANDO SIEMPRE DE FRENTE.<\/span><\/p>\n<p><span style=\"font-weight: 400;\">TIRANDO TODO LO MALO.<\/span><\/p>\n<p>[\/et_pb_tab][\/et_pb_tabs][\/et_pb_column][\/et_pb_row][\/et_pb_section][et_pb_section fb_built=\u00bb1&#8243; _builder_version=\u00bb4.16&#8243; custom_padding=\u00bb18px|||||\u00bb global_colors_info=\u00bb{}\u00bb][et_pb_row _builder_version=\u00bb4.16&#8243; _module_preset=\u00bbdefault\u00bb custom_margin=\u00bb||||false|false\u00bb border_radii=\u00bbon|26px|26px|26px|26px\u00bb box_shadow_style=\u00bbpreset1&#8243; global_colors_info=\u00bb{}\u00bb][et_pb_column type=\u00bb4_4&#8243; _builder_version=\u00bb4.16&#8243; _module_preset=\u00bbdefault\u00bb global_colors_info=\u00bb{}\u00bb][et_pb_text _builder_version=\u00bb4.16&#8243; text_text_color=\u00bb#e02b20&#8243; text_font_size=\u00bb49px\u00bb custom_margin=\u00bb|20px||20px|false|false\u00bb z_index_tablet=\u00bb500&#8243; text_text_shadow_horizontal_length_tablet=\u00bb0px\u00bb text_text_shadow_vertical_length_tablet=\u00bb0px\u00bb text_text_shadow_blur_strength_tablet=\u00bb1px\u00bb link_text_shadow_horizontal_length_tablet=\u00bb0px\u00bb link_text_shadow_vertical_length_tablet=\u00bb0px\u00bb link_text_shadow_blur_strength_tablet=\u00bb1px\u00bb ul_text_shadow_horizontal_length_tablet=\u00bb0px\u00bb ul_text_shadow_vertical_length_tablet=\u00bb0px\u00bb ul_text_shadow_blur_strength_tablet=\u00bb1px\u00bb ol_text_shadow_horizontal_length_tablet=\u00bb0px\u00bb ol_text_shadow_vertical_length_tablet=\u00bb0px\u00bb ol_text_shadow_blur_strength_tablet=\u00bb1px\u00bb quote_text_shadow_horizontal_length_tablet=\u00bb0px\u00bb quote_text_shadow_vertical_length_tablet=\u00bb0px\u00bb quote_text_shadow_blur_strength_tablet=\u00bb1px\u00bb header_text_shadow_horizontal_length_tablet=\u00bb0px\u00bb header_text_shadow_vertical_length_tablet=\u00bb0px\u00bb header_text_shadow_blur_strength_tablet=\u00bb1px\u00bb header_2_text_shadow_horizontal_length_tablet=\u00bb0px\u00bb header_2_text_shadow_vertical_length_tablet=\u00bb0px\u00bb header_2_text_shadow_blur_strength_tablet=\u00bb1px\u00bb header_3_text_shadow_horizontal_length_tablet=\u00bb0px\u00bb header_3_text_shadow_vertical_length_tablet=\u00bb0px\u00bb header_3_text_shadow_blur_strength_tablet=\u00bb1px\u00bb header_4_text_shadow_horizontal_length_tablet=\u00bb0px\u00bb header_4_text_shadow_vertical_length_tablet=\u00bb0px\u00bb header_4_text_shadow_blur_strength_tablet=\u00bb1px\u00bb header_5_text_shadow_horizontal_length_tablet=\u00bb0px\u00bb header_5_text_shadow_vertical_length_tablet=\u00bb0px\u00bb header_5_text_shadow_blur_strength_tablet=\u00bb1px\u00bb header_6_text_shadow_horizontal_length_tablet=\u00bb0px\u00bb header_6_text_shadow_vertical_length_tablet=\u00bb0px\u00bb header_6_text_shadow_blur_strength_tablet=\u00bb1px\u00bb box_shadow_horizontal_tablet=\u00bb0px\u00bb box_shadow_vertical_tablet=\u00bb0px\u00bb box_shadow_blur_tablet=\u00bb40px\u00bb box_shadow_spread_tablet=\u00bb0px\u00bb global_colors_info=\u00bb{}\u00bb]<\/p>\n<h1><span style=\"font-size: xx-large\">CATEQUESIS<\/span><\/h1>\n<p>[\/et_pb_text][et_pb_accordion open_toggle_text_color=\u00bb#e02b20&#8243; _builder_version=\u00bb4.16&#8243; toggle_font_size=\u00bb18px\u00bb custom_margin=\u00bb|20px||20px|false|false\u00bb z_index_tablet=\u00bb500&#8243; toggle_text_shadow_horizontal_length_tablet=\u00bb0px\u00bb toggle_text_shadow_vertical_length_tablet=\u00bb0px\u00bb toggle_text_shadow_blur_strength_tablet=\u00bb1px\u00bb closed_toggle_text_shadow_horizontal_length_tablet=\u00bb0px\u00bb closed_toggle_text_shadow_vertical_length_tablet=\u00bb0px\u00bb closed_toggle_text_shadow_blur_strength_tablet=\u00bb1px\u00bb body_text_shadow_horizontal_length_tablet=\u00bb0px\u00bb body_text_shadow_vertical_length_tablet=\u00bb0px\u00bb body_text_shadow_blur_strength_tablet=\u00bb1px\u00bb body_link_text_shadow_horizontal_length_tablet=\u00bb0px\u00bb body_link_text_shadow_vertical_length_tablet=\u00bb0px\u00bb body_link_text_shadow_blur_strength_tablet=\u00bb1px\u00bb body_ul_text_shadow_horizontal_length_tablet=\u00bb0px\u00bb body_ul_text_shadow_vertical_length_tablet=\u00bb0px\u00bb body_ul_text_shadow_blur_strength_tablet=\u00bb1px\u00bb body_ol_text_shadow_horizontal_length_tablet=\u00bb0px\u00bb body_ol_text_shadow_vertical_length_tablet=\u00bb0px\u00bb body_ol_text_shadow_blur_strength_tablet=\u00bb1px\u00bb body_quote_text_shadow_horizontal_length_tablet=\u00bb0px\u00bb body_quote_text_shadow_vertical_length_tablet=\u00bb0px\u00bb body_quote_text_shadow_blur_strength_tablet=\u00bb1px\u00bb border_radii=\u00bbon|25px|25px|25px|25px\u00bb border_color_all=\u00bb#37424b\u00bb box_shadow_horizontal_tablet=\u00bb0px\u00bb box_shadow_vertical_tablet=\u00bb0px\u00bb box_shadow_blur_tablet=\u00bb40px\u00bb box_shadow_spread_tablet=\u00bb0px\u00bb text_shadow_horizontal_length_tablet=\u00bb0px\u00bb text_shadow_vertical_length_tablet=\u00bb0px\u00bb text_shadow_blur_strength_tablet=\u00bb1px\u00bb global_colors_info=\u00bb{}\u00bb][et_pb_accordion_item open=\u00bbon\u00bb title_tablet=\u00bbPREGUNTA\u00bb title_phone=\u00bbPREGUNTA\u00bb _builder_version=\u00bb4.16&#8243; background_color_gradient_direction_tablet=\u00bb180deg\u00bb background_color_gradient_direction_phone=\u00bb180deg\u00bb background_color_gradient_stops_tablet=\u00bb#2b87da 0%|#29c4a9 100%\u00bb background_color_gradient_stops_phone=\u00bb#2b87da 0%|#29c4a9 100%\u00bb background_color_gradient_start_position_tablet=\u00bb0%\u00bb background_color_gradient_start_position_phone=\u00bb0%\u00bb background_color_gradient_end_position_tablet=\u00bb100%\u00bb background_color_gradient_end_position_phone=\u00bb100%\u00bb hover_transition_duration_tablet=\u00bb300ms\u00bb hover_transition_duration_phone=\u00bb300ms\u00bb hover_transition_delay_tablet=\u00bb0ms\u00bb hover_transition_delay_phone=\u00bb0ms\u00bb body_text_shadow_horizontal_length_tablet=\u00bb0px\u00bb body_text_shadow_horizontal_length_phone=\u00bb0px\u00bb body_text_shadow_vertical_length_tablet=\u00bb0px\u00bb body_text_shadow_vertical_length_phone=\u00bb0px\u00bb body_text_shadow_blur_strength_tablet=\u00bb1px\u00bb body_text_shadow_blur_strength_phone=\u00bb1px\u00bb body_link_text_shadow_horizontal_length_tablet=\u00bb0px\u00bb body_link_text_shadow_horizontal_length_phone=\u00bb0px\u00bb body_link_text_shadow_vertical_length_tablet=\u00bb0px\u00bb body_link_text_shadow_vertical_length_phone=\u00bb0px\u00bb body_link_text_shadow_blur_strength_tablet=\u00bb1px\u00bb body_link_text_shadow_blur_strength_phone=\u00bb1px\u00bb body_ul_text_shadow_horizontal_length_tablet=\u00bb0px\u00bb body_ul_text_shadow_horizontal_length_phone=\u00bb0px\u00bb body_ul_text_shadow_vertical_length_tablet=\u00bb0px\u00bb body_ul_text_shadow_vertical_length_phone=\u00bb0px\u00bb body_ul_text_shadow_blur_strength_tablet=\u00bb1px\u00bb body_ul_text_shadow_blur_strength_phone=\u00bb1px\u00bb body_ol_text_shadow_horizontal_length_tablet=\u00bb0px\u00bb body_ol_text_shadow_horizontal_length_phone=\u00bb0px\u00bb body_ol_text_shadow_vertical_length_tablet=\u00bb0px\u00bb body_ol_text_shadow_vertical_length_phone=\u00bb0px\u00bb body_ol_text_shadow_blur_strength_tablet=\u00bb1px\u00bb body_ol_text_shadow_blur_strength_phone=\u00bb1px\u00bb body_quote_text_shadow_horizontal_length_tablet=\u00bb0px\u00bb body_quote_text_shadow_horizontal_length_phone=\u00bb0px\u00bb body_quote_text_shadow_vertical_length_tablet=\u00bb0px\u00bb body_quote_text_shadow_vertical_length_phone=\u00bb0px\u00bb body_quote_text_shadow_blur_strength_tablet=\u00bb1px\u00bb body_quote_text_shadow_blur_strength_phone=\u00bb1px\u00bb box_shadow_horizontal_tablet=\u00bb0px\u00bb box_shadow_horizontal_phone=\u00bb0px\u00bb box_shadow_vertical_tablet=\u00bb0px\u00bb box_shadow_vertical_phone=\u00bb0px\u00bb box_shadow_blur_tablet=\u00bb40px\u00bb box_shadow_blur_phone=\u00bb40px\u00bb box_shadow_spread_tablet=\u00bb0px\u00bb box_shadow_spread_phone=\u00bb0px\u00bb text_shadow_horizontal_length_tablet=\u00bb0px\u00bb text_shadow_horizontal_length_phone=\u00bb0px\u00bb text_shadow_vertical_length_tablet=\u00bb0px\u00bb text_shadow_vertical_length_phone=\u00bb0px\u00bb text_shadow_blur_strength_tablet=\u00bb1px\u00bb text_shadow_blur_strength_phone=\u00bb1px\u00bb global_colors_info=\u00bb{}\u00bb toggle_text_shadow_horizontal_length_tablet=\u00bb0px\u00bb toggle_text_shadow_horizontal_length_phone=\u00bb0px\u00bb toggle_text_shadow_vertical_length_tablet=\u00bb0px\u00bb toggle_text_shadow_vertical_length_phone=\u00bb0px\u00bb toggle_text_shadow_blur_strength_tablet=\u00bb1px\u00bb toggle_text_shadow_blur_strength_phone=\u00bb1px\u00bb closed_toggle_text_shadow_horizontal_length_tablet=\u00bb0px\u00bb closed_toggle_text_shadow_horizontal_length_phone=\u00bb0px\u00bb closed_toggle_text_shadow_vertical_length_tablet=\u00bb0px\u00bb closed_toggle_text_shadow_vertical_length_phone=\u00bb0px\u00bb closed_toggle_text_shadow_blur_strength_tablet=\u00bb1px\u00bb closed_toggle_text_shadow_blur_strength_phone=\u00bb1px\u00bb]<\/p>\n<p><span style=\"font-weight: 400;\">Por tanto reconoced lo que hac\u00e9is. Imitad lo que celebr\u00e1is porque participando en el misterio de la muerte y resurrecci\u00f3n del Se\u00f1or, llev\u00e1is la muerte de Cristo en vuestros miembros y camin\u00e1is con \u00c9l en novedad de vida. Un presb\u00edtero que ha estudiado quiz\u00e1 mucha teolog\u00eda y ha hecho una, dos, tres licenciaturas pero no ha aprendido a llevar la Cruz de Cristo, no sirve. Ser\u00e1 un buen acad\u00e9mico, un buen profesor, pero no un sacerdote.<\/span><\/p>\n<p><span style=\"font-weight: 400;\">Con el Bautismo agregar\u00e9is nuevos fieles al Pueblo de Dios. Con el Sacramento de la Penitencia perdonar\u00e9is los pecados en nombre de Cristo y de la Iglesia. Por favor, os pido en nombre de Cristo y de la Iglesia que se\u00e1is misericordiosos, siempre; no cargu\u00e9is en los hombros de los fieles pesos que no pueden llevar, y tampoco vosotros. Jes\u00fas rega\u00f1\u00f3 por esto a los doctores de la ley y les llam\u00f3 hip\u00f3critas. Con el \u00f3leo santo dar\u00e9is alivio a los enfermos. Una de las tareas \u2014quiz\u00e1 aburrida, tambi\u00e9n dolorosa\u2014 es la de ir a visitar a los enfermos. Hacedlo, vosotros. S\u00ed, est\u00e1 bien que vayan los fieles laicos, los di\u00e1conos, pero no os olvid\u00e9is de tocar la carne de Cristo sufriente en los enfermos: esto os santifica a vosotros, os acerca a Cristo. Celebrando los sagrados ritos y elevando en las distintas horas del d\u00eda la oraci\u00f3n de alabanza y de s\u00faplica, os har\u00e9is voz del Pueblo de Dios y de toda la humanidad.<\/span><\/p>\n<p>[\/et_pb_accordion_item][\/et_pb_accordion][\/et_pb_column][\/et_pb_row][\/et_pb_section][et_pb_section fb_built=\u00bb1&#8243; _builder_version=\u00bb4.16&#8243; _module_preset=\u00bbdefault\u00bb bottom_divider_style=\u00bbwaves2&#8243; bottom_divider_color=\u00bb#37424b\u00bb bottom_divider_height=\u00bb42px\u00bb global_colors_info=\u00bb{}\u00bb][et_pb_row _builder_version=\u00bb4.16&#8243; _module_preset=\u00bbdefault\u00bb global_colors_info=\u00bb{}\u00bb][et_pb_column type=\u00bb4_4&#8243; _builder_version=\u00bb4.16&#8243; _module_preset=\u00bbdefault\u00bb global_colors_info=\u00bb{}\u00bb][et_pb_image src=\u00bbhttps:\/\/salesianos.info\/adviento-navidad\/wp-content\/uploads\/sites\/2\/2020\/11\/Adviento_navidad-SALESIANO.png\u00bb title_text=\u00bbAdviento_navidad SALESIANO\u00bb _builder_version=\u00bb4.16&#8243; _module_preset=\u00bbdefault\u00bb global_colors_info=\u00bb{}\u00bb][\/et_pb_image][\/et_pb_column][\/et_pb_row][\/et_pb_section]<\/p>\n","protected":false},"excerpt":{"rendered":"<p>MATEO 2,1-12 Habiendo nacido Jes\u00fas en Bel\u00e9n de Judea en tiempos del rey Herodes, unos magos de Oriente se presentaron en Jerusal\u00e9n preguntando: \u00ab\u00bfD\u00f3nde est\u00e1 el Rey de los jud\u00edos que ha nacido? Porque hemos visto salir su estrella y venimos a adorarlo\u00bb. \u00a0 Al enterarse el rey Herodes, se sobresalt\u00f3 y toda Jerusal\u00e9n con [&hellip;]<\/p>\n","protected":false},"author":3,"featured_media":19301,"parent":0,"menu_order":0,"comment_status":"closed","ping_status":"closed","template":"","meta":{"_et_pb_use_builder":"on","_et_pb_old_content":"","_et_gb_content_width":"","footnotes":""},"class_list":["post-573","page","type-page","status-publish","has-post-thumbnail","hentry"],"yoast_head":"<!-- This site is optimized with the Yoast SEO plugin v27.5 - https:\/\/yoast.com\/product\/yoast-seo-wordpress\/ -->\n<title>Navidad 6 enero - Adviento y Navidad Salesiana<\/title>\n<meta name=\"robots\" content=\"index, follow, max-snippet:-1, max-image-preview:large, max-video-preview:-1\" \/>\n<link rel=\"canonical\" href=\"https:\/\/salesianos.info\/adviento-navidad\/6-enero\/\" \/>\n<meta property=\"og:locale\" content=\"es_ES\" \/>\n<meta property=\"og:type\" content=\"article\" \/>\n<meta property=\"og:title\" content=\"Navidad 6 enero - Adviento y Navidad Salesiana\" \/>\n<meta property=\"og:description\" content=\"Dedica un tiempo de reflexi\u00f3n al comentario del Evangelio en Tiempo Interior, con Jos\u00e9 J. G\u00f3mez.Homilia y Eucarist\u00eda para ni\u00f1osPara potenciar la experiencia diaria de la fe\" \/>\n<meta property=\"og:url\" content=\"https:\/\/salesianos.info\/adviento-navidad\/6-enero\/\" \/>\n<meta property=\"og:site_name\" content=\"Adviento y Navidad Salesiana\" \/>\n<meta property=\"article:modified_time\" content=\"2025-11-24T11:29:18+00:00\" \/>\n<meta property=\"og:image\" content=\"https:\/\/salesianos.info\/adviento-navidad\/wp-content\/uploads\/sites\/2\/2024\/12\/Lunes-6-enero.jpg\" \/>\n\t<meta property=\"og:image:width\" content=\"1200\" \/>\n\t<meta property=\"og:image:height\" content=\"675\" \/>\n\t<meta property=\"og:image:type\" content=\"image\/jpeg\" \/>\n<meta name=\"twitter:card\" content=\"summary_large_image\" \/>\n<meta name=\"twitter:label1\" content=\"Tiempo de lectura\" \/>\n\t<meta name=\"twitter:data1\" content=\"5 minutos\" \/>\n<script type=\"application\/ld+json\" class=\"yoast-schema-graph\">{\"@context\":\"https:\\\/\\\/schema.org\",\"@graph\":[{\"@type\":\"WebPage\",\"@id\":\"https:\\\/\\\/salesianos.info\\\/adviento-navidad\\\/6-enero\\\/\",\"url\":\"https:\\\/\\\/salesianos.info\\\/adviento-navidad\\\/6-enero\\\/\",\"name\":\"Navidad 6 enero - Adviento y Navidad Salesiana\",\"isPartOf\":{\"@id\":\"https:\\\/\\\/salesianos.info\\\/adviento-navidad\\\/#website\"},\"primaryImageOfPage\":{\"@id\":\"https:\\\/\\\/salesianos.info\\\/adviento-navidad\\\/6-enero\\\/#primaryimage\"},\"image\":{\"@id\":\"https:\\\/\\\/salesianos.info\\\/adviento-navidad\\\/6-enero\\\/#primaryimage\"},\"thumbnailUrl\":\"https:\\\/\\\/salesianos.info\\\/adviento-navidad\\\/wp-content\\\/uploads\\\/sites\\\/2\\\/2024\\\/12\\\/Lunes-6-enero.jpg\",\"datePublished\":\"2021-01-05T08:32:59+00:00\",\"dateModified\":\"2025-11-24T11:29:18+00:00\",\"breadcrumb\":{\"@id\":\"https:\\\/\\\/salesianos.info\\\/adviento-navidad\\\/6-enero\\\/#breadcrumb\"},\"inLanguage\":\"es\",\"potentialAction\":[{\"@type\":\"ReadAction\",\"target\":[\"https:\\\/\\\/salesianos.info\\\/adviento-navidad\\\/6-enero\\\/\"]}]},{\"@type\":\"ImageObject\",\"inLanguage\":\"es\",\"@id\":\"https:\\\/\\\/salesianos.info\\\/adviento-navidad\\\/6-enero\\\/#primaryimage\",\"url\":\"https:\\\/\\\/salesianos.info\\\/adviento-navidad\\\/wp-content\\\/uploads\\\/sites\\\/2\\\/2024\\\/12\\\/Lunes-6-enero.jpg\",\"contentUrl\":\"https:\\\/\\\/salesianos.info\\\/adviento-navidad\\\/wp-content\\\/uploads\\\/sites\\\/2\\\/2024\\\/12\\\/Lunes-6-enero.jpg\",\"width\":1200,\"height\":675},{\"@type\":\"BreadcrumbList\",\"@id\":\"https:\\\/\\\/salesianos.info\\\/adviento-navidad\\\/6-enero\\\/#breadcrumb\",\"itemListElement\":[{\"@type\":\"ListItem\",\"position\":1,\"name\":\"Portada\",\"item\":\"https:\\\/\\\/salesianos.info\\\/adviento-navidad\\\/\"},{\"@type\":\"ListItem\",\"position\":2,\"name\":\"Navidad 6 enero\"}]},{\"@type\":\"WebSite\",\"@id\":\"https:\\\/\\\/salesianos.info\\\/adviento-navidad\\\/#website\",\"url\":\"https:\\\/\\\/salesianos.info\\\/adviento-navidad\\\/\",\"name\":\"Adviento y Navidad Salesiana\",\"description\":\"Adviento y Navidad Salesiana 2024\",\"potentialAction\":[{\"@type\":\"SearchAction\",\"target\":{\"@type\":\"EntryPoint\",\"urlTemplate\":\"https:\\\/\\\/salesianos.info\\\/adviento-navidad\\\/?s={search_term_string}\"},\"query-input\":{\"@type\":\"PropertyValueSpecification\",\"valueRequired\":true,\"valueName\":\"search_term_string\"}}],\"inLanguage\":\"es\"}]}<\/script>\n<!-- \/ Yoast SEO plugin. -->","yoast_head_json":{"title":"Navidad 6 enero - Adviento y Navidad Salesiana","robots":{"index":"index","follow":"follow","max-snippet":"max-snippet:-1","max-image-preview":"max-image-preview:large","max-video-preview":"max-video-preview:-1"},"canonical":"https:\/\/salesianos.info\/adviento-navidad\/6-enero\/","og_locale":"es_ES","og_type":"article","og_title":"Navidad 6 enero - Adviento y Navidad Salesiana","og_description":"Dedica un tiempo de reflexi\u00f3n al comentario del Evangelio en Tiempo Interior, con Jos\u00e9 J. G\u00f3mez.Homilia y Eucarist\u00eda para ni\u00f1osPara potenciar la experiencia diaria de la fe","og_url":"https:\/\/salesianos.info\/adviento-navidad\/6-enero\/","og_site_name":"Adviento y Navidad Salesiana","article_modified_time":"2025-11-24T11:29:18+00:00","og_image":[{"width":1200,"height":675,"url":"https:\/\/salesianos.info\/adviento-navidad\/wp-content\/uploads\/sites\/2\/2024\/12\/Lunes-6-enero.jpg","type":"image\/jpeg"}],"twitter_card":"summary_large_image","twitter_misc":{"Tiempo de lectura":"5 minutos"},"schema":{"@context":"https:\/\/schema.org","@graph":[{"@type":"WebPage","@id":"https:\/\/salesianos.info\/adviento-navidad\/6-enero\/","url":"https:\/\/salesianos.info\/adviento-navidad\/6-enero\/","name":"Navidad 6 enero - Adviento y Navidad Salesiana","isPartOf":{"@id":"https:\/\/salesianos.info\/adviento-navidad\/#website"},"primaryImageOfPage":{"@id":"https:\/\/salesianos.info\/adviento-navidad\/6-enero\/#primaryimage"},"image":{"@id":"https:\/\/salesianos.info\/adviento-navidad\/6-enero\/#primaryimage"},"thumbnailUrl":"https:\/\/salesianos.info\/adviento-navidad\/wp-content\/uploads\/sites\/2\/2024\/12\/Lunes-6-enero.jpg","datePublished":"2021-01-05T08:32:59+00:00","dateModified":"2025-11-24T11:29:18+00:00","breadcrumb":{"@id":"https:\/\/salesianos.info\/adviento-navidad\/6-enero\/#breadcrumb"},"inLanguage":"es","potentialAction":[{"@type":"ReadAction","target":["https:\/\/salesianos.info\/adviento-navidad\/6-enero\/"]}]},{"@type":"ImageObject","inLanguage":"es","@id":"https:\/\/salesianos.info\/adviento-navidad\/6-enero\/#primaryimage","url":"https:\/\/salesianos.info\/adviento-navidad\/wp-content\/uploads\/sites\/2\/2024\/12\/Lunes-6-enero.jpg","contentUrl":"https:\/\/salesianos.info\/adviento-navidad\/wp-content\/uploads\/sites\/2\/2024\/12\/Lunes-6-enero.jpg","width":1200,"height":675},{"@type":"BreadcrumbList","@id":"https:\/\/salesianos.info\/adviento-navidad\/6-enero\/#breadcrumb","itemListElement":[{"@type":"ListItem","position":1,"name":"Portada","item":"https:\/\/salesianos.info\/adviento-navidad\/"},{"@type":"ListItem","position":2,"name":"Navidad 6 enero"}]},{"@type":"WebSite","@id":"https:\/\/salesianos.info\/adviento-navidad\/#website","url":"https:\/\/salesianos.info\/adviento-navidad\/","name":"Adviento y Navidad Salesiana","description":"Adviento y Navidad Salesiana 2024","potentialAction":[{"@type":"SearchAction","target":{"@type":"EntryPoint","urlTemplate":"https:\/\/salesianos.info\/adviento-navidad\/?s={search_term_string}"},"query-input":{"@type":"PropertyValueSpecification","valueRequired":true,"valueName":"search_term_string"}}],"inLanguage":"es"}]}},"_links":{"self":[{"href":"https:\/\/salesianos.info\/adviento-navidad\/wp-json\/wp\/v2\/pages\/573","targetHints":{"allow":["GET"]}}],"collection":[{"href":"https:\/\/salesianos.info\/adviento-navidad\/wp-json\/wp\/v2\/pages"}],"about":[{"href":"https:\/\/salesianos.info\/adviento-navidad\/wp-json\/wp\/v2\/types\/page"}],"author":[{"embeddable":true,"href":"https:\/\/salesianos.info\/adviento-navidad\/wp-json\/wp\/v2\/users\/3"}],"replies":[{"embeddable":true,"href":"https:\/\/salesianos.info\/adviento-navidad\/wp-json\/wp\/v2\/comments?post=573"}],"version-history":[{"count":18,"href":"https:\/\/salesianos.info\/adviento-navidad\/wp-json\/wp\/v2\/pages\/573\/revisions"}],"predecessor-version":[{"id":19671,"href":"https:\/\/salesianos.info\/adviento-navidad\/wp-json\/wp\/v2\/pages\/573\/revisions\/19671"}],"wp:featuredmedia":[{"embeddable":true,"href":"https:\/\/salesianos.info\/adviento-navidad\/wp-json\/wp\/v2\/media\/19301"}],"wp:attachment":[{"href":"https:\/\/salesianos.info\/adviento-navidad\/wp-json\/wp\/v2\/media?parent=573"}],"curies":[{"name":"wp","href":"https:\/\/api.w.org\/{rel}","templated":true}]}}