{"id":706,"date":"2023-01-10T16:00:15","date_gmt":"2023-01-10T16:00:15","guid":{"rendered":"https:\/\/salesianos.info\/jornadadecomunicacion\/?page_id=706"},"modified":"2024-02-15T15:18:23","modified_gmt":"2024-02-15T15:18:23","slug":"8a-jornada-de-comunicacion-dimension-pastoral-de-la-comunicacion","status":"publish","type":"page","link":"https:\/\/salesianos.info\/jornadadecomunicacion\/8a-jornada-de-comunicacion-dimension-pastoral-de-la-comunicacion\/","title":{"rendered":"8\u00aa Jornada de Comunicaci\u00f3n | DIMENSI\u00d3N PASTORAL DE LA COMUNICACI\u00d3N"},"content":{"rendered":"<p>[et_pb_section fb_built=\u00bb1&#8243; admin_label=\u00bbInstalaciones\u00bb _builder_version=\u00bb4.16&#8243; background_enable_color=\u00bboff\u00bb background_color_gradient_direction=\u00bb120deg\u00bb background_image=\u00bbhttps:\/\/salesianos.info\/jornadadecomunicacion\/wp-content\/uploads\/sites\/6\/2022\/01\/Fondo-copia.png\u00bb background_enable_video_mp4=\u00bboff\u00bb background_enable_video_webm=\u00bboff\u00bb allow_player_pause=\u00bbon\u00bb custom_padding=\u00bb0px||0px||false|false\u00bb background_last_edited=\u00bbon|phone\u00bb background_image_phone=\u00bbhttps:\/\/salesianos.info\/jornadadecomunicacion\/wp-content\/uploads\/sites\/6\/2022\/01\/Fondomvl-copia-1.png\u00bb background_enable_image_phone=\u00bbon\u00bb background_enable_video_mp4_phone=\u00bboff\u00bb background_enable_video_webm_phone=\u00bboff\u00bb global_colors_info=\u00bb{}\u00bb filter_saturate__hover_enabled=\u00bboff|desktop\u00bb title_text_phone=\u00bbFondomvl\u00bb][et_pb_row column_structure=\u00bb1_2,1_2&#8243; admin_label=\u00bbHero Area\u00bb _builder_version=\u00bb4.16&#8243; background_color_gradient_direction=\u00bb100deg\u00bb width=\u00bb100%\u00bb max_width=\u00bb2560px\u00bb min_height=\u00bb754.1px\u00bb custom_margin=\u00bb0px||||false|false\u00bb custom_margin_tablet=\u00bb||-80px||false|false\u00bb custom_margin_last_edited=\u00bboff|desktop\u00bb custom_padding=\u00bb0px|10%|0px||false|false\u00bb global_colors_info=\u00bb{}\u00bb][et_pb_column type=\u00bb1_2&#8243; _builder_version=\u00bb4.16&#8243; background_color_gradient_direction=\u00bb90deg\u00bb custom_padding=\u00bb10%||10%|10%|true|false\u00bb custom_padding_tablet=\u00bb15%||15%||true|false\u00bb custom_padding_phone=\u00bb20%||20%||true|false\u00bb custom_padding_last_edited=\u00bbon|phone\u00bb global_colors_info=\u00bb{}\u00bb custom_padding__hover=\u00bb|||\u00bb][et_pb_image src=\u00bbhttps:\/\/salesianos.info\/jornadadecomunicacion\/wp-content\/uploads\/sites\/6\/2022\/01\/VIII_JORNADA_COMUNICACion.png\u00bb title_text=\u00bbVIII_JORNADA_COMUNICACion\u00bb align_tablet=\u00bbcenter\u00bb align_phone=\u00bbcenter\u00bb align_last_edited=\u00bbon|phone\u00bb _builder_version=\u00bb4.16&#8243; _module_preset=\u00bbdefault\u00bb transform_scale=\u00bb110%|110%\u00bb transform_scale_tablet=\u00bb\u00bb transform_scale_phone=\u00bb118%|118%\u00bb transform_scale_last_edited=\u00bbon|phone\u00bb transform_scale_linked_phone=\u00bboff\u00bb transform_translate=\u00bb9px|-4px\u00bb transform_translate_tablet=\u00bb\u00bb transform_translate_phone=\u00bb3px|-21px\u00bb transform_translate_last_edited=\u00bbon|phone\u00bb transform_translate_linked=\u00bboff\u00bb transform_translate_linked_phone=\u00bboff\u00bb transform_rotate_tablet=\u00bb\u00bb transform_rotate_phone=\u00bb\u00bb transform_rotate_last_edited=\u00bbon|phone\u00bb transform_skew_tablet=\u00bb\u00bb transform_skew_phone=\u00bb\u00bb transform_skew_last_edited=\u00bbon|phone\u00bb transform_origin_tablet=\u00bb\u00bb transform_origin_phone=\u00bb\u00bb transform_origin_last_edited=\u00bbon|phone\u00bb transform_styles_last_edited=\u00bbon|phone\u00bb width_tablet=\u00bb\u00bb width_phone=\u00bb100%\u00bb width_last_edited=\u00bbon|phone\u00bb max_width_tablet=\u00bb\u00bb max_width_phone=\u00bb100%\u00bb max_width_last_edited=\u00bbon|phone\u00bb module_alignment=\u00bbcenter\u00bb min_height=\u00bb99px\u00bb min_height_tablet=\u00bb\u00bb min_height_phone=\u00bb91px\u00bb min_height_last_edited=\u00bbon|phone\u00bb custom_margin=\u00bb-50px|||-44px|false|false\u00bb custom_margin_tablet=\u00bb\u00bb custom_margin_phone=\u00bb0px|||-15px|false|false\u00bb custom_margin_last_edited=\u00bbon|phone\u00bb custom_padding=\u00bb0px|||0px|false|false\u00bb transform_styles_tablet=\u00bb\u00bb transform_styles_phone=\u00bb\u00bb border_radii=\u00bbon|20px|20px|20px|20px\u00bb global_colors_info=\u00bb{}\u00bb][\/et_pb_image][et_pb_image src=\u00bbhttps:\/\/salesianos.info\/jornadadecomunicacion\/wp-content\/uploads\/sites\/6\/2022\/01\/Titulo-copia.png\u00bb title_text=\u00bbTitulo copia\u00bb _builder_version=\u00bb4.16&#8243; _module_preset=\u00bbdefault\u00bb transform_scale_tablet=\u00bb\u00bb transform_scale_phone=\u00bb135%|135%\u00bb transform_scale_last_edited=\u00bbon|phone\u00bb transform_translate_tablet=\u00bb\u00bb transform_translate_phone=\u00bb0px|-4px\u00bb transform_translate_last_edited=\u00bbon|phone\u00bb transform_translate_linked_phone=\u00bboff\u00bb transform_rotate_tablet=\u00bb\u00bb transform_rotate_phone=\u00bb\u00bb transform_rotate_last_edited=\u00bbon|phone\u00bb transform_skew_tablet=\u00bb\u00bb transform_skew_phone=\u00bb\u00bb transform_skew_last_edited=\u00bbon|phone\u00bb transform_origin_tablet=\u00bb\u00bb transform_origin_phone=\u00bb\u00bb transform_origin_last_edited=\u00bbon|phone\u00bb transform_styles_last_edited=\u00bbon|phone\u00bb max_width_tablet=\u00bb\u00bb max_width_phone=\u00bb75%\u00bb max_width_last_edited=\u00bbon|phone\u00bb custom_margin=\u00bb|||0px|false|false\u00bb custom_margin_tablet=\u00bb\u00bb custom_margin_phone=\u00bb-20px|||20px|false|false\u00bb custom_margin_last_edited=\u00bbon|phone\u00bb custom_padding=\u00bb0px||||false|false\u00bb transform_styles_tablet=\u00bb\u00bb transform_styles_phone=\u00bb\u00bb module_alignment_tablet=\u00bb\u00bb module_alignment_phone=\u00bbcenter\u00bb module_alignment_last_edited=\u00bbon|phone\u00bb global_colors_info=\u00bb{}\u00bb][\/et_pb_image][et_pb_button button_url=\u00bbhttps:\/\/forms.gle\/2snsuzhGBp6xDc9J9&#8243; url_new_window=\u00bbon\u00bb button_text=\u00bbEVALUACI\u00d3N DE la 8\u00aa Jornada de Comunicaci\u00f3n\u00bb button_alignment_tablet=\u00bb\u00bb button_alignment_phone=\u00bbcenter\u00bb button_alignment_last_edited=\u00bbon|phone\u00bb _builder_version=\u00bb4.16&#8243; custom_button=\u00bbon\u00bb button_text_size=\u00bb14px\u00bb button_text_color=\u00bb#ffffff\u00bb button_bg_color=\u00bb#dc001b\u00bb button_border_width=\u00bb8px\u00bb button_border_color=\u00bb#dc001b\u00bb button_border_radius=\u00bb7px\u00bb button_letter_spacing=\u00bb1px\u00bb button_font=\u00bbLato|600||on|||||\u00bb button_icon=\u00bb&#x24;||divi||400&#8243; custom_margin=\u00bb40px||||false|false\u00bb custom_margin_tablet=\u00bb\u00bb custom_margin_phone=\u00bb0px||||false|false\u00bb custom_margin_last_edited=\u00bbon|phone\u00bb custom_padding=\u00bb2px||||false|false\u00bb custom_padding_tablet=\u00bb\u00bb custom_padding_phone=\u00bb\u00bb custom_padding_last_edited=\u00bbon|phone\u00bb button_text_size_tablet=\u00bb\u00bb button_text_size_phone=\u00bb9px\u00bb button_text_size_last_edited=\u00bbon|phone\u00bb global_colors_info=\u00bb{}\u00bb button_text_size__hover_enabled=\u00bboff\u00bb button_one_text_size__hover_enabled=\u00bboff\u00bb button_two_text_size__hover_enabled=\u00bboff\u00bb button_text_color__hover_enabled=\u00bboff\u00bb button_one_text_color__hover_enabled=\u00bboff\u00bb button_two_text_color__hover_enabled=\u00bboff\u00bb button_border_width__hover_enabled=\u00bboff\u00bb button_one_border_width__hover_enabled=\u00bboff\u00bb button_two_border_width__hover_enabled=\u00bboff\u00bb button_border_color__hover_enabled=\u00bboff\u00bb button_one_border_color__hover_enabled=\u00bboff\u00bb button_two_border_color__hover_enabled=\u00bboff\u00bb button_border_radius__hover_enabled=\u00bboff\u00bb button_one_border_radius__hover_enabled=\u00bboff\u00bb button_two_border_radius__hover_enabled=\u00bboff\u00bb button_letter_spacing__hover_enabled=\u00bboff\u00bb button_one_letter_spacing__hover_enabled=\u00bboff\u00bb button_two_letter_spacing__hover_enabled=\u00bboff\u00bb button_bg_color__hover_enabled=\u00bboff\u00bb button_one_bg_color__hover_enabled=\u00bboff\u00bb button_two_bg_color__hover_enabled=\u00bboff\u00bb][\/et_pb_button][et_pb_button button_url=\u00bbhttps:\/\/drive.google.com\/drive\/folders\/1s4kD1msIvnPj3ofds7KLn20GFBMjLcMh?usp=sharing\u00bb url_new_window=\u00bbon\u00bb button_text=\u00bbDescarga el p\u00f3ster y el tr\u00edptico de la jornada\u00bb button_alignment_tablet=\u00bb\u00bb button_alignment_phone=\u00bbcenter\u00bb button_alignment_last_edited=\u00bbon|phone\u00bb _builder_version=\u00bb4.16&#8243; custom_button=\u00bbon\u00bb button_text_size=\u00bb14px\u00bb button_text_color=\u00bb#ffffff\u00bb button_bg_color=\u00bb#636A70&#8243; button_border_width=\u00bb8px\u00bb button_border_color=\u00bb#636A70&#8243; button_border_radius=\u00bb7px\u00bb button_letter_spacing=\u00bb1px\u00bb button_font=\u00bbLato|600||on|||||\u00bb button_icon=\u00bb&#x24;||divi||400&#8243; custom_margin=\u00bb-14px||||false|false\u00bb custom_margin_tablet=\u00bb\u00bb custom_margin_phone=\u00bb-24px||||false|false\u00bb custom_margin_last_edited=\u00bbon|phone\u00bb button_text_size_tablet=\u00bb\u00bb button_text_size_phone=\u00bb9px\u00bb button_text_size_last_edited=\u00bbon|phone\u00bb global_colors_info=\u00bb{}\u00bb button_text_size__hover_enabled=\u00bboff\u00bb button_one_text_size__hover_enabled=\u00bboff\u00bb button_two_text_size__hover_enabled=\u00bboff\u00bb button_text_color__hover_enabled=\u00bboff\u00bb button_one_text_color__hover_enabled=\u00bboff\u00bb button_two_text_color__hover_enabled=\u00bboff\u00bb button_border_width__hover_enabled=\u00bboff\u00bb button_one_border_width__hover_enabled=\u00bboff\u00bb button_two_border_width__hover_enabled=\u00bboff\u00bb button_border_color__hover_enabled=\u00bboff\u00bb button_one_border_color__hover_enabled=\u00bboff\u00bb button_two_border_color__hover_enabled=\u00bboff\u00bb button_border_radius__hover_enabled=\u00bboff\u00bb button_one_border_radius__hover_enabled=\u00bboff\u00bb button_two_border_radius__hover_enabled=\u00bboff\u00bb button_letter_spacing__hover_enabled=\u00bboff\u00bb button_one_letter_spacing__hover_enabled=\u00bboff\u00bb button_two_letter_spacing__hover_enabled=\u00bboff\u00bb button_bg_color__hover_enabled=\u00bboff\u00bb button_one_bg_color__hover_enabled=\u00bboff\u00bb button_two_bg_color__hover_enabled=\u00bboff\u00bb][\/et_pb_button][et_pb_code _builder_version=\u00bb4.16&#8243; _module_preset=\u00bbdefault\u00bb global_colors_info=\u00bb{}\u00bb]<iframe loading=\"lazy\" width=\"706\" height=\"352\" src=\"https:\/\/www.youtube.com\/embed\/AH6OUcEcSaU\" title=\"YouTube video player\" frameborder=\"0\" allow=\"accelerometer; autoplay; clipboard-write; encrypted-media; gyroscope; picture-in-picture\" allowfullscreen><\/iframe>[\/et_pb_code][et_pb_video _builder_version=\u00bb4.16&#8243; _module_preset=\u00bbdefault\u00bb global_colors_info=\u00bb{}\u00bb][\/et_pb_video][et_pb_image src=\u00bbhttps:\/\/salesianos.info\/jornadadecomunicacion\/wp-content\/uploads\/sites\/6\/2021\/01\/SalesianosComunicacion.png\u00bb title_text=\u00bbSalesianosComunicacion\u00bb align_tablet=\u00bb\u00bb align_phone=\u00bbcenter\u00bb align_last_edited=\u00bbon|phone\u00bb _builder_version=\u00bb4.16&#8243; _module_preset=\u00bbdefault\u00bb width=\u00bb44%\u00bb width_tablet=\u00bb\u00bb width_phone=\u00bb74%\u00bb width_last_edited=\u00bbon|phone\u00bb custom_margin=\u00bb0px||||false|false\u00bb custom_margin_tablet=\u00bb\u00bb custom_margin_phone=\u00bb-40px||||false|false\u00bb custom_margin_last_edited=\u00bbon|desktop\u00bb custom_padding=\u00bb0px||||false|false\u00bb global_colors_info=\u00bb{}\u00bb][\/et_pb_image][\/et_pb_column][et_pb_column type=\u00bb1_2&#8243; _builder_version=\u00bb4.16&#8243; custom_padding=\u00bb0px|0px|0px|0px|false|false\u00bb global_colors_info=\u00bb{}\u00bb custom_padding__hover=\u00bb|||\u00bb][et_pb_divider show_divider=\u00bboff\u00bb disabled_on=\u00bbon|off|off\u00bb _builder_version=\u00bb4.16&#8243; _module_preset=\u00bbdefault\u00bb custom_margin=\u00bb91px||100px||false|false\u00bb global_colors_info=\u00bb{}\u00bb][\/et_pb_divider][et_pb_button button_url=\u00bbhttps:\/\/salesianos.info\/jornadadecomunicacion\/9-jornada-de-comunicacion-2\/\u00bb url_new_window=\u00bbon\u00bb button_text=\u00bb9\u00aa Jornada | Nuevas tendencias de comunicaci\u00f3n\u00bb button_alignment=\u00bbleft\u00bb _builder_version=\u00bb4.24.0&#8243; _module_preset=\u00bb94ef7aca-dcd9-4f9d-93b2-efa3466cebc7&#8243; custom_button=\u00bbon\u00bb button_text_size=\u00bb15px\u00bb button_text_color=\u00bb#636A70&#8243; button_bg_color=\u00bbRGBA(0,0,0,0)\u00bb button_bg_use_color_gradient=\u00bbon\u00bb button_bg_color_gradient_direction=\u00bb90deg\u00bb button_bg_color_gradient_stops=\u00bb#f3d60a 100%|rgba(0,0,0,0) 100%\u00bb button_bg_color_gradient_start=\u00bb#db0eb7&#8243; button_bg_color_gradient_start_position=\u00bb50%\u00bb button_bg_color_gradient_end=\u00bbrgba(0,0,0,0)\u00bb button_bg_color_gradient_end_position=\u00bb50%\u00bb button_border_width=\u00bb0px\u00bb button_border_radius=\u00bb0px\u00bb button_letter_spacing=\u00bb0px\u00bb button_font=\u00bbLato|800||on|||||\u00bb button_icon_color=\u00bb#636A70&#8243; custom_padding=\u00bb16px||16px||true|false\u00bb hover_enabled=\u00bb0&#8243; global_module=\u00bb965&#8243; global_colors_info=\u00bb{}\u00bb button_bg_color__hover_enabled=\u00bbon|hover\u00bb button_bg_color__hover=\u00bb#f3d60a\u00bb button_bg_enable_color__hover=\u00bbon\u00bb sticky_enabled=\u00bb0&#8243;][\/et_pb_button][\/et_pb_column][\/et_pb_row][\/et_pb_section][et_pb_section fb_built=\u00bb1&#8243; admin_label=\u00bbServices\u00bb _builder_version=\u00bb4.16&#8243; global_colors_info=\u00bb{}\u00bb][et_pb_row _builder_version=\u00bb4.16&#8243; custom_margin=\u00bb|||\u00bb custom_padding=\u00bb||14px|||\u00bb locked=\u00bboff\u00bb global_colors_info=\u00bb{}\u00bb][et_pb_column type=\u00bb4_4&#8243; _builder_version=\u00bb4.16&#8243; custom_padding=\u00bb|||\u00bb global_colors_info=\u00bb{}\u00bb custom_padding__hover=\u00bb|||\u00bb][et_pb_text _builder_version=\u00bb4.16&#8243; text_font=\u00bbShare Tech||||||||\u00bb text_text_color=\u00bbrgba(0,0,0,0.02)\u00bb text_font_size=\u00bb100px\u00bb text_line_height=\u00bb0.2em\u00bb header_font=\u00bb||||||||\u00bb header_2_font=\u00bbShare Tech||||||||\u00bb header_2_font_size=\u00bb48px\u00bb header_2_line_height=\u00bb1.4em\u00bb text_orientation=\u00bbcenter\u00bb custom_margin=\u00bb||30px||false\u00bb custom_margin_tablet=\u00bb||0px|\u00bb custom_margin_phone=\u00bb\u00bb custom_margin_last_edited=\u00bbon|tablet\u00bb animation_style=\u00bbzoom\u00bb text_font_size_tablet=\u00bb80px\u00bb text_font_size_phone=\u00bb60px\u00bb text_font_size_last_edited=\u00bbon|desktop\u00bb header_2_font_size_tablet=\u00bb\u00bb header_2_font_size_phone=\u00bb36px\u00bb header_2_font_size_last_edited=\u00bbon|phone\u00bb global_colors_info=\u00bb{}\u00bb]<\/p>\n<h2>CONTENIDO Y MATERIALES<\/h2>\n<p>[\/et_pb_text][\/et_pb_column][\/et_pb_row][et_pb_row column_structure=\u00bb1_2,1_2&#8243; _builder_version=\u00bb4.16&#8243; custom_margin=\u00bb|||\u00bb custom_padding=\u00bb|||\u00bb locked=\u00bboff\u00bb global_colors_info=\u00bb{}\u00bb][et_pb_column type=\u00bb1_2&#8243; _builder_version=\u00bb4.16&#8243; custom_padding=\u00bb|||\u00bb global_colors_info=\u00bb{}\u00bb custom_padding__hover=\u00bb|||\u00bb][et_pb_blurb title=\u00bb11.00h. SALUDO\u00bb image=\u00bbhttps:\/\/salesianos.info\/jornadadecomunicacion\/wp-content\/uploads\/sites\/6\/2022\/01\/lifesaver_64px.png\u00bb icon_placement=\u00bbleft\u00bb _builder_version=\u00bb4.16&#8243; header_font=\u00bbShare Tech||||||||\u00bb header_font_size=\u00bb24px\u00bb header_line_height=\u00bb1.2em\u00bb body_font=\u00bbOpen Sans||||||||\u00bb body_font_size=\u00bb16px\u00bb body_line_height=\u00bb1.8em\u00bb background_color=\u00bb#f1f1f1&#8243; custom_margin=\u00bb||0px|\u00bb custom_padding=\u00bb40px|30px|40px|30px|true|true\u00bb animation_style=\u00bbfold\u00bb animation_delay=\u00bb150ms\u00bb animation=\u00bboff\u00bb locked=\u00bboff\u00bb global_colors_info=\u00bb{}\u00bb]<\/p>\n<p><strong>Gild\u00e1sio Mendes,<\/strong><br \/><em>Consejero General para la Comunicaci\u00f3n.<\/em><\/p>\n<p>[\/et_pb_blurb][el_modal_popup modal_id=\u00bbel_modal_popup_module_3&#8243; trigger_button_text=\u00bbVER V\u00cdDEO\u00bb show_footer=\u00bboff\u00bb modal_overlay_bg_enable_image=\u00bboff\u00bb _builder_version=\u00bb4.14.8&#8243; _module_preset=\u00bbdefault\u00bb custom_trigger_button=\u00bbon\u00bb trigger_button_text_size=\u00bb16px\u00bb trigger_button_text_color=\u00bb#37424B\u00bb trigger_button_bg_color=\u00bb#E5E5E5&#8243; trigger_button_border_color=\u00bbRGBA(255,255,255,0)\u00bb trigger_button_letter_spacing=\u00bb7px\u00bb trigger_button_use_icon=\u00bboff\u00bb global_colors_info=\u00bb{}\u00bb trigger_button_letter_spacing__hover_enabled=\u00bbon|desktop\u00bb trigger_button_letter_spacing__hover=\u00bb10px\u00bb]<iframe loading=\"lazy\" width=\"946\" height=\"532\" src=\"https:\/\/www.youtube.com\/embed\/iDo7svl2GFU\" title=\"YouTube video player\" frameborder=\"0\" allow=\"accelerometer; autoplay; clipboard-write; encrypted-media; gyroscope; picture-in-picture\" allowfullscreen><\/iframe><\/p>\n<h2><a href=\"https:\/\/salesianos.info\/jornadadecomunicacion\/wp-content\/uploads\/sites\/6\/2022\/03\/Jornada-Comunicacion-Espana-2022.docx\">DESCARGA LA PRESENTACI\u00d3N<\/a><\/h2>\n<p>[\/el_modal_popup][\/et_pb_column][et_pb_column type=\u00bb1_2&#8243; _builder_version=\u00bb4.16&#8243; custom_padding=\u00bb|||\u00bb global_colors_info=\u00bb{}\u00bb custom_padding__hover=\u00bb|||\u00bb][et_pb_blurb title=\u00bb11.30h. TRABAJO EN GRUPO\u00bb image=\u00bbhttps:\/\/salesianos.info\/jornadadecomunicacion\/wp-content\/uploads\/sites\/6\/2022\/01\/layers_64px.png\u00bb icon_placement=\u00bbleft\u00bb _builder_version=\u00bb4.16&#8243; header_font=\u00bbShare Tech||||||||\u00bb header_font_size=\u00bb24px\u00bb header_line_height=\u00bb1.2em\u00bb body_font=\u00bbOpen Sans||||||||\u00bb body_font_size=\u00bb16px\u00bb body_line_height=\u00bb1.8em\u00bb background_color=\u00bb#ffffff\u00bb custom_margin=\u00bb||0px|\u00bb custom_padding=\u00bb40px|30px|40px|30px|true|true\u00bb animation_style=\u00bbfold\u00bb animation_delay=\u00bb200ms\u00bb animation=\u00bboff\u00bb border_width_all=\u00bb1px\u00bb border_color_all=\u00bbrgba(21,49,78,0.17)\u00bb locked=\u00bboff\u00bb global_colors_info=\u00bb{}\u00bb]<\/p>\n<p><strong>&#8216;So\u00f1ando la comunicaci\u00f3n&#8217;\u00a0<br \/><\/strong><em>Compartiendo dise\u00f1ando proyectos comunes<span class=\"Apple-converted-space\">\u00a0<\/span><\/em><\/p>\n<p>[\/et_pb_blurb][el_modal_popup modal_id=\u00bbel_modal_popup_module_3&#8243; trigger_button_text=\u00bbMATERIALES\u00bb show_footer=\u00bboff\u00bb modal_overlay_bg_enable_image=\u00bboff\u00bb _builder_version=\u00bb4.14.8&#8243; _module_preset=\u00bbdefault\u00bb custom_trigger_button=\u00bbon\u00bb trigger_button_text_size=\u00bb16px\u00bb trigger_button_text_color=\u00bb#37424B\u00bb trigger_button_bg_color=\u00bb#E5E5E5&#8243; trigger_button_border_color=\u00bbRGBA(255,255,255,0)\u00bb trigger_button_letter_spacing=\u00bb7px\u00bb trigger_button_use_icon=\u00bboff\u00bb global_colors_info=\u00bb{}\u00bb trigger_button_letter_spacing__hover_enabled=\u00bbon|desktop\u00bb trigger_button_letter_spacing__hover=\u00bb10px\u00bb]<iframe loading=\"lazy\" width=\"946\" height=\"532\" src=\"https:\/\/www.youtube.com\/embed\/iDo7svl2GFU\" title=\"YouTube video player\" frameborder=\"0\" allow=\"accelerometer; autoplay; clipboard-write; encrypted-media; gyroscope; picture-in-picture\" allowfullscreen><\/iframe>[\/el_modal_popup][\/et_pb_column][\/et_pb_row][et_pb_row _builder_version=\u00bb4.16&#8243; transform_scale_tablet=\u00bb\u00bb transform_scale_phone=\u00bb\u00bb transform_scale_last_edited=\u00bbon|desktop\u00bb transform_translate=\u00bb0px|76px\u00bb transform_translate_tablet=\u00bb0px|76px\u00bb transform_translate_phone=\u00bb0px|40px\u00bb transform_translate_last_edited=\u00bbon|phone\u00bb transform_translate_linked=\u00bboff\u00bb transform_rotate_tablet=\u00bb\u00bb transform_rotate_phone=\u00bb\u00bb transform_rotate_last_edited=\u00bbon|desktop\u00bb transform_skew_tablet=\u00bb\u00bb transform_skew_phone=\u00bb\u00bb transform_skew_last_edited=\u00bbon|desktop\u00bb transform_origin_tablet=\u00bb\u00bb transform_origin_phone=\u00bb\u00bb transform_origin_last_edited=\u00bbon|desktop\u00bb transform_styles_last_edited=\u00bbon|phone\u00bb custom_margin=\u00bb|||\u00bb custom_padding=\u00bb|||\u00bb transform_styles_tablet=\u00bb\u00bb transform_styles_phone=\u00bb\u00bb locked=\u00bboff\u00bb global_colors_info=\u00bb{}\u00bb][et_pb_column type=\u00bb4_4&#8243; _builder_version=\u00bb4.16&#8243; custom_padding=\u00bb|||\u00bb global_colors_info=\u00bb{}\u00bb custom_padding__hover=\u00bb|||\u00bb][dvmd_typewriter content_string=\u00bb12.00h. Talleres\u00bb hiding=\u00bbon\u00bb _builder_version=\u00bb4.16&#8243; _module_preset=\u00bbdefault\u00bb text_text_align=\u00bbleft\u00bb text_text_color=\u00bb#DC001B\u00bb text_font_size=\u00bb20px\u00bb prefix_font=\u00bb|||on|||||\u00bb transform_scale_tablet=\u00bb\u00bb transform_scale_phone=\u00bb\u00bb transform_scale_last_edited=\u00bbon|desktop\u00bb transform_translate_tablet=\u00bb\u00bb transform_translate_phone=\u00bb\u00bb transform_translate_last_edited=\u00bbon|desktop\u00bb transform_rotate_tablet=\u00bb\u00bb transform_rotate_phone=\u00bb\u00bb transform_rotate_last_edited=\u00bbon|desktop\u00bb transform_skew_tablet=\u00bb\u00bb transform_skew_phone=\u00bb\u00bb transform_skew_last_edited=\u00bbon|desktop\u00bb transform_origin_tablet=\u00bb\u00bb transform_origin_phone=\u00bb\u00bb transform_origin_last_edited=\u00bbon|desktop\u00bb transform_styles_last_edited=\u00bbon|desktop\u00bb custom_margin=\u00bb-60px||||false|false\u00bb custom_margin_tablet=\u00bb-60px||||false|false\u00bb custom_margin_phone=\u00bb60px||||false|false\u00bb custom_margin_last_edited=\u00bbon|phone\u00bb transform_styles_tablet=\u00bb\u00bb transform_styles_phone=\u00bb\u00bb global_colors_info=\u00bb{}\u00bb][\/dvmd_typewriter][\/et_pb_column][\/et_pb_row][et_pb_row column_structure=\u00bb1_3,1_3,1_3&#8243; _builder_version=\u00bb4.16&#8243; custom_margin=\u00bb|||\u00bb custom_padding=\u00bb27px|0px|27px|0px|false|false\u00bb locked=\u00bboff\u00bb global_colors_info=\u00bb{}\u00bb][et_pb_column type=\u00bb1_3&#8243; _builder_version=\u00bb4.16&#8243; custom_padding=\u00bb|||\u00bb global_colors_info=\u00bb{}\u00bb custom_padding__hover=\u00bb|||\u00bb][et_pb_blurb title=\u00bbTIEMPO DE PODCAST\u00bb use_icon=\u00bbon\u00bb font_icon=\u00bb&#x7a;||divi||400&#8243; icon_placement=\u00bbleft\u00bb _builder_version=\u00bb4.16&#8243; header_font=\u00bbShare Tech||||||||\u00bb header_font_size=\u00bb24px\u00bb header_line_height=\u00bb1.2em\u00bb body_font=\u00bbOpen Sans||||||||\u00bb body_font_size=\u00bb16px\u00bb body_line_height=\u00bb1.8em\u00bb background_color=\u00bb#ffffff\u00bb custom_margin=\u00bb||0px|\u00bb custom_padding=\u00bb40px|30px|40px|30px|true|true\u00bb animation_style=\u00bbfold\u00bb animation_delay=\u00bb450ms\u00bb animation=\u00bboff\u00bb border_width_all=\u00bb1px\u00bb border_color_all=\u00bbrgba(21,49,78,0.17)\u00bb locked=\u00bboff\u00bb global_colors_info=\u00bb{}\u00bb]<\/p>\n<p><strong>Avanzar en el dise\u00f1o, estructura y contenidos.<\/strong><\/p>\n<p>Cristina Rodr\u00edguez,<br \/><em>Profesora de Radio y P\u00f3dcast en la Universidad San Pablo CEU. Madrid<\/em><\/p>\n<p>[\/et_pb_blurb][el_modal_popup modal_id=\u00bbel_modal_popup_module_1&#8243; trigger_button_text=\u00bbMATERIALES\u00bb close_on_esc=\u00bbon\u00bb close_on_background_click=\u00bboff\u00bb modal_title=\u00bbTIEMPO DE PODCAST\u00bb show_footer=\u00bboff\u00bb modal_overlay_bg_enable_image=\u00bboff\u00bb _builder_version=\u00bb4.14.8&#8243; _module_preset=\u00bbdefault\u00bb custom_trigger_button=\u00bbon\u00bb trigger_button_text_size=\u00bb16px\u00bb trigger_button_text_color=\u00bb#37424B\u00bb trigger_button_bg_color=\u00bb#E5E5E5&#8243; trigger_button_border_color=\u00bbRGBA(255,255,255,0)\u00bb trigger_button_letter_spacing=\u00bb7px\u00bb trigger_button_use_icon=\u00bboff\u00bb global_colors_info=\u00bb{}\u00bb trigger_button_letter_spacing__hover_enabled=\u00bbon|desktop\u00bb trigger_button_letter_spacing__hover=\u00bb10px\u00bb]<iframe loading=\"lazy\" width=\"946\" height=\"532\" src=\"https:\/\/www.youtube.com\/embed\/2_FRPXbElV4\" title=\"YouTube video player\" frameborder=\"0\" allow=\"accelerometer; autoplay; clipboard-write; encrypted-media; gyroscope; picture-in-picture\" allowfullscreen=\"\"><\/iframe><\/p>\n<h2><a href=\"https:\/\/salesianos.info\/jornadadecomunicacion\/wp-content\/uploads\/sites\/6\/2022\/03\/Tiempo-de-Podcast.pdf\">DESCARGA LA PRESENTACI\u00d3N<\/a><\/h2>\n<p>[\/el_modal_popup][\/et_pb_column][et_pb_column type=\u00bb1_3&#8243; _builder_version=\u00bb4.16&#8243; custom_padding=\u00bb|||\u00bb global_colors_info=\u00bb{}\u00bb custom_padding__hover=\u00bb|||\u00bb][et_pb_blurb title=\u00bbAn\u00e1lisis y evaluaci\u00f3n en redes sociales\u00bb use_icon=\u00bbon\u00bb font_icon=\u00bb&#xe0e9;||divi||400&#8243; icon_color=\u00bb#E5E5E5&#8243; icon_placement=\u00bbleft\u00bb _builder_version=\u00bb4.16&#8243; header_font=\u00bbShare Tech||||||||\u00bb header_font_size=\u00bb24px\u00bb header_line_height=\u00bb1.2em\u00bb body_font=\u00bbOpen Sans||||||||\u00bb body_font_size=\u00bb16px\u00bb body_line_height=\u00bb1.8em\u00bb background_color=\u00bb#37424B\u00bb background_layout=\u00bbdark\u00bb custom_margin=\u00bb||0px|\u00bb custom_padding=\u00bb40px|30px|40px|30px|true|true\u00bb animation_style=\u00bbfold\u00bb animation_delay=\u00bb100ms\u00bb animation=\u00bboff\u00bb locked=\u00bboff\u00bb global_colors_info=\u00bb{}\u00bb]<\/p>\n<p><strong>\u00bfC\u00f3mo est\u00e1 la presencia en Redes Sociales?<\/strong><\/p>\n<p>Antonio Sim\u00f3n,<br \/><em>Analista digital en proyectos de Social Media en Media.Monks<\/em><\/p>\n<p>[\/et_pb_blurb][el_modal_popup modal_id=\u00bbel_modal_popup_module_2&#8243; trigger_button_text=\u00bbMATERIALES\u00bb modal_title=\u00bbAN\u00c1LISIS Y EVALUACI\u00d3N EN RRSS\u00bb show_footer=\u00bboff\u00bb modal_overlay_bg_enable_image=\u00bboff\u00bb _builder_version=\u00bb4.14.8&#8243; _module_preset=\u00bbdefault\u00bb custom_trigger_button=\u00bbon\u00bb trigger_button_text_size=\u00bb16px\u00bb trigger_button_text_color=\u00bb#37424B\u00bb trigger_button_bg_color=\u00bb#E5E5E5&#8243; trigger_button_border_color=\u00bbRGBA(255,255,255,0)\u00bb trigger_button_letter_spacing=\u00bb7px\u00bb trigger_button_use_icon=\u00bboff\u00bb global_colors_info=\u00bb{}\u00bb trigger_button_letter_spacing__hover_enabled=\u00bbon|desktop\u00bb trigger_button_letter_spacing__hover=\u00bb10px\u00bb]<\/p>\n<p><iframe loading=\"lazy\" width=\"946\" height=\"532\" src=\"https:\/\/www.youtube.com\/embed\/B3zUVVniaPk\" title=\"YouTube video player\" frameborder=\"0\" allow=\"accelerometer; autoplay; clipboard-write; encrypted-media; gyroscope; picture-in-picture\" allowfullscreen=\"\"><\/iframe><\/p>\n<h2><a href=\"https:\/\/salesianos.info\/jornadadecomunicacion\/wp-content\/uploads\/sites\/6\/2022\/03\/Taller-analisis-de-redes-sociales.pdf\">DESCARGA LA PRESENTACI\u00d3N<\/a><\/h2>\n<p>[\/el_modal_popup][\/et_pb_column][et_pb_column type=\u00bb1_3&#8243; _builder_version=\u00bb4.16&#8243; custom_padding=\u00bb|||\u00bb global_colors_info=\u00bb{}\u00bb custom_padding__hover=\u00bb|||\u00bb][et_pb_blurb title=\u00bbLa importancia de la gesti\u00f3n de las rese\u00f1as\u00bb image=\u00bbhttps:\/\/salesianos.info\/jornadadecomunicacion\/wp-content\/uploads\/sites\/6\/2022\/01\/line-icons-76.png\u00bb icon_placement=\u00bbleft\u00bb _builder_version=\u00bb4.16&#8243; header_font=\u00bbShare Tech||||||||\u00bb header_font_size=\u00bb24px\u00bb header_line_height=\u00bb1.2em\u00bb body_font=\u00bbOpen Sans||||||||\u00bb body_font_size=\u00bb16px\u00bb body_line_height=\u00bb1.8em\u00bb background_color=\u00bb#ffa727&#8243; background_layout=\u00bbdark\u00bb custom_margin=\u00bb||0px|\u00bb custom_padding=\u00bb40px|30px|40px|30px|true|true\u00bb animation_style=\u00bbfold\u00bb animation_delay=\u00bb300ms\u00bb animation=\u00bboff\u00bb locked=\u00bboff\u00bb global_colors_info=\u00bb{}\u00bb]<\/p>\n<p><strong>Acompa\u00f1amiento y atenci\u00f3n de usuarios<\/strong><\/p>\n<p>Antonino G\u00f3mez y Jos\u00e9 Luis Garc\u00eda,<br \/><em>Salesianos Comunicaci\u00f3n.<\/em><\/p>\n<p>[\/et_pb_blurb][el_modal_popup modal_id=\u00bbel_modal_popup_module_3&#8243; trigger_button_text=\u00bbMATERIALES\u00bb modal_title=\u00bbGESTI\u00d3N DE LAS RESE\u00d1AS\u00bb show_footer=\u00bboff\u00bb modal_overlay_bg_enable_image=\u00bboff\u00bb _builder_version=\u00bb4.14.8&#8243; _module_preset=\u00bbdefault\u00bb custom_trigger_button=\u00bbon\u00bb trigger_button_text_size=\u00bb16px\u00bb trigger_button_text_color=\u00bb#37424B\u00bb trigger_button_bg_color=\u00bb#E5E5E5&#8243; trigger_button_border_color=\u00bbRGBA(255,255,255,0)\u00bb trigger_button_letter_spacing=\u00bb7px\u00bb trigger_button_use_icon=\u00bboff\u00bb global_colors_info=\u00bb{}\u00bb trigger_button_letter_spacing__hover_enabled=\u00bbon|desktop\u00bb trigger_button_letter_spacing__hover=\u00bb10px\u00bb]<iframe loading=\"lazy\" width=\"946\" height=\"532\" src=\"https:\/\/www.youtube.com\/embed\/Xr64-gzIzig\" title=\"YouTube video player\" frameborder=\"0\" allow=\"accelerometer; autoplay; clipboard-write; encrypted-media; gyroscope; picture-in-picture\" allowfullscreen><\/iframe><\/p>\n<div style=\"width: 100%;\">\n<div style=\"position: relative; padding-bottom: 56.25%; padding-top: 0; height: 0;\"><iframe loading=\"lazy\" frameborder=\"0\" width=\"1200px\" height=\"675px\" style=\"position: absolute; top: 0; left: 0; width: 100%; height: 100%;\" src=\"https:\/\/view.genial.ly\/62161ebad655a30012ccc0c8\" type=\"text\/html\" allowscriptaccess=\"always\" allowfullscreen=\"true\" scrolling=\"yes\" allownetworking=\"all\"><\/iframe> <\/div>\n<\/p><\/div>\n<p>[\/el_modal_popup][\/et_pb_column][\/et_pb_row][et_pb_row _builder_version=\u00bb4.16&#8243; transform_scale_tablet=\u00bb\u00bb transform_scale_phone=\u00bb\u00bb transform_scale_last_edited=\u00bbon|desktop\u00bb transform_translate=\u00bb0px|76px\u00bb transform_translate_tablet=\u00bb0px|76px\u00bb transform_translate_phone=\u00bb0px|40px\u00bb transform_translate_last_edited=\u00bbon|phone\u00bb transform_translate_linked=\u00bboff\u00bb transform_rotate_tablet=\u00bb\u00bb transform_rotate_phone=\u00bb\u00bb transform_rotate_last_edited=\u00bbon|desktop\u00bb transform_skew_tablet=\u00bb\u00bb transform_skew_phone=\u00bb\u00bb transform_skew_last_edited=\u00bbon|desktop\u00bb transform_origin_tablet=\u00bb\u00bb transform_origin_phone=\u00bb\u00bb transform_origin_last_edited=\u00bbon|desktop\u00bb transform_styles_last_edited=\u00bbon|phone\u00bb custom_margin=\u00bb|||\u00bb custom_padding=\u00bb|||\u00bb transform_styles_tablet=\u00bb\u00bb transform_styles_phone=\u00bb\u00bb locked=\u00bboff\u00bb global_colors_info=\u00bb{}\u00bb][et_pb_column type=\u00bb4_4&#8243; _builder_version=\u00bb4.16&#8243; custom_padding=\u00bb|||\u00bb global_colors_info=\u00bb{}\u00bb custom_padding__hover=\u00bb|||\u00bb][dvmd_typewriter content_string=\u00bbDisertaci\u00f3n\u00bb hiding=\u00bbon\u00bb _builder_version=\u00bb4.16&#8243; _module_preset=\u00bbdefault\u00bb text_text_align=\u00bbleft\u00bb text_text_color=\u00bb#DC001B\u00bb text_font_size=\u00bb20px\u00bb prefix_font=\u00bb|||on|||||\u00bb transform_scale_tablet=\u00bb\u00bb transform_scale_phone=\u00bb\u00bb transform_scale_last_edited=\u00bbon|desktop\u00bb transform_translate_tablet=\u00bb\u00bb transform_translate_phone=\u00bb\u00bb transform_translate_last_edited=\u00bbon|desktop\u00bb transform_rotate_tablet=\u00bb\u00bb transform_rotate_phone=\u00bb\u00bb transform_rotate_last_edited=\u00bbon|desktop\u00bb transform_skew_tablet=\u00bb\u00bb transform_skew_phone=\u00bb\u00bb transform_skew_last_edited=\u00bbon|desktop\u00bb transform_origin_tablet=\u00bb\u00bb transform_origin_phone=\u00bb\u00bb transform_origin_last_edited=\u00bbon|desktop\u00bb transform_styles_last_edited=\u00bbon|desktop\u00bb custom_margin=\u00bb-60px||||false|false\u00bb custom_margin_tablet=\u00bb-60px||||false|false\u00bb custom_margin_phone=\u00bb60px||||false|false\u00bb custom_margin_last_edited=\u00bbon|phone\u00bb transform_styles_tablet=\u00bb\u00bb transform_styles_phone=\u00bb\u00bb global_colors_info=\u00bb{}\u00bb][\/dvmd_typewriter][\/et_pb_column][\/et_pb_row][et_pb_row _builder_version=\u00bb4.16&#8243; background_enable_color=\u00bboff\u00bb custom_margin=\u00bb|||\u00bb custom_padding=\u00bb|||\u00bb locked=\u00bboff\u00bb global_colors_info=\u00bb{}\u00bb][et_pb_column type=\u00bb4_4&#8243; _builder_version=\u00bb4.16&#8243; custom_padding=\u00bb|||\u00bb global_colors_info=\u00bb{}\u00bb custom_padding__hover=\u00bb|||\u00bb][et_pb_blurb title=\u00bb16.00h. PASTORAL JUVENIL Y COMUNICACI\u00d3N\u00bb image=\u00bbhttps:\/\/salesianos.info\/jornadadecomunicacion\/wp-content\/uploads\/sites\/6\/2022\/01\/quote-light.png\u00bb icon_placement=\u00bbleft\u00bb _builder_version=\u00bb4.16&#8243; header_font=\u00bbShare Tech||||||||\u00bb header_font_size=\u00bb24px\u00bb header_line_height=\u00bb1.2em\u00bb body_font=\u00bbOpen Sans||||||||\u00bb body_font_size=\u00bb16px\u00bb body_line_height=\u00bb1.8em\u00bb background_color=\u00bb#ba0018&#8243; background_layout=\u00bbdark\u00bb custom_margin=\u00bb||0px|\u00bb custom_padding=\u00bb40px|30px|40px|30px|true|true\u00bb animation_style=\u00bbfold\u00bb animation=\u00bboff\u00bb global_colors_info=\u00bb{}\u00bb]<\/p>\n<p>Por\u00a0<strong>Miguel \u00c1ngel Garc\u00eda Morcuende<br \/><\/strong><em>Consejero General Salesiano para la Pastoral Juvenil<\/em><\/p>\n<p>[\/et_pb_blurb][el_modal_popup modal_id=\u00bbel_modal_popup_module_4&#8243; trigger_button_text=\u00bbMATERIALES\u00bb modal_title=\u00bbPASTORAL JUVENIL Y COMUNICACI\u00d3N\u00bb show_footer=\u00bboff\u00bb modal_overlay_bg_enable_image=\u00bboff\u00bb _builder_version=\u00bb4.14.8&#8243; _module_preset=\u00bbdefault\u00bb custom_trigger_button=\u00bbon\u00bb trigger_button_text_size=\u00bb16px\u00bb trigger_button_text_color=\u00bb#37424B\u00bb trigger_button_bg_color=\u00bb#E5E5E5&#8243; trigger_button_border_color=\u00bbRGBA(255,255,255,0)\u00bb trigger_button_letter_spacing=\u00bb7px\u00bb trigger_button_use_icon=\u00bboff\u00bb text_orientation=\u00bbleft\u00bb global_colors_info=\u00bb{}\u00bb trigger_button_letter_spacing__hover_enabled=\u00bbon|desktop\u00bb trigger_button_letter_spacing__hover=\u00bb10px\u00bb]<\/p>\n<p style=\"text-align: center;\"><iframe loading=\"lazy\" width=\"946\" height=\"532\" src=\"https:\/\/www.youtube.com\/embed\/fGC59-F7Y10\" title=\"YouTube video player\" frameborder=\"0\" allow=\"accelerometer; autoplay; clipboard-write; encrypted-media; gyroscope; picture-in-picture\" allowfullscreen=\"\"><\/iframe><\/p>\n<h2><a href=\"https:\/\/salesianos.info\/jornadadecomunicacion\/wp-content\/uploads\/sites\/6\/2022\/03\/Pastoral-Juvenil-Comunicacion.pdf\">DESCARGA LA PRESENTACI\u00d3N<\/a><\/h2>\n<p>[\/el_modal_popup][\/et_pb_column][\/et_pb_row][\/et_pb_section][et_pb_section fb_built=\u00bb1&#8243; fullwidth=\u00bbon\u00bb admin_label=\u00bbFeature\u00bb _builder_version=\u00bb4.16&#8243; background_image=\u00bbhttps:\/\/salesianos.info\/jornadadecomunicacion\/wp-content\/uploads\/sites\/6\/2021\/01\/cropped-Fondomvl.png\u00bb parallax=\u00bbon\u00bb custom_margin=\u00bb|5%||\u00bb custom_padding=\u00bb0px|0|0px|0px|false|false\u00bb border_radii=\u00bb||26vw|26vw|\u00bb locked=\u00bboff\u00bb global_colors_info=\u00bb{}\u00bb][et_pb_fullwidth_header title=\u00bb#REVIVE  LA \u00daLTIMA EDICI\u00d3N\u00bb subhead=\u00bb VII JORNADA DE COMUNICACI\u00d3N\u00bb button_one_text=\u00bbIR A LA WEB\u00bb button_one_url=\u00bb@ET-DC@eyJkeW5hbWljIjp0cnVlLCJjb250ZW50IjoicG9zdF9saW5rX3VybF9wYWdlIiwic2V0dGluZ3MiOnsicG9zdF9pZCI6IjUxMCJ9fQ==@\u00bb header_image_url=\u00bbhttps:\/\/salesianos.info\/jornadadecomunicacion\/wp-content\/uploads\/sites\/6\/2021\/01\/Contenido_Grupos.png\u00bb _builder_version=\u00bb4.16&#8243; _dynamic_attributes=\u00bbbutton_one_url\u00bb title_level=\u00bbh2&#8243; title_font=\u00bbShare Tech||||||||\u00bb title_font_size=\u00bb42px\u00bb title_line_height=\u00bb1.2em\u00bb content_font=\u00bbOpen Sans||||||||\u00bb content_font_size=\u00bb18px\u00bb content_line_height=\u00bb1.8em\u00bb subhead_font=\u00bb||||||||\u00bb subhead_font_size=\u00bb30px\u00bb subhead_line_height=\u00bb0.9em\u00bb background_color=\u00bbrgba(0,0,0,0)\u00bb use_background_color_gradient=\u00bbon\u00bb background_color_gradient_direction=\u00bb140deg\u00bb background_color_gradient_stops=\u00bbrgba(220,0,27,0.92) 0%|#a00012 100%\u00bb background_color_gradient_start=\u00bbrgba(220,0,27,0.92)\u00bb background_color_gradient_end=\u00bb#a00012&#8243; parallax=\u00bbon\u00bb parallax_method=\u00bbon\u00bb custom_button_one=\u00bbon\u00bb button_one_text_size=\u00bb15px\u00bb button_one_text_color=\u00bb#37424B\u00bb button_one_bg_color=\u00bb#E5E5E5&#8243; button_one_border_width=\u00bb10px\u00bb button_one_border_color=\u00bb#E5E5E5&#8243; button_one_border_radius=\u00bb100px\u00bb button_one_letter_spacing=\u00bb5px\u00bb button_one_font=\u00bbOpen Sans|700||on|||||\u00bb button_one_use_icon=\u00bboff\u00bb custom_margin=\u00bb|||\u00bb custom_padding=\u00bb100px||100px||true\u00bb custom_padding_tablet=\u00bb|||\u00bb custom_padding_phone=\u00bb|||\u00bb custom_padding_last_edited=\u00bboff|desktop\u00bb child_filter_hue_rotate=\u00bb114deg\u00bb child_filter_saturate=\u00bb18%\u00bb child_filter_brightness=\u00bb160%\u00bb title_font_size_tablet=\u00bb\u00bb title_font_size_phone=\u00bb36px\u00bb title_font_size_last_edited=\u00bbon|desktop\u00bb content_font_size_tablet=\u00bb\u00bb content_font_size_phone=\u00bb16px\u00bb content_font_size_last_edited=\u00bbon|phone\u00bb button_one_text_size_last_edited=\u00bboff|desktop\u00bb button_two_text_size_tablet=\u00bb\u00bb button_two_text_size_phone=\u00bb\u00bb button_two_text_size_last_edited=\u00bbon|desktop\u00bb button_one_border_color_hover=\u00bb#ff8a3d\u00bb button_one_border_radius_hover=\u00bb100px\u00bb button_one_letter_spacing_hover=\u00bb5px\u00bb button_one_bg_color_hover=\u00bb#ff8a3d\u00bb global_colors_info=\u00bb{}\u00bb button_one_text_size__hover_enabled=\u00bboff\u00bb button_two_text_size__hover_enabled=\u00bboff\u00bb button_one_text_color__hover_enabled=\u00bboff\u00bb button_two_text_color__hover_enabled=\u00bboff\u00bb button_one_border_width__hover_enabled=\u00bboff\u00bb button_two_border_width__hover_enabled=\u00bboff\u00bb button_one_border_color__hover_enabled=\u00bbon|hover\u00bb button_one_border_color__hover=\u00bb#636A70&#8243; button_two_border_color__hover_enabled=\u00bboff\u00bb button_one_border_radius__hover_enabled=\u00bbon\u00bb button_one_border_radius__hover=\u00bb100px\u00bb button_two_border_radius__hover_enabled=\u00bboff\u00bb button_one_letter_spacing__hover_enabled=\u00bbon\u00bb button_one_letter_spacing__hover=\u00bb5px\u00bb button_two_letter_spacing__hover_enabled=\u00bboff\u00bb button_one_bg_color__hover_enabled=\u00bbon\u00bb button_one_bg_color__hover=\u00bb#636a70&#8243; button_two_bg_color__hover_enabled=\u00bboff\u00bb button_one_bg_enable_color__hover=\u00bbon\u00bb]<\/p>\n<p><em>Del contenido a la comunicaci\u00f3n online<\/em><\/p>\n<p>[\/et_pb_fullwidth_header][\/et_pb_section][et_pb_section fb_built=\u00bb1&#8243; _builder_version=\u00bb4.16&#8243; _module_preset=\u00bbdefault\u00bb global_colors_info=\u00bb{}\u00bb][et_pb_row _builder_version=\u00bb4.16&#8243; _module_preset=\u00bbdefault\u00bb global_colors_info=\u00bb{}\u00bb][et_pb_column type=\u00bb4_4&#8243; _builder_version=\u00bb4.16&#8243; _module_preset=\u00bbdefault\u00bb global_colors_info=\u00bb{}\u00bb][et_pb_divider show_divider=\u00bboff\u00bb _builder_version=\u00bb4.16&#8243; _module_preset=\u00bbdefault\u00bb custom_margin=\u00bb2px|2px|2px|2px|false|false\u00bb custom_padding=\u00bb2px||2px||false|false\u00bb global_colors_info=\u00bb{}\u00bb][\/et_pb_divider][\/et_pb_column][\/et_pb_row][\/et_pb_section][et_pb_section fb_built=\u00bb1&#8243; admin_label=\u00bbSuperficie y oferta educativa\u00bb _builder_version=\u00bb4.16&#8243; background_color=\u00bb#636A70&#8243; background_enable_image=\u00bboff\u00bb parallax=\u00bbon\u00bb custom_padding=\u00bb0px||0px|\u00bb global_colors_info=\u00bb{}\u00bb][et_pb_row use_custom_gutter=\u00bbon\u00bb gutter_width=\u00bb0&#8243; make_equal=\u00bbon\u00bb admin_label=\u00bbStudio Membership Area\u00bb module_class=\u00bb et_pb_row_fullwidth\u00bb _builder_version=\u00bb4.16&#8243; background_enable_color=\u00bboff\u00bb width=\u00bb100%\u00bb width_tablet=\u00bb100%\u00bb width_phone=\u00bb\u00bb width_last_edited=\u00bbon|desktop\u00bb max_width=\u00bb100%\u00bb max_width_tablet=\u00bb100%\u00bb max_width_phone=\u00bb\u00bb max_width_last_edited=\u00bbon|desktop\u00bb custom_margin=\u00bb|||\u00bb custom_padding=\u00bb0px||0px|\u00bb box_shadow_style=\u00bbpreset3&#8243; make_fullwidth=\u00bbon\u00bb global_colors_info=\u00bb{}\u00bb][et_pb_column type=\u00bb4_4&#8243; _builder_version=\u00bb4.16&#8243; background_color=\u00bbrgba(255,255,255,0)\u00bb background_enable_color=\u00bboff\u00bb background_enable_image=\u00bboff\u00bb custom_padding=\u00bb|||\u00bb filter_saturate=\u00bb120%\u00bb filter_contrast=\u00bb105%\u00bb filter_invert=\u00bb10%\u00bb global_colors_info=\u00bb{}\u00bb custom_padding__hover=\u00bb|||\u00bb][et_pb_text disabled_on=\u00bbon|off|off\u00bb admin_label=\u00bbTitle\u00bb _builder_version=\u00bb4.16&#8243; text_font=\u00bb||||||||\u00bb text_font_size=\u00bb12px\u00bb header_font=\u00bb||||||||\u00bb header_2_font=\u00bbPoppins|600|||||||\u00bb header_2_text_color=\u00bb#ffffff\u00bb header_2_font_size=\u00bb45px\u00bb background_layout=\u00bbdark\u00bb animation_style=\u00bbfold\u00bb animation_direction=\u00bbleft\u00bb animation_intensity_fold=\u00bb10%\u00bb animation_starting_opacity=\u00bb100%\u00bb header_2_text_shadow_style=\u00bbpreset2&#8243; locked=\u00bboff\u00bb global_colors_info=\u00bb{}\u00bb]<\/p>\n<h2 style=\"text-align: center;\">\u00a0<\/h2>\n<p>&nbsp;<\/p>\n<h2 style=\"text-align: center;\">EDICIONES ANTERIORES<\/h2>\n<p>[\/et_pb_text][et_pb_toggle title=\u00bbEDICIONES PASADAS\u00bb open_toggle_text_color=\u00bb#37424b\u00bb open_toggle_background_color=\u00bb#e5e5e5&#8243; closed_toggle_text_color=\u00bb#e5e5e5&#8243; closed_toggle_background_color=\u00bb#37424B\u00bb disabled_on=\u00bboff|on|on\u00bb _builder_version=\u00bb4.16&#8243; _module_preset=\u00bbdefault\u00bb title_text_color=\u00bb#ffffff\u00bb title_text_align=\u00bbcenter\u00bb title_font_size=\u00bb40px\u00bb closed_title_text_shadow_style=\u00bbpreset2&#8243; global_colors_info=\u00bb{}\u00bb]<\/p>\n<p style=\"text-align: center;\"><iframe loading=\"lazy\" src=\"https:\/\/www.youtube.com\/embed\/yA4KkJYG2QQ\" width=\"312\" height=\"176\" frameborder=\"0\" allowfullscreen=\"allowfullscreen\"><\/iframe><br \/>\n<iframe loading=\"lazy\" src=\"https:\/\/www.youtube.com\/embed\/CFyx5vruey8\" width=\"312\" height=\"176\" frameborder=\"0\" allowfullscreen=\"allowfullscreen\"><\/iframe><br \/>\n<iframe loading=\"lazy\" src=\"https:\/\/www.youtube.com\/embed\/QaYe4p7nmJI\" width=\"312\" height=\"176\" frameborder=\"0\" allowfullscreen=\"allowfullscreen\"><\/iframe><br \/>\n<iframe loading=\"lazy\" src=\"https:\/\/www.youtube.com\/embed\/36C99aLSiF8\" width=\"312\" height=\"176\" frameborder=\"0\" allowfullscreen=\"allowfullscreen\"><\/iframe><br \/>\n<iframe loading=\"lazy\" src=\"https:\/\/www.youtube.com\/embed\/SzRa-zwUhvg\" width=\"312\" height=\"176\" frameborder=\"0\" allowfullscreen=\"allowfullscreen\"><\/iframe><br \/>\n<iframe loading=\"lazy\" src=\"https:\/\/www.youtube.com\/embed\/Xyrol-ztV98\" width=\"312\" height=\"176\" frameborder=\"0\" allowfullscreen=\"allowfullscreen\"><\/iframe><\/p>\n<p><iframe loading=\"lazy\" width=\"560\" height=\"315\" src=\"https:\/\/www.youtube.com\/embed\/n8LKsw-A9Fk\" title=\"YouTube video player\" frameborder=\"0\" allow=\"accelerometer; autoplay; clipboard-write; encrypted-media; gyroscope; picture-in-picture\" allowfullscreen><\/iframe><br \/>\n&nbsp;[\/et_pb_toggle][et_pb_divider divider_position=\u00bbcenter\u00bb divider_weight=\u00bb3px\u00bb disabled_on=\u00bbon|off|off\u00bb _builder_version=\u00bb4.16&#8243; max_width=\u00bb50px\u00bb module_alignment=\u00bbcenter\u00bb animation_style=\u00bbslide\u00bb animation_direction=\u00bbtop\u00bb animation_intensity_slide=\u00bb10%\u00bb animation_starting_opacity=\u00bb100%\u00bb locked=\u00bboff\u00bb global_colors_info=\u00bb{}\u00bb][\/et_pb_divider][\/et_pb_column][\/et_pb_row][et_pb_row column_structure=\u00bb1_6,1_6,1_6,1_6,1_6,1_6&#8243; use_custom_gutter=\u00bbon\u00bb gutter_width=\u00bb0&#8243; make_equal=\u00bbon\u00bb disabled_on=\u00bbon|off|off\u00bb admin_label=\u00bbStudio Membership Area\u00bb module_class=\u00bb.colu-7 .et_pb_row\u00bb _builder_version=\u00bb4.16&#8243; background_color=\u00bbrgba(255,255,255,0.76)\u00bb width=\u00bb100%\u00bb width_tablet=\u00bb100%\u00bb width_phone=\u00bb\u00bb width_last_edited=\u00bbon|desktop\u00bb max_width=\u00bb100%\u00bb max_width_tablet=\u00bb100%\u00bb max_width_phone=\u00bb\u00bb max_width_last_edited=\u00bbon|desktop\u00bb custom_margin=\u00bb|||\u00bb custom_padding=\u00bb0px||0px|\u00bb make_fullwidth=\u00bbon\u00bb global_colors_info=\u00bb{}\u00bb][et_pb_column type=\u00bb1_6&#8243; _builder_version=\u00bb4.16&#8243; background_enable_color=\u00bboff\u00bb background_enable_image=\u00bboff\u00bb custom_padding=\u00bb|||\u00bb filter_saturate=\u00bb120%\u00bb filter_contrast=\u00bb105%\u00bb filter_invert=\u00bb10%\u00bb global_colors_info=\u00bb{}\u00bb custom_padding__hover=\u00bb|||\u00bb][et_pb_video src=\u00bbhttps:\/\/youtu.be\/yA4KkJYG2QQ\u00bb _builder_version=\u00bb4.16&#8243; _module_preset=\u00bbdefault\u00bb global_colors_info=\u00bb{}\u00bb][\/et_pb_video][\/et_pb_column][et_pb_column type=\u00bb1_6&#8243; _builder_version=\u00bb4.16&#8243; background_enable_color=\u00bboff\u00bb background_enable_image=\u00bboff\u00bb custom_padding=\u00bb|||\u00bb filter_saturate=\u00bb120%\u00bb filter_contrast=\u00bb105%\u00bb filter_invert=\u00bb10%\u00bb global_colors_info=\u00bb{}\u00bb custom_padding__hover=\u00bb|||\u00bb][et_pb_video src=\u00bbhttps:\/\/youtu.be\/CFyx5vruey8&#8243; _builder_version=\u00bb4.16&#8243; _module_preset=\u00bbdefault\u00bb global_colors_info=\u00bb{}\u00bb][\/et_pb_video][\/et_pb_column][et_pb_column type=\u00bb1_6&#8243; _builder_version=\u00bb4.16&#8243; background_enable_color=\u00bboff\u00bb background_enable_image=\u00bboff\u00bb custom_padding=\u00bb|||\u00bb filter_saturate=\u00bb120%\u00bb filter_contrast=\u00bb105%\u00bb filter_invert=\u00bb10%\u00bb global_colors_info=\u00bb{}\u00bb custom_padding__hover=\u00bb|||\u00bb][et_pb_video src=\u00bbhttps:\/\/youtu.be\/QaYe4p7nmJI\u00bb _builder_version=\u00bb4.16&#8243; _module_preset=\u00bbdefault\u00bb global_colors_info=\u00bb{}\u00bb][\/et_pb_video][\/et_pb_column][et_pb_column type=\u00bb1_6&#8243; _builder_version=\u00bb4.16&#8243; background_enable_color=\u00bboff\u00bb background_enable_image=\u00bboff\u00bb custom_padding=\u00bb|||\u00bb filter_saturate=\u00bb120%\u00bb filter_contrast=\u00bb105%\u00bb filter_invert=\u00bb10%\u00bb global_colors_info=\u00bb{}\u00bb custom_padding__hover=\u00bb|||\u00bb][et_pb_code _builder_version=\u00bb4.16&#8243; _module_preset=\u00bbdefault\u00bb global_colors_info=\u00bb{}\u00bb]<iframe loading=\"lazy\" width=\"560\" height=\"315\" src=\"https:\/\/www.youtube.com\/embed\/36C99aLSiF8\" frameborder=\"0\" allow=\"accelerometer; autoplay; clipboard-write; encrypted-media; gyroscope; picture-in-picture\" allowfullscreen><\/iframe>[\/et_pb_code][\/et_pb_column][et_pb_column type=\u00bb1_6&#8243; _builder_version=\u00bb4.16&#8243; background_enable_color=\u00bboff\u00bb background_enable_image=\u00bboff\u00bb custom_padding=\u00bb|||\u00bb filter_saturate=\u00bb120%\u00bb filter_contrast=\u00bb105%\u00bb filter_invert=\u00bb10%\u00bb global_colors_info=\u00bb{}\u00bb custom_padding__hover=\u00bb|||\u00bb][et_pb_video src=\u00bbhttps:\/\/youtu.be\/SzRa-zwUhvg\u00bb _builder_version=\u00bb4.16&#8243; _module_preset=\u00bbdefault\u00bb global_colors_info=\u00bb{}\u00bb][\/et_pb_video][\/et_pb_column][et_pb_column type=\u00bb1_6&#8243; _builder_version=\u00bb4.16&#8243; background_enable_color=\u00bboff\u00bb background_enable_image=\u00bboff\u00bb custom_padding=\u00bb|||\u00bb filter_saturate=\u00bb120%\u00bb filter_contrast=\u00bb105%\u00bb filter_invert=\u00bb10%\u00bb global_colors_info=\u00bb{}\u00bb custom_padding__hover=\u00bb|||\u00bb][et_pb_video src=\u00bbhttps:\/\/www.youtube.com\/watch?v=Xyrol-ztV98&#038;t=9s\u00bb _builder_version=\u00bb4.16&#8243; _module_preset=\u00bbdefault\u00bb global_colors_info=\u00bb{}\u00bb][\/et_pb_video][\/et_pb_column][\/et_pb_row][\/et_pb_section][et_pb_section fb_built=\u00bb1&#8243; admin_label=\u00bbM\u00e1s informaci\u00f3n\u00bb _builder_version=\u00bb4.16&#8243; background_enable_color=\u00bboff\u00bb use_background_color_gradient=\u00bbon\u00bb background_color_gradient_stops=\u00bb#ffffff 0%|rgba(170,193,178,0) 100%\u00bb background_color_gradient_start=\u00bb#ffffff\u00bb background_color_gradient_end=\u00bbrgba(170,193,178,0)\u00bb background_image=\u00bbhttps:\/\/salesianos.info\/jornadadecomunicacion\/wp-content\/uploads\/sites\/6\/2022\/01\/FinalPagina.jpg\u00bb background_position=\u00bbbottom_right\u00bb background_blend=\u00bbmultiply\u00bb min_height=\u00bb827.2px\u00bb custom_padding=\u00bb120px||120px|\u00bb background_last_edited=\u00bbon|phone\u00bb background_image_phone=\u00bbhttps:\/\/salesianos.info\/jornadadecomunicacion\/wp-content\/uploads\/sites\/6\/2022\/01\/finalmvl.jpg\u00bb background_enable_image_phone=\u00bbon\u00bb background_position_phone=\u00bbbottom_center\u00bb border_width_top=\u00bb30px\u00bb border_color_top=\u00bb#1f282d\u00bb locked=\u00bboff\u00bb global_colors_info=\u00bb{}\u00bb][et_pb_row admin_label=\u00bbNewsletter Area\u00bb _builder_version=\u00bb4.16&#8243; custom_margin=\u00bb-50px||||false|false\u00bb custom_padding=\u00bb||||false|false\u00bb global_colors_info=\u00bb{}\u00bb][et_pb_column type=\u00bb4_4&#8243; _builder_version=\u00bb4.16&#8243; custom_padding=\u00bb|||0%|false|false\u00bb global_colors_info=\u00bb{}\u00bb custom_padding__hover=\u00bb|||\u00bb][et_pb_button button_url=\u00bbhttps:\/\/forms.gle\/44gc3htesmsTyNr3A\u00bb url_new_window=\u00bbon\u00bb button_text=\u00bbInscr\u00edbete en la VIII Jornada de Comunicaci\u00f3n\u00bb button_alignment=\u00bbcenter\u00bb button_alignment_tablet=\u00bb\u00bb button_alignment_phone=\u00bbcenter\u00bb button_alignment_last_edited=\u00bbon|phone\u00bb _builder_version=\u00bb4.16&#8243; custom_button=\u00bbon\u00bb button_text_size=\u00bb14px\u00bb button_text_color=\u00bb#ffffff\u00bb button_bg_color=\u00bb#dc001b\u00bb button_border_width=\u00bb8px\u00bb button_border_color=\u00bb#dc001b\u00bb button_border_radius=\u00bb7px\u00bb button_letter_spacing=\u00bb1px\u00bb button_font=\u00bbLato|600||on|||||\u00bb button_icon=\u00bb&#x24;||divi||400&#8243; custom_margin=\u00bb25px||||false|false\u00bb button_text_size_tablet=\u00bb\u00bb button_text_size_phone=\u00bb9px\u00bb button_text_size_last_edited=\u00bbon|phone\u00bb global_colors_info=\u00bb{}\u00bb button_text_size__hover_enabled=\u00bboff\u00bb button_one_text_size__hover_enabled=\u00bboff\u00bb button_two_text_size__hover_enabled=\u00bboff\u00bb button_text_color__hover_enabled=\u00bboff\u00bb button_one_text_color__hover_enabled=\u00bboff\u00bb button_two_text_color__hover_enabled=\u00bboff\u00bb button_border_width__hover_enabled=\u00bboff\u00bb button_one_border_width__hover_enabled=\u00bboff\u00bb button_two_border_width__hover_enabled=\u00bboff\u00bb button_border_color__hover_enabled=\u00bboff\u00bb button_one_border_color__hover_enabled=\u00bboff\u00bb button_two_border_color__hover_enabled=\u00bboff\u00bb button_border_radius__hover_enabled=\u00bboff\u00bb button_one_border_radius__hover_enabled=\u00bboff\u00bb button_two_border_radius__hover_enabled=\u00bboff\u00bb button_letter_spacing__hover_enabled=\u00bboff\u00bb button_one_letter_spacing__hover_enabled=\u00bboff\u00bb button_two_letter_spacing__hover_enabled=\u00bboff\u00bb button_bg_color__hover_enabled=\u00bboff\u00bb button_one_bg_color__hover_enabled=\u00bboff\u00bb button_two_bg_color__hover_enabled=\u00bboff\u00bb][\/et_pb_button][\/et_pb_column][\/et_pb_row][et_pb_row admin_label=\u00bbButton\u00bb _builder_version=\u00bb4.16&#8243; locked=\u00bboff\u00bb global_colors_info=\u00bb{}\u00bb][et_pb_column type=\u00bb4_4&#8243; _builder_version=\u00bb4.16&#8243; custom_padding=\u00bb|||\u00bb global_colors_info=\u00bb{}\u00bb custom_padding__hover=\u00bb|||\u00bb][et_pb_social_media_follow icon_color=\u00bb#ffffff\u00bb _builder_version=\u00bb4.16&#8243; custom_button=\u00bbon\u00bb button_text_color=\u00bb#dc001b\u00bb text_orientation=\u00bbcenter\u00bb global_colors_info=\u00bb{}\u00bb][et_pb_social_media_follow_network social_network=\u00bbfacebook\u00bb url=\u00bbhttps:\/\/www.facebook.com\/SalesianosEs\/\u00bb icon_color=\u00bb#ffffff\u00bb _builder_version=\u00bb4.16&#8243; background_color=\u00bb#51626f\u00bb background_enable_color=\u00bbon\u00bb custom_margin=\u00bb|8px||8px\u00bb custom_margin_tablet=\u00bb\u00bb custom_margin_phone=\u00bb|4px||4px|false|false\u00bb custom_margin_last_edited=\u00bbon|phone\u00bb custom_padding=\u00bb14px|14px|14px|14px\u00bb custom_padding_tablet=\u00bb\u00bb custom_padding_phone=\u00bb7px|7px|7px|7px|false|false\u00bb custom_padding_last_edited=\u00bbon|phone\u00bb border_radii=\u00bbon|100px|100px|100px|100px\u00bb global_colors_info=\u00bb{}\u00bb follow_button=\u00bboff\u00bb url_new_window=\u00bbon\u00bb]facebook[\/et_pb_social_media_follow_network][et_pb_social_media_follow_network social_network=\u00bbtwitter\u00bb url=\u00bbhttps:\/\/twitter.com\/SalesianosES\u00bb _builder_version=\u00bb4.16&#8243; background_color=\u00bb#51626f\u00bb background_enable_color=\u00bbon\u00bb custom_margin=\u00bb|8px||8px\u00bb custom_margin_tablet=\u00bb\u00bb custom_margin_phone=\u00bb|4px||4px|false|false\u00bb custom_margin_last_edited=\u00bbon|phone\u00bb custom_padding=\u00bb14px|14px|14px|14px\u00bb custom_padding_tablet=\u00bb\u00bb custom_padding_phone=\u00bb7px|7px|7px|7px|false|false\u00bb custom_padding_last_edited=\u00bbon|phone\u00bb border_radii=\u00bbon|100px|100px|100px|100px\u00bb global_colors_info=\u00bb{}\u00bb follow_button=\u00bboff\u00bb url_new_window=\u00bbon\u00bb]twitter[\/et_pb_social_media_follow_network][et_pb_social_media_follow_network social_network=\u00bbinstagram\u00bb url=\u00bbhttps:\/\/www.instagram.com\/salesianoses\u00bb _builder_version=\u00bb4.16&#8243; background_color=\u00bb#51626f\u00bb background_enable_color=\u00bbon\u00bb custom_margin=\u00bb|8px||8px\u00bb custom_margin_tablet=\u00bb\u00bb custom_margin_phone=\u00bb|4px||4px|false|false\u00bb custom_margin_last_edited=\u00bbon|phone\u00bb custom_padding=\u00bb14px|14px|14px|14px\u00bb custom_padding_tablet=\u00bb\u00bb custom_padding_phone=\u00bb7px|7px|7px|7px|false|false\u00bb custom_padding_last_edited=\u00bbon|phone\u00bb border_radii=\u00bbon|100px|100px|100px|100px\u00bb global_colors_info=\u00bb{}\u00bb follow_button=\u00bboff\u00bb url_new_window=\u00bbon\u00bb]instagram[\/et_pb_social_media_follow_network][et_pb_social_media_follow_network social_network=\u00bbyoutube\u00bb url=\u00bbhttps:\/\/www.youtube.com\/channel\/UCJprhneOLfGFVYTqPeMuB1g\u00bb _builder_version=\u00bb4.16&#8243; background_color=\u00bb#51626f\u00bb background_enable_color=\u00bbon\u00bb custom_margin=\u00bb|8px||8px\u00bb custom_margin_tablet=\u00bb\u00bb custom_margin_phone=\u00bb|4px||4px|false|false\u00bb custom_margin_last_edited=\u00bbon|phone\u00bb custom_padding=\u00bb14px|14px|14px|14px\u00bb custom_padding_tablet=\u00bb\u00bb custom_padding_phone=\u00bb7px|7px|7px|7px|false|false\u00bb custom_padding_last_edited=\u00bbon|phone\u00bb border_radii=\u00bbon|100px|100px|100px|100px\u00bb global_colors_info=\u00bb{}\u00bb follow_button=\u00bboff\u00bb url_new_window=\u00bbon\u00bb]youtube[\/et_pb_social_media_follow_network][\/et_pb_social_media_follow][\/et_pb_column][\/et_pb_row][\/et_pb_section]<\/p>\n","protected":false},"excerpt":{"rendered":"<p>CONTENIDO Y MATERIALESGild\u00e1sio Mendes,Consejero General para la Comunicaci\u00f3n.<div class=\"et_pb_module el_modal_popup el_modal_popup_0\">\n\t\t\t\t\n\t\t\t\t\n\t\t\t\t\n\t\t\t\t\n\t\t\t\t\n\t\t\t\t\n\t\t\t\t<div class=\"et_pb_module_inner\">\n\t\t\t\t\t<div class=\"el_modal_popup_trigger_element_wrapper\"><div class=\"et_pb_button_wrapper\"><a class=\"et_pb_button el_modal_popup_trigger_element el_modal_popup_trigger_button\" href=\"#\">VER V\u00cdDEO<\/a><\/div><\/div><div class=\"el_modal_popup_wrapper el_modal_popup_center el_modal_popup_close_on_background_click\" data-disable-website-scroll=\"on\" data-id=\"el_modal_popup_module_3\" \n\t\t\t\tdata-re-render=\"on\" data-autoplay-video=\"off\" data-trigger-type=\"element\" \n\t\t\t\tdata-trigger-delay=\"3000ms\"  data-animation-duration=\"1000ms\"  data-animation-duration-tablet=\"\"  data-animation-duration-phone=\"\"    \n\t\t\t>\n                <div class=\"el_modal_popup_inner_wrap el_modal_popup_animated\">\n                    \n                    <div class=\"el_modal_popup_body\"><div class=\"el_modal_popup_content_text\"> DESCARGA LA PRESENTACI\u00d3N<\/div><\/div>\n                    \n\t\t\t\t\t<span class=\"el_modal_popup_close el_modal_popup_close_icon et-pb-icon\">Q<\/span>\n                <\/div>\n            <\/div>\n\t\t\t\t<\/div>\n\t\t\t<\/div>&#8216;So\u00f1ando la comunicaci\u00f3n&#8217;\u00a0Compartiendo dise\u00f1ando proyectos comunes\u00a0<div class=\"et_pb_module el_modal_popup el_modal_popup_1\">\n\t\t\t\t\n\t\t\t\t\n\t\t\t\t\n\t\t\t\t\n\t\t\t\t\n\t\t\t\t\n\t\t\t\t<div class=\"et_pb_module_inner\">\n\t\t\t\t\t<div class=\"el_modal_popup_trigger_element_wrapper\"><div class=\"et_pb_button_wrapper\"><a class=\"et_pb_button el_modal_popup_trigger_element el_modal_popup_trigger_button\" href=\"#\">MATERIALES<\/a><\/div><\/div><div class=\"el_modal_popup_wrapper el_modal_popup_center el_modal_popup_close_on_background_click\" data-disable-website-scroll=\"on\" data-id=\"el_modal_popup_module_3\" \n\t\t\t\tdata-re-render=\"on\" data-autoplay-video=\"off\" data-trigger-type=\"element\" \n\t\t\t\tdata-trigger-delay=\"3000ms\"  data-animation-duration=\"1000ms\"  data-animation-duration-tablet=\"\"  data-animation-duration-phone=\"\"    \n\t\t\t>\n                <div class=\"el_modal_popup_inner_wrap el_modal_popup_animated\">\n                    \n                    \n                    \n\t\t\t\t\t<span class=\"el_modal_popup_close el_modal_popup_close_icon et-pb-icon\">Q<\/span>\n                <\/div>\n            <\/div>\n\t\t\t\t<\/div>\n\t\t\t<\/div>[dvmd_typewriter content_string=\u00bb12.00h. Talleres\u00bb hiding=\u00bbon\u00bb _builder_version=\u00bb4.16&#8243; _module_preset=\u00bbdefault\u00bb text_text_align=\u00bbleft\u00bb [&hellip;]<\/p>\n","protected":false},"author":3,"featured_media":514,"parent":0,"menu_order":0,"comment_status":"closed","ping_status":"closed","template":"page-template-blank.php","meta":{"_et_pb_use_builder":"on","_et_pb_old_content":"","_et_gb_content_width":"","footnotes":""},"class_list":["post-706","page","type-page","status-publish","has-post-thumbnail","hentry"],"yoast_head":"<!-- This site is optimized with the Yoast SEO plugin v27.4 - https:\/\/yoast.com\/product\/yoast-seo-wordpress\/ -->\n<title>8\u00aa Jornada de Comunicaci\u00f3n | DIMENSI\u00d3N PASTORAL DE LA COMUNICACI\u00d3N - Salesianos Espa\u00f1a<\/title>\n<meta name=\"description\" content=\"Jornada de Comunicaci\u00f3n de Salesianos Espa\u00f1a. Dimesi\u00f3n Pastoral de la comunicaci\u00f3n.\" \/>\n<meta name=\"robots\" content=\"index, follow, max-snippet:-1, max-image-preview:large, max-video-preview:-1\" \/>\n<link rel=\"canonical\" href=\"https:\/\/salesianos.info\/jornadadecomunicacion\/8a-jornada-de-comunicacion-dimension-pastoral-de-la-comunicacion\/\" \/>\n<meta property=\"og:locale\" content=\"es_ES\" \/>\n<meta property=\"og:type\" content=\"article\" \/>\n<meta property=\"og:title\" content=\"8\u00aa Jornada de Comunicaci\u00f3n | DIMENSI\u00d3N PASTORAL DE LA COMUNICACI\u00d3N - Salesianos Espa\u00f1a\" \/>\n<meta property=\"og:description\" content=\"Jornada de Comunicaci\u00f3n de Salesianos Espa\u00f1a. Dimesi\u00f3n Pastoral de la comunicaci\u00f3n.\" \/>\n<meta property=\"og:url\" content=\"https:\/\/salesianos.info\/jornadadecomunicacion\/8a-jornada-de-comunicacion-dimension-pastoral-de-la-comunicacion\/\" \/>\n<meta property=\"og:site_name\" content=\"Jornada de Comunicaci\u00f3n\" \/>\n<meta property=\"article:modified_time\" content=\"2024-02-15T15:18:23+00:00\" \/>\n<meta property=\"og:image\" content=\"https:\/\/salesianos.info\/jornadadecomunicacion\/wp-content\/uploads\/sites\/6\/2022\/01\/Captura-de-pantalla-2022-01-03-a-las-11.10.57.png\" \/>\n\t<meta property=\"og:image:width\" content=\"436\" \/>\n\t<meta property=\"og:image:height\" content=\"436\" \/>\n\t<meta property=\"og:image:type\" content=\"image\/png\" \/>\n<meta name=\"twitter:card\" content=\"summary_large_image\" \/>\n<script type=\"application\/ld+json\" class=\"yoast-schema-graph\">{\"@context\":\"https:\\\/\\\/schema.org\",\"@graph\":[{\"@type\":\"WebPage\",\"@id\":\"https:\\\/\\\/salesianos.info\\\/jornadadecomunicacion\\\/8a-jornada-de-comunicacion-dimension-pastoral-de-la-comunicacion\\\/\",\"url\":\"https:\\\/\\\/salesianos.info\\\/jornadadecomunicacion\\\/8a-jornada-de-comunicacion-dimension-pastoral-de-la-comunicacion\\\/\",\"name\":\"8\u00aa Jornada de Comunicaci\u00f3n | DIMENSI\u00d3N PASTORAL DE LA COMUNICACI\u00d3N - Salesianos Espa\u00f1a\",\"isPartOf\":{\"@id\":\"https:\\\/\\\/salesianos.info\\\/jornadadecomunicacion\\\/#website\"},\"primaryImageOfPage\":{\"@id\":\"https:\\\/\\\/salesianos.info\\\/jornadadecomunicacion\\\/8a-jornada-de-comunicacion-dimension-pastoral-de-la-comunicacion\\\/#primaryimage\"},\"image\":{\"@id\":\"https:\\\/\\\/salesianos.info\\\/jornadadecomunicacion\\\/8a-jornada-de-comunicacion-dimension-pastoral-de-la-comunicacion\\\/#primaryimage\"},\"thumbnailUrl\":\"https:\\\/\\\/salesianos.info\\\/jornadadecomunicacion\\\/wp-content\\\/uploads\\\/sites\\\/6\\\/2022\\\/01\\\/Captura-de-pantalla-2022-01-03-a-las-11.10.57.png\",\"datePublished\":\"2023-01-10T16:00:15+00:00\",\"dateModified\":\"2024-02-15T15:18:23+00:00\",\"description\":\"Jornada de Comunicaci\u00f3n de Salesianos Espa\u00f1a. Dimesi\u00f3n Pastoral de la comunicaci\u00f3n.\",\"breadcrumb\":{\"@id\":\"https:\\\/\\\/salesianos.info\\\/jornadadecomunicacion\\\/8a-jornada-de-comunicacion-dimension-pastoral-de-la-comunicacion\\\/#breadcrumb\"},\"inLanguage\":\"es\",\"potentialAction\":[{\"@type\":\"ReadAction\",\"target\":[\"https:\\\/\\\/salesianos.info\\\/jornadadecomunicacion\\\/8a-jornada-de-comunicacion-dimension-pastoral-de-la-comunicacion\\\/\"]}]},{\"@type\":\"ImageObject\",\"inLanguage\":\"es\",\"@id\":\"https:\\\/\\\/salesianos.info\\\/jornadadecomunicacion\\\/8a-jornada-de-comunicacion-dimension-pastoral-de-la-comunicacion\\\/#primaryimage\",\"url\":\"https:\\\/\\\/salesianos.info\\\/jornadadecomunicacion\\\/wp-content\\\/uploads\\\/sites\\\/6\\\/2022\\\/01\\\/Captura-de-pantalla-2022-01-03-a-las-11.10.57.png\",\"contentUrl\":\"https:\\\/\\\/salesianos.info\\\/jornadadecomunicacion\\\/wp-content\\\/uploads\\\/sites\\\/6\\\/2022\\\/01\\\/Captura-de-pantalla-2022-01-03-a-las-11.10.57.png\",\"width\":436,\"height\":436},{\"@type\":\"BreadcrumbList\",\"@id\":\"https:\\\/\\\/salesianos.info\\\/jornadadecomunicacion\\\/8a-jornada-de-comunicacion-dimension-pastoral-de-la-comunicacion\\\/#breadcrumb\",\"itemListElement\":[{\"@type\":\"ListItem\",\"position\":1,\"name\":\"Portada\",\"item\":\"https:\\\/\\\/salesianos.info\\\/jornadadecomunicacion\\\/\"},{\"@type\":\"ListItem\",\"position\":2,\"name\":\"8\u00aa Jornada de Comunicaci\u00f3n | DIMENSI\u00d3N PASTORAL DE LA COMUNICACI\u00d3N\"}]},{\"@type\":\"WebSite\",\"@id\":\"https:\\\/\\\/salesianos.info\\\/jornadadecomunicacion\\\/#website\",\"url\":\"https:\\\/\\\/salesianos.info\\\/jornadadecomunicacion\\\/\",\"name\":\"Jornada de Comunicaci\u00f3n\",\"description\":\"Salesianos Espa\u00f1a\",\"potentialAction\":[{\"@type\":\"SearchAction\",\"target\":{\"@type\":\"EntryPoint\",\"urlTemplate\":\"https:\\\/\\\/salesianos.info\\\/jornadadecomunicacion\\\/?s={search_term_string}\"},\"query-input\":{\"@type\":\"PropertyValueSpecification\",\"valueRequired\":true,\"valueName\":\"search_term_string\"}}],\"inLanguage\":\"es\"}]}<\/script>\n<!-- \/ Yoast SEO plugin. -->","yoast_head_json":{"title":"8\u00aa Jornada de Comunicaci\u00f3n | DIMENSI\u00d3N PASTORAL DE LA COMUNICACI\u00d3N - Salesianos Espa\u00f1a","description":"Jornada de Comunicaci\u00f3n de Salesianos Espa\u00f1a. Dimesi\u00f3n Pastoral de la comunicaci\u00f3n.","robots":{"index":"index","follow":"follow","max-snippet":"max-snippet:-1","max-image-preview":"max-image-preview:large","max-video-preview":"max-video-preview:-1"},"canonical":"https:\/\/salesianos.info\/jornadadecomunicacion\/8a-jornada-de-comunicacion-dimension-pastoral-de-la-comunicacion\/","og_locale":"es_ES","og_type":"article","og_title":"8\u00aa Jornada de Comunicaci\u00f3n | DIMENSI\u00d3N PASTORAL DE LA COMUNICACI\u00d3N - Salesianos Espa\u00f1a","og_description":"Jornada de Comunicaci\u00f3n de Salesianos Espa\u00f1a. Dimesi\u00f3n Pastoral de la comunicaci\u00f3n.","og_url":"https:\/\/salesianos.info\/jornadadecomunicacion\/8a-jornada-de-comunicacion-dimension-pastoral-de-la-comunicacion\/","og_site_name":"Jornada de Comunicaci\u00f3n","article_modified_time":"2024-02-15T15:18:23+00:00","og_image":[{"width":436,"height":436,"url":"https:\/\/salesianos.info\/jornadadecomunicacion\/wp-content\/uploads\/sites\/6\/2022\/01\/Captura-de-pantalla-2022-01-03-a-las-11.10.57.png","type":"image\/png"}],"twitter_card":"summary_large_image","schema":{"@context":"https:\/\/schema.org","@graph":[{"@type":"WebPage","@id":"https:\/\/salesianos.info\/jornadadecomunicacion\/8a-jornada-de-comunicacion-dimension-pastoral-de-la-comunicacion\/","url":"https:\/\/salesianos.info\/jornadadecomunicacion\/8a-jornada-de-comunicacion-dimension-pastoral-de-la-comunicacion\/","name":"8\u00aa Jornada de Comunicaci\u00f3n | DIMENSI\u00d3N PASTORAL DE LA COMUNICACI\u00d3N - Salesianos Espa\u00f1a","isPartOf":{"@id":"https:\/\/salesianos.info\/jornadadecomunicacion\/#website"},"primaryImageOfPage":{"@id":"https:\/\/salesianos.info\/jornadadecomunicacion\/8a-jornada-de-comunicacion-dimension-pastoral-de-la-comunicacion\/#primaryimage"},"image":{"@id":"https:\/\/salesianos.info\/jornadadecomunicacion\/8a-jornada-de-comunicacion-dimension-pastoral-de-la-comunicacion\/#primaryimage"},"thumbnailUrl":"https:\/\/salesianos.info\/jornadadecomunicacion\/wp-content\/uploads\/sites\/6\/2022\/01\/Captura-de-pantalla-2022-01-03-a-las-11.10.57.png","datePublished":"2023-01-10T16:00:15+00:00","dateModified":"2024-02-15T15:18:23+00:00","description":"Jornada de Comunicaci\u00f3n de Salesianos Espa\u00f1a. Dimesi\u00f3n Pastoral de la comunicaci\u00f3n.","breadcrumb":{"@id":"https:\/\/salesianos.info\/jornadadecomunicacion\/8a-jornada-de-comunicacion-dimension-pastoral-de-la-comunicacion\/#breadcrumb"},"inLanguage":"es","potentialAction":[{"@type":"ReadAction","target":["https:\/\/salesianos.info\/jornadadecomunicacion\/8a-jornada-de-comunicacion-dimension-pastoral-de-la-comunicacion\/"]}]},{"@type":"ImageObject","inLanguage":"es","@id":"https:\/\/salesianos.info\/jornadadecomunicacion\/8a-jornada-de-comunicacion-dimension-pastoral-de-la-comunicacion\/#primaryimage","url":"https:\/\/salesianos.info\/jornadadecomunicacion\/wp-content\/uploads\/sites\/6\/2022\/01\/Captura-de-pantalla-2022-01-03-a-las-11.10.57.png","contentUrl":"https:\/\/salesianos.info\/jornadadecomunicacion\/wp-content\/uploads\/sites\/6\/2022\/01\/Captura-de-pantalla-2022-01-03-a-las-11.10.57.png","width":436,"height":436},{"@type":"BreadcrumbList","@id":"https:\/\/salesianos.info\/jornadadecomunicacion\/8a-jornada-de-comunicacion-dimension-pastoral-de-la-comunicacion\/#breadcrumb","itemListElement":[{"@type":"ListItem","position":1,"name":"Portada","item":"https:\/\/salesianos.info\/jornadadecomunicacion\/"},{"@type":"ListItem","position":2,"name":"8\u00aa Jornada de Comunicaci\u00f3n | DIMENSI\u00d3N PASTORAL DE LA COMUNICACI\u00d3N"}]},{"@type":"WebSite","@id":"https:\/\/salesianos.info\/jornadadecomunicacion\/#website","url":"https:\/\/salesianos.info\/jornadadecomunicacion\/","name":"Jornada de Comunicaci\u00f3n","description":"Salesianos Espa\u00f1a","potentialAction":[{"@type":"SearchAction","target":{"@type":"EntryPoint","urlTemplate":"https:\/\/salesianos.info\/jornadadecomunicacion\/?s={search_term_string}"},"query-input":{"@type":"PropertyValueSpecification","valueRequired":true,"valueName":"search_term_string"}}],"inLanguage":"es"}]}},"_links":{"self":[{"href":"https:\/\/salesianos.info\/jornadadecomunicacion\/wp-json\/wp\/v2\/pages\/706","targetHints":{"allow":["GET"]}}],"collection":[{"href":"https:\/\/salesianos.info\/jornadadecomunicacion\/wp-json\/wp\/v2\/pages"}],"about":[{"href":"https:\/\/salesianos.info\/jornadadecomunicacion\/wp-json\/wp\/v2\/types\/page"}],"author":[{"embeddable":true,"href":"https:\/\/salesianos.info\/jornadadecomunicacion\/wp-json\/wp\/v2\/users\/3"}],"replies":[{"embeddable":true,"href":"https:\/\/salesianos.info\/jornadadecomunicacion\/wp-json\/wp\/v2\/comments?post=706"}],"version-history":[{"count":3,"href":"https:\/\/salesianos.info\/jornadadecomunicacion\/wp-json\/wp\/v2\/pages\/706\/revisions"}],"predecessor-version":[{"id":971,"href":"https:\/\/salesianos.info\/jornadadecomunicacion\/wp-json\/wp\/v2\/pages\/706\/revisions\/971"}],"wp:featuredmedia":[{"embeddable":true,"href":"https:\/\/salesianos.info\/jornadadecomunicacion\/wp-json\/wp\/v2\/media\/514"}],"wp:attachment":[{"href":"https:\/\/salesianos.info\/jornadadecomunicacion\/wp-json\/wp\/v2\/media?parent=706"}],"curies":[{"name":"wp","href":"https:\/\/api.w.org\/{rel}","templated":true}]}}