{"id":2,"date":"2020-11-09T15:43:41","date_gmt":"2020-11-09T15:43:41","guid":{"rendered":"https:\/\/salesianos.info\/jornadadeespiritualidad\/?page_id=2"},"modified":"2022-11-23T08:57:47","modified_gmt":"2022-11-23T08:57:47","slug":"jornadaespiritualidad2022","status":"publish","type":"page","link":"https:\/\/salesianos.info\/jornadadeespiritualidad\/jornadaespiritualidad2022\/","title":{"rendered":"Jornadas de Espiritualidad 2022"},"content":{"rendered":"<p>[et_pb_section fb_built=\u00bb1&#8243; admin_label=\u00bbInstalaciones\u00bb _builder_version=\u00bb4.14.5&#8243; background_enable_color=\u00bboff\u00bb use_background_color_gradient=\u00bbon\u00bb background_color_gradient_start=\u00bb#000000&#8243; background_color_gradient_end=\u00bbrgba(0,0,0,0)\u00bb background_color_gradient_direction=\u00bb120deg\u00bb background_color_gradient_overlays_image=\u00bbon\u00bb background_image=\u00bbhttps:\/\/salesianos.info\/jornadadeespiritualidad\/wp-content\/uploads\/sites\/4\/2022\/01\/JFS-2022-Mundial_ES-copia.jpg\u00bb background_enable_video_mp4=\u00bboff\u00bb background_enable_video_webm=\u00bboff\u00bb allow_player_pause=\u00bbon\u00bb custom_padding=\u00bb0px||0px||false|false\u00bb background_last_edited=\u00bbon|phone\u00bb background_enable_video_mp4_phone=\u00bboff\u00bb background_enable_video_webm_phone=\u00bboff\u00bb box_shadow_style=\u00bbpreset6&#8243; box_shadow_horizontal=\u00bb80px\u00bb box_shadow_blur=\u00bb80px\u00bb box_shadow_spread=\u00bb20px\u00bb global_colors_info=\u00bb{}\u00bb filter_saturate__hover_enabled=\u00bboff|desktop\u00bb][et_pb_row column_structure=\u00bb3_5,2_5&#8243; admin_label=\u00bbHero Area\u00bb _builder_version=\u00bb4.8.2&#8243; use_background_color_gradient=\u00bbon\u00bb background_color_gradient_start=\u00bbrgba(31,40,45,0.95)\u00bb background_color_gradient_end=\u00bbrgba(31,40,45,0)\u00bb background_color_gradient_direction=\u00bb90deg\u00bb background_color_gradient_end_position=\u00bb70%\u00bb width=\u00bb100%\u00bb max_width=\u00bb2560px\u00bb custom_margin=\u00bb0px||||false|false\u00bb custom_margin_tablet=\u00bb||-80px||false|false\u00bb custom_margin_last_edited=\u00bboff|desktop\u00bb custom_padding=\u00bb0px|10%|0px||false|false\u00bb global_colors_info=\u00bb{}\u00bb][et_pb_column type=\u00bb3_5&#8243; _builder_version=\u00bb4.4.2&#8243; background_color_gradient_direction=\u00bb90deg\u00bb custom_padding=\u00bb10%||10%|10%|true|false\u00bb custom_padding_tablet=\u00bb15%||15%||true|false\u00bb custom_padding_phone=\u00bb20%||20%||true|false\u00bb custom_padding_last_edited=\u00bbon|phone\u00bb global_colors_info=\u00bb{}\u00bb custom_padding__hover=\u00bb|||\u00bb][et_pb_text content_tablet=\u00bb\u00bb content_phone=\u00bb<\/p>\n<h2>JORNADA DE ESPIRITUALIDAD<\/h2>\n<p>\u00bb content_last_edited=\u00bbon|phone\u00bb admin_label=\u00bbTitle\u00bb _builder_version=\u00bb4.7.2&#8243; text_font=\u00bb||||||||\u00bb header_font=\u00bbLato|900|||||||\u00bb header_font_size=\u00bb60px\u00bb header_line_height=\u00bb1.2em\u00bb background_layout=\u00bbdark\u00bb header_font_size_tablet=\u00bb\u00bb header_font_size_phone=\u00bb40px\u00bb header_font_size_last_edited=\u00bbon|phone\u00bb header_text_shadow_style=\u00bbpreset3&#8243; header_text_shadow_blur_strength=\u00bb2em\u00bb header_text_shadow_color=\u00bb#000000&#8243; global_colors_info=\u00bb{}\u00bb]<\/p>\n<h1>JORNADAS DE ESPIRITUALIDAD<\/h1>\n<p>[\/et_pb_text][et_pb_image src=\u00bbhttps:\/\/salesianos.info\/jornadadeespiritualidad\/wp-content\/uploads\/sites\/4\/2020\/12\/fasa.png\u00bb title_text=\u00bbfasa\u00bb _builder_version=\u00bb4.7.2&#8243; _module_preset=\u00bbdefault\u00bb custom_margin=\u00bb-50px||||false|false\u00bb custom_padding=\u00bb0px||||false|false\u00bb global_colors_info=\u00bb{}\u00bb][\/et_pb_image][et_pb_text admin_label=\u00bbSubtitle\u00bb _builder_version=\u00bb4.8.2&#8243; text_font=\u00bbPoppins|300|||||||\u00bb text_font_size=\u00bb29px\u00bb text_line_height=\u00bb1.8em\u00bb header_font=\u00bb||||||||\u00bb background_layout=\u00bbdark\u00bb custom_margin=\u00bb-30px||||false|false\u00bb custom_padding=\u00bb0px||||false|false\u00bb text_text_shadow_style=\u00bbpreset3&#8243; text_text_shadow_blur_strength=\u00bb1.48em\u00bb text_text_shadow_color=\u00bb#000000&#8243; global_colors_info=\u00bb{}\u00bb]<\/p>\n<p><strong>13 al 16 de enero de 2022<\/strong><\/p>\n<p>[\/et_pb_text][et_pb_button button_url=\u00bbhttps:\/\/www.facebook.com\/agenziaans\u00bb url_new_window=\u00bbon\u00bb button_text=\u00bbRetransmisi\u00f3n desde Facebook en espa\u00f1ol\u00bb _builder_version=\u00bb4.13.0&#8243; custom_button=\u00bbon\u00bb button_text_size=\u00bb14px\u00bb button_text_color=\u00bb#ffffff\u00bb button_bg_color=\u00bb#dc001b\u00bb button_border_width=\u00bb8px\u00bb button_border_color=\u00bb#dc001b\u00bb button_border_radius=\u00bb7px\u00bb button_letter_spacing=\u00bb1px\u00bb button_font=\u00bbLato|600||on|||||\u00bb button_icon=\u00bb&#x24;||divi||400&#8243; custom_margin=\u00bb10px|||\u00bb global_colors_info=\u00bb{}\u00bb button_text_size__hover_enabled=\u00bboff\u00bb button_one_text_size__hover_enabled=\u00bboff\u00bb button_two_text_size__hover_enabled=\u00bboff\u00bb button_text_color__hover_enabled=\u00bboff\u00bb button_one_text_color__hover_enabled=\u00bboff\u00bb button_two_text_color__hover_enabled=\u00bboff\u00bb button_border_width__hover_enabled=\u00bboff\u00bb button_one_border_width__hover_enabled=\u00bboff\u00bb button_two_border_width__hover_enabled=\u00bboff\u00bb button_border_color__hover_enabled=\u00bboff\u00bb button_one_border_color__hover_enabled=\u00bboff\u00bb button_two_border_color__hover_enabled=\u00bboff\u00bb button_border_radius__hover_enabled=\u00bboff\u00bb button_one_border_radius__hover_enabled=\u00bboff\u00bb button_two_border_radius__hover_enabled=\u00bboff\u00bb button_letter_spacing__hover_enabled=\u00bboff\u00bb button_one_letter_spacing__hover_enabled=\u00bboff\u00bb button_two_letter_spacing__hover_enabled=\u00bboff\u00bb button_bg_color__hover_enabled=\u00bboff\u00bb button_one_bg_color__hover_enabled=\u00bboff\u00bb button_two_bg_color__hover_enabled=\u00bboff\u00bb][\/et_pb_button][et_pb_button button_url=\u00bbhttps:\/\/www.youtube.com\/channel\/UCuWaUmImQCkYUiaXBnfLBEw\u00bb url_new_window=\u00bbon\u00bb button_text=\u00bbRetransmisi\u00f3n desde Youtube en italiano\u00bb _builder_version=\u00bb4.13.0&#8243; custom_button=\u00bbon\u00bb button_text_size=\u00bb14px\u00bb button_text_color=\u00bb#ffffff\u00bb button_bg_color=\u00bb#dc001b\u00bb button_border_width=\u00bb8px\u00bb button_border_color=\u00bb#dc001b\u00bb button_border_radius=\u00bb7px\u00bb button_letter_spacing=\u00bb1px\u00bb button_font=\u00bbLato|600||on|||||\u00bb button_icon=\u00bb&#x24;||divi||400&#8243; custom_margin=\u00bb10px|||\u00bb global_colors_info=\u00bb{}\u00bb button_text_size__hover_enabled=\u00bboff\u00bb button_one_text_size__hover_enabled=\u00bboff\u00bb button_two_text_size__hover_enabled=\u00bboff\u00bb button_text_color__hover_enabled=\u00bboff\u00bb button_one_text_color__hover_enabled=\u00bboff\u00bb button_two_text_color__hover_enabled=\u00bboff\u00bb button_border_width__hover_enabled=\u00bboff\u00bb button_one_border_width__hover_enabled=\u00bboff\u00bb button_two_border_width__hover_enabled=\u00bboff\u00bb button_border_color__hover_enabled=\u00bboff\u00bb button_one_border_color__hover_enabled=\u00bboff\u00bb button_two_border_color__hover_enabled=\u00bboff\u00bb button_border_radius__hover_enabled=\u00bboff\u00bb button_one_border_radius__hover_enabled=\u00bboff\u00bb button_two_border_radius__hover_enabled=\u00bboff\u00bb button_letter_spacing__hover_enabled=\u00bboff\u00bb button_one_letter_spacing__hover_enabled=\u00bboff\u00bb button_two_letter_spacing__hover_enabled=\u00bboff\u00bb button_bg_color__hover_enabled=\u00bboff\u00bb button_one_bg_color__hover_enabled=\u00bboff\u00bb button_two_bg_color__hover_enabled=\u00bboff\u00bb][\/et_pb_button][et_pb_button button_url=\u00bbhttps:\/\/us06web.zoom.us\/j\/87046011840?pwd=aXVRZ1RacjZxWFRMRklkSUhPVXAzZz09#success\u00bb url_new_window=\u00bbon\u00bb button_text=\u00bbAcceso a la sala de Zoom\u00bb button_alignment=\u00bbleft\u00bb _builder_version=\u00bb4.14.5&#8243; _module_preset=\u00bbdefault\u00bb custom_button=\u00bbon\u00bb button_text_size=\u00bb20px\u00bb button_text_color=\u00bb#ffffff\u00bb button_bg_color=\u00bb#f2cd00&#8243; button_border_color=\u00bbrgba(0,0,0,0)\u00bb button_border_radius=\u00bb6px\u00bb button_font=\u00bb|||on|||||\u00bb button_icon=\u00bb&#x45;||divi||400&#8243; custom_margin=\u00bb18px||||false|false\u00bb hover_enabled=\u00bb0&#8243; button_text_shadow_style=\u00bbpreset2&#8243; box_shadow_style=\u00bbpreset3&#8243; global_colors_info=\u00bb{}\u00bb sticky_enabled=\u00bb0&#8243;][\/et_pb_button][\/et_pb_column][et_pb_column type=\u00bb2_5&#8243; _builder_version=\u00bb4.4.2&#8243; custom_padding=\u00bb0px|0px|0px|0px|false|false\u00bb global_colors_info=\u00bb{}\u00bb custom_padding__hover=\u00bb|||\u00bb][et_pb_divider show_divider=\u00bboff\u00bb disabled_on=\u00bbon|off|off\u00bb _builder_version=\u00bb4.7.2&#8243; _module_preset=\u00bbdefault\u00bb custom_margin=\u00bb100px||100px||false|false\u00bb global_colors_info=\u00bb{}\u00bb][\/et_pb_divider][\/et_pb_column][\/et_pb_row][\/et_pb_section][et_pb_section fb_built=\u00bb1&#8243; disabled_on=\u00bboff|off|off\u00bb admin_label=\u00bbJUEVES\u00bb _builder_version=\u00bb4.7.2&#8243; background_color=\u00bb#161c21&#8243; custom_padding=\u00bb0px||0px|\u00bb global_colors_info=\u00bb{}\u00bb][et_pb_row column_structure=\u00bb2_3,1_3&#8243; use_custom_gutter=\u00bbon\u00bb gutter_width=\u00bb0&#8243; make_equal=\u00bbon\u00bb admin_label=\u00bbStudio Membership Area\u00bb module_class=\u00bb et_pb_row_fullwidth\u00bb _builder_version=\u00bb4.14.6&#8243; width=\u00bb100%\u00bb width_tablet=\u00bb100%\u00bb width_phone=\u00bb\u00bb width_last_edited=\u00bbon|desktop\u00bb max_width=\u00bb100%\u00bb max_width_tablet=\u00bb100%\u00bb max_width_phone=\u00bb\u00bb max_width_last_edited=\u00bbon|desktop\u00bb custom_margin=\u00bb|||\u00bb custom_padding=\u00bb0px||0px|\u00bb make_fullwidth=\u00bbon\u00bb global_colors_info=\u00bb{}\u00bb][et_pb_column type=\u00bb2_3&#8243; _builder_version=\u00bb4.14.6&#8243; background_image=\u00bbhttps:\/\/salesianos.info\/jornadadeespiritualidad\/wp-content\/uploads\/sites\/4\/2022\/01\/51819571280_c28b08dd69_k.jpg\u00bb custom_padding=\u00bb|||\u00bb filter_saturate=\u00bb120%\u00bb filter_contrast=\u00bb105%\u00bb filter_invert=\u00bb10%\u00bb global_colors_info=\u00bb{}\u00bb custom_padding__hover=\u00bb|||\u00bb][et_pb_divider show_divider=\u00bboff\u00bb _builder_version=\u00bb4.7.2&#8243; height=\u00bb400px\u00bb locked=\u00bboff\u00bb global_colors_info=\u00bb{}\u00bb][\/et_pb_divider][\/et_pb_column][et_pb_column type=\u00bb1_3&#8243; _builder_version=\u00bb4.7.2&#8243; background_color=\u00bb#e2bf0d\u00bb background_repeat=\u00bbrepeat\u00bb custom_padding=\u00bb10%|5%|10%|5%\u00bb global_colors_info=\u00bb{}\u00bb custom_padding__hover=\u00bb|||\u00bb][et_pb_text admin_label=\u00bbTitle\u00bb _builder_version=\u00bb4.14.5&#8243; text_font=\u00bb||||||||\u00bb header_font=\u00bb||||||||\u00bb header_2_font=\u00bbPoppins|600|||||||\u00bb header_2_font_size=\u00bb36px\u00bb header_2_line_height=\u00bb1.2em\u00bb background_layout=\u00bbdark\u00bb animation_style=\u00bbfold\u00bb animation_direction=\u00bbleft\u00bb animation_intensity_fold=\u00bb10%\u00bb animation_starting_opacity=\u00bb100%\u00bb locked=\u00bboff\u00bb global_colors_info=\u00bb{}\u00bb]<\/p>\n<h2><b>Jueves 13 de enero\u00a0<\/b><\/h2>\n<p>[\/et_pb_text][et_pb_divider divider_position=\u00bbcenter\u00bb divider_weight=\u00bb3px\u00bb _builder_version=\u00bb4.14.5&#8243; max_width=\u00bb50px\u00bb animation_style=\u00bbslide\u00bb animation_direction=\u00bbtop\u00bb animation_intensity_slide=\u00bb10%\u00bb animation_starting_opacity=\u00bb100%\u00bb locked=\u00bboff\u00bb global_colors_info=\u00bb{}\u00bb][\/et_pb_divider][et_pb_text admin_label=\u00bbTitle\u00bb _builder_version=\u00bb4.14.5&#8243; text_font=\u00bb||||||||\u00bb text_font_size=\u00bb12px\u00bb header_font=\u00bb||||||||\u00bb header_2_font=\u00bbPoppins|600|||||||\u00bb header_2_font_size=\u00bb30px\u00bb background_layout=\u00bbdark\u00bb animation_style=\u00bbfold\u00bb animation_direction=\u00bbleft\u00bb animation_intensity_fold=\u00bb10%\u00bb animation_starting_opacity=\u00bb100%\u00bb locked=\u00bboff\u00bb global_colors_info=\u00bb{}\u00bb]<\/p>\n<h2 style=\"text-align: center;\">\u00a0<\/h2>\n<p>&nbsp;<\/p>\n<h2 style=\"text-align: left;\">Programa com\u00fan<\/h2>\n<p>[\/et_pb_text][et_pb_text _builder_version=\u00bb4.14.5&#8243; text_font=\u00bbPoppins||||||||\u00bb text_text_color=\u00bbrgba(255,255,255,0.7)\u00bb text_font_size=\u00bb19px\u00bb text_line_height=\u00bb1.8em\u00bb background_layout=\u00bbdark\u00bb custom_margin=\u00bb25px|||\u00bb animation_style=\u00bbfold\u00bb animation_direction=\u00bbleft\u00bb animation_intensity_fold=\u00bb10%\u00bb animation_starting_opacity=\u00bb100%\u00bb locked=\u00bboff\u00bb global_colors_info=\u00bb{}\u00bb]<\/p>\n<ul>\n<li><strong>13.00 h. <\/strong>Sesi\u00f3n inaugural, oraci\u00f3n y presentaci\u00f3n de las Jornadas a cargo del padre Joan Llu\u00eds Play\u00e0, Delegado Central del Rector Mayor para el Secretariado de la Familia Salesiana.<\/li>\n<li><strong>13.20 h.\u00a0<\/strong>Solemne conclusi\u00f3n del a\u00f1o dedicado al Don Paolo Albera, II Sucesor de Don Bosco.<\/li>\n<li><strong>13.30 h.\u00a0<\/strong>Presentaci\u00f3n del Aguinaldo por parte del Rector Mayor, P. \u00c1ngel Fern\u00e1ndez Artime.<\/li>\n<li><strong>15.00 h.\u00a0<\/strong>Oraci\u00f3n y cierre del primer momento com\u00fan.<\/li>\n<\/ul>\n<p><strong><a href=\"https:\/\/www.facebook.com\/agenziaans\" target=\"_blank\" rel=\"noopener\"><img loading=\"lazy\" decoding=\"async\" class=\"wp-image-191 alignnone \" src=\"https:\/\/salesianos.info\/jornadadeespiritualidad\/wp-content\/uploads\/sites\/4\/2021\/01\/fb.png\" alt=\"\" width=\"29\" height=\"29\" srcset=\"https:\/\/salesianos.info\/jornadadeespiritualidad\/wp-content\/uploads\/sites\/4\/2021\/01\/fb.png 250w, https:\/\/salesianos.info\/jornadadeespiritualidad\/wp-content\/uploads\/sites\/4\/2021\/01\/fb-150x150.png 150w\" sizes=\"(max-width: 29px) 100vw, 29px\" \/><\/a>\u00a0<a href=\"https:\/\/www.youtube.com\/channel\/UCuWaUmImQCkYUiaXBnfLBEw\" target=\"_blank\" rel=\"noopener\"><img loading=\"lazy\" decoding=\"async\" class=\"wp-image-192 alignnone \" src=\"https:\/\/salesianos.info\/jornadadeespiritualidad\/wp-content\/uploads\/sites\/4\/2021\/01\/youtube.png\" alt=\"\" width=\"39\" height=\"27\" \/> <\/a><br \/>Pulsa el icono para ver la emisi\u00f3n<\/strong><\/p>\n<p>[\/et_pb_text][\/et_pb_column][\/et_pb_row][\/et_pb_section][et_pb_section fb_built=\u00bb1&#8243; disabled_on=\u00bboff|off|off\u00bb admin_label=\u00bbSuperficie y oferta educativa\u00bb _builder_version=\u00bb4.7.2&#8243; background_enable_color=\u00bboff\u00bb background_image=\u00bbhttps:\/\/salesianos.info\/jornadadeespiritualidad\/wp-content\/uploads\/sites\/4\/2020\/12\/Jornada-de-Espiritualdiad.jpg\u00bb parallax=\u00bbon\u00bb custom_padding=\u00bb0px||0px|\u00bb global_colors_info=\u00bb{}\u00bb][et_pb_row use_custom_gutter=\u00bbon\u00bb gutter_width=\u00bb0&#8243; make_equal=\u00bbon\u00bb admin_label=\u00bbStudio Membership Area\u00bb module_class=\u00bb et_pb_row_fullwidth\u00bb _builder_version=\u00bb4.7.2&#8243; width=\u00bb100%\u00bb width_tablet=\u00bb100%\u00bb width_phone=\u00bb\u00bb width_last_edited=\u00bbon|desktop\u00bb max_width=\u00bb100%\u00bb max_width_tablet=\u00bb100%\u00bb max_width_phone=\u00bb\u00bb max_width_last_edited=\u00bbon|desktop\u00bb custom_margin=\u00bb|||\u00bb custom_padding=\u00bb0px||0px|\u00bb box_shadow_style=\u00bbpreset3&#8243; make_fullwidth=\u00bbon\u00bb global_colors_info=\u00bb{}\u00bb][et_pb_column type=\u00bb4_4&#8243; _builder_version=\u00bb4.7.2&#8243; background_color=\u00bbrgba(226,191,13,0.94)\u00bb background_enable_image=\u00bboff\u00bb custom_padding=\u00bb|||\u00bb filter_saturate=\u00bb120%\u00bb filter_contrast=\u00bb105%\u00bb filter_invert=\u00bb10%\u00bb global_colors_info=\u00bb{}\u00bb custom_padding__hover=\u00bb|||\u00bb][et_pb_text admin_label=\u00bbTitle\u00bb _builder_version=\u00bb4.14.5&#8243; text_font=\u00bb||||||||\u00bb header_font=\u00bb||||||||\u00bb header_2_font=\u00bbPoppins|600|||||||\u00bb header_2_font_size=\u00bb30px\u00bb background_layout=\u00bbdark\u00bb animation_style=\u00bbfold\u00bb animation_direction=\u00bbleft\u00bb animation_intensity_fold=\u00bb10%\u00bb animation_starting_opacity=\u00bb100%\u00bb header_2_text_shadow_style=\u00bbpreset2&#8243; locked=\u00bboff\u00bb global_colors_info=\u00bb{}\u00bb]<\/p>\n<h2 style=\"text-align: center;\">\u00a0<\/h2>\n<h2 style=\"text-align: center;\"><strong>TIEMPO PROPIO EN LENGUA ESPA\u00d1OLA<\/strong><\/h2>\n<h2 style=\"text-align: center;\"><strong>Aguinaldo del Rector Mayor\u00a0<\/strong><\/h2>\n<p style=\"text-align: center;\"><a href=\"https:\/\/us06web.zoom.us\/j\/87046011840?pwd=aXVRZ1RacjZxWFRMRklkSUhPVXAzZz09\" target=\"_blank\" rel=\"noopener noreferrer\"><strong>Para participar pulsa en el icono de Zoom<img loading=\"lazy\" decoding=\"async\" class=\"wp-image-185 alignnone size-medium\" style=\"display: block; margin-left: auto; margin-right: auto;\" src=\"https:\/\/salesianos.info\/jornadadeespiritualidad\/wp-content\/uploads\/sites\/4\/2021\/01\/zoom-300x178.jpg\" alt=\"\" width=\"81\" height=\"48\" \/><\/strong><\/a><\/p>\n<p>[\/et_pb_text][et_pb_divider divider_position=\u00bbcenter\u00bb divider_weight=\u00bb3px\u00bb _builder_version=\u00bb4.14.5&#8243; max_width=\u00bb50px\u00bb module_alignment=\u00bbcenter\u00bb animation_style=\u00bbslide\u00bb animation_direction=\u00bbtop\u00bb animation_intensity_slide=\u00bb10%\u00bb animation_starting_opacity=\u00bb100%\u00bb locked=\u00bboff\u00bb global_colors_info=\u00bb{}\u00bb][\/et_pb_divider][et_pb_text _builder_version=\u00bb4.14.5&#8243; text_font=\u00bbPoppins||||||||\u00bb text_text_color=\u00bb#ffffff\u00bb text_font_size=\u00bb21px\u00bb text_line_height=\u00bb1.8em\u00bb header_text_color=\u00bb#0c71c3&#8243; header_2_text_color=\u00bb#dc001b\u00bb background_layout=\u00bbdark\u00bb custom_margin=\u00bb25px|||\u00bb animation_style=\u00bbfold\u00bb animation_direction=\u00bbleft\u00bb animation_intensity_fold=\u00bb10%\u00bb animation_starting_opacity=\u00bb100%\u00bb text_text_shadow_style=\u00bbpreset2&#8243; locked=\u00bboff\u00bb global_colors_info=\u00bb{}\u00bb]<\/p>\n<ul>\n<li style=\"text-align: center;\"><strong>18.30 h. <\/strong>Acogida, saludo e indicaciones t\u00e9cnicas<\/li>\n<li style=\"text-align: center;\"><strong>18.45 h.\u00a0<\/strong>Oraci\u00f3n inicial<\/li>\n<li style=\"text-align: center;\"><strong>19.00 h.\u00a0<\/strong><a href=\"https:\/\/view.genial.ly\/61dbe969019bb20de6e6e0ef\" target=\"_blank\" rel=\"noopener\">Presentaci\u00f3n de grupos de FS presentes en la Regi\u00f3n Mediterr\u00e1nea \u00a0<img loading=\"lazy\" decoding=\"async\" class=\"wp-image-408 alignnone \" src=\"https:\/\/salesianos.info\/jornadadeespiritualidad\/wp-content\/uploads\/sites\/4\/2022\/01\/logo-genially-150x150.png\" alt=\"\" width=\"21\" height=\"21\" srcset=\"https:\/\/salesianos.info\/jornadadeespiritualidad\/wp-content\/uploads\/sites\/4\/2022\/01\/logo-genially-150x150.png 150w, https:\/\/salesianos.info\/jornadadeespiritualidad\/wp-content\/uploads\/sites\/4\/2022\/01\/logo-genially-300x300.png 300w, https:\/\/salesianos.info\/jornadadeespiritualidad\/wp-content\/uploads\/sites\/4\/2022\/01\/logo-genially.png 400w\" sizes=\"(max-width: 21px) 100vw, 21px\" \/><\/a><\/li>\n<li style=\"text-align: center;\"><strong>19.15 h.<\/strong> <a href=\"https:\/\/salesianos.info\/jornadadeespiritualidad\/wp-content\/uploads\/sites\/4\/2022\/01\/JFS-2002-Trabajo-de-grupo-1-sobre-Aguinaldo.pdf\" target=\"_blank\" rel=\"noopener\">TRABAJO POR GRUPOS FICHA 1.\u00a0 Sobre el Aguinaldo.<\/a><\/li>\n<li style=\"text-align: center;\"><strong>20.00 h.<\/strong> Conclusi\u00f3n todos juntos<\/li>\n<\/ul>\n<p>[\/et_pb_text][\/et_pb_column][\/et_pb_row][\/et_pb_section][et_pb_section fb_built=\u00bb1&#8243; disabled_on=\u00bboff|off|off\u00bb admin_label=\u00bbVIERNES\u00bb module_id=\u00bbpabellones\u00bb _builder_version=\u00bb4.4.2&#8243; custom_padding=\u00bb0px||0px|\u00bb global_colors_info=\u00bb{}\u00bb][et_pb_row column_structure=\u00bb1_3,2_3&#8243; use_custom_gutter=\u00bbon\u00bb gutter_width=\u00bb0&#8243; make_equal=\u00bbon\u00bb admin_label=\u00bbWorkshops and Events Area\u00bb module_class=\u00bb et_pb_row_fullwidth\u00bb _builder_version=\u00bb4.14.6&#8243; z_index=\u00bb20&#8243; width=\u00bb100%\u00bb width_tablet=\u00bb100%\u00bb width_phone=\u00bb\u00bb width_last_edited=\u00bbon|desktop\u00bb max_width=\u00bb100%\u00bb max_width_tablet=\u00bb100%\u00bb max_width_phone=\u00bb\u00bb max_width_last_edited=\u00bbon|desktop\u00bb custom_margin=\u00bb|||\u00bb custom_padding=\u00bb0px||0px|\u00bb make_fullwidth=\u00bbon\u00bb global_colors_info=\u00bb{}\u00bb][et_pb_column type=\u00bb1_3&#8243; _builder_version=\u00bb4.4.2&#8243; background_color=\u00bb#ffffff\u00bb custom_padding=\u00bb10%|5%|10%|5%\u00bb global_colors_info=\u00bb{}\u00bb custom_padding__hover=\u00bb|||\u00bb][et_pb_text admin_label=\u00bbTitle\u00bb _builder_version=\u00bb4.14.5&#8243; header_font=\u00bb||||||||\u00bb header_2_font=\u00bbLato|900|||||||\u00bb header_2_font_size=\u00bb36px\u00bb header_2_line_height=\u00bb1.2em\u00bb animation_style=\u00bbfold\u00bb animation_direction=\u00bbleft\u00bb animation_intensity_fold=\u00bb10%\u00bb animation_starting_opacity=\u00bb100%\u00bb global_colors_info=\u00bb{}\u00bb]<\/p>\n<h2>Viernes 14 de enero<\/h2>\n<p>[\/et_pb_text][et_pb_divider color=\u00bb#51626f\u00bb divider_position=\u00bbcenter\u00bb divider_weight=\u00bb3px\u00bb _builder_version=\u00bb4.4.2&#8243; max_width=\u00bb50px\u00bb module_alignment=\u00bbleft\u00bb animation_style=\u00bbslide\u00bb animation_direction=\u00bbtop\u00bb animation_intensity_slide=\u00bb10%\u00bb animation_starting_opacity=\u00bb100%\u00bb locked=\u00bboff\u00bb global_colors_info=\u00bb{}\u00bb][\/et_pb_divider][et_pb_text admin_label=\u00bbTitle\u00bb _builder_version=\u00bb4.14.5&#8243; header_font=\u00bb||||||||\u00bb header_2_font=\u00bbLato|900|||||||\u00bb header_2_font_size=\u00bb28px\u00bb header_2_line_height=\u00bb1.2em\u00bb animation_style=\u00bbfold\u00bb animation_direction=\u00bbleft\u00bb animation_intensity_fold=\u00bb10%\u00bb animation_starting_opacity=\u00bb100%\u00bb global_colors_info=\u00bb{}\u00bb]<\/p>\n<h2>Programa com\u00fan<\/h2>\n<h2 style=\"text-align: left;\">\u00a0<\/h2>\n<p>[\/et_pb_text][et_pb_text _builder_version=\u00bb4.14.5&#8243; text_font=\u00bbPoppins||||||||\u00bb text_text_color=\u00bb#666666&#8243; text_font_size=\u00bb18px\u00bb text_line_height=\u00bb1.8em\u00bb custom_margin=\u00bb25px|||\u00bb animation_style=\u00bbfold\u00bb animation_direction=\u00bbleft\u00bb animation_intensity_fold=\u00bb10%\u00bb animation_starting_opacity=\u00bb100%\u00bb global_colors_info=\u00bb{}\u00bb]<\/p>\n<ul>\n<li><strong>13.00 h.<\/strong>\u00a0Saludo, oraci\u00f3n y presentaci\u00f3n de la Jornada.\u00a0<\/li>\n<li><strong>13.15 h. <\/strong>Mesa redonda sobre la espiritualidad de San Francisco de Sales a cargo de varios expertos en la materia: tres sacerdotes salesianos, Michele Molinar, Eunan McDonnell y Giuseppe Roggia; adem\u00e1s de la periodista Vania de Luca y de Sor Maria Grazia Franceschini, de la Orden de la Visitaci\u00f3n de Santa Mar\u00eda, orden fundada por San Francisco de Sales.<\/li>\n<\/ul>\n<p><strong><a href=\"https:\/\/www.facebook.com\/agenziaans\" target=\"_blank\" rel=\"noopener\"><img loading=\"lazy\" decoding=\"async\" class=\"wp-image-191 alignnone \" src=\"https:\/\/salesianos.info\/jornadadeespiritualidad\/wp-content\/uploads\/sites\/4\/2021\/01\/fb.png\" alt=\"\" width=\"29\" height=\"29\" srcset=\"https:\/\/salesianos.info\/jornadadeespiritualidad\/wp-content\/uploads\/sites\/4\/2021\/01\/fb.png 250w, https:\/\/salesianos.info\/jornadadeespiritualidad\/wp-content\/uploads\/sites\/4\/2021\/01\/fb-150x150.png 150w\" sizes=\"(max-width: 29px) 100vw, 29px\" \/><\/a>\u00a0<a href=\"https:\/\/www.youtube.com\/channel\/UCuWaUmImQCkYUiaXBnfLBEw\" target=\"_blank\" rel=\"noopener\"><img loading=\"lazy\" decoding=\"async\" class=\"wp-image-192 alignnone \" src=\"https:\/\/salesianos.info\/jornadadeespiritualidad\/wp-content\/uploads\/sites\/4\/2021\/01\/youtube.png\" alt=\"\" width=\"39\" height=\"27\" \/> <\/a><br \/>Pulsa el icono para ver la emisi\u00f3n<\/strong><\/p>\n<p>[\/et_pb_text][et_pb_button button_url=\u00bbhttps:\/\/salesianos.info\/jornadadeespiritualidad\/wp-content\/uploads\/sites\/4\/2022\/01\/JFS-2022-Mesa-Redonda-14-de-enero.pdf\u00bb button_text=\u00bbMaterial sobre la Mesa Redonda\u00bb _builder_version=\u00bb4.14.5&#8243; _module_preset=\u00bbdefault\u00bb custom_button=\u00bbon\u00bb button_text_size=\u00bb12px\u00bb button_text_color=\u00bb#FFFFFF\u00bb button_bg_color=\u00bb#DC001B\u00bb button_font=\u00bb|||on|||||\u00bb global_colors_info=\u00bb{}\u00bb][\/et_pb_button][\/et_pb_column][et_pb_column type=\u00bb2_3&#8243; _builder_version=\u00bb4.14.6&#8243; background_image=\u00bbhttps:\/\/salesianos.info\/jornadadeespiritualidad\/wp-content\/uploads\/sites\/4\/2022\/01\/51818858891_f1d374e753_k.jpg\u00bb background_repeat=\u00bbrepeat\u00bb custom_padding=\u00bb|||\u00bb filter_saturate=\u00bb130%\u00bb filter_contrast=\u00bb120%\u00bb filter_invert=\u00bb5%\u00bb global_colors_info=\u00bb{}\u00bb custom_padding__hover=\u00bb|||\u00bb][et_pb_divider show_divider=\u00bboff\u00bb _builder_version=\u00bb4.7.2&#8243; height=\u00bb400px\u00bb locked=\u00bboff\u00bb global_colors_info=\u00bb{}\u00bb][\/et_pb_divider][\/et_pb_column][\/et_pb_row][\/et_pb_section][et_pb_section fb_built=\u00bb1&#8243; disabled_on=\u00bboff|off|off\u00bb admin_label=\u00bbSuperficie y oferta educativa\u00bb _builder_version=\u00bb4.7.2&#8243; background_enable_color=\u00bboff\u00bb background_image=\u00bbhttps:\/\/salesianos.info\/jornadadeespiritualidad\/wp-content\/uploads\/sites\/4\/2020\/12\/Jornada-de-Espiritualdiad.jpg\u00bb parallax=\u00bbon\u00bb custom_padding=\u00bb0px||0px|\u00bb global_colors_info=\u00bb{}\u00bb][et_pb_row use_custom_gutter=\u00bbon\u00bb gutter_width=\u00bb0&#8243; make_equal=\u00bbon\u00bb admin_label=\u00bbStudio Membership Area\u00bb module_class=\u00bb et_pb_row_fullwidth\u00bb _builder_version=\u00bb4.7.2&#8243; width=\u00bb100%\u00bb width_tablet=\u00bb100%\u00bb width_phone=\u00bb\u00bb width_last_edited=\u00bbon|desktop\u00bb max_width=\u00bb100%\u00bb max_width_tablet=\u00bb100%\u00bb max_width_phone=\u00bb\u00bb max_width_last_edited=\u00bbon|desktop\u00bb custom_margin=\u00bb|||\u00bb custom_padding=\u00bb0px||0px|\u00bb box_shadow_style=\u00bbpreset3&#8243; make_fullwidth=\u00bbon\u00bb global_colors_info=\u00bb{}\u00bb][et_pb_column type=\u00bb4_4&#8243; _builder_version=\u00bb4.7.2&#8243; background_color=\u00bbrgba(255,255,255,0.94)\u00bb background_enable_image=\u00bboff\u00bb custom_padding=\u00bb|||\u00bb filter_saturate=\u00bb120%\u00bb filter_contrast=\u00bb105%\u00bb filter_invert=\u00bb10%\u00bb global_colors_info=\u00bb{}\u00bb custom_padding__hover=\u00bb|||\u00bb][et_pb_text admin_label=\u00bbTitle\u00bb _builder_version=\u00bb4.14.5&#8243; text_font=\u00bb||||||||\u00bb text_font_size=\u00bb12px\u00bb header_font=\u00bb||||||||\u00bb header_text_color=\u00bb#636A70&#8243; header_2_font=\u00bbPoppins|600|||||||\u00bb header_2_text_color=\u00bb#636A70&#8243; header_2_font_size=\u00bb30px\u00bb background_layout=\u00bbdark\u00bb animation_style=\u00bbfold\u00bb animation_direction=\u00bbleft\u00bb animation_intensity_fold=\u00bb10%\u00bb animation_starting_opacity=\u00bb100%\u00bb header_2_text_shadow_style=\u00bbpreset2&#8243; locked=\u00bboff\u00bb global_colors_info=\u00bb{}\u00bb]<\/p>\n<h2 style=\"text-align: center;\">\u00a0<\/h2>\n<p>&nbsp;<\/p>\n<h2 style=\"text-align: center;\"><strong>TIEMPO PROPIO EN LENGUA ESPA\u00d1OLA<\/strong><strong>\u00a0<\/strong><\/h2>\n<p>[\/et_pb_text][et_pb_text _builder_version=\u00bb4.14.6&#8243; _module_preset=\u00bbdefault\u00bb text_text_color=\u00bb#636A70&#8243; text_font_size=\u00bb17px\u00bb hover_enabled=\u00bb0&#8243; global_colors_info=\u00bb{}\u00bb sticky_enabled=\u00bb0&#8243;]<\/p>\n<div style=\"text-align: center;\">\n<div><b>Profundizaci\u00f3n del Aguinaldo<\/b><\/div>\n<\/div>\n<div><\/div>\n<div><\/div>\n<div style=\"text-align: center;\"><a href=\"https:\/\/us06web.zoom.us\/j\/87046011840?pwd=aXVRZ1RacjZxWFRMRklkSUhPVXAzZz09#success\" target=\"_blank\" rel=\"noopener noreferrer\"><strong>Para participar pulsa en el icono de Zoom<\/strong><\/a><\/div>\n<div><\/div>\n<div style=\"text-align: center;\">\n<div><a href=\"https:\/\/us06web.zoom.us\/j\/87046011840?pwd=aXVRZ1RacjZxWFRMRklkSUhPVXAzZz09#success\" target=\"_blank\" rel=\"noopener noreferrer\"><strong><img loading=\"lazy\" decoding=\"async\" class=\"wp-image-185 alignnone size-medium\" style=\"display: block; margin-left: auto; margin-right: auto;\" src=\"https:\/\/salesianos.info\/jornadadeespiritualidad\/wp-content\/uploads\/sites\/4\/2021\/01\/zoom-300x178.jpg\" alt=\"\" width=\"81\" height=\"48\" \/><\/strong><\/a><\/div>\n<\/div>\n<p>[\/et_pb_text][et_pb_divider divider_position=\u00bbcenter\u00bb divider_weight=\u00bb3px\u00bb _builder_version=\u00bb4.7.2&#8243; max_width=\u00bb50px\u00bb module_alignment=\u00bbcenter\u00bb animation_style=\u00bbslide\u00bb animation_direction=\u00bbtop\u00bb animation_intensity_slide=\u00bb10%\u00bb animation_starting_opacity=\u00bb100%\u00bb locked=\u00bboff\u00bb global_colors_info=\u00bb{}\u00bb][\/et_pb_divider][et_pb_text _builder_version=\u00bb4.14.5&#8243; text_font=\u00bbPoppins||||||||\u00bb text_text_color=\u00bb#636A70&#8243; text_font_size=\u00bb21px\u00bb text_line_height=\u00bb1.8em\u00bb header_text_color=\u00bb#0c71c3&#8243; header_2_text_color=\u00bb#dc001b\u00bb background_layout=\u00bbdark\u00bb custom_margin=\u00bb25px|||\u00bb animation_style=\u00bbfold\u00bb animation_direction=\u00bbleft\u00bb animation_intensity_fold=\u00bb10%\u00bb animation_starting_opacity=\u00bb100%\u00bb text_text_shadow_style=\u00bbpreset2&#8243; locked=\u00bboff\u00bb global_colors_info=\u00bb{}\u00bb]<\/p>\n<ul>\n<li style=\"text-align: center;\"><strong>18.30 h. <\/strong>Acogida y oraci\u00f3n<\/li>\n<li style=\"text-align: center;\"><strong><strong>19.00 h. <a href=\"https:\/\/salesianos.info\/jornadadeespiritualidad\/wp-content\/uploads\/sites\/4\/2022\/01\/JFS-2022-Trabajo-de-grupo-2-sobre-la-mesa-redonda.pdf\" target=\"_blank\" rel=\"noopener\">TRABAJO DE GRUPO FICHA 2. Sobre la mesa redonda.<\/a><\/strong><\/strong><\/li>\n<li style=\"text-align: center;\"><strong>20.00 h. <\/strong>Acogida y oraci\u00f3n<\/li>\n<\/ul>\n<p>[\/et_pb_text][\/et_pb_column][\/et_pb_row][\/et_pb_section][et_pb_section fb_built=\u00bb1&#8243; disabled_on=\u00bboff|off|off\u00bb admin_label=\u00bbS\u00e1bado\u00bb module_id=\u00bbpabellones\u00bb _builder_version=\u00bb4.4.2&#8243; custom_padding=\u00bb0px||0px|\u00bb global_colors_info=\u00bb{}\u00bb][et_pb_row column_structure=\u00bb3_5,2_5&#8243; use_custom_gutter=\u00bbon\u00bb gutter_width=\u00bb0&#8243; make_equal=\u00bbon\u00bb admin_label=\u00bbEnfermer\u00eda\u00bb module_id=\u00bbenfermeria\u00bb module_class=\u00bb et_pb_row_fullwidth\u00bb _builder_version=\u00bb4.14.6&#8243; width=\u00bb100%\u00bb width_tablet=\u00bb100%\u00bb width_phone=\u00bb\u00bb width_last_edited=\u00bbon|desktop\u00bb max_width=\u00bb100%\u00bb max_width_tablet=\u00bb100%\u00bb max_width_phone=\u00bb\u00bb max_width_last_edited=\u00bbon|desktop\u00bb custom_margin=\u00bb|||\u00bb custom_padding=\u00bb0px||0px|\u00bb make_fullwidth=\u00bbon\u00bb global_colors_info=\u00bb{}\u00bb][et_pb_column type=\u00bb3_5&#8243; _builder_version=\u00bb4.14.6&#8243; background_image=\u00bbhttps:\/\/salesianos.info\/jornadadeespiritualidad\/wp-content\/uploads\/sites\/4\/2022\/01\/51818972908_08b74bd29a_k.jpg\u00bb custom_padding=\u00bb|||\u00bb filter_saturate=\u00bb105%\u00bb filter_contrast=\u00bb105%\u00bb filter_invert=\u00bb10%\u00bb global_colors_info=\u00bb{}\u00bb custom_padding__hover=\u00bb|||\u00bb][et_pb_divider show_divider=\u00bboff\u00bb disabled_on=\u00bboff|off|off\u00bb _builder_version=\u00bb4.7.2&#8243; height=\u00bb400px\u00bb locked=\u00bboff\u00bb global_colors_info=\u00bb{}\u00bb][\/et_pb_divider][\/et_pb_column][et_pb_column type=\u00bb2_5&#8243; _builder_version=\u00bb4.8.2&#8243; background_color=\u00bb#230070&#8243; background_repeat=\u00bbrepeat\u00bb custom_padding=\u00bb10%|5%|10%|5%\u00bb global_colors_info=\u00bb{}\u00bb custom_padding__hover=\u00bb|||\u00bb][et_pb_text admin_label=\u00bbTitle\u00bb _builder_version=\u00bb4.14.5&#8243; header_font=\u00bb||||||||\u00bb header_2_font=\u00bbLato|900|||||||\u00bb header_2_text_color=\u00bb#FFFFFF\u00bb header_2_font_size=\u00bb36px\u00bb header_2_line_height=\u00bb1.2em\u00bb animation_style=\u00bbfold\u00bb animation_direction=\u00bbleft\u00bb animation_intensity_fold=\u00bb10%\u00bb animation_starting_opacity=\u00bb100%\u00bb global_colors_info=\u00bb{}\u00bb]<\/p>\n<h2>S\u00e1bado 15 de enero<\/h2>\n<p>[\/et_pb_text][et_pb_divider color=\u00bb#51626f\u00bb divider_position=\u00bbcenter\u00bb divider_weight=\u00bb3px\u00bb _builder_version=\u00bb4.4.2&#8243; max_width=\u00bb50px\u00bb module_alignment=\u00bbleft\u00bb animation_style=\u00bbslide\u00bb animation_direction=\u00bbtop\u00bb animation_intensity_slide=\u00bb10%\u00bb animation_starting_opacity=\u00bb100%\u00bb locked=\u00bboff\u00bb global_colors_info=\u00bb{}\u00bb][\/et_pb_divider][et_pb_text admin_label=\u00bbTitle\u00bb _builder_version=\u00bb4.14.5&#8243; header_font=\u00bb||||||||\u00bb header_text_color=\u00bb#FFFFFF\u00bb header_2_font=\u00bbLato|900|||||||\u00bb header_2_font_size=\u00bb28px\u00bb header_2_line_height=\u00bb1.2em\u00bb animation_style=\u00bbfold\u00bb animation_direction=\u00bbleft\u00bb animation_intensity_fold=\u00bb10%\u00bb animation_starting_opacity=\u00bb100%\u00bb global_colors_info=\u00bb{}\u00bb]<\/p>\n<h2>Programa com\u00fan<\/h2>\n<p>[\/et_pb_text][et_pb_text _builder_version=\u00bb4.14.5&#8243; text_font=\u00bbPoppins||||||||\u00bb text_text_color=\u00bb#FFFFFF\u00bb text_font_size=\u00bb18px\u00bb text_line_height=\u00bb1.8em\u00bb custom_margin=\u00bb25px|||\u00bb animation_style=\u00bbfold\u00bb animation_direction=\u00bbleft\u00bb animation_intensity_fold=\u00bb10%\u00bb animation_starting_opacity=\u00bb100%\u00bb global_colors_info=\u00bb{}\u00bb]<\/p>\n<ul>\n<li><strong>10.30 h.<\/strong> Inauguraci\u00f3n de la exposici\u00f3n por el 400 aniversario de la muerte de San Francisco de Sales en la Casa Museo Don Bosco de Tur\u00edn.<\/li>\n<li><strong>13.00 h.<\/strong>\u00a0Saludo, oraci\u00f3n y presentaci\u00f3n de la Jornada.<\/li>\n<li><strong>13.20 h.<\/strong> Comentario del trabajo por grupos realizado en los dos primeros d\u00edas a nivel regional y se presentar\u00e1n dos experiencias significativas de espiritualidad salesiana en acci\u00f3n, una joven y otra laical.<\/li>\n<li><strong>15.00 h.<\/strong> Visi\u00f3n de conjunto, oraci\u00f3n y cierre del tercer momento com\u00fan.<\/li>\n<\/ul>\n<p>&nbsp;<\/p>\n<p style=\"text-align: left;\"><strong><a href=\"https:\/\/www.facebook.com\/agenziaans\" target=\"_blank\" rel=\"noopener\"><img loading=\"lazy\" decoding=\"async\" class=\"wp-image-191 alignnone \" src=\"https:\/\/salesianos.info\/jornadadeespiritualidad\/wp-content\/uploads\/sites\/4\/2021\/01\/fb.png\" alt=\"\" width=\"29\" height=\"29\" srcset=\"https:\/\/salesianos.info\/jornadadeespiritualidad\/wp-content\/uploads\/sites\/4\/2021\/01\/fb.png 250w, https:\/\/salesianos.info\/jornadadeespiritualidad\/wp-content\/uploads\/sites\/4\/2021\/01\/fb-150x150.png 150w\" sizes=\"(max-width: 29px) 100vw, 29px\" \/><\/a>\u00a0<a href=\"https:\/\/www.youtube.com\/channel\/UCuWaUmImQCkYUiaXBnfLBEw\" target=\"_blank\" rel=\"noopener\"><img loading=\"lazy\" decoding=\"async\" class=\"wp-image-192 alignnone \" src=\"https:\/\/salesianos.info\/jornadadeespiritualidad\/wp-content\/uploads\/sites\/4\/2021\/01\/youtube.png\" alt=\"\" width=\"39\" height=\"27\" \/> <\/a><br \/>Pulsa el icono para ver la emisi\u00f3n<\/strong><\/p>\n<p>[\/et_pb_text][\/et_pb_column][\/et_pb_row][\/et_pb_section][et_pb_section fb_built=\u00bb1&#8243; disabled_on=\u00bboff|off|off\u00bb admin_label=\u00bbSuperficie y oferta educativa\u00bb _builder_version=\u00bb4.14.5&#8243; background_enable_color=\u00bboff\u00bb background_image=\u00bbhttps:\/\/salesianos.info\/jornadadeespiritualidad\/wp-content\/uploads\/sites\/4\/2020\/12\/Jornada-de-Espiritualdiad.jpg\u00bb parallax=\u00bbon\u00bb custom_padding=\u00bb0px||0px|\u00bb global_colors_info=\u00bb{}\u00bb][et_pb_row use_custom_gutter=\u00bbon\u00bb gutter_width=\u00bb0&#8243; make_equal=\u00bbon\u00bb admin_label=\u00bbStudio Membership Area\u00bb module_class=\u00bb et_pb_row_fullwidth\u00bb _builder_version=\u00bb4.14.5&#8243; width=\u00bb100%\u00bb width_tablet=\u00bb100%\u00bb width_phone=\u00bb\u00bb width_last_edited=\u00bbon|desktop\u00bb max_width=\u00bb100%\u00bb max_width_tablet=\u00bb100%\u00bb max_width_phone=\u00bb\u00bb max_width_last_edited=\u00bbon|desktop\u00bb custom_margin=\u00bb|||\u00bb custom_padding=\u00bb0px||0px|\u00bb box_shadow_style=\u00bbpreset3&#8243; make_fullwidth=\u00bbon\u00bb global_colors_info=\u00bb{}\u00bb][et_pb_column type=\u00bb4_4&#8243; _builder_version=\u00bb4.7.2&#8243; background_color=\u00bbrgba(255,255,255,0.94)\u00bb background_enable_image=\u00bboff\u00bb custom_padding=\u00bb|||\u00bb filter_saturate=\u00bb120%\u00bb filter_contrast=\u00bb105%\u00bb filter_invert=\u00bb10%\u00bb global_colors_info=\u00bb{}\u00bb custom_padding__hover=\u00bb|||\u00bb][et_pb_text admin_label=\u00bbTitle\u00bb _builder_version=\u00bb4.14.5&#8243; text_font=\u00bb||||||||\u00bb text_font_size=\u00bb12px\u00bb header_font=\u00bb||||||||\u00bb header_text_color=\u00bb#636A70&#8243; header_2_font=\u00bbPoppins|600|||||||\u00bb header_2_text_color=\u00bb#636A70&#8243; header_2_font_size=\u00bb30px\u00bb background_layout=\u00bbdark\u00bb animation_style=\u00bbfold\u00bb animation_direction=\u00bbleft\u00bb animation_intensity_fold=\u00bb10%\u00bb animation_starting_opacity=\u00bb100%\u00bb header_2_text_shadow_style=\u00bbpreset2&#8243; locked=\u00bboff\u00bb global_colors_info=\u00bb{}\u00bb]<\/p>\n<h2 style=\"text-align: center;\">\u00a0<\/h2>\n<p>&nbsp;<\/p>\n<h2 style=\"text-align: center;\"><strong>TIEMPO PROPIO EN LENGUA ESPA\u00d1OLA<\/strong><strong>\u00a0<\/strong><\/h2>\n<p>[\/et_pb_text][et_pb_text _builder_version=\u00bb4.14.5&#8243; _module_preset=\u00bbdefault\u00bb text_text_color=\u00bb#636A70&#8243; text_font_size=\u00bb17px\u00bb global_colors_info=\u00bb{}\u00bb]<\/p>\n<div style=\"text-align: center;\"><b>Jornada de Vida y Experiencia<\/b><\/div>\n<div>\u00a0<\/div>\n<div>\u00a0<\/div>\n<div style=\"text-align: center;\"><a href=\"https:\/\/us06web.zoom.us\/j\/87046011840?pwd=aXVRZ1RacjZxWFRMRklkSUhPVXAzZz09#success\" target=\"_blank\" rel=\"noopener noreferrer\"><strong>Para participar pulsa en el icono de Zoom<\/strong><\/a><\/div>\n<div>\u00a0<\/div>\n<div><a href=\"https:\/\/us06web.zoom.us\/j\/87046011840?pwd=aXVRZ1RacjZxWFRMRklkSUhPVXAzZz09#success\" target=\"_blank\" rel=\"noopener noreferrer\"><strong><img loading=\"lazy\" decoding=\"async\" class=\"wp-image-185 alignnone size-medium\" style=\"display: block; margin-left: auto; margin-right: auto;\" src=\"https:\/\/salesianos.info\/jornadadeespiritualidad\/wp-content\/uploads\/sites\/4\/2021\/01\/zoom-300x178.jpg\" alt=\"\" width=\"81\" height=\"48\" \/><\/strong><\/a><\/div>\n<p>[\/et_pb_text][et_pb_divider divider_position=\u00bbcenter\u00bb divider_weight=\u00bb3px\u00bb _builder_version=\u00bb4.14.5&#8243; max_width=\u00bb50px\u00bb module_alignment=\u00bbcenter\u00bb animation_style=\u00bbslide\u00bb animation_direction=\u00bbtop\u00bb animation_intensity_slide=\u00bb10%\u00bb animation_starting_opacity=\u00bb100%\u00bb locked=\u00bboff\u00bb global_colors_info=\u00bb{}\u00bb][\/et_pb_divider][et_pb_text _builder_version=\u00bb4.14.5&#8243; text_font=\u00bbPoppins||||||||\u00bb text_text_color=\u00bb#636A70&#8243; text_font_size=\u00bb21px\u00bb text_line_height=\u00bb1.8em\u00bb header_text_color=\u00bb#0c71c3&#8243; header_2_text_color=\u00bb#dc001b\u00bb background_layout=\u00bbdark\u00bb custom_margin=\u00bb25px|||\u00bb animation_style=\u00bbfold\u00bb animation_direction=\u00bbleft\u00bb animation_intensity_fold=\u00bb10%\u00bb animation_starting_opacity=\u00bb100%\u00bb text_text_shadow_style=\u00bbpreset2&#8243; locked=\u00bboff\u00bb global_colors_info=\u00bb{}\u00bb]<\/p>\n<ul>\n<li style=\"text-align: center;\"><strong>18.30 h. <\/strong>Acogida y oraci\u00f3n<\/li>\n<li style=\"text-align: center;\"><strong><strong><strong>19.00 h.\u00a0<\/strong><\/strong>V\u00eddeo-Presentaci\u00f3n Experiencias trabajo de FS en la Regi\u00f3n.<\/strong>\n<ul>\n<li><span style=\"color: #dc001b;\"><em>Oratorio en Siena <strong><a href=\"https:\/\/www.youtube.com\/watch?v=1UeFyFAB1_8\" target=\"_blank\" rel=\"noopener\"><img loading=\"lazy\" decoding=\"async\" class=\"wp-image-192 alignnone \" src=\"https:\/\/salesianos.info\/jornadadeespiritualidad\/wp-content\/uploads\/sites\/4\/2021\/01\/youtube.png\" alt=\"\" width=\"20\" height=\"14\" \/><\/a><\/strong><\/em><\/span><\/li>\n<li><a href=\"https:\/\/youtu.be\/Wm0hl6fEL1M\" target=\"_blank\" rel=\"noopener\"><em>SOS Siria &#8211; Acogida familias en Alicante <\/em><\/a><em><strong><a href=\"https:\/\/youtu.be\/Wm0hl6fEL1M\" target=\"_blank\" rel=\"noopener\"><img loading=\"lazy\" decoding=\"async\" class=\"wp-image-192 alignnone \" src=\"https:\/\/salesianos.info\/jornadadeespiritualidad\/wp-content\/uploads\/sites\/4\/2021\/01\/youtube.png\" alt=\"\" width=\"20\" height=\"14\" \/> <\/a><\/strong><\/em><\/li>\n<li><a href=\"https:\/\/youtu.be\/aEieQF83z20\" target=\"_blank\" rel=\"noopener\"><em>Piso \u201cMercedes Berdon\u00e9s\u201d en Granada\u00a0 <\/em><\/a><em><strong><a href=\"https:\/\/youtu.be\/aEieQF83z20\" target=\"_blank\" rel=\"noopener\"><img loading=\"lazy\" decoding=\"async\" class=\"wp-image-192 alignnone \" src=\"https:\/\/salesianos.info\/jornadadeespiritualidad\/wp-content\/uploads\/sites\/4\/2021\/01\/youtube.png\" alt=\"\" width=\"20\" height=\"14\" \/><\/a><\/strong><\/em><\/li>\n<\/ul>\n<\/li>\n<li style=\"text-align: center;\"><strong>19.15 h.<\/strong>TRABAJO EN GRUPOS:<strong> C\u00f3mo vivir el Aguinaldo en nuestra realidad.<\/strong><\/li>\n<li style=\"text-align: center;\">Conclusi\u00f3n todos juntos<\/li>\n<\/ul>\n<p>[\/et_pb_text][\/et_pb_column][\/et_pb_row][\/et_pb_section][et_pb_section fb_built=\u00bb1&#8243; disabled_on=\u00bboff|off|off\u00bb admin_label=\u00bbDmingo\u00bb module_id=\u00bbpabellones\u00bb _builder_version=\u00bb4.14.5&#8243; custom_padding=\u00bb0px||0px|\u00bb global_colors_info=\u00bb{}\u00bb][et_pb_row column_structure=\u00bb1_3,2_3&#8243; use_custom_gutter=\u00bbon\u00bb gutter_width=\u00bb0&#8243; make_equal=\u00bbon\u00bb admin_label=\u00bbWorkshops and Events Area\u00bb module_class=\u00bb et_pb_row_fullwidth\u00bb _builder_version=\u00bb4.14.6&#8243; z_index=\u00bb20&#8243; width=\u00bb100%\u00bb width_tablet=\u00bb100%\u00bb width_phone=\u00bb\u00bb width_last_edited=\u00bbon|desktop\u00bb max_width=\u00bb100%\u00bb max_width_tablet=\u00bb100%\u00bb max_width_phone=\u00bb\u00bb max_width_last_edited=\u00bbon|desktop\u00bb custom_margin=\u00bb|||\u00bb custom_padding=\u00bb0px||0px|\u00bb make_fullwidth=\u00bbon\u00bb global_colors_info=\u00bb{}\u00bb][et_pb_column type=\u00bb1_3&#8243; _builder_version=\u00bb4.4.2&#8243; background_color=\u00bb#ffffff\u00bb custom_padding=\u00bb10%|5%|10%|5%\u00bb global_colors_info=\u00bb{}\u00bb custom_padding__hover=\u00bb|||\u00bb][et_pb_text admin_label=\u00bbTitle\u00bb _builder_version=\u00bb4.14.5&#8243; text_font=\u00bb||||||||\u00bb header_font=\u00bb||||||||\u00bb header_2_font=\u00bbPoppins|600|||||||\u00bb header_2_text_color=\u00bb#DC001B\u00bb header_2_font_size=\u00bb36px\u00bb header_2_line_height=\u00bb1.2em\u00bb background_layout=\u00bbdark\u00bb animation_style=\u00bbfold\u00bb animation_direction=\u00bbleft\u00bb animation_intensity_fold=\u00bb10%\u00bb animation_starting_opacity=\u00bb100%\u00bb locked=\u00bboff\u00bb global_colors_info=\u00bb{}\u00bb]<\/p>\n<h2>Domingo 16 de enero<\/h2>\n<p>[\/et_pb_text][et_pb_divider color=\u00bb#51626f\u00bb divider_position=\u00bbcenter\u00bb divider_weight=\u00bb3px\u00bb _builder_version=\u00bb4.4.2&#8243; max_width=\u00bb50px\u00bb animation_style=\u00bbslide\u00bb animation_direction=\u00bbtop\u00bb animation_intensity_slide=\u00bb10%\u00bb animation_starting_opacity=\u00bb100%\u00bb locked=\u00bboff\u00bb global_colors_info=\u00bb{}\u00bb][\/et_pb_divider][et_pb_text _builder_version=\u00bb4.14.5&#8243; text_font=\u00bbPoppins||||||||\u00bb text_text_color=\u00bb#636A70&#8243; text_font_size=\u00bb18px\u00bb text_line_height=\u00bb1.8em\u00bb custom_margin=\u00bb25px|||\u00bb animation_style=\u00bbfold\u00bb animation_direction=\u00bbleft\u00bb animation_intensity_fold=\u00bb10%\u00bb animation_starting_opacity=\u00bb100%\u00bb locked=\u00bboff\u00bb global_colors_info=\u00bb{}\u00bb]<\/p>\n<ul>\n<li><strong>12.15 h.<\/strong> Celebraci\u00f3n de la Eucarist\u00eda desde la Bas\u00edlica de Mar\u00eda Auxiliadora de Tur\u00edn, presidida por el Rector Mayor, y la despedida final.<\/li>\n<\/ul>\n<p><strong><a href=\"https:\/\/www.facebook.com\/agenziaans\" target=\"_blank\" rel=\"noopener\"><img loading=\"lazy\" decoding=\"async\" class=\"wp-image-191 alignnone \" src=\"https:\/\/salesianos.info\/jornadadeespiritualidad\/wp-content\/uploads\/sites\/4\/2021\/01\/fb.png\" alt=\"\" width=\"29\" height=\"29\" srcset=\"https:\/\/salesianos.info\/jornadadeespiritualidad\/wp-content\/uploads\/sites\/4\/2021\/01\/fb.png 250w, https:\/\/salesianos.info\/jornadadeespiritualidad\/wp-content\/uploads\/sites\/4\/2021\/01\/fb-150x150.png 150w\" sizes=\"(max-width: 29px) 100vw, 29px\" \/><\/a>\u00a0<a href=\"https:\/\/www.youtube.com\/channel\/UCuWaUmImQCkYUiaXBnfLBEw\" target=\"_blank\" rel=\"noopener\"><img loading=\"lazy\" decoding=\"async\" class=\"wp-image-192 alignnone \" src=\"https:\/\/salesianos.info\/jornadadeespiritualidad\/wp-content\/uploads\/sites\/4\/2021\/01\/youtube.png\" alt=\"\" width=\"39\" height=\"27\" \/> <\/a><br \/>Pulsa el icono para ver la emisi\u00f3n<\/strong><\/p>\n<p>[\/et_pb_text][et_pb_button button_url=\u00bbhttps:\/\/docs.google.com\/forms\/d\/e\/1FAIpQLSdreRp_MD1SJC6e8QZa4QCdUt4avT8GN_m0PsgbPHsrLpGylw\/viewform\u00bb url_new_window=\u00bbon\u00bb button_text=\u00bbEvaluaci\u00f3n de las Jornadas de Espiritualidad\u00bb button_alignment=\u00bbcenter\u00bb _builder_version=\u00bb4.13.0&#8243; _module_preset=\u00bbdefault\u00bb custom_button=\u00bbon\u00bb button_text_size=\u00bb15px\u00bb button_text_color=\u00bb#ffffff\u00bb button_bg_color=\u00bb#dc001b\u00bb button_border_color=\u00bbrgba(0,0,0,0)\u00bb button_border_radius=\u00bb15px\u00bb button_icon=\u00bb&#x45;||divi||400&#8243; custom_margin=\u00bb18px||||false|false\u00bb button_text_shadow_style=\u00bbpreset2&#8243; box_shadow_style=\u00bbpreset3&#8243; global_colors_info=\u00bb{}\u00bb][\/et_pb_button][\/et_pb_column][et_pb_column type=\u00bb2_3&#8243; _builder_version=\u00bb4.14.6&#8243; background_image=\u00bbhttps:\/\/salesianos.info\/jornadadeespiritualidad\/wp-content\/uploads\/sites\/4\/2022\/01\/51818970478_8cf0963c94_k.jpg\u00bb background_repeat=\u00bbrepeat\u00bb custom_padding=\u00bb|||\u00bb filter_saturate=\u00bb130%\u00bb filter_contrast=\u00bb120%\u00bb filter_invert=\u00bb5%\u00bb global_colors_info=\u00bb{}\u00bb custom_padding__hover=\u00bb|||\u00bb][et_pb_divider show_divider=\u00bboff\u00bb _builder_version=\u00bb4.7.2&#8243; height=\u00bb400px\u00bb locked=\u00bboff\u00bb global_colors_info=\u00bb{}\u00bb][\/et_pb_divider][\/et_pb_column][\/et_pb_row][\/et_pb_section][et_pb_section fb_built=\u00bb1&#8243; admin_label=\u00bbM\u00e1s informaci\u00f3n\u00bb _builder_version=\u00bb4.14.6&#8243; background_enable_color=\u00bboff\u00bb use_background_color_gradient=\u00bbon\u00bb background_color_gradient_start=\u00bb#1f282d\u00bb background_color_gradient_end=\u00bbrgba(31,40,45,0.3)\u00bb background_image=\u00bbhttps:\/\/salesianos.info\/jornadadeespiritualidad\/wp-content\/uploads\/sites\/4\/2022\/01\/51818972578_26f2d576b5_k.jpg\u00bb background_position=\u00bbtop_right\u00bb background_blend=\u00bbdarken\u00bb min_height=\u00bb827.2px\u00bb custom_padding=\u00bb120px||120px|\u00bb border_width_top=\u00bb30px\u00bb border_color_top=\u00bb#1f282d\u00bb locked=\u00bboff\u00bb global_colors_info=\u00bb{}\u00bb][et_pb_row admin_label=\u00bbNewsletter Area\u00bb _builder_version=\u00bb4.7.2&#8243; custom_padding=\u00bb||10px|\u00bb global_colors_info=\u00bb{}\u00bb][et_pb_column type=\u00bb4_4&#8243; _builder_version=\u00bb4.7.2&#8243; custom_padding=\u00bb|||0%|false|false\u00bb global_colors_info=\u00bb{}\u00bb custom_padding__hover=\u00bb|||\u00bb][et_pb_text admin_label=\u00bbTitle\u00bb _builder_version=\u00bb4.8.2&#8243; text_font=\u00bb||||||||\u00bb header_font=\u00bb||||||||\u00bb header_2_font=\u00bbLato|900|||||||\u00bb header_2_font_size=\u00bb32px\u00bb header_2_line_height=\u00bb1.2em\u00bb text_orientation=\u00bbcenter\u00bb background_layout=\u00bbdark\u00bb max_width=\u00bb913px\u00bb module_alignment=\u00bbcenter\u00bb custom_margin=\u00bb|0px|3px|0px|false|false\u00bb custom_padding=\u00bb0px|0px|0px|0px|false|false\u00bb animation_style=\u00bbfade\u00bb header_2_font_size_tablet=\u00bb\u00bb header_2_font_size_phone=\u00bb40px\u00bb header_2_font_size_last_edited=\u00bbon|phone\u00bb locked=\u00bboff\u00bb global_colors_info=\u00bb{}\u00bb]<\/p>\n<h2>\u00a1Te esperamos!<\/h2>\n<p>[\/et_pb_text][et_pb_text _builder_version=\u00bb4.8.2&#8243; text_font=\u00bbPoppins||||||||\u00bb text_text_color=\u00bbrgba(255,255,255,0.68)\u00bb text_font_size=\u00bb18px\u00bb text_line_height=\u00bb1.8em\u00bb header_font=\u00bb||||||||\u00bb text_orientation=\u00bbcenter\u00bb max_width=\u00bb851px\u00bb module_alignment=\u00bbcenter\u00bb custom_margin=\u00bb|||\u00bb custom_padding=\u00bb|||\u00bb animation_style=\u00bbfade\u00bb border_radii=\u00bboff||||\u00bb border_color_all=\u00bb#000000&#8243; border_style_all=\u00bbnone\u00bb border_radii_last_edited=\u00bboff|desktop\u00bb locked=\u00bboff\u00bb global_colors_info=\u00bb{}\u00bb]<\/p>\n<p>Las Jornadas de Espiritualidad de la Familia Salesiana 2022 se celebrar\u00e1n de forma presencial y virtual con Tur\u00edn-Valdocco como epicentro. Tendr\u00e1n lugar del 13 al 16 de enero y estar\u00e1n centradas, como es costumbre, en el tema del Aguinaldo del Rector Mayor. La l\u00ednea que gu\u00eda esta 40\u00b0 edici\u00f3n ser\u00e1 el lema<\/p>\n<p>[\/et_pb_text][et_pb_divider divider_position=\u00bbcenter\u00bb divider_weight=\u00bb3px\u00bb _builder_version=\u00bb4.4.2&#8243; max_width=\u00bb50px\u00bb module_alignment=\u00bbcenter\u00bb custom_margin=\u00bb||20px|\u00bb animation_style=\u00bbslide\u00bb animation_direction=\u00bbtop\u00bb animation_intensity_slide=\u00bb10%\u00bb animation_starting_opacity=\u00bb100%\u00bb locked=\u00bboff\u00bb global_colors_info=\u00bb{}\u00bb][\/et_pb_divider][et_pb_text admin_label=\u00bbTitle\u00bb _builder_version=\u00bb4.8.2&#8243; text_font=\u00bb||||||||\u00bb header_font=\u00bb||||||||\u00bb header_2_font=\u00bbLato|900|||||||\u00bb header_2_font_size=\u00bb32px\u00bb header_2_line_height=\u00bb1.2em\u00bb text_orientation=\u00bbcenter\u00bb background_layout=\u00bbdark\u00bb max_width=\u00bb913px\u00bb module_alignment=\u00bbcenter\u00bb custom_margin=\u00bb|0px|3px|0px|false|false\u00bb custom_padding=\u00bb0px|0px|0px|0px|false|false\u00bb animation_style=\u00bbfade\u00bb header_2_font_size_tablet=\u00bb\u00bb header_2_font_size_phone=\u00bb40px\u00bb header_2_font_size_last_edited=\u00bbon|phone\u00bb locked=\u00bboff\u00bb global_colors_info=\u00bb{}\u00bb]<\/p>\n<h2>&#8211;<b>\u00abHaz todo por amor, nada por fuerza\u00bb<\/b>&#8211;<\/h2>\n<p>[\/et_pb_text][\/et_pb_column][\/et_pb_row][et_pb_row admin_label=\u00bbButton\u00bb _builder_version=\u00bb3.25&#8243; locked=\u00bboff\u00bb global_colors_info=\u00bb{}\u00bb][et_pb_column type=\u00bb4_4&#8243; _builder_version=\u00bb3.25&#8243; custom_padding=\u00bb|||\u00bb global_colors_info=\u00bb{}\u00bb custom_padding__hover=\u00bb|||\u00bb][et_pb_social_media_follow _builder_version=\u00bb4.7.2&#8243; text_orientation=\u00bbcenter\u00bb global_colors_info=\u00bb{}\u00bb][et_pb_social_media_follow_network social_network=\u00bbfacebook\u00bb url=\u00bbhttps:\/\/www.facebook.com\/SalesianosEs\/\u00bb icon_color=\u00bb#ffffff\u00bb _builder_version=\u00bb4.7.2&#8243; background_color=\u00bb#51626f\u00bb background_enable_color=\u00bbon\u00bb custom_margin=\u00bb|8px||8px\u00bb custom_margin_tablet=\u00bb\u00bb custom_margin_phone=\u00bb|4px||4px|false|false\u00bb custom_margin_last_edited=\u00bbon|phone\u00bb custom_padding=\u00bb14px|14px|14px|14px\u00bb custom_padding_tablet=\u00bb\u00bb custom_padding_phone=\u00bb7px|7px|7px|7px|false|false\u00bb custom_padding_last_edited=\u00bbon|phone\u00bb border_radii=\u00bbon|100px|100px|100px|100px\u00bb global_colors_info=\u00bb{}\u00bb follow_button=\u00bboff\u00bb url_new_window=\u00bbon\u00bb]facebook[\/et_pb_social_media_follow_network][et_pb_social_media_follow_network social_network=\u00bbtwitter\u00bb url=\u00bbhttps:\/\/twitter.com\/SalesianosES\u00bb _builder_version=\u00bb4.7.2&#8243; background_color=\u00bb#51626f\u00bb background_enable_color=\u00bbon\u00bb custom_margin=\u00bb|8px||8px\u00bb custom_margin_tablet=\u00bb\u00bb custom_margin_phone=\u00bb|4px||4px|false|false\u00bb custom_margin_last_edited=\u00bbon|phone\u00bb custom_padding=\u00bb14px|14px|14px|14px\u00bb custom_padding_tablet=\u00bb\u00bb custom_padding_phone=\u00bb7px|7px|7px|7px|false|false\u00bb custom_padding_last_edited=\u00bbon|phone\u00bb border_radii=\u00bbon|100px|100px|100px|100px\u00bb global_colors_info=\u00bb{}\u00bb follow_button=\u00bboff\u00bb url_new_window=\u00bbon\u00bb]twitter[\/et_pb_social_media_follow_network][et_pb_social_media_follow_network social_network=\u00bbinstagram\u00bb url=\u00bbhttps:\/\/www.instagram.com\/salesianoses\u00bb _builder_version=\u00bb4.7.2&#8243; background_color=\u00bb#51626f\u00bb background_enable_color=\u00bbon\u00bb custom_margin=\u00bb|8px||8px\u00bb custom_margin_tablet=\u00bb\u00bb custom_margin_phone=\u00bb|4px||4px|false|false\u00bb custom_margin_last_edited=\u00bbon|phone\u00bb custom_padding=\u00bb14px|14px|14px|14px\u00bb custom_padding_tablet=\u00bb\u00bb custom_padding_phone=\u00bb7px|7px|7px|7px|false|false\u00bb custom_padding_last_edited=\u00bbon|phone\u00bb border_radii=\u00bbon|100px|100px|100px|100px\u00bb global_colors_info=\u00bb{}\u00bb follow_button=\u00bboff\u00bb url_new_window=\u00bbon\u00bb]instagram[\/et_pb_social_media_follow_network][et_pb_social_media_follow_network social_network=\u00bbyoutube\u00bb url=\u00bbhttps:\/\/www.youtube.com\/channel\/UCJprhneOLfGFVYTqPeMuB1g\u00bb _builder_version=\u00bb4.7.2&#8243; background_color=\u00bb#51626f\u00bb background_enable_color=\u00bbon\u00bb custom_margin=\u00bb|8px||8px\u00bb custom_margin_tablet=\u00bb\u00bb custom_margin_phone=\u00bb|4px||4px|false|false\u00bb custom_margin_last_edited=\u00bbon|phone\u00bb custom_padding=\u00bb14px|14px|14px|14px\u00bb custom_padding_tablet=\u00bb\u00bb custom_padding_phone=\u00bb7px|7px|7px|7px|false|false\u00bb custom_padding_last_edited=\u00bbon|phone\u00bb border_radii=\u00bbon|100px|100px|100px|100px\u00bb global_colors_info=\u00bb{}\u00bb follow_button=\u00bboff\u00bb url_new_window=\u00bbon\u00bb]youtube[\/et_pb_social_media_follow_network][\/et_pb_social_media_follow][\/et_pb_column][\/et_pb_row][\/et_pb_section]<\/p>\n","protected":false},"excerpt":{"rendered":"<p>JORNADAS DE ESPIRITUALIDAD13 al 16 de enero de 2022Jueves 13 de enero\u00a0\u00a0 &nbsp; Programa com\u00fan 13.00 h. Sesi\u00f3n inaugural, oraci\u00f3n y presentaci\u00f3n de las Jornadas a cargo del padre Joan Llu\u00eds Play\u00e0, Delegado Central del Rector Mayor para el Secretariado de la Familia Salesiana. 13.20 h.\u00a0Solemne conclusi\u00f3n del a\u00f1o dedicado al Don Paolo Albera, II [&hellip;]<\/p>\n","protected":false},"author":1,"featured_media":339,"parent":0,"menu_order":0,"comment_status":"closed","ping_status":"closed","template":"page-template-blank.php","meta":{"_et_pb_use_builder":"on","_et_pb_old_content":"","_et_gb_content_width":"","footnotes":""},"class_list":["post-2","page","type-page","status-publish","has-post-thumbnail","hentry"],"yoast_head":"<!-- This site is optimized with the Yoast SEO plugin v27.4 - https:\/\/yoast.com\/product\/yoast-seo-wordpress\/ -->\n<title>Jornadas de Espiritualidad 2022 - \u00abHaced todo por amor, nada a la fuerza\u00bb<\/title>\n<meta name=\"robots\" content=\"index, follow, max-snippet:-1, max-image-preview:large, max-video-preview:-1\" \/>\n<link rel=\"canonical\" href=\"https:\/\/salesianos.info\/jornadadeespiritualidad\/jornadaespiritualidad2022\/\" \/>\n<meta property=\"og:locale\" content=\"es_ES\" \/>\n<meta property=\"og:type\" content=\"article\" \/>\n<meta property=\"og:title\" content=\"Jornadas de Espiritualidad 2022 - \u00abHaced todo por amor, nada a la fuerza\u00bb\" \/>\n<meta property=\"og:description\" content=\"Por favor, respeta las indicaciones. Por el colegio ver\u00e1s carteles como estos. Haz caso de sus indicaciones para ayudar a que nuestro centro sea un lugar seguro.\" \/>\n<meta property=\"og:url\" content=\"https:\/\/salesianos.info\/jornadadeespiritualidad\/jornadaespiritualidad2022\/\" \/>\n<meta property=\"og:site_name\" content=\"\u00abHaced todo por amor, nada a la fuerza\u00bb\" \/>\n<meta property=\"article:modified_time\" content=\"2022-11-23T08:57:47+00:00\" \/>\n<meta property=\"og:image\" content=\"https:\/\/salesianos.info\/jornadadeespiritualidad\/wp-content\/uploads\/sites\/4\/2022\/01\/JFS-2022-Mundial_ES-copia.jpg\" \/>\n\t<meta property=\"og:image:width\" content=\"848\" \/>\n\t<meta property=\"og:image:height\" content=\"721\" \/>\n\t<meta property=\"og:image:type\" content=\"image\/jpeg\" \/>\n<meta name=\"twitter:card\" content=\"summary_large_image\" \/>\n<script type=\"application\/ld+json\" class=\"yoast-schema-graph\">{\"@context\":\"https:\\\/\\\/schema.org\",\"@graph\":[{\"@type\":\"WebPage\",\"@id\":\"https:\\\/\\\/salesianos.info\\\/jornadadeespiritualidad\\\/jornadaespiritualidad2022\\\/\",\"url\":\"https:\\\/\\\/salesianos.info\\\/jornadadeespiritualidad\\\/jornadaespiritualidad2022\\\/\",\"name\":\"Jornadas de Espiritualidad 2022 - \u00abHaced todo por amor, nada a la fuerza\u00bb\",\"isPartOf\":{\"@id\":\"https:\\\/\\\/salesianos.info\\\/jornadadeespiritualidad\\\/#website\"},\"primaryImageOfPage\":{\"@id\":\"https:\\\/\\\/salesianos.info\\\/jornadadeespiritualidad\\\/jornadaespiritualidad2022\\\/#primaryimage\"},\"image\":{\"@id\":\"https:\\\/\\\/salesianos.info\\\/jornadadeespiritualidad\\\/jornadaespiritualidad2022\\\/#primaryimage\"},\"thumbnailUrl\":\"https:\\\/\\\/salesianos.info\\\/jornadadeespiritualidad\\\/wp-content\\\/uploads\\\/sites\\\/4\\\/2022\\\/01\\\/JFS-2022-Mundial_ES-copia.jpg\",\"datePublished\":\"2020-11-09T15:43:41+00:00\",\"dateModified\":\"2022-11-23T08:57:47+00:00\",\"breadcrumb\":{\"@id\":\"https:\\\/\\\/salesianos.info\\\/jornadadeespiritualidad\\\/jornadaespiritualidad2022\\\/#breadcrumb\"},\"inLanguage\":\"es\",\"potentialAction\":[{\"@type\":\"ReadAction\",\"target\":[\"https:\\\/\\\/salesianos.info\\\/jornadadeespiritualidad\\\/jornadaespiritualidad2022\\\/\"]}]},{\"@type\":\"ImageObject\",\"inLanguage\":\"es\",\"@id\":\"https:\\\/\\\/salesianos.info\\\/jornadadeespiritualidad\\\/jornadaespiritualidad2022\\\/#primaryimage\",\"url\":\"https:\\\/\\\/salesianos.info\\\/jornadadeespiritualidad\\\/wp-content\\\/uploads\\\/sites\\\/4\\\/2022\\\/01\\\/JFS-2022-Mundial_ES-copia.jpg\",\"contentUrl\":\"https:\\\/\\\/salesianos.info\\\/jornadadeespiritualidad\\\/wp-content\\\/uploads\\\/sites\\\/4\\\/2022\\\/01\\\/JFS-2022-Mundial_ES-copia.jpg\",\"width\":848,\"height\":721},{\"@type\":\"BreadcrumbList\",\"@id\":\"https:\\\/\\\/salesianos.info\\\/jornadadeespiritualidad\\\/jornadaespiritualidad2022\\\/#breadcrumb\",\"itemListElement\":[{\"@type\":\"ListItem\",\"position\":1,\"name\":\"Portada\",\"item\":\"https:\\\/\\\/salesianos.info\\\/jornadadeespiritualidad\\\/\"},{\"@type\":\"ListItem\",\"position\":2,\"name\":\"Jornadas de Espiritualidad 2022\"}]},{\"@type\":\"WebSite\",\"@id\":\"https:\\\/\\\/salesianos.info\\\/jornadadeespiritualidad\\\/#website\",\"url\":\"https:\\\/\\\/salesianos.info\\\/jornadadeespiritualidad\\\/\",\"name\":\"\u00abHaced todo por amor, nada a la fuerza\u00bb\",\"description\":\"Jornadas de Espiritualidad de la Familia Salesiana 2022\",\"potentialAction\":[{\"@type\":\"SearchAction\",\"target\":{\"@type\":\"EntryPoint\",\"urlTemplate\":\"https:\\\/\\\/salesianos.info\\\/jornadadeespiritualidad\\\/?s={search_term_string}\"},\"query-input\":{\"@type\":\"PropertyValueSpecification\",\"valueRequired\":true,\"valueName\":\"search_term_string\"}}],\"inLanguage\":\"es\"}]}<\/script>\n<!-- \/ Yoast SEO plugin. -->","yoast_head_json":{"title":"Jornadas de Espiritualidad 2022 - \u00abHaced todo por amor, nada a la fuerza\u00bb","robots":{"index":"index","follow":"follow","max-snippet":"max-snippet:-1","max-image-preview":"max-image-preview:large","max-video-preview":"max-video-preview:-1"},"canonical":"https:\/\/salesianos.info\/jornadadeespiritualidad\/jornadaespiritualidad2022\/","og_locale":"es_ES","og_type":"article","og_title":"Jornadas de Espiritualidad 2022 - \u00abHaced todo por amor, nada a la fuerza\u00bb","og_description":"Por favor, respeta las indicaciones. Por el colegio ver\u00e1s carteles como estos. Haz caso de sus indicaciones para ayudar a que nuestro centro sea un lugar seguro.","og_url":"https:\/\/salesianos.info\/jornadadeespiritualidad\/jornadaespiritualidad2022\/","og_site_name":"\u00abHaced todo por amor, nada a la fuerza\u00bb","article_modified_time":"2022-11-23T08:57:47+00:00","og_image":[{"width":848,"height":721,"url":"https:\/\/salesianos.info\/jornadadeespiritualidad\/wp-content\/uploads\/sites\/4\/2022\/01\/JFS-2022-Mundial_ES-copia.jpg","type":"image\/jpeg"}],"twitter_card":"summary_large_image","schema":{"@context":"https:\/\/schema.org","@graph":[{"@type":"WebPage","@id":"https:\/\/salesianos.info\/jornadadeespiritualidad\/jornadaespiritualidad2022\/","url":"https:\/\/salesianos.info\/jornadadeespiritualidad\/jornadaespiritualidad2022\/","name":"Jornadas de Espiritualidad 2022 - \u00abHaced todo por amor, nada a la fuerza\u00bb","isPartOf":{"@id":"https:\/\/salesianos.info\/jornadadeespiritualidad\/#website"},"primaryImageOfPage":{"@id":"https:\/\/salesianos.info\/jornadadeespiritualidad\/jornadaespiritualidad2022\/#primaryimage"},"image":{"@id":"https:\/\/salesianos.info\/jornadadeespiritualidad\/jornadaespiritualidad2022\/#primaryimage"},"thumbnailUrl":"https:\/\/salesianos.info\/jornadadeespiritualidad\/wp-content\/uploads\/sites\/4\/2022\/01\/JFS-2022-Mundial_ES-copia.jpg","datePublished":"2020-11-09T15:43:41+00:00","dateModified":"2022-11-23T08:57:47+00:00","breadcrumb":{"@id":"https:\/\/salesianos.info\/jornadadeespiritualidad\/jornadaespiritualidad2022\/#breadcrumb"},"inLanguage":"es","potentialAction":[{"@type":"ReadAction","target":["https:\/\/salesianos.info\/jornadadeespiritualidad\/jornadaespiritualidad2022\/"]}]},{"@type":"ImageObject","inLanguage":"es","@id":"https:\/\/salesianos.info\/jornadadeespiritualidad\/jornadaespiritualidad2022\/#primaryimage","url":"https:\/\/salesianos.info\/jornadadeespiritualidad\/wp-content\/uploads\/sites\/4\/2022\/01\/JFS-2022-Mundial_ES-copia.jpg","contentUrl":"https:\/\/salesianos.info\/jornadadeespiritualidad\/wp-content\/uploads\/sites\/4\/2022\/01\/JFS-2022-Mundial_ES-copia.jpg","width":848,"height":721},{"@type":"BreadcrumbList","@id":"https:\/\/salesianos.info\/jornadadeespiritualidad\/jornadaespiritualidad2022\/#breadcrumb","itemListElement":[{"@type":"ListItem","position":1,"name":"Portada","item":"https:\/\/salesianos.info\/jornadadeespiritualidad\/"},{"@type":"ListItem","position":2,"name":"Jornadas de Espiritualidad 2022"}]},{"@type":"WebSite","@id":"https:\/\/salesianos.info\/jornadadeespiritualidad\/#website","url":"https:\/\/salesianos.info\/jornadadeespiritualidad\/","name":"\u00abHaced todo por amor, nada a la fuerza\u00bb","description":"Jornadas de Espiritualidad de la Familia Salesiana 2022","potentialAction":[{"@type":"SearchAction","target":{"@type":"EntryPoint","urlTemplate":"https:\/\/salesianos.info\/jornadadeespiritualidad\/?s={search_term_string}"},"query-input":{"@type":"PropertyValueSpecification","valueRequired":true,"valueName":"search_term_string"}}],"inLanguage":"es"}]}},"_links":{"self":[{"href":"https:\/\/salesianos.info\/jornadadeespiritualidad\/wp-json\/wp\/v2\/pages\/2","targetHints":{"allow":["GET"]}}],"collection":[{"href":"https:\/\/salesianos.info\/jornadadeespiritualidad\/wp-json\/wp\/v2\/pages"}],"about":[{"href":"https:\/\/salesianos.info\/jornadadeespiritualidad\/wp-json\/wp\/v2\/types\/page"}],"author":[{"embeddable":true,"href":"https:\/\/salesianos.info\/jornadadeespiritualidad\/wp-json\/wp\/v2\/users\/1"}],"replies":[{"embeddable":true,"href":"https:\/\/salesianos.info\/jornadadeespiritualidad\/wp-json\/wp\/v2\/comments?post=2"}],"version-history":[{"count":116,"href":"https:\/\/salesianos.info\/jornadadeespiritualidad\/wp-json\/wp\/v2\/pages\/2\/revisions"}],"predecessor-version":[{"id":434,"href":"https:\/\/salesianos.info\/jornadadeespiritualidad\/wp-json\/wp\/v2\/pages\/2\/revisions\/434"}],"wp:featuredmedia":[{"embeddable":true,"href":"https:\/\/salesianos.info\/jornadadeespiritualidad\/wp-json\/wp\/v2\/media\/339"}],"wp:attachment":[{"href":"https:\/\/salesianos.info\/jornadadeespiritualidad\/wp-json\/wp\/v2\/media?parent=2"}],"curies":[{"name":"wp","href":"https:\/\/api.w.org\/{rel}","templated":true}]}}