{"id":1043,"date":"2021-04-28T16:03:41","date_gmt":"2021-04-28T16:03:41","guid":{"rendered":"https:\/\/salesianos.info\/mayosalesiano\/?page_id=1043"},"modified":"2026-04-27T12:18:18","modified_gmt":"2026-04-27T10:18:18","slug":"2-de-mayo","status":"publish","type":"page","link":"https:\/\/salesianos.info\/mayosalesiano\/2-de-mayo\/","title":{"rendered":"2 Mayo"},"content":{"rendered":"<p>[et_pb_section fb_built=\u00bb1&#8243; fullwidth=\u00bbon\u00bb _builder_version=\u00bb4.16&#8243; _module_preset=\u00bbdefault\u00bb global_colors_info=\u00bb{}\u00bb][et_pb_fullwidth_header title=\u00bb#MayoSalesiano\u00bb button_one_text=\u00bbIR A TODOS LOS RECURSOS\u00bb button_one_url=\u00bb@ET-DC@eyJkeW5hbWljIjp0cnVlLCJjb250ZW50IjoicG9zdF9saW5rX3VybF9wYWdlIiwic2V0dGluZ3MiOnsicG9zdF9pZCI6IjE3MzMifX0=@\u00bb button_two_text=\u00bbVOLVER\u00bb button_two_url=\u00bb@ET-DC@eyJkeW5hbWljIjp0cnVlLCJjb250ZW50IjoicG9zdF9saW5rX3VybF9wYWdlIiwic2V0dGluZ3MiOnsicG9zdF9pZCI6Ijk3In19@\u00bb _builder_version=\u00bb4.27.6&#8243; _dynamic_attributes=\u00bbbutton_one_url,button_two_url\u00bb _module_preset=\u00bbdefault\u00bb title_text_color=\u00bb#a53e75&#8243; title_font_size=\u00bb42px\u00bb content_text_color=\u00bb#a53e75&#8243; content_font_size=\u00bb22px\u00bb subhead_font_size=\u00bb27px\u00bb background_image=\u00bbhttps:\/\/salesianos.info\/mayosalesiano\/wp-content\/uploads\/sites\/3\/2021\/04\/MAYO-SALESIANO.jpg\u00bb custom_button_one=\u00bbon\u00bb button_one_bg_color=\u00bb#a53e75&#8243; custom_button_two=\u00bbon\u00bb button_two_bg_color=\u00bbgcid-6ab40d66-e8fc-44e5-abe1-3ff9ff5a7ecb\u00bb global_colors_info=\u00bb{%22gcid-6ab40d66-e8fc-44e5-abe1-3ff9ff5a7ecb%22:%91%22button_two_bg_color%22%93}\u00bb]<\/p>\n<p><strong>2 de Mayo<\/strong><\/p>\n<p>[\/et_pb_fullwidth_header][\/et_pb_section][et_pb_section fb_built=\u00bb1&#8243; specialty=\u00bbon\u00bb _builder_version=\u00bb4.16&#8243; min_height=\u00bb498.7px\u00bb custom_padding=\u00bb||0px|||\u00bb global_colors_info=\u00bb{}\u00bb][et_pb_column type=\u00bb1_3&#8243; _builder_version=\u00bb4.16&#8243; custom_padding=\u00bb|||\u00bb global_colors_info=\u00bb{}\u00bb custom_padding__hover=\u00bb|||\u00bb][et_pb_image src=\u00bbhttps:\/\/salesianos.info\/mayosalesiano\/wp-content\/uploads\/sites\/3\/2026\/04\/02_Estampa_mayo_2026_A.jpg\u00bb title_text=\u00bb02_Estampa_mayo_2026_A\u00bb url=\u00bbhttps:\/\/salesianos.info\/mayosalesiano\/wp-content\/uploads\/sites\/3\/2026\/04\/02_Estampa_mayo_2026_A.jpg\u00bb url_new_window=\u00bbon\u00bb align=\u00bbcenter\u00bb _builder_version=\u00bb4.27.6&#8243; hover_enabled=\u00bb0&#8243; border_radii=\u00bbon|10px|10px|10px|10px\u00bb global_colors_info=\u00bb{}\u00bb transform_styles__hover_enabled=\u00bbon|hover\u00bb transform_scale__hover_enabled=\u00bbon|hover\u00bb transform_translate__hover_enabled=\u00bbon|desktop\u00bb transform_rotate__hover_enabled=\u00bbon|desktop\u00bb transform_skew__hover_enabled=\u00bbon|desktop\u00bb transform_origin__hover_enabled=\u00bbon|desktop\u00bb transform_scale__hover=\u00bb122%|122%\u00bb src__hover_enabled=\u00bboff|hover\u00bb src__hover=\u00bbhttps:\/\/salesianos.info\/mayosalesiano\/wp-content\/uploads\/sites\/3\/2022\/04\/02_Huelva.jpg\u00bb sticky_enabled=\u00bb0&#8243;][\/et_pb_image][\/et_pb_column][et_pb_column type=\u00bb2_3&#8243; specialty_columns=\u00bb2&#8243; _builder_version=\u00bb4.16&#8243; custom_padding=\u00bb|||\u00bb global_colors_info=\u00bb{}\u00bb custom_padding__hover=\u00bb|||\u00bb][et_pb_row_inner _builder_version=\u00bb4.16&#8243; custom_margin=\u00bb||-19px|||\u00bb global_colors_info=\u00bb{}\u00bb][et_pb_column_inner saved_specialty_column_type=\u00bb2_3&#8243; _builder_version=\u00bb4.16&#8243; global_colors_info=\u00bb{}\u00bb][et_pb_testimonial _builder_version=\u00bb4.27.6&#8243; body_font_size=\u00bb12px\u00bb author_text_color=\u00bb#dc001b\u00bb company_text_color=\u00bb#494949&#8243; company_font_size=\u00bb11px\u00bb company_letter_spacing=\u00bb1px\u00bb border_width_all_portrait=\u00bb2px\u00bb border_color_all_portrait=\u00bb#dc001b\u00bb box_shadow_style=\u00bbpreset2&#8243; box_shadow_horizontal=\u00bb3px\u00bb box_shadow_vertical=\u00bb3px\u00bb box_shadow_blur=\u00bb4px\u00bb box_shadow_spread=\u00bb-1px\u00bb saved_tabs=\u00bball\u00bb global_colors_info=\u00bb{}\u00bb]<\/p>\n<h1>D\u00cdA 2: Mujer de coraz\u00f3n atento y o\u00eddos abiertos<\/h1>\n<h3><strong><br \/>\u00abHACED LO QUE \u00c9L OS DIGA\u00bb<\/strong><\/h3>\n<h4>Si el coraz\u00f3n permanece cerrado no basta abrir los o\u00eddos. Coraz\u00f3n atento y o\u00eddos abiertos permiten recibir y acoger los mensajes, para discernir lo que realmente importa. Se trata de escuchar con atenci\u00f3n, sensibilidad y disponibilidad.<\/h4>\n<h4>Es la escucha de Mar\u00eda en su vida diaria, acompa\u00f1ando a Jes\u00fas y su gente hasta el final. La escucha llena de afecto y comprensi\u00f3n, siempre atenta a las necesidades de los dem\u00e1s y a la voluntad de Dios.<\/h4>\n<h4>En la escuela de Mar\u00eda, aprendemos a escuchar, cultivando empat\u00eda, prestando atenci\u00f3n a los dem\u00e1s y a nuestra conciencia, a lo que Dios nos quiere decir. Una pr\u00e1ctica diaria de buenos hijos.<\/h4>\n<h4><strong><em>\u201cEl<\/em> <em>que<\/em> <em>tenga<\/em> <em>o\u00eddos<\/em> <em>para<\/em> <em>o\u00edr,<\/em> <em>que<\/em> <em>oiga.\u201d<\/em> <em>(Mt<\/em> <em>11,15)<\/em><\/strong><\/h4>\n<p>[\/et_pb_testimonial][\/et_pb_column_inner][\/et_pb_row_inner][\/et_pb_column][\/et_pb_section][et_pb_section fb_built=\u00bb1&#8243; disabled_on=\u00bbon|on|on\u00bb _builder_version=\u00bb4.16&#8243; _module_preset=\u00bbdefault\u00bb disabled=\u00bbon\u00bb global_colors_info=\u00bb{}\u00bb][et_pb_row column_structure=\u00bb1_5,3_5,1_5&#8243; _builder_version=\u00bb4.16&#8243; _module_preset=\u00bbdefault\u00bb global_colors_info=\u00bb{}\u00bb][et_pb_column type=\u00bb1_5&#8243; _builder_version=\u00bb4.16&#8243; _module_preset=\u00bbdefault\u00bb global_colors_info=\u00bb{}\u00bb][\/et_pb_column][et_pb_column type=\u00bb3_5&#8243; _builder_version=\u00bb4.16&#8243; _module_preset=\u00bbdefault\u00bb global_colors_info=\u00bb{}\u00bb][et_pb_video src=\u00bbhttps:\/\/youtu.be\/a7s3pFhpRXM\u00bb _builder_version=\u00bb4.16&#8243; _module_preset=\u00bbdefault\u00bb global_colors_info=\u00bb{}\u00bb][\/et_pb_video][\/et_pb_column][et_pb_column type=\u00bb1_5&#8243; _builder_version=\u00bb4.16&#8243; _module_preset=\u00bbdefault\u00bb global_colors_info=\u00bb{}\u00bb][\/et_pb_column][\/et_pb_row][\/et_pb_section][et_pb_section fb_built=\u00bb1&#8243; _builder_version=\u00bb4.16&#8243; custom_padding=\u00bb||0px|||\u00bb global_colors_info=\u00bb{}\u00bb][et_pb_row column_structure=\u00bb1_2,1_2&#8243; _builder_version=\u00bb4.16&#8243; min_height=\u00bb184px\u00bb saved_tabs=\u00bball\u00bb global_colors_info=\u00bb{}\u00bb][et_pb_column type=\u00bb1_2&#8243; _builder_version=\u00bb4.16&#8243; global_colors_info=\u00bb{}\u00bb][et_pb_accordion _builder_version=\u00bb4.20.4&#8243; min_height=\u00bb307px\u00bb global_colors_info=\u00bb{}\u00bb][et_pb_accordion_item title=\u00bbRETO MARIANO\u00bb open=\u00bbon\u00bb _builder_version=\u00bb4.16&#8243; border_radii=\u00bbon|4px|4px|4px|4px\u00bb border_width_all=\u00bb4px\u00bb global_colors_info=\u00bb{}\u00bb toggle_font_size=\u00bb21px\u00bb]<\/p>\n<blockquote>\n<p>Colocar a los pies de la Auxiliadora los m\u00f3viles de toda la familia durante este d\u00eda y escribir un par carteles que digan: \u201cLo usar\u00e9 para hacer el bien\u201d, y el otro: \u201cLo usar\u00e9 con libertad\u201d. Cada vez que pasemos por ah\u00ed mirar los carteles y comprobar nuestra relaci\u00f3n con los m\u00f3viles.<\/p>\n<\/blockquote>\n<p>[\/et_pb_accordion_item][et_pb_accordion_item title=\u00bbPELICULA RECOMENDADA\u00bb _builder_version=\u00bb4.16&#8243; border_radii=\u00bbon|4px|4px|4px|4px\u00bb border_width_all=\u00bb4px\u00bb global_colors_info=\u00bb{}\u00bb toggle_font_size=\u00bb21px\u00bb open=\u00bboff\u00bb]<\/p>\n<p><strong><span style=\"font-size: 14pt\"><span style=\"color: #ff0000\">Bella<\/span> (Alejandro Monteverde, 2006)<\/span><\/strong><\/p>\n<blockquote>\n<p>Jos\u00e9 es una estrella del f\u00fatbol internacional que est\u00e1 a punto de firmar un contrato multimillonario cuando una serie de acontecimientos llevan su carrera a un tr\u00e1gico final. Una hermosa camarera lucha por hacerse un hueco en la ciudad de Nueva York cuando descubre algo de s\u00ed misma para lo que no est\u00e1 preparada. Ambos se encuentran en un momento en que sus vidas han tocado fondo&#8230; hasta que un simple gesto de amabilidad les une y convierte lo que podr\u00eda ser un d\u00eda cualquiera en una experiencia inolvidable.\u00a0<\/p>\n<p><a href=\"https:\/\/www.filmaffinity.com\/es\/film933390.html\"><img loading=\"lazy\" decoding=\"async\" class=\"alignnone wp-image-9926 size-medium\" src=\"https:\/\/salesianos.info\/mayosalesiano\/wp-content\/uploads\/sites\/3\/2021\/04\/BELLA-210x300-1.jpg\" alt=\"\" width=\"210\" height=\"300\" \/><\/a><\/p>\n<\/blockquote>\n<p>[\/et_pb_accordion_item][\/et_pb_accordion][\/et_pb_column][et_pb_column type=\u00bb1_2&#8243; _builder_version=\u00bb4.16&#8243; global_colors_info=\u00bb{}\u00bb][et_pb_text _builder_version=\u00bb4.20.4&#8243; global_colors_info=\u00bb{}\u00bb]<\/p>\n<h3><img loading=\"lazy\" decoding=\"async\" class=\"wp-image-9387 alignnone \" src=\"https:\/\/salesianos.info\/mayosalesiano\/wp-content\/uploads\/sites\/3\/2021\/04\/cancion-150x150-1.png\" alt=\"\" width=\"32\" height=\"32\" \/>\u00a0<span style=\"font-size: 18pt\"> <strong>Canta a Mar\u00eda<\/strong><\/span><\/h3>\n<p>[\/et_pb_text][et_pb_video src=\u00bbhttps:\/\/youtu.be\/kkVtd-kam6A\u00bb _builder_version=\u00bb4.20.4&#8243; _module_preset=\u00bbdefault\u00bb global_colors_info=\u00bb{}\u00bb][\/et_pb_video][et_pb_code disabled_on=\u00bbon|on|on\u00bb _builder_version=\u00bb4.20.4&#8243; disabled=\u00bbon\u00bb global_colors_info=\u00bb{}\u00bb][\/et_pb_code][\/et_pb_column][\/et_pb_row][et_pb_row column_structure=\u00bb1_2,1_2&#8243; admin_label=\u00bbtexto pintar\u00bb _builder_version=\u00bb4.16&#8243; custom_padding=\u00bb||0px|||\u00bb global_colors_info=\u00bb{}\u00bb][et_pb_column type=\u00bb1_2&#8243; _builder_version=\u00bb4.16&#8243; global_colors_info=\u00bb{}\u00bb][et_pb_text _builder_version=\u00bb4.16&#8243; global_colors_info=\u00bb{}\u00bb]<\/p>\n<h3><img loading=\"lazy\" decoding=\"async\" class=\"wp-image-9380 alignnone \" src=\"https:\/\/salesianos.info\/mayosalesiano\/wp-content\/uploads\/sites\/3\/2021\/04\/coloresmaria-150x150-1.png\" alt=\"\" width=\"29\" height=\"29\" \/>\u00a0<span style=\"font-size: 18pt\"> <strong>Otros recursos<\/strong><\/span><\/h3>\n<p>[\/et_pb_text][\/et_pb_column][et_pb_column type=\u00bb1_2&#8243; _builder_version=\u00bb4.16&#8243; global_colors_info=\u00bb{}\u00bb][\/et_pb_column][\/et_pb_row][et_pb_row column_structure=\u00bb1_3,1_3,1_3&#8243; _builder_version=\u00bb4.16&#8243; global_colors_info=\u00bb{}\u00bb][et_pb_column type=\u00bb1_3&#8243; _builder_version=\u00bb4.16&#8243; global_colors_info=\u00bb{}\u00bb][et_pb_image src=\u00bbhttps:\/\/salesianos.info\/mayosalesiano\/wp-content\/uploads\/sites\/3\/2021\/04\/coloresmaria-150&#215;150-1.png\u00bb title_text=\u00bbcoloresmaria\u00bb url=\u00bbhttps:\/\/salesianos.info\/mayosalesiano\/wp-content\/uploads\/sites\/3\/2021\/04\/vida-maria-para-colorear-2-728.jpg\u00bb url_new_window=\u00bbon\u00bb _builder_version=\u00bb4.16&#8243; transform_scale=\u00bb70%|70%\u00bb global_colors_info=\u00bb{}\u00bb transform_styles__hover_enabled=\u00bbon|hover\u00bb transform_scale__hover_enabled=\u00bbon|hover\u00bb transform_translate__hover_enabled=\u00bbon|desktop\u00bb transform_rotate__hover_enabled=\u00bbon|desktop\u00bb transform_skew__hover_enabled=\u00bbon|desktop\u00bb transform_origin__hover_enabled=\u00bbon|desktop\u00bb transform_scale__hover=\u00bb88%|88%\u00bb][\/et_pb_image][et_pb_text _builder_version=\u00bb4.16&#8243; transform_translate=\u00bb0px|-35px\u00bb link_option_url=\u00bbhttps:\/\/salesianos.info\/mayosalesiano\/wp-content\/uploads\/sites\/3\/2021\/04\/vida-maria-para-colorear-2-728.jpg\u00bb link_option_url_new_window=\u00bbon\u00bb global_colors_info=\u00bb{}\u00bb]<\/p>\n<h2 style=\"text-align: center\">L\u00e1mina para Educ. Infantil<\/h2>\n<p style=\"text-align: center\">(para descargar)<\/p>\n<p>[\/et_pb_text][\/et_pb_column][et_pb_column type=\u00bb1_3&#8243; _builder_version=\u00bb4.16&#8243; global_colors_info=\u00bb{}\u00bb][et_pb_image src=\u00bbhttps:\/\/salesianos.info\/mayosalesiano\/wp-content\/uploads\/sites\/3\/2021\/04\/coloresmaria-150&#215;150-1.png\u00bb title_text=\u00bbcoloresmaria\u00bb url=\u00bbhttps:\/\/salesianos.info\/mayosalesiano\/wp-content\/uploads\/sites\/3\/2021\/04\/2.png\u00bb url_new_window=\u00bbon\u00bb _builder_version=\u00bb4.16&#8243; transform_scale=\u00bb70%|70%\u00bb global_colors_info=\u00bb{}\u00bb transform_styles__hover_enabled=\u00bbon|hover\u00bb transform_scale__hover_enabled=\u00bbon|hover\u00bb transform_translate__hover_enabled=\u00bbon|desktop\u00bb transform_rotate__hover_enabled=\u00bbon|desktop\u00bb transform_skew__hover_enabled=\u00bbon|desktop\u00bb transform_origin__hover_enabled=\u00bbon|desktop\u00bb transform_scale__hover=\u00bb88%|88%\u00bb][\/et_pb_image][et_pb_text _builder_version=\u00bb4.16&#8243; transform_translate=\u00bb0px|-35px\u00bb link_option_url=\u00bbhttps:\/\/salesianos.info\/mayosalesiano\/wp-content\/uploads\/sites\/3\/2021\/04\/2.png\u00bb link_option_url_new_window=\u00bbon\u00bb global_colors_info=\u00bb{}\u00bb]<\/p>\n<h2 style=\"text-align: center\">L\u00e1mina para Educ. Primaria<\/h2>\n<p style=\"text-align: center\">(para descargar)<\/p>\n<p>[\/et_pb_text][\/et_pb_column][et_pb_column type=\u00bb1_3&#8243; _builder_version=\u00bb4.16&#8243; global_colors_info=\u00bb{}\u00bb][et_pb_image src=\u00bbhttps:\/\/salesianos.info\/mayosalesiano\/wp-content\/uploads\/sites\/3\/2021\/04\/libro.png\u00bb title_text=\u00bblibro\u00bb url=\u00bbhttps:\/\/drive.google.com\/file\/d\/1wXUf2-Z1yqdtoKhlLKKvL1mFpvrZG6lh\/view?usp=sharing\u00bb url_new_window=\u00bbon\u00bb _builder_version=\u00bb4.16&#8243; transform_scale=\u00bb70%|70%\u00bb global_colors_info=\u00bb{}\u00bb transform_styles__hover_enabled=\u00bbon|hover\u00bb transform_scale__hover_enabled=\u00bbon|hover\u00bb transform_translate__hover_enabled=\u00bbon|desktop\u00bb transform_rotate__hover_enabled=\u00bbon|desktop\u00bb transform_skew__hover_enabled=\u00bbon|desktop\u00bb transform_origin__hover_enabled=\u00bbon|desktop\u00bb transform_scale__hover=\u00bb88%|88%\u00bb][\/et_pb_image][et_pb_text _builder_version=\u00bb4.16&#8243; transform_translate=\u00bb0px|-35px\u00bb link_option_url=\u00bbhttps:\/\/drive.google.com\/file\/d\/1wXUf2-Z1yqdtoKhlLKKvL1mFpvrZG6lh\/view?usp=sharing\u00bb link_option_url_new_window=\u00bbon\u00bb global_colors_info=\u00bb{}\u00bb]<\/p>\n<h2 style=\"text-align: center\">De la mano de Mar\u00eda<\/h2>\n<p style=\"text-align: center\">(Recursos para trabajarlo en Educ. Secundaria &#8211; Bachillerato)<\/p>\n<p>[\/et_pb_text][\/et_pb_column][\/et_pb_row][\/et_pb_section]<\/p>\n","protected":false},"excerpt":{"rendered":"<p>2 de MayoD\u00cdA 2: Mujer de coraz\u00f3n atento y o\u00eddos abiertos \u00abHACED LO QUE \u00c9L OS DIGA\u00bb Si el coraz\u00f3n permanece cerrado no basta abrir los o\u00eddos. Coraz\u00f3n atento y o\u00eddos abiertos permiten recibir y acoger los mensajes, para discernir lo que realmente importa. Se trata de escuchar con atenci\u00f3n, sensibilidad y disponibilidad. Es la [&hellip;]<\/p>\n","protected":false},"author":3,"featured_media":2978,"parent":0,"menu_order":0,"comment_status":"closed","ping_status":"closed","template":"","meta":{"_et_pb_use_builder":"on","_et_pb_old_content":"","_et_gb_content_width":"","footnotes":""},"class_list":["post-1043","page","type-page","status-publish","has-post-thumbnail","hentry"],"yoast_head":"<!-- This site is optimized with the Yoast SEO plugin v27.5 - https:\/\/yoast.com\/product\/yoast-seo-wordpress\/ -->\n<title>2 Mayo - #MayoSalesiano<\/title>\n<meta name=\"description\" content=\"Recursos sobre Mar\u00eda Auxiliadora para todas las edades que te har\u00e1n vivir un mayo salesiano en conexi\u00f3n con nuestra madre.\" \/>\n<meta name=\"robots\" content=\"index, follow, max-snippet:-1, max-image-preview:large, max-video-preview:-1\" \/>\n<link rel=\"canonical\" href=\"https:\/\/salesianos.info\/mayosalesiano\/2-de-mayo\/\" \/>\n<meta property=\"og:locale\" content=\"es_ES\" \/>\n<meta property=\"og:type\" content=\"article\" \/>\n<meta property=\"og:title\" content=\"2 Mayo - #MayoSalesiano\" \/>\n<meta property=\"og:description\" content=\"Recursos sobre Mar\u00eda Auxiliadora para todas las edades que te har\u00e1n vivir un mayo salesiano en conexi\u00f3n con nuestra madre.\" \/>\n<meta property=\"og:url\" content=\"https:\/\/salesianos.info\/mayosalesiano\/2-de-mayo\/\" \/>\n<meta property=\"og:site_name\" content=\"#MayoSalesiano\" \/>\n<meta property=\"article:modified_time\" content=\"2026-04-27T10:18:18+00:00\" \/>\n<meta property=\"og:image\" content=\"https:\/\/salesianos.info\/mayosalesiano\/wp-content\/uploads\/sites\/3\/2026\/04\/02_Estampa_mayo_2026_A.jpg\" \/>\n\t<meta property=\"og:image:width\" content=\"898\" \/>\n\t<meta property=\"og:image:height\" content=\"1287\" \/>\n\t<meta property=\"og:image:type\" content=\"image\/jpeg\" \/>\n<meta name=\"twitter:card\" content=\"summary_large_image\" \/>\n<meta name=\"twitter:label1\" content=\"Tiempo de lectura\" \/>\n\t<meta name=\"twitter:data1\" content=\"3 minutos\" \/>\n<script type=\"application\/ld+json\" class=\"yoast-schema-graph\">{\"@context\":\"https:\\\/\\\/schema.org\",\"@graph\":[{\"@type\":\"WebPage\",\"@id\":\"https:\\\/\\\/salesianos.info\\\/mayosalesiano\\\/2-de-mayo\\\/\",\"url\":\"https:\\\/\\\/salesianos.info\\\/mayosalesiano\\\/2-de-mayo\\\/\",\"name\":\"2 Mayo - #MayoSalesiano\",\"isPartOf\":{\"@id\":\"https:\\\/\\\/salesianos.info\\\/mayosalesiano\\\/#website\"},\"primaryImageOfPage\":{\"@id\":\"https:\\\/\\\/salesianos.info\\\/mayosalesiano\\\/2-de-mayo\\\/#primaryimage\"},\"image\":{\"@id\":\"https:\\\/\\\/salesianos.info\\\/mayosalesiano\\\/2-de-mayo\\\/#primaryimage\"},\"thumbnailUrl\":\"https:\\\/\\\/salesianos.info\\\/mayosalesiano\\\/wp-content\\\/uploads\\\/sites\\\/3\\\/2026\\\/04\\\/02_Estampa_mayo_2026_A.jpg\",\"datePublished\":\"2021-04-28T16:03:41+00:00\",\"dateModified\":\"2026-04-27T10:18:18+00:00\",\"description\":\"Recursos sobre Mar\u00eda Auxiliadora para todas las edades que te har\u00e1n vivir un mayo salesiano en conexi\u00f3n con nuestra madre.\",\"breadcrumb\":{\"@id\":\"https:\\\/\\\/salesianos.info\\\/mayosalesiano\\\/2-de-mayo\\\/#breadcrumb\"},\"inLanguage\":\"es\",\"potentialAction\":[{\"@type\":\"ReadAction\",\"target\":[\"https:\\\/\\\/salesianos.info\\\/mayosalesiano\\\/2-de-mayo\\\/\"]}]},{\"@type\":\"ImageObject\",\"inLanguage\":\"es\",\"@id\":\"https:\\\/\\\/salesianos.info\\\/mayosalesiano\\\/2-de-mayo\\\/#primaryimage\",\"url\":\"https:\\\/\\\/salesianos.info\\\/mayosalesiano\\\/wp-content\\\/uploads\\\/sites\\\/3\\\/2026\\\/04\\\/02_Estampa_mayo_2026_A.jpg\",\"contentUrl\":\"https:\\\/\\\/salesianos.info\\\/mayosalesiano\\\/wp-content\\\/uploads\\\/sites\\\/3\\\/2026\\\/04\\\/02_Estampa_mayo_2026_A.jpg\",\"width\":898,\"height\":1287},{\"@type\":\"BreadcrumbList\",\"@id\":\"https:\\\/\\\/salesianos.info\\\/mayosalesiano\\\/2-de-mayo\\\/#breadcrumb\",\"itemListElement\":[{\"@type\":\"ListItem\",\"position\":1,\"name\":\"Portada\",\"item\":\"https:\\\/\\\/salesianos.info\\\/mayosalesiano\\\/\"},{\"@type\":\"ListItem\",\"position\":2,\"name\":\"2 Mayo\"}]},{\"@type\":\"WebSite\",\"@id\":\"https:\\\/\\\/salesianos.info\\\/mayosalesiano\\\/#website\",\"url\":\"https:\\\/\\\/salesianos.info\\\/mayosalesiano\\\/\",\"name\":\"#MayoSalesiano\",\"description\":\"Web de recursos del Mes de Mayo Salesiano\",\"potentialAction\":[{\"@type\":\"SearchAction\",\"target\":{\"@type\":\"EntryPoint\",\"urlTemplate\":\"https:\\\/\\\/salesianos.info\\\/mayosalesiano\\\/?s={search_term_string}\"},\"query-input\":{\"@type\":\"PropertyValueSpecification\",\"valueRequired\":true,\"valueName\":\"search_term_string\"}}],\"inLanguage\":\"es\"}]}<\/script>\n<!-- \/ Yoast SEO plugin. -->","yoast_head_json":{"title":"2 Mayo - #MayoSalesiano","description":"Recursos sobre Mar\u00eda Auxiliadora para todas las edades que te har\u00e1n vivir un mayo salesiano en conexi\u00f3n con nuestra madre.","robots":{"index":"index","follow":"follow","max-snippet":"max-snippet:-1","max-image-preview":"max-image-preview:large","max-video-preview":"max-video-preview:-1"},"canonical":"https:\/\/salesianos.info\/mayosalesiano\/2-de-mayo\/","og_locale":"es_ES","og_type":"article","og_title":"2 Mayo - #MayoSalesiano","og_description":"Recursos sobre Mar\u00eda Auxiliadora para todas las edades que te har\u00e1n vivir un mayo salesiano en conexi\u00f3n con nuestra madre.","og_url":"https:\/\/salesianos.info\/mayosalesiano\/2-de-mayo\/","og_site_name":"#MayoSalesiano","article_modified_time":"2026-04-27T10:18:18+00:00","og_image":[{"width":898,"height":1287,"url":"https:\/\/salesianos.info\/mayosalesiano\/wp-content\/uploads\/sites\/3\/2026\/04\/02_Estampa_mayo_2026_A.jpg","type":"image\/jpeg"}],"twitter_card":"summary_large_image","twitter_misc":{"Tiempo de lectura":"3 minutos"},"schema":{"@context":"https:\/\/schema.org","@graph":[{"@type":"WebPage","@id":"https:\/\/salesianos.info\/mayosalesiano\/2-de-mayo\/","url":"https:\/\/salesianos.info\/mayosalesiano\/2-de-mayo\/","name":"2 Mayo - #MayoSalesiano","isPartOf":{"@id":"https:\/\/salesianos.info\/mayosalesiano\/#website"},"primaryImageOfPage":{"@id":"https:\/\/salesianos.info\/mayosalesiano\/2-de-mayo\/#primaryimage"},"image":{"@id":"https:\/\/salesianos.info\/mayosalesiano\/2-de-mayo\/#primaryimage"},"thumbnailUrl":"https:\/\/salesianos.info\/mayosalesiano\/wp-content\/uploads\/sites\/3\/2026\/04\/02_Estampa_mayo_2026_A.jpg","datePublished":"2021-04-28T16:03:41+00:00","dateModified":"2026-04-27T10:18:18+00:00","description":"Recursos sobre Mar\u00eda Auxiliadora para todas las edades que te har\u00e1n vivir un mayo salesiano en conexi\u00f3n con nuestra madre.","breadcrumb":{"@id":"https:\/\/salesianos.info\/mayosalesiano\/2-de-mayo\/#breadcrumb"},"inLanguage":"es","potentialAction":[{"@type":"ReadAction","target":["https:\/\/salesianos.info\/mayosalesiano\/2-de-mayo\/"]}]},{"@type":"ImageObject","inLanguage":"es","@id":"https:\/\/salesianos.info\/mayosalesiano\/2-de-mayo\/#primaryimage","url":"https:\/\/salesianos.info\/mayosalesiano\/wp-content\/uploads\/sites\/3\/2026\/04\/02_Estampa_mayo_2026_A.jpg","contentUrl":"https:\/\/salesianos.info\/mayosalesiano\/wp-content\/uploads\/sites\/3\/2026\/04\/02_Estampa_mayo_2026_A.jpg","width":898,"height":1287},{"@type":"BreadcrumbList","@id":"https:\/\/salesianos.info\/mayosalesiano\/2-de-mayo\/#breadcrumb","itemListElement":[{"@type":"ListItem","position":1,"name":"Portada","item":"https:\/\/salesianos.info\/mayosalesiano\/"},{"@type":"ListItem","position":2,"name":"2 Mayo"}]},{"@type":"WebSite","@id":"https:\/\/salesianos.info\/mayosalesiano\/#website","url":"https:\/\/salesianos.info\/mayosalesiano\/","name":"#MayoSalesiano","description":"Web de recursos del Mes de Mayo Salesiano","potentialAction":[{"@type":"SearchAction","target":{"@type":"EntryPoint","urlTemplate":"https:\/\/salesianos.info\/mayosalesiano\/?s={search_term_string}"},"query-input":{"@type":"PropertyValueSpecification","valueRequired":true,"valueName":"search_term_string"}}],"inLanguage":"es"}]}},"_links":{"self":[{"href":"https:\/\/salesianos.info\/mayosalesiano\/wp-json\/wp\/v2\/pages\/1043","targetHints":{"allow":["GET"]}}],"collection":[{"href":"https:\/\/salesianos.info\/mayosalesiano\/wp-json\/wp\/v2\/pages"}],"about":[{"href":"https:\/\/salesianos.info\/mayosalesiano\/wp-json\/wp\/v2\/types\/page"}],"author":[{"embeddable":true,"href":"https:\/\/salesianos.info\/mayosalesiano\/wp-json\/wp\/v2\/users\/3"}],"replies":[{"embeddable":true,"href":"https:\/\/salesianos.info\/mayosalesiano\/wp-json\/wp\/v2\/comments?post=1043"}],"version-history":[{"count":25,"href":"https:\/\/salesianos.info\/mayosalesiano\/wp-json\/wp\/v2\/pages\/1043\/revisions"}],"predecessor-version":[{"id":3110,"href":"https:\/\/salesianos.info\/mayosalesiano\/wp-json\/wp\/v2\/pages\/1043\/revisions\/3110"}],"wp:featuredmedia":[{"embeddable":true,"href":"https:\/\/salesianos.info\/mayosalesiano\/wp-json\/wp\/v2\/media\/2978"}],"wp:attachment":[{"href":"https:\/\/salesianos.info\/mayosalesiano\/wp-json\/wp\/v2\/media?parent=1043"}],"curies":[{"name":"wp","href":"https:\/\/api.w.org\/{rel}","templated":true}]}}