{"id":891,"date":"2021-04-26T10:03:34","date_gmt":"2021-04-26T10:03:34","guid":{"rendered":"https:\/\/salesianos.info\/mayosalesiano\/?page_id=891"},"modified":"2021-05-04T07:49:08","modified_gmt":"2021-05-04T07:49:08","slug":"espiritualidad","status":"publish","type":"page","link":"https:\/\/salesianos.info\/mayosalesiano\/espiritualidad\/","title":{"rendered":"Espiritualidad"},"content":{"rendered":"<p>[et_pb_section fb_built=\u00bb1&#8243; fullwidth=\u00bbon\u00bb _builder_version=\u00bb4.4.4&#8243;][et_pb_fullwidth_header _builder_version=\u00bb4.4.4&#8243; title_font_size=\u00bb38px\u00bb subhead_font_size=\u00bb21px\u00bb background_image=\u00bbhttps:\/\/salesianos.info\/mayosalesiano\/wp-content\/uploads\/sites\/3\/2021\/04\/PC-ESPIT.jpg\u00bb min_height=\u00bb297px\u00bb custom_margin=\u00bb||90px|||\u00bb custom_padding=\u00bb||0px|||\u00bb background_last_edited=\u00bbon|phone\u00bb background_image_tablet=\u00bbhttps:\/\/salesianos.info\/mayosalesiano\/wp-content\/uploads\/sites\/3\/2021\/04\/PC-ESPIT.jpg\u00bb background_image_phone=\u00bbhttps:\/\/salesianos.info\/mayosalesiano\/wp-content\/uploads\/sites\/3\/2021\/04\/MVL-ESPIT.jpg\u00bb background_enable_image_tablet=\u00bbon\u00bb background_enable_image_phone=\u00bbon\u00bb parallax_phone=\u00bboff\u00bb background_size_phone=\u00bbcover\u00bb title_text_phone=\u00bbMicrosoft Word &#8211; 2020 novena LA EUCARIST\u00cdA Y LA VIRGEN (1).docx\u00bb title_text_tablet=\u00bbMicrosoft Word &#8211; 2020 novena LA EUCARIST\u00cdA Y LA VIRGEN (1).docx\u00bb][\/et_pb_fullwidth_header][\/et_pb_section][et_pb_section fb_built=\u00bb1&#8243; _builder_version=\u00bb4.4.4&#8243;][et_pb_row column_structure=\u00bb1_3,1_3,1_3&#8243; _builder_version=\u00bb4.4.4&#8243;][et_pb_column type=\u00bb1_3&#8243; _builder_version=\u00bb4.4.4&#8243;][\/et_pb_column][et_pb_column type=\u00bb1_3&#8243; _builder_version=\u00bb4.4.4&#8243;][et_pb_image src=\u00bbhttps:\/\/salesianos.info\/mayosalesiano\/wp-content\/uploads\/sites\/3\/2021\/04\/MA.png\u00bb title_text=\u00bbMA\u00bb url=\u00bbhttps:\/\/drive.google.com\/drive\/folders\/1a408ObWs2YqlAloLZJ1XxtzAJO1aI6aN?usp=sharing\u00bb url_new_window=\u00bbon\u00bb _builder_version=\u00bb4.4.4&#8243; transform_scale=\u00bb90%|90%\u00bb transform_scale_tablet=\u00bb\u00bb transform_scale_phone=\u00bb\u00bb transform_scale_last_edited=\u00bbon|desktop\u00bb transform_translate_tablet=\u00bb\u00bb transform_translate_phone=\u00bb\u00bb transform_translate_last_edited=\u00bbon|desktop\u00bb transform_rotate_tablet=\u00bb\u00bb transform_rotate_phone=\u00bb\u00bb transform_rotate_last_edited=\u00bbon|desktop\u00bb transform_skew_tablet=\u00bb\u00bb transform_skew_phone=\u00bb\u00bb transform_skew_last_edited=\u00bbon|desktop\u00bb transform_origin_tablet=\u00bb\u00bb transform_origin_phone=\u00bb\u00bb transform_origin_last_edited=\u00bbon|desktop\u00bb transform_styles_last_edited=\u00bbon|desktop\u00bb transform_styles_tablet=\u00bb\u00bb transform_styles_phone=\u00bb\u00bb border_radii=\u00bbon|300px|300px|300px|300px\u00bb border_color_all=\u00bb#d85697&#8243; box_shadow_style=\u00bbpreset1&#8243; transform_styles__hover_enabled=\u00bbon|hover\u00bb transform_scale__hover_enabled=\u00bbon|hover\u00bb transform_translate__hover_enabled=\u00bbon|desktop\u00bb transform_rotate__hover_enabled=\u00bbon|desktop\u00bb transform_skew__hover_enabled=\u00bbon|desktop\u00bb transform_origin__hover_enabled=\u00bbon|desktop\u00bb transform_scale__hover=\u00bb102%|102%\u00bb][\/et_pb_image][et_pb_text _builder_version=\u00bb4.4.4&#8243; header_text_align=\u00bbcenter\u00bb text_orientation=\u00bbcenter\u00bb link_option_url=\u00bbhttps:\/\/drive.google.com\/drive\/folders\/1a408ObWs2YqlAloLZJ1XxtzAJO1aI6aN?usp=sharing\u00bb link_option_url_new_window=\u00bbon\u00bb]<\/p>\n<h2 style=\"text-align: center;\"><span style=\"color: #da9dbc; font-size: 18pt;\">ESPIRITUALIDAD MARIANA<\/span><\/h2>\n<p style=\"text-align: center;\">Sencillos art\u00edculos, elementos que <strong>nos ayuden a conocer y amar mejor a Mar\u00eda Auxiliadora<\/strong> y que forman parte de nuestra tradici\u00f3n salesiana: bendici\u00f3n de Mar\u00eda Auxiliadora, medalla, sue\u00f1os marianos de Don Bosco, bas\u00edlica Mar\u00eda Auxiliadora, etc.<\/p>\n<p>[\/et_pb_text][\/et_pb_column][et_pb_column type=\u00bb1_3&#8243; _builder_version=\u00bb4.4.4&#8243;][\/et_pb_column][\/et_pb_row][et_pb_row _builder_version=\u00bb4.8.2&#8243; _module_preset=\u00bbdefault\u00bb][et_pb_column _builder_version=\u00bb4.8.2&#8243; _module_preset=\u00bbdefault\u00bb type=\u00bb4_4&#8243;][et_pb_code _builder_version=\u00bb4.8.2&#8243; _module_preset=\u00bbdefault\u00bb hover_enabled=\u00bb0&#8243; sticky_enabled=\u00bb0&#8243;]<\/p>\n<blockquote class=\"twitter-tweet\"><pee lang=\"es\" dir=\"ltr\">En estos d\u00edas previos a la <a href=\"https:\/\/twitter.com\/hashtag\/novenademariaauxiliadora?src=hash&amp;ref_src=twsrc%5Etfw\">#novenademariaauxiliadora<\/a> os invito a todos a profundizar en el cuadro de la virgen en Tur\u00edn, mandado a pintar por el propio don Bosco a Lorenzone. Espero que estos d\u00edas sean jornadas de gracia donde aprender m\u00e1s sobre el carisma salesiano. <a href=\"https:\/\/t.co\/oUeeqlxydr\">pic.twitter.com\/oUeeqlxydr<\/a><\/pee>&mdash; Francisco Javier Alcedo (@javialru095) <a href=\"https:\/\/twitter.com\/javialru095\/status\/1389457486927777793?ref_src=twsrc%5Etfw\">May 4, 2021<\/a><\/p><\/blockquote>\n<p> <script async src=\"https:\/\/platform.twitter.com\/widgets.js\" charset=\"utf-8\"><\/script>[\/et_pb_code][\/et_pb_column][\/et_pb_row][et_pb_row _builder_version=\u00bb4.4.4&#8243;][et_pb_column type=\u00bb4_4&#8243; _builder_version=\u00bb4.4.4&#8243;][et_pb_text _builder_version=\u00bb4.4.4&#8243; header_text_align=\u00bbcenter\u00bb text_orientation=\u00bbcenter\u00bb link_option_url=\u00bbhttps:\/\/drive.google.com\/drive\/folders\/1a408ObWs2YqlAloLZJ1XxtzAJO1aI6aN?usp=sharing\u00bb link_option_url_new_window=\u00bbon\u00bb]<\/p>\n<h2 style=\"text-align: center;\"><span style=\"color: #da9dbc; font-size: 18pt;\">CONOCEMOS A MAR\u00cdA<\/span><\/h2>\n<p>[\/et_pb_text][et_pb_code _builder_version=\u00bb4.4.4&#8243;]<\/p>\n<div style=\"width: 100%;\">\n<div style=\"position: relative; padding-bottom: 56.25%; padding-top: 0; height: 0;\"><iframe loading=\"lazy\" frameborder=\"0\" width=\"1200\" height=\"675\" style=\"position: absolute; top: 0; left: 0; width: 100%; height: 100%;\" src=\"https:\/\/view.genial.ly\/5ea2c3371acc560dac643a9a\" type=\"text\/html\" allowscriptaccess=\"always\" allowfullscreen=\"true\" scrolling=\"yes\" allownetworking=\"all\"><\/iframe> <\/div>\n<\/p><\/div>\n<p>[\/et_pb_code][\/et_pb_column][\/et_pb_row][et_pb_row _builder_version=\u00bb4.4.4&#8243;][et_pb_column type=\u00bb4_4&#8243; _builder_version=\u00bb4.4.4&#8243;][et_pb_text _builder_version=\u00bb4.4.4&#8243; header_text_align=\u00bbcenter\u00bb text_orientation=\u00bbcenter\u00bb link_option_url=\u00bbhttps:\/\/drive.google.com\/drive\/folders\/1a408ObWs2YqlAloLZJ1XxtzAJO1aI6aN?usp=sharing\u00bb link_option_url_new_window=\u00bbon\u00bb]<\/p>\n<h2 style=\"text-align: center;\"><span style=\"color: #da9dbc; font-size: 18pt;\">LA ORACI\u00d3N DE MAR\u00cdA<\/span><\/h2>\n<p>[\/et_pb_text][et_pb_code _builder_version=\u00bb4.4.4&#8243;]<\/p>\n<div style=\"width: 100%;\">\n<div style=\"position: relative; padding-bottom: 56.25%; padding-top: 0; height: 0;\"><iframe loading=\"lazy\" frameborder=\"0\" width=\"1200\" height=\"675\" style=\"position: absolute; top: 0; left: 0; width: 100%; height: 100%;\" src=\"https:\/\/view.genial.ly\/5ea6c2f209bb500dc5f8918b\" type=\"text\/html\" allowscriptaccess=\"always\" allowfullscreen=\"true\" scrolling=\"yes\" allownetworking=\"all\"><\/iframe> <\/div>\n<\/p><\/div>\n<p>[\/et_pb_code][\/et_pb_column][\/et_pb_row][et_pb_row _builder_version=\u00bb4.4.4&#8243;][et_pb_column type=\u00bb4_4&#8243; _builder_version=\u00bb4.4.4&#8243;][et_pb_text _builder_version=\u00bb4.4.4&#8243; header_text_align=\u00bbcenter\u00bb text_orientation=\u00bbcenter\u00bb link_option_url=\u00bbhttps:\/\/drive.google.com\/drive\/folders\/1a408ObWs2YqlAloLZJ1XxtzAJO1aI6aN?usp=sharing\u00bb link_option_url_new_window=\u00bbon\u00bb]<\/p>\n<h2 style=\"text-align: center;\"><span style=\"color: #da9dbc; font-size: 18pt;\">BAS\u00cdLICA M\u00aa AUXILIADORA TUR\u00cdN<\/span><\/h2>\n<p>[\/et_pb_text][et_pb_code _builder_version=\u00bb4.4.4&#8243;]<\/p>\n<div style=\"width: 100%;\">\n<div style=\"position: relative; padding-bottom: 56.25%; padding-top: 0; height: 0;\"><iframe loading=\"lazy\" frameborder=\"0\" width=\"1200\" height=\"675\" style=\"position: absolute; top: 0; left: 0; width: 100%; height: 100%;\" src=\"https:\/\/view.genial.ly\/5ea7fd994e5a040cf8364a4e\" type=\"text\/html\" allowscriptaccess=\"always\" allowfullscreen=\"true\" scrolling=\"yes\" allownetworking=\"all\"><\/iframe> <\/div>\n<\/p><\/div>\n<p>[\/et_pb_code][\/et_pb_column][\/et_pb_row][et_pb_row _builder_version=\u00bb4.4.4&#8243;][et_pb_column type=\u00bb4_4&#8243; _builder_version=\u00bb4.4.4&#8243;][et_pb_text _builder_version=\u00bb4.4.4&#8243; header_text_align=\u00bbcenter\u00bb text_orientation=\u00bbcenter\u00bb link_option_url=\u00bbhttps:\/\/drive.google.com\/drive\/folders\/1a408ObWs2YqlAloLZJ1XxtzAJO1aI6aN?usp=sharing\u00bb link_option_url_new_window=\u00bbon\u00bb]<\/p>\n<h2 style=\"text-align: center;\"><span style=\"color: #da9dbc; font-size: 18pt;\">CUADRO M\u00aa AUXILIADORA TUR\u00cdN<\/span><\/h2>\n<p>[\/et_pb_text][et_pb_code _builder_version=\u00bb4.4.4&#8243;]<\/p>\n<div style=\"width: 100%;\">\n<div style=\"position: relative; padding-bottom: 150.52083333333331%; padding-top: 0; height: 0;\"><iframe loading=\"lazy\" frameborder=\"0\" width=\"960\" height=\"1445\" style=\"position: absolute; top: 0; left: 0; width: 100%; height: 100%;\" src=\"https:\/\/view.genial.ly\/5ea828f9daf49a0d03da34b5\" type=\"text\/html\" allowscriptaccess=\"always\" allowfullscreen=\"true\" scrolling=\"yes\" allownetworking=\"all\"><\/iframe> <\/div>\n<\/p><\/div>\n<p>[\/et_pb_code][\/et_pb_column][\/et_pb_row][\/et_pb_section]<\/p>\n","protected":false},"excerpt":{"rendered":"<p>ESPIRITUALIDAD MARIANA Sencillos art\u00edculos, elementos que nos ayuden a conocer y amar mejor a Mar\u00eda Auxiliadora y que forman parte de nuestra tradici\u00f3n salesiana: bendici\u00f3n de Mar\u00eda Auxiliadora, medalla, sue\u00f1os marianos de Don Bosco, bas\u00edlica Mar\u00eda Auxiliadora, etc.CONOCEMOS A MAR\u00cdALA ORACI\u00d3N DE MAR\u00cdABAS\u00cdLICA M\u00aa AUXILIADORA TUR\u00cdNCUADRO M\u00aa AUXILIADORA TUR\u00cdN<\/p>\n","protected":false},"author":3,"featured_media":0,"parent":0,"menu_order":0,"comment_status":"closed","ping_status":"closed","template":"","meta":{"_et_pb_use_builder":"on","_et_pb_old_content":"","_et_gb_content_width":"","footnotes":""},"class_list":["post-891","page","type-page","status-publish","hentry"],"yoast_head":"<!-- This site is optimized with the Yoast SEO plugin v27.4 - https:\/\/yoast.com\/product\/yoast-seo-wordpress\/ -->\n<title>Espiritualidad - #MayoSalesiano<\/title>\n<meta name=\"robots\" content=\"index, follow, max-snippet:-1, max-image-preview:large, max-video-preview:-1\" \/>\n<link rel=\"canonical\" href=\"https:\/\/salesianos.info\/mayosalesiano\/espiritualidad\/\" \/>\n<meta property=\"og:locale\" content=\"es_ES\" \/>\n<meta property=\"og:type\" content=\"article\" \/>\n<meta property=\"og:title\" content=\"Espiritualidad - #MayoSalesiano\" \/>\n<meta property=\"og:url\" content=\"https:\/\/salesianos.info\/mayosalesiano\/espiritualidad\/\" \/>\n<meta property=\"og:site_name\" content=\"#MayoSalesiano\" \/>\n<meta property=\"article:modified_time\" content=\"2021-05-04T07:49:08+00:00\" \/>\n<meta name=\"twitter:card\" content=\"summary_large_image\" \/>\n<meta name=\"twitter:label1\" content=\"Tiempo de lectura\" \/>\n\t<meta name=\"twitter:data1\" content=\"4 minutos\" \/>\n<script type=\"application\/ld+json\" class=\"yoast-schema-graph\">{\"@context\":\"https:\\\/\\\/schema.org\",\"@graph\":[{\"@type\":\"WebPage\",\"@id\":\"https:\\\/\\\/salesianos.info\\\/mayosalesiano\\\/espiritualidad\\\/\",\"url\":\"https:\\\/\\\/salesianos.info\\\/mayosalesiano\\\/espiritualidad\\\/\",\"name\":\"Espiritualidad - #MayoSalesiano\",\"isPartOf\":{\"@id\":\"https:\\\/\\\/salesianos.info\\\/mayosalesiano\\\/#website\"},\"datePublished\":\"2021-04-26T10:03:34+00:00\",\"dateModified\":\"2021-05-04T07:49:08+00:00\",\"breadcrumb\":{\"@id\":\"https:\\\/\\\/salesianos.info\\\/mayosalesiano\\\/espiritualidad\\\/#breadcrumb\"},\"inLanguage\":\"es\",\"potentialAction\":[{\"@type\":\"ReadAction\",\"target\":[\"https:\\\/\\\/salesianos.info\\\/mayosalesiano\\\/espiritualidad\\\/\"]}]},{\"@type\":\"BreadcrumbList\",\"@id\":\"https:\\\/\\\/salesianos.info\\\/mayosalesiano\\\/espiritualidad\\\/#breadcrumb\",\"itemListElement\":[{\"@type\":\"ListItem\",\"position\":1,\"name\":\"Portada\",\"item\":\"https:\\\/\\\/salesianos.info\\\/mayosalesiano\\\/\"},{\"@type\":\"ListItem\",\"position\":2,\"name\":\"Espiritualidad\"}]},{\"@type\":\"WebSite\",\"@id\":\"https:\\\/\\\/salesianos.info\\\/mayosalesiano\\\/#website\",\"url\":\"https:\\\/\\\/salesianos.info\\\/mayosalesiano\\\/\",\"name\":\"#MayoSalesiano\",\"description\":\"Web de recursos del Mes de Mayo Salesiano\",\"potentialAction\":[{\"@type\":\"SearchAction\",\"target\":{\"@type\":\"EntryPoint\",\"urlTemplate\":\"https:\\\/\\\/salesianos.info\\\/mayosalesiano\\\/?s={search_term_string}\"},\"query-input\":{\"@type\":\"PropertyValueSpecification\",\"valueRequired\":true,\"valueName\":\"search_term_string\"}}],\"inLanguage\":\"es\"}]}<\/script>\n<!-- \/ Yoast SEO plugin. -->","yoast_head_json":{"title":"Espiritualidad - #MayoSalesiano","robots":{"index":"index","follow":"follow","max-snippet":"max-snippet:-1","max-image-preview":"max-image-preview:large","max-video-preview":"max-video-preview:-1"},"canonical":"https:\/\/salesianos.info\/mayosalesiano\/espiritualidad\/","og_locale":"es_ES","og_type":"article","og_title":"Espiritualidad - #MayoSalesiano","og_url":"https:\/\/salesianos.info\/mayosalesiano\/espiritualidad\/","og_site_name":"#MayoSalesiano","article_modified_time":"2021-05-04T07:49:08+00:00","twitter_card":"summary_large_image","twitter_misc":{"Tiempo de lectura":"4 minutos"},"schema":{"@context":"https:\/\/schema.org","@graph":[{"@type":"WebPage","@id":"https:\/\/salesianos.info\/mayosalesiano\/espiritualidad\/","url":"https:\/\/salesianos.info\/mayosalesiano\/espiritualidad\/","name":"Espiritualidad - #MayoSalesiano","isPartOf":{"@id":"https:\/\/salesianos.info\/mayosalesiano\/#website"},"datePublished":"2021-04-26T10:03:34+00:00","dateModified":"2021-05-04T07:49:08+00:00","breadcrumb":{"@id":"https:\/\/salesianos.info\/mayosalesiano\/espiritualidad\/#breadcrumb"},"inLanguage":"es","potentialAction":[{"@type":"ReadAction","target":["https:\/\/salesianos.info\/mayosalesiano\/espiritualidad\/"]}]},{"@type":"BreadcrumbList","@id":"https:\/\/salesianos.info\/mayosalesiano\/espiritualidad\/#breadcrumb","itemListElement":[{"@type":"ListItem","position":1,"name":"Portada","item":"https:\/\/salesianos.info\/mayosalesiano\/"},{"@type":"ListItem","position":2,"name":"Espiritualidad"}]},{"@type":"WebSite","@id":"https:\/\/salesianos.info\/mayosalesiano\/#website","url":"https:\/\/salesianos.info\/mayosalesiano\/","name":"#MayoSalesiano","description":"Web de recursos del Mes de Mayo Salesiano","potentialAction":[{"@type":"SearchAction","target":{"@type":"EntryPoint","urlTemplate":"https:\/\/salesianos.info\/mayosalesiano\/?s={search_term_string}"},"query-input":{"@type":"PropertyValueSpecification","valueRequired":true,"valueName":"search_term_string"}}],"inLanguage":"es"}]}},"_links":{"self":[{"href":"https:\/\/salesianos.info\/mayosalesiano\/wp-json\/wp\/v2\/pages\/891","targetHints":{"allow":["GET"]}}],"collection":[{"href":"https:\/\/salesianos.info\/mayosalesiano\/wp-json\/wp\/v2\/pages"}],"about":[{"href":"https:\/\/salesianos.info\/mayosalesiano\/wp-json\/wp\/v2\/types\/page"}],"author":[{"embeddable":true,"href":"https:\/\/salesianos.info\/mayosalesiano\/wp-json\/wp\/v2\/users\/3"}],"replies":[{"embeddable":true,"href":"https:\/\/salesianos.info\/mayosalesiano\/wp-json\/wp\/v2\/comments?post=891"}],"version-history":[{"count":4,"href":"https:\/\/salesianos.info\/mayosalesiano\/wp-json\/wp\/v2\/pages\/891\/revisions"}],"predecessor-version":[{"id":1170,"href":"https:\/\/salesianos.info\/mayosalesiano\/wp-json\/wp\/v2\/pages\/891\/revisions\/1170"}],"wp:attachment":[{"href":"https:\/\/salesianos.info\/mayosalesiano\/wp-json\/wp\/v2\/media?parent=891"}],"curies":[{"name":"wp","href":"https:\/\/api.w.org\/{rel}","templated":true}]}}