{"id":115007,"date":"2025-06-23T09:42:23","date_gmt":"2025-06-23T07:42:23","guid":{"rendered":"https:\/\/salesianos.info\/protagonistasdelahistoria\/?page_id=115007"},"modified":"2025-09-01T09:20:17","modified_gmt":"2025-09-01T07:20:17","slug":"imagen","status":"publish","type":"page","link":"https:\/\/salesianos.info\/protagonistasdelahistoria\/imagen\/","title":{"rendered":"Imagen de la campa\u00f1a"},"content":{"rendered":"<p>[et_pb_section fb_built=\u00bb1&#8243; _builder_version=\u00bb4.27.4&#8243; background_color=\u00bb#edf1ee\u00bb background_image=\u00bbhttps:\/\/salesianos.info\/protagonistasdelahistoria\/wp-content\/uploads\/sites\/14\/2025\/06\/Fondoweb.png\u00bb custom_padding=\u00bb244px||0px||false|false\u00bb global_colors_info=\u00bb{}\u00bb][et_pb_row use_custom_gutter=\u00bbon\u00bb make_equal=\u00bbon\u00bb _builder_version=\u00bb4.27.4&#8243; width=\u00bb90%\u00bb width_tablet=\u00bb90%\u00bb width_phone=\u00bb90%\u00bb width_last_edited=\u00bbon|tablet\u00bb max_width_tablet=\u00bb90%\u00bb max_width_phone=\u00bb90%\u00bb max_width_last_edited=\u00bboff|desktop\u00bb custom_padding=\u00bb0px||45px||false|false\u00bb global_colors_info=\u00bb{}\u00bb][et_pb_column type=\u00bb4_4&#8243; _builder_version=\u00bb4.27.4&#8243; global_colors_info=\u00bb{}\u00bb][et_pb_divider show_divider=\u00bboff\u00bb disabled_on=\u00bboff|on|on\u00bb _builder_version=\u00bb4.27.4&#8243; _module_preset=\u00bbdefault\u00bb global_colors_info=\u00bb{}\u00bb][\/et_pb_divider][et_pb_text disabled_on=\u00bbon|off|off\u00bb _builder_version=\u00bb4.27.4&#8243; header_font=\u00bbPoppins|900|||||||\u00bb header_text_color=\u00bbrgba(89,8,43,0.05)\u00bb header_font_size=\u00bb124px\u00bb custom_margin=\u00bb-30px|||-34px|false|false\u00bb custom_margin_tablet=\u00bb\u00bb custom_margin_phone=\u00bb13px|||0px|false|false\u00bb custom_margin_last_edited=\u00bbon|phone\u00bb animation_direction=\u00bbtop\u00bb header_font_size_tablet=\u00bb130px\u00bb header_font_size_phone=\u00bb36px\u00bb header_font_size_last_edited=\u00bbon|phone\u00bb global_colors_info=\u00bb{}\u00bb]<\/p>\n<p>&nbsp;<\/p>\n<p>&nbsp;<\/p>\n<p>&nbsp;<\/p>\n<p>&nbsp;<\/p>\n<p>&nbsp;<\/p>\n<p>&nbsp;<\/p>\n<p>&nbsp;<\/p>\n<p>&nbsp;<\/p>\n<p>&nbsp;<\/p>\n<p>[\/et_pb_text][et_pb_image src=\u00bbhttps:\/\/salesianos.info\/protagonistasdelahistoria\/wp-content\/uploads\/sites\/14\/2025\/06\/protagonistas-def.png\u00bb title_text=\u00bbprotagonistas def\u00bb url=\u00bb@ET-DC@eyJkeW5hbWljIjp0cnVlLCJjb250ZW50IjoiaG9tZV91cmwiLCJzZXR0aW5ncyI6e319@\u00bb align=\u00bbcenter\u00bb align_tablet=\u00bbcenter\u00bb align_phone=\u00bbcenter\u00bb align_last_edited=\u00bbon|desktop\u00bb _builder_version=\u00bb4.27.4&#8243; _dynamic_attributes=\u00bburl\u00bb _module_preset=\u00bbdefault\u00bb max_width=\u00bb536px\u00bb custom_margin=\u00bb-334px||0px||false|false\u00bb custom_margin_tablet=\u00bb-334px||0px||false|false\u00bb custom_margin_phone=\u00bb-150px||||false|false\u00bb custom_margin_last_edited=\u00bbon|phone\u00bb custom_padding=\u00bb0px||8px||false|false\u00bb border_radii=\u00bbon|20px|20px|20px|20px\u00bb global_colors_info=\u00bb{}\u00bb][\/et_pb_image][et_pb_text _builder_version=\u00bb4.27.4&#8243; _module_preset=\u00bbdefault\u00bb header_text_color=\u00bb#E02B20&#8243; header_2_text_align=\u00bbcenter\u00bb header_2_text_color=\u00bb#FFFFFF\u00bb header_2_font_size=\u00bb29px\u00bb background_color=\u00bb#E09900&#8243; background_enable_pattern_style=\u00bbon\u00bb background_pattern_style=\u00bbpills\u00bb background_pattern_color=\u00bbrgba(0,0,0,0.04)\u00bb custom_padding=\u00bb10px|||0px|false|false\u00bb global_colors_info=\u00bb{}\u00bb]<\/p>\n<h2><strong>IMAGEN DE LA CAMPA\u00d1A<\/strong><\/h2>\n<p>[\/et_pb_text][\/et_pb_column][\/et_pb_row][\/et_pb_section][et_pb_section fb_built=\u00bb1&#8243; custom_padding_last_edited=\u00bbon|phone\u00bb admin_label=\u00bbServices\u00bb _builder_version=\u00bb4.25.2&#8243; _module_preset=\u00bbdefault\u00bb background_color=\u00bb#edf1ee\u00bb background_enable_image=\u00bboff\u00bb custom_margin=\u00bb-20px||||false|false\u00bb custom_margin_tablet=\u00bb-20px||||false|false\u00bb custom_margin_phone=\u00bb-20px||||false|false\u00bb custom_margin_last_edited=\u00bbon|desktop\u00bb custom_padding=\u00bb36px||36px||true|false\u00bb custom_padding_tablet=\u00bb60px||60px||true|false\u00bb custom_padding_phone=\u00bb40px||40px||true|false\u00bb global_colors_info=\u00bb{}\u00bb][et_pb_row column_structure=\u00bb1_5,1_5,1_5,1_5,1_5&#8243; use_custom_gutter=\u00bbon\u00bb make_equal=\u00bbon\u00bb module_id=\u00bbimagen\u00bb module_class=\u00bbimagen\u00bb _builder_version=\u00bb4.27.4&#8243; _module_preset=\u00bbdefault\u00bb global_colors_info=\u00bb{}\u00bb][et_pb_column type=\u00bb1_5&#8243; _builder_version=\u00bb4.27.4&#8243; _module_preset=\u00bbdefault\u00bb background_color=\u00bb#7165AA\u00bb transform_scale_linked=\u00bboff\u00bb custom_padding=\u00bb40px|30px|40px|30px|true|true\u00bb custom_padding_tablet=\u00bb30px|30px|30px|30px|true|true\u00bb custom_padding_phone=\u00bb20px||20px||true|true\u00bb custom_padding_last_edited=\u00bbon|phone\u00bb animation_style=\u00bbflip\u00bb animation_direction=\u00bbtop\u00bb animation_duration=\u00bb500ms\u00bb animation_delay=\u00bb100ms\u00bb animation_intensity_flip=\u00bb20%\u00bb link_option_url_new_window=\u00bbon\u00bb animation_delay_tablet=\u00bb0ms\u00bb animation_delay_phone=\u00bb\u00bb animation_delay_last_edited=\u00bbon|tablet\u00bb custom_css_main_element=\u00bbdisplay: inline-block;||max-width:50%;\u00bb border_radii=\u00bbon|10px|10px|10px|10px\u00bb global_colors_info=\u00bb{}\u00bb transform_styles__hover_enabled=\u00bbon|hover\u00bb transform_scale__hover_enabled=\u00bbon|hover\u00bb transform_translate__hover_enabled=\u00bbon|desktop\u00bb transform_rotate__hover_enabled=\u00bbon|desktop\u00bb transform_skew__hover_enabled=\u00bbon|desktop\u00bb transform_origin__hover_enabled=\u00bbon|desktop\u00bb transform_scale__hover=\u00bb104%|104%\u00bb][et_pb_blurb title=\u00bbLogotipos\u00bb url=\u00bbhttps:\/\/drive.google.com\/drive\/folders\/1se3ZVvZGyUachNuTm1CE3blocVgqeo0w?usp=share_link\u00bb url_new_window=\u00bbon\u00bb image=\u00bbhttps:\/\/salesianos.info\/protagonistasdelahistoria\/wp-content\/uploads\/sites\/14\/2023\/03\/proceso-creativo.png\u00bb _builder_version=\u00bb4.27.4&#8243; _module_preset=\u00bbdefault\u00bb header_font=\u00bbWork Sans||||||||\u00bb header_font_size=\u00bb16px\u00bb header_line_height=\u00bb1.2em\u00bb text_orientation=\u00bbcenter\u00bb background_layout=\u00bbdark\u00bb animation=\u00bboff\u00bb locked=\u00bboff\u00bb global_colors_info=\u00bb{}\u00bb][\/et_pb_blurb][\/et_pb_column][et_pb_column type=\u00bb1_5&#8243; _builder_version=\u00bb4.25.2&#8243; _module_preset=\u00bbdefault\u00bb background_color=\u00bb#2876BC\u00bb custom_padding=\u00bb40px|30px|40px|30px|true|true\u00bb custom_padding_tablet=\u00bb30px|30px|30px|30px|true|true\u00bb custom_padding_phone=\u00bb20px||20px||true|true\u00bb custom_padding_last_edited=\u00bbon|phone\u00bb animation_style=\u00bbflip\u00bb animation_direction=\u00bbtop\u00bb animation_duration=\u00bb500ms\u00bb animation_delay=\u00bb200ms\u00bb animation_intensity_flip=\u00bb20%\u00bb link_option_url_new_window=\u00bbon\u00bb animation_delay_tablet=\u00bb0ms\u00bb animation_delay_phone=\u00bb\u00bb animation_delay_last_edited=\u00bbon|tablet\u00bb custom_css_main_element=\u00bbdisplay: inline-block;||max-width:50%;\u00bb border_radii=\u00bbon|10px|10px|10px|10px\u00bb global_colors_info=\u00bb{}\u00bb transform_styles__hover_enabled=\u00bbon|hover\u00bb transform_scale__hover_enabled=\u00bbon|hover\u00bb transform_translate__hover_enabled=\u00bbon|desktop\u00bb transform_rotate__hover_enabled=\u00bbon|desktop\u00bb transform_skew__hover_enabled=\u00bbon|desktop\u00bb transform_origin__hover_enabled=\u00bbon|desktop\u00bb transform_scale__hover=\u00bb104%|104%\u00bb][et_pb_blurb title=\u00bbCarteler\u00eda\u00bb url=\u00bbhttps:\/\/drive.google.com\/drive\/u\/4\/folders\/13l1t3tgUo-h8nmhG9ODLbj_nPiUnnajj\u00bb url_new_window=\u00bbon\u00bb image=\u00bbhttps:\/\/salesianos.info\/protagonistasdelahistoria\/wp-content\/uploads\/sites\/14\/2023\/03\/poster.png\u00bb _builder_version=\u00bb4.27.4&#8243; _module_preset=\u00bbdefault\u00bb header_font=\u00bbWork Sans||||||||\u00bb header_font_size=\u00bb16px\u00bb header_line_height=\u00bb1.2em\u00bb body_font_size=\u00bb12px\u00bb text_orientation=\u00bbcenter\u00bb background_layout=\u00bbdark\u00bb animation=\u00bboff\u00bb link_option_url=\u00bbhttps:\/\/drive.google.com\/drive\/u\/4\/folders\/13l1t3tgUo-h8nmhG9ODLbj_nPiUnnajj\u00bb locked=\u00bboff\u00bb global_colors_info=\u00bb{}\u00bb][\/et_pb_blurb][\/et_pb_column][et_pb_column type=\u00bb1_5&#8243; _builder_version=\u00bb4.25.2&#8243; _module_preset=\u00bbdefault\u00bb background_color=\u00bb#77B838&#8243; transform_scale_linked__hover=\u00bboff\u00bb custom_padding=\u00bb40px|30px|40px|30px|true|true\u00bb custom_padding_tablet=\u00bb30px|30px|30px|30px|true|true\u00bb custom_padding_phone=\u00bb20px||20px||true|true\u00bb custom_padding_last_edited=\u00bbon|phone\u00bb animation_style=\u00bbflip\u00bb animation_direction=\u00bbtop\u00bb animation_duration=\u00bb500ms\u00bb animation_intensity_flip=\u00bb20%\u00bb link_option_url_new_window=\u00bbon\u00bb custom_css_main_element=\u00bbdisplay: inline-block;||max-width:50%;\u00bb border_radii=\u00bbon|10px|10px|10px|10px\u00bb global_colors_info=\u00bb{}\u00bb transform_styles__hover_enabled=\u00bbon|hover\u00bb transform_scale__hover_enabled=\u00bbon|hover\u00bb transform_translate__hover_enabled=\u00bbon|desktop\u00bb transform_rotate__hover_enabled=\u00bbon|desktop\u00bb transform_skew__hover_enabled=\u00bbon|desktop\u00bb transform_origin__hover_enabled=\u00bbon|desktop\u00bb transform_scale__hover=\u00bb104%|104%\u00bb][et_pb_blurb title=\u00bbTipograf\u00eda\u00bb url=\u00bbhttps:\/\/drive.google.com\/drive\/u\/4\/folders\/1NWsk1qQnjMN9zuC0Wb-RIWwozV752jB9&#8243; url_new_window=\u00bbon\u00bb image=\u00bbhttps:\/\/salesianos.info\/protagonistasdelahistoria\/wp-content\/uploads\/sites\/14\/2023\/03\/tipografia.png\u00bb _builder_version=\u00bb4.27.4&#8243; _module_preset=\u00bbdefault\u00bb header_font=\u00bbWork Sans||||||||\u00bb header_font_size=\u00bb16px\u00bb header_line_height=\u00bb1.2em\u00bb text_orientation=\u00bbcenter\u00bb background_layout=\u00bbdark\u00bb animation=\u00bboff\u00bb global_colors_info=\u00bb{}\u00bb][\/et_pb_blurb][\/et_pb_column][et_pb_column type=\u00bb1_5&#8243; _builder_version=\u00bb4.25.2&#8243; _module_preset=\u00bbdefault\u00bb background_color=\u00bb#FDCC4F\u00bb custom_padding=\u00bb40px|30px|40px|30px|true|true\u00bb custom_padding_tablet=\u00bb30px|30px|30px|30px|true|true\u00bb custom_padding_phone=\u00bb20px||20px||true|true\u00bb custom_padding_last_edited=\u00bbon|phone\u00bb animation_style=\u00bbflip\u00bb animation_direction=\u00bbtop\u00bb animation_duration=\u00bb500ms\u00bb animation_delay=\u00bb300ms\u00bb animation_intensity_flip=\u00bb20%\u00bb link_option_url_new_window=\u00bbon\u00bb animation_delay_tablet=\u00bb0ms\u00bb animation_delay_phone=\u00bb\u00bb animation_delay_last_edited=\u00bbon|tablet\u00bb custom_css_main_element=\u00bbdisplay: inline-block;||max-width:50%;\u00bb border_radii=\u00bbon|10px|10px|10px|10px\u00bb global_colors_info=\u00bb{}\u00bb transform_styles__hover_enabled=\u00bbon|hover\u00bb transform_scale__hover_enabled=\u00bbon|hover\u00bb transform_translate__hover_enabled=\u00bbon|desktop\u00bb transform_rotate__hover_enabled=\u00bbon|desktop\u00bb transform_skew__hover_enabled=\u00bbon|desktop\u00bb transform_origin__hover_enabled=\u00bbon|desktop\u00bb transform_scale__hover=\u00bb104%|104%\u00bb][et_pb_blurb title=\u00bbPlantillas\u00bb url=\u00bbhttps:\/\/drive.google.com\/drive\/u\/4\/folders\/1bySW_bUm7prVKPS3tR5qPwW6105FphtA\u00bb image=\u00bbhttps:\/\/salesianos.info\/protagonistasdelahistoria\/wp-content\/uploads\/sites\/14\/2023\/03\/plantillas.png\u00bb _builder_version=\u00bb4.27.4&#8243; _module_preset=\u00bbdefault\u00bb header_font=\u00bbWork Sans||||||||\u00bb header_text_color=\u00bb#FFFFFF\u00bb header_font_size=\u00bb16px\u00bb header_line_height=\u00bb1.2em\u00bb text_orientation=\u00bbcenter\u00bb animation=\u00bboff\u00bb locked=\u00bboff\u00bb global_colors_info=\u00bb{}\u00bb][\/et_pb_blurb][\/et_pb_column][et_pb_column type=\u00bb1_5&#8243; _builder_version=\u00bb4.25.2&#8243; _module_preset=\u00bbdefault\u00bb background_color=\u00bb#F28B17&#8243; custom_padding=\u00bb40px|30px|40px|30px|true|true\u00bb custom_padding_tablet=\u00bb30px|30px|30px|30px|true|true\u00bb custom_padding_phone=\u00bb20px||20px||true|true\u00bb custom_padding_last_edited=\u00bbon|phone\u00bb animation_style=\u00bbflip\u00bb animation_direction=\u00bbtop\u00bb animation_duration=\u00bb500ms\u00bb animation_delay=\u00bb400ms\u00bb animation_intensity_flip=\u00bb20%\u00bb animation_delay_tablet=\u00bb0ms\u00bb animation_delay_phone=\u00bb\u00bb animation_delay_last_edited=\u00bbon|tablet\u00bb custom_css_main_element=\u00bbdisplay: inline-block;||max-width:50%;\u00bb border_radii=\u00bbon|10px|10px|10px|10px\u00bb box_shadow_style=\u00bbpreset2&#8243; box_shadow_horizontal=\u00bb10px\u00bb box_shadow_vertical=\u00bb10px\u00bb box_shadow_blur=\u00bb25px\u00bb box_shadow_color=\u00bbrgba(50,71,71,0.05)\u00bb global_colors_info=\u00bb{}\u00bb transform_styles__hover_enabled=\u00bbon|hover\u00bb transform_scale__hover_enabled=\u00bbon|hover\u00bb transform_translate__hover_enabled=\u00bbon|desktop\u00bb transform_rotate__hover_enabled=\u00bbon|desktop\u00bb transform_skew__hover_enabled=\u00bbon|desktop\u00bb transform_origin__hover_enabled=\u00bbon|desktop\u00bb transform_scale__hover=\u00bb104%|104%\u00bb][et_pb_blurb title=\u00bbMerchandising\u00bb url=\u00bbhttps:\/\/drive.google.com\/drive\/u\/4\/folders\/1qaABMSA7fCZ_z-UpG_7mwt_IQ_e2EVO3&#8243; image=\u00bbhttps:\/\/salesianos.info\/protagonistasdelahistoria\/wp-content\/uploads\/sites\/14\/2023\/03\/merchandise.png\u00bb _builder_version=\u00bb4.27.4&#8243; _module_preset=\u00bbdefault\u00bb header_font=\u00bbWork Sans||||||||\u00bb header_text_color=\u00bb#FFFFFF\u00bb header_font_size=\u00bb16px\u00bb header_letter_spacing=\u00bb-1px\u00bb header_line_height=\u00bb1.2em\u00bb text_orientation=\u00bbcenter\u00bb animation=\u00bboff\u00bb link_option_url=\u00bbhttps:\/\/drive.google.com\/drive\/u\/4\/folders\/1qaABMSA7fCZ_z-UpG_7mwt_IQ_e2EVO3&#8243; header_font_size_tablet=\u00bb16px\u00bb header_font_size_phone=\u00bb14px\u00bb header_font_size_last_edited=\u00bbon|phone\u00bb locked=\u00bboff\u00bb global_colors_info=\u00bb{}\u00bb][\/et_pb_blurb][\/et_pb_column][\/et_pb_row][et_pb_row _builder_version=\u00bb4.27.4&#8243; _module_preset=\u00bbdefault\u00bb global_colors_info=\u00bb{}\u00bb][et_pb_column type=\u00bb4_4&#8243; _builder_version=\u00bb4.27.4&#8243; _module_preset=\u00bbdefault\u00bb global_colors_info=\u00bb{}\u00bb][et_pb_text _builder_version=\u00bb4.27.4&#8243; _module_preset=\u00bbdefault\u00bb header_text_color=\u00bb#E02B20&#8243; header_2_text_align=\u00bbcenter\u00bb header_2_text_color=\u00bb#FFFFFF\u00bb header_2_font_size=\u00bb29px\u00bb background_color=\u00bb#E02B20&#8243; background_enable_pattern_style=\u00bbon\u00bb background_pattern_style=\u00bbpills\u00bb background_pattern_color=\u00bbrgba(0,0,0,0.04)\u00bb custom_padding=\u00bb10px|||0px|false|false\u00bb global_colors_info=\u00bb{}\u00bb]<\/p>\n<h2><strong>ADAPTACI\u00d3N DE LOS CARTELES PARA LAS REDES SOCIALES<\/strong><\/h2>\n<p>[\/et_pb_text][\/et_pb_column][\/et_pb_row][et_pb_row column_structure=\u00bb1_4,1_4,1_4,1_4&#8243; use_custom_gutter=\u00bbon\u00bb make_equal=\u00bbon\u00bb module_id=\u00bbimagen\u00bb module_class=\u00bbimagen\u00bb _builder_version=\u00bb4.27.4&#8243; _module_preset=\u00bbdefault\u00bb global_colors_info=\u00bb{}\u00bb][et_pb_column type=\u00bb1_4&#8243; _builder_version=\u00bb4.27.4&#8243; _module_preset=\u00bbdefault\u00bb global_colors_info=\u00bb{}\u00bb][\/et_pb_column][et_pb_column type=\u00bb1_4&#8243; _builder_version=\u00bb4.27.4&#8243; _module_preset=\u00bbdefault\u00bb background_color=\u00bb#d3b000&#8243; transform_scale_linked=\u00bboff\u00bb custom_padding=\u00bb40px|30px|40px|30px|true|true\u00bb custom_padding_tablet=\u00bb30px|30px|30px|30px|true|true\u00bb custom_padding_phone=\u00bb20px||20px||true|true\u00bb custom_padding_last_edited=\u00bbon|phone\u00bb animation_style=\u00bbflip\u00bb animation_direction=\u00bbtop\u00bb animation_duration=\u00bb500ms\u00bb animation_delay=\u00bb100ms\u00bb animation_intensity_flip=\u00bb20%\u00bb link_option_url_new_window=\u00bbon\u00bb animation_delay_tablet=\u00bb0ms\u00bb animation_delay_phone=\u00bb\u00bb animation_delay_last_edited=\u00bbon|tablet\u00bb custom_css_main_element=\u00bbdisplay: inline-block;||max-width:50%;\u00bb border_radii=\u00bbon|10px|10px|10px|10px\u00bb global_colors_info=\u00bb{}\u00bb transform_styles__hover_enabled=\u00bbon|hover\u00bb transform_scale__hover_enabled=\u00bbon|hover\u00bb transform_translate__hover_enabled=\u00bbon|desktop\u00bb transform_rotate__hover_enabled=\u00bbon|desktop\u00bb transform_skew__hover_enabled=\u00bbon|desktop\u00bb transform_origin__hover_enabled=\u00bbon|desktop\u00bb transform_scale__hover=\u00bb104%|104%\u00bb][et_pb_blurb title=\u00bbPOST CARTELES \u00bb url=\u00bbhttps:\/\/www.canva.com\/design\/DAGxtvJEf2Q\/xP_1WcUC44XuDU0a9024dg\/edit?utm_content=DAGxtvJEf2Q&#038;utm_campaign=designshare&#038;utm_medium=link2&#038;utm_source=sharebutton\u00bb url_new_window=\u00bbon\u00bb image=\u00bbhttps:\/\/salesianos.info\/protagonistasdelahistoria\/wp-content\/uploads\/sites\/14\/2025\/09\/post_.png\u00bb _builder_version=\u00bb4.27.4&#8243; _module_preset=\u00bbdefault\u00bb header_font=\u00bbWork Sans||||||||\u00bb header_font_size=\u00bb16px\u00bb header_line_height=\u00bb1.2em\u00bb text_orientation=\u00bbcenter\u00bb background_layout=\u00bbdark\u00bb animation=\u00bboff\u00bb link_option_url=\u00bbhttps:\/\/www.canva.com\/design\/DAGxtvJEf2Q\/xP_1WcUC44XuDU0a9024dg\/edit?utm_content=DAGxtvJEf2Q&#038;utm_campaign=designshare&#038;utm_medium=link2&#038;utm_source=sharebutton\u00bb locked=\u00bboff\u00bb global_colors_info=\u00bb{}\u00bb][\/et_pb_blurb][\/et_pb_column][et_pb_column type=\u00bb1_4&#8243; _builder_version=\u00bb4.27.4&#8243; _module_preset=\u00bbdefault\u00bb background_color=\u00bb#ba1818&#8243; custom_padding=\u00bb40px|30px|40px|30px|true|true\u00bb custom_padding_tablet=\u00bb30px|30px|30px|30px|true|true\u00bb custom_padding_phone=\u00bb20px||20px||true|true\u00bb custom_padding_last_edited=\u00bbon|phone\u00bb animation_style=\u00bbflip\u00bb animation_direction=\u00bbtop\u00bb animation_duration=\u00bb500ms\u00bb animation_delay=\u00bb200ms\u00bb animation_intensity_flip=\u00bb20%\u00bb link_option_url_new_window=\u00bbon\u00bb animation_delay_tablet=\u00bb0ms\u00bb animation_delay_phone=\u00bb\u00bb animation_delay_last_edited=\u00bbon|tablet\u00bb custom_css_main_element=\u00bbdisplay: inline-block;||max-width:50%;\u00bb border_radii=\u00bbon|10px|10px|10px|10px\u00bb global_colors_info=\u00bb{}\u00bb transform_styles__hover_enabled=\u00bbon|hover\u00bb transform_scale__hover_enabled=\u00bbon|hover\u00bb transform_translate__hover_enabled=\u00bbon|desktop\u00bb transform_rotate__hover_enabled=\u00bbon|desktop\u00bb transform_skew__hover_enabled=\u00bbon|desktop\u00bb transform_origin__hover_enabled=\u00bbon|desktop\u00bb transform_scale__hover=\u00bb104%|104%\u00bb][et_pb_blurb title=\u00bbSTORIES CARTELES\u00bb url=\u00bbhttps:\/\/www.canva.com\/design\/DAGxttWpI9Y\/VLrj8OT6y3UMwK6CxLoJNg\/edit?utm_content=DAGxttWpI9Y&#038;utm_campaign=designshare&#038;utm_medium=link2&#038;utm_source=sharebutton\u00bb url_new_window=\u00bbon\u00bb image=\u00bbhttps:\/\/salesianos.info\/protagonistasdelahistoria\/wp-content\/uploads\/sites\/14\/2025\/09\/stories_.png\u00bb _builder_version=\u00bb4.27.4&#8243; _module_preset=\u00bbdefault\u00bb header_font=\u00bbWork Sans||||||||\u00bb header_font_size=\u00bb16px\u00bb header_line_height=\u00bb1.2em\u00bb body_font_size=\u00bb12px\u00bb text_orientation=\u00bbcenter\u00bb background_layout=\u00bbdark\u00bb animation=\u00bboff\u00bb link_option_url=\u00bbhttps:\/\/www.canva.com\/design\/DAGxttWpI9Y\/VLrj8OT6y3UMwK6CxLoJNg\/edit?utm_content=DAGxttWpI9Y&#038;utm_campaign=designshare&#038;utm_medium=link2&#038;utm_source=sharebutton\u00bb locked=\u00bboff\u00bb global_colors_info=\u00bb{}\u00bb][\/et_pb_blurb][\/et_pb_column][et_pb_column type=\u00bb1_4&#8243; _builder_version=\u00bb4.27.4&#8243; _module_preset=\u00bbdefault\u00bb global_colors_info=\u00bb{}\u00bb][\/et_pb_column][\/et_pb_row][et_pb_row _builder_version=\u00bb4.27.4&#8243; _module_preset=\u00bbdefault\u00bb global_colors_info=\u00bb{}\u00bb][et_pb_column type=\u00bb4_4&#8243; _builder_version=\u00bb4.27.4&#8243; _module_preset=\u00bbdefault\u00bb global_colors_info=\u00bb{}\u00bb][et_pb_text _builder_version=\u00bb4.27.4&#8243; _module_preset=\u00bbdefault\u00bb header_text_color=\u00bb#E02B20&#8243; header_2_text_align=\u00bbcenter\u00bb header_2_text_color=\u00bb#FFFFFF\u00bb header_2_font_size=\u00bb29px\u00bb background_color=\u00bb#0C71C3&#8243; background_enable_pattern_style=\u00bbon\u00bb background_pattern_style=\u00bbpills\u00bb background_pattern_color=\u00bbrgba(0,0,0,0.04)\u00bb custom_padding=\u00bb10px|||0px|false|false\u00bb global_colors_info=\u00bb{}\u00bb]<\/p>\n<h2><strong>PRESENTACI\u00d3N ADAPTADA A CANVA<\/strong><\/h2>\n<p>[\/et_pb_text][et_pb_button button_url=\u00bbhttps:\/\/www.canva.com\/design\/DAGp8gIA93U\/WEEDHHLP3R0N_cmy1VrkUg\/edit\u00bb url_new_window=\u00bbon\u00bb button_text=\u00bbPRESENTACI\u00d3N DE LA CAMPA\u00d1A EN CANVA\u00bb button_alignment=\u00bbcenter\u00bb _builder_version=\u00bb4.27.4&#8243; _module_preset=\u00bbdefault\u00bb custom_button=\u00bbon\u00bb button_text_size=\u00bb17px\u00bb button_text_color=\u00bb#FFFFFF\u00bb button_bg_color=\u00bb#E02B20&#8243; button_border_width=\u00bb0px\u00bb global_colors_info=\u00bb{}\u00bb][\/et_pb_button][et_pb_code _builder_version=\u00bb4.27.4&#8243; _module_preset=\u00bbdefault\u00bb global_colors_info=\u00bb{}\u00bb]<\/p>\n<div style=\"position: relative; width: 100%; height: 0; padding-top: 56.2500%;<!-- [et_pb_line_break_holder] --> padding-bottom: 0; box-shadow: 0 2px 8px 0 rgba(63,69,81,0.16); margin-top: 1.6em; margin-bottom: 0.9em; overflow: hidden;<!-- [et_pb_line_break_holder] --> border-radius: 8px; will-change: transform;\u00bb><!-- [et_pb_line_break_holder] -->  <iframe loading=\"lazy\" style=\"position: absolute; width: 100%; height: 100%; top: 0; left: 0; border: none; padding: 0;margin: 0;\"<!-- [et_pb_line_break_holder] -->    src=\u00bbhttps:\/\/www.canva.com\/design\/DAGp8gIA93U\/0L8uN2_nqkN03ehebL-svg\/view?embed\u00bb allowfullscreen=\u00bballowfullscreen\u00bb allow=\u00bbfullscreen\u00bb><!-- [et_pb_line_break_holder] -->  <\/iframe><!-- [et_pb_line_break_holder] --><\/div>\n<p><!-- [et_pb_line_break_holder] --><a href=\"https:\/\/www.canva.com\/design\/DAGp8gIA93U\/0L8uN2_nqkN03ehebL-svg\/view?utm_content=DAGp8gIA93U&#038;utm_campaign=designshare&#038;utm_medium=embeds&#038;utm_source=link\" target=\"_blank\" rel=\"noopener\">Plantilla presentaci\u00f3n | Campa\u00f1a 2025-26<\/a> de SALESIANOS ESPA\u00d1A[\/et_pb_code][\/et_pb_column][\/et_pb_row][\/et_pb_section]<\/p>\n","protected":false},"excerpt":{"rendered":"<p>&nbsp; &nbsp; &nbsp; &nbsp; &nbsp; &nbsp; &nbsp; &nbsp; &nbsp;IMAGEN DE LA CAMPA\u00d1AADAPTACI\u00d3N DE LOS CARTELES PARA LAS REDES SOCIALESPRESENTACI\u00d3N ADAPTADA A CANVA<\/p>\n","protected":false},"author":3,"featured_media":0,"parent":0,"menu_order":0,"comment_status":"closed","ping_status":"closed","template":"","meta":{"_et_pb_use_builder":"on","_et_pb_old_content":"","_et_gb_content_width":"","footnotes":""},"class_list":["post-115007","page","type-page","status-publish","hentry"],"yoast_head":"<!-- This site is optimized with the Yoast SEO plugin v27.4 - https:\/\/yoast.com\/product\/yoast-seo-wordpress\/ -->\n<title>Imagen de la campa\u00f1a - Campa\u00f1a Pastoral 2025-26 | Protagonistas de la historia<\/title>\n<meta name=\"robots\" content=\"index, follow, max-snippet:-1, max-image-preview:large, max-video-preview:-1\" \/>\n<link rel=\"canonical\" href=\"https:\/\/salesianos.info\/protagonistasdelahistoria\/imagen\/\" \/>\n<meta property=\"og:locale\" content=\"es_ES\" \/>\n<meta property=\"og:type\" content=\"article\" \/>\n<meta property=\"og:title\" content=\"Imagen de la campa\u00f1a - Campa\u00f1a Pastoral 2025-26 | Protagonistas de la historia\" \/>\n<meta property=\"og:description\" content=\"Exceur Sint Accaecat Lorem ipsum dolor sit amet consectetur adipiscing elit sed do eiusmod tempor incididunt ut labore et dolore magna aliqua. Ut enim ad minim veniam quis nostrud exercitation ullamco laboris nisi ut aliquip ex ea commodo consequat. Duis aute irure dolor in reprehenderit in voluptate velit esse cillum dolore eu fugiat nulla pariatur. [&hellip;]\" \/>\n<meta property=\"og:url\" content=\"https:\/\/salesianos.info\/protagonistasdelahistoria\/imagen\/\" \/>\n<meta property=\"og:site_name\" content=\"Campa\u00f1a Pastoral 2025-26 | Protagonistas de la historia\" \/>\n<meta property=\"article:modified_time\" content=\"2025-09-01T07:20:17+00:00\" \/>\n<meta name=\"twitter:card\" content=\"summary_large_image\" \/>\n<meta name=\"twitter:label1\" content=\"Tiempo de lectura\" \/>\n\t<meta name=\"twitter:data1\" content=\"2 minutos\" \/>\n<script type=\"application\/ld+json\" class=\"yoast-schema-graph\">{\"@context\":\"https:\\\/\\\/schema.org\",\"@graph\":[{\"@type\":\"WebPage\",\"@id\":\"https:\\\/\\\/salesianos.info\\\/protagonistasdelahistoria\\\/imagen\\\/\",\"url\":\"https:\\\/\\\/salesianos.info\\\/protagonistasdelahistoria\\\/imagen\\\/\",\"name\":\"Imagen de la campa\u00f1a - Campa\u00f1a Pastoral 2025-26 | Protagonistas de la historia\",\"isPartOf\":{\"@id\":\"https:\\\/\\\/salesianos.info\\\/protagonistasdelahistoria\\\/#website\"},\"datePublished\":\"2025-06-23T07:42:23+00:00\",\"dateModified\":\"2025-09-01T07:20:17+00:00\",\"breadcrumb\":{\"@id\":\"https:\\\/\\\/salesianos.info\\\/protagonistasdelahistoria\\\/imagen\\\/#breadcrumb\"},\"inLanguage\":\"es\",\"potentialAction\":[{\"@type\":\"ReadAction\",\"target\":[\"https:\\\/\\\/salesianos.info\\\/protagonistasdelahistoria\\\/imagen\\\/\"]}]},{\"@type\":\"BreadcrumbList\",\"@id\":\"https:\\\/\\\/salesianos.info\\\/protagonistasdelahistoria\\\/imagen\\\/#breadcrumb\",\"itemListElement\":[{\"@type\":\"ListItem\",\"position\":1,\"name\":\"Portada\",\"item\":\"https:\\\/\\\/salesianos.info\\\/protagonistasdelahistoria\\\/\"},{\"@type\":\"ListItem\",\"position\":2,\"name\":\"Imagen de la campa\u00f1a\"}]},{\"@type\":\"WebSite\",\"@id\":\"https:\\\/\\\/salesianos.info\\\/protagonistasdelahistoria\\\/#website\",\"url\":\"https:\\\/\\\/salesianos.info\\\/protagonistasdelahistoria\\\/\",\"name\":\"Campa\u00f1a Pastoral 2025-26 | Protagonistas de la historia\",\"description\":\"\",\"potentialAction\":[{\"@type\":\"SearchAction\",\"target\":{\"@type\":\"EntryPoint\",\"urlTemplate\":\"https:\\\/\\\/salesianos.info\\\/protagonistasdelahistoria\\\/?s={search_term_string}\"},\"query-input\":{\"@type\":\"PropertyValueSpecification\",\"valueRequired\":true,\"valueName\":\"search_term_string\"}}],\"inLanguage\":\"es\"}]}<\/script>\n<!-- \/ Yoast SEO plugin. -->","yoast_head_json":{"title":"Imagen de la campa\u00f1a - Campa\u00f1a Pastoral 2025-26 | Protagonistas de la historia","robots":{"index":"index","follow":"follow","max-snippet":"max-snippet:-1","max-image-preview":"max-image-preview:large","max-video-preview":"max-video-preview:-1"},"canonical":"https:\/\/salesianos.info\/protagonistasdelahistoria\/imagen\/","og_locale":"es_ES","og_type":"article","og_title":"Imagen de la campa\u00f1a - Campa\u00f1a Pastoral 2025-26 | Protagonistas de la historia","og_description":"Exceur Sint Accaecat Lorem ipsum dolor sit amet consectetur adipiscing elit sed do eiusmod tempor incididunt ut labore et dolore magna aliqua. Ut enim ad minim veniam quis nostrud exercitation ullamco laboris nisi ut aliquip ex ea commodo consequat. Duis aute irure dolor in reprehenderit in voluptate velit esse cillum dolore eu fugiat nulla pariatur. [&hellip;]","og_url":"https:\/\/salesianos.info\/protagonistasdelahistoria\/imagen\/","og_site_name":"Campa\u00f1a Pastoral 2025-26 | Protagonistas de la historia","article_modified_time":"2025-09-01T07:20:17+00:00","twitter_card":"summary_large_image","twitter_misc":{"Tiempo de lectura":"2 minutos"},"schema":{"@context":"https:\/\/schema.org","@graph":[{"@type":"WebPage","@id":"https:\/\/salesianos.info\/protagonistasdelahistoria\/imagen\/","url":"https:\/\/salesianos.info\/protagonistasdelahistoria\/imagen\/","name":"Imagen de la campa\u00f1a - Campa\u00f1a Pastoral 2025-26 | Protagonistas de la historia","isPartOf":{"@id":"https:\/\/salesianos.info\/protagonistasdelahistoria\/#website"},"datePublished":"2025-06-23T07:42:23+00:00","dateModified":"2025-09-01T07:20:17+00:00","breadcrumb":{"@id":"https:\/\/salesianos.info\/protagonistasdelahistoria\/imagen\/#breadcrumb"},"inLanguage":"es","potentialAction":[{"@type":"ReadAction","target":["https:\/\/salesianos.info\/protagonistasdelahistoria\/imagen\/"]}]},{"@type":"BreadcrumbList","@id":"https:\/\/salesianos.info\/protagonistasdelahistoria\/imagen\/#breadcrumb","itemListElement":[{"@type":"ListItem","position":1,"name":"Portada","item":"https:\/\/salesianos.info\/protagonistasdelahistoria\/"},{"@type":"ListItem","position":2,"name":"Imagen de la campa\u00f1a"}]},{"@type":"WebSite","@id":"https:\/\/salesianos.info\/protagonistasdelahistoria\/#website","url":"https:\/\/salesianos.info\/protagonistasdelahistoria\/","name":"Campa\u00f1a Pastoral 2025-26 | Protagonistas de la historia","description":"","potentialAction":[{"@type":"SearchAction","target":{"@type":"EntryPoint","urlTemplate":"https:\/\/salesianos.info\/protagonistasdelahistoria\/?s={search_term_string}"},"query-input":{"@type":"PropertyValueSpecification","valueRequired":true,"valueName":"search_term_string"}}],"inLanguage":"es"}]}},"_links":{"self":[{"href":"https:\/\/salesianos.info\/protagonistasdelahistoria\/wp-json\/wp\/v2\/pages\/115007","targetHints":{"allow":["GET"]}}],"collection":[{"href":"https:\/\/salesianos.info\/protagonistasdelahistoria\/wp-json\/wp\/v2\/pages"}],"about":[{"href":"https:\/\/salesianos.info\/protagonistasdelahistoria\/wp-json\/wp\/v2\/types\/page"}],"author":[{"embeddable":true,"href":"https:\/\/salesianos.info\/protagonistasdelahistoria\/wp-json\/wp\/v2\/users\/3"}],"replies":[{"embeddable":true,"href":"https:\/\/salesianos.info\/protagonistasdelahistoria\/wp-json\/wp\/v2\/comments?post=115007"}],"version-history":[{"count":19,"href":"https:\/\/salesianos.info\/protagonistasdelahistoria\/wp-json\/wp\/v2\/pages\/115007\/revisions"}],"predecessor-version":[{"id":115172,"href":"https:\/\/salesianos.info\/protagonistasdelahistoria\/wp-json\/wp\/v2\/pages\/115007\/revisions\/115172"}],"wp:attachment":[{"href":"https:\/\/salesianos.info\/protagonistasdelahistoria\/wp-json\/wp\/v2\/media?parent=115007"}],"curies":[{"name":"wp","href":"https:\/\/api.w.org\/{rel}","templated":true}]}}