{"id":55,"date":"2025-06-19T07:30:30","date_gmt":"2025-06-19T05:30:30","guid":{"rendered":"https:\/\/salesianos.info\/protagonistasdelahistoria\/?page_id=55"},"modified":"2025-07-14T12:33:52","modified_gmt":"2025-07-14T10:33:52","slug":"dosieres","status":"publish","type":"page","link":"https:\/\/salesianos.info\/protagonistasdelahistoria\/dosieres\/","title":{"rendered":"Dosieres"},"content":{"rendered":"<p>[et_pb_section fb_built=\u00bb1&#8243; _builder_version=\u00bb4.27.4&#8243; background_color=\u00bb#edf1ee\u00bb background_image=\u00bbhttps:\/\/salesianos.info\/protagonistasdelahistoria\/wp-content\/uploads\/sites\/14\/2025\/06\/Fondoweb.png\u00bb custom_padding=\u00bb244px||0px||false|false\u00bb global_colors_info=\u00bb{}\u00bb][et_pb_row use_custom_gutter=\u00bbon\u00bb make_equal=\u00bbon\u00bb _builder_version=\u00bb4.27.4&#8243; width=\u00bb90%\u00bb width_tablet=\u00bb90%\u00bb width_phone=\u00bb90%\u00bb width_last_edited=\u00bbon|tablet\u00bb max_width_tablet=\u00bb90%\u00bb max_width_phone=\u00bb90%\u00bb max_width_last_edited=\u00bboff|desktop\u00bb custom_padding=\u00bb0px||45px||false|false\u00bb global_colors_info=\u00bb{}\u00bb][et_pb_column type=\u00bb4_4&#8243; _builder_version=\u00bb4.27.4&#8243; global_colors_info=\u00bb{}\u00bb][et_pb_text disabled_on=\u00bbon|off|off\u00bb _builder_version=\u00bb4.27.4&#8243; _dynamic_attributes=\u00bblink_option_url\u00bb header_font=\u00bbPoppins|900|||||||\u00bb header_text_color=\u00bbrgba(89,8,43,0.05)\u00bb header_font_size=\u00bb124px\u00bb custom_margin=\u00bb-30px|||-34px|false|false\u00bb custom_margin_tablet=\u00bb\u00bb custom_margin_phone=\u00bb|||0px|false|false\u00bb custom_margin_last_edited=\u00bbon|desktop\u00bb animation_direction=\u00bbtop\u00bb link_option_url=\u00bb@ET-DC@eyJkeW5hbWljIjp0cnVlLCJjb250ZW50IjoiaG9tZV91cmwiLCJzZXR0aW5ncyI6e319@\u00bb header_font_size_tablet=\u00bb130px\u00bb header_font_size_phone=\u00bb36px\u00bb header_font_size_last_edited=\u00bbon|phone\u00bb global_colors_info=\u00bb{}\u00bb]<\/p>\n<p>&nbsp;<\/p>\n<p>&nbsp;<\/p>\n<p>&nbsp;<\/p>\n<p>&nbsp;<\/p>\n<p>&nbsp;<\/p>\n<p>&nbsp;<\/p>\n<p>&nbsp;<\/p>\n<p>&nbsp;<\/p>\n<p>&nbsp;<\/p>\n<p>[\/et_pb_text][et_pb_image src=\u00bbhttps:\/\/salesianos.info\/protagonistasdelahistoria\/wp-content\/uploads\/sites\/14\/2025\/06\/protagonistas-def.png\u00bb title_text=\u00bbprotagonistas def\u00bb url=\u00bb@ET-DC@eyJkeW5hbWljIjp0cnVlLCJjb250ZW50IjoicG9zdF9saW5rX3VybF9wYWdlIiwic2V0dGluZ3MiOnsicG9zdF9pZCI6IjIifX0=@\u00bb align=\u00bbcenter\u00bb align_tablet=\u00bbcenter\u00bb align_phone=\u00bbcenter\u00bb align_last_edited=\u00bbon|desktop\u00bb _builder_version=\u00bb4.27.4&#8243; _dynamic_attributes=\u00bburl\u00bb _module_preset=\u00bbdefault\u00bb max_width=\u00bb536px\u00bb custom_margin=\u00bb-334px||0px||false|false\u00bb custom_margin_tablet=\u00bb-334px||0px||false|false\u00bb custom_margin_phone=\u00bb-150px||0px||false|false\u00bb custom_margin_last_edited=\u00bbon|phone\u00bb custom_padding=\u00bb0px||61px||false|false\u00bb border_radii=\u00bbon|20px|20px|20px|20px\u00bb global_colors_info=\u00bb{}\u00bb][\/et_pb_image][et_pb_text _builder_version=\u00bb4.27.4&#8243; _module_preset=\u00bbdefault\u00bb header_text_color=\u00bb#E02B20&#8243; header_2_text_align=\u00bbcenter\u00bb header_2_text_color=\u00bb#FFFFFF\u00bb header_2_font_size=\u00bb29px\u00bb background_color=\u00bb#E09900&#8243; background_enable_pattern_style=\u00bbon\u00bb background_pattern_style=\u00bbpills\u00bb background_pattern_color=\u00bbrgba(0,0,0,0.04)\u00bb custom_padding=\u00bb10px|||0px|false|false\u00bb global_colors_info=\u00bb{}\u00bb]<\/p>\n<h2><strong>DOSIERES MENSUALES<\/strong><\/h2>\n<p>[\/et_pb_text][\/et_pb_column][\/et_pb_row][\/et_pb_section][et_pb_section fb_built=\u00bb1&#8243; custom_padding_last_edited=\u00bbon|tablet\u00bb _builder_version=\u00bb4.23&#8243; _module_preset=\u00bbdefault\u00bb background_color=\u00bb#edf1ee\u00bb background_image=\u00bbhttps:\/\/salesianos.info\/protagonistasdelahistoria\/wp-content\/uploads\/sites\/14\/2025\/06\/marketing-7-oef-3atk.png\u00bb background_size=\u00bbcustom\u00bb background_image_width=\u00bb745px\u00bb background_position=\u00bbbottom_right\u00bb custom_margin=\u00bb0px||0px||false|false\u00bb custom_padding=\u00bb53px||120px||false|false\u00bb custom_padding_tablet=\u00bb110px||120px||false|false\u00bb custom_padding_phone=\u00bb85px||90px||false|false\u00bb background_last_edited=\u00bbon|tablet\u00bb background_enable_image_tablet=\u00bboff\u00bb saved_tabs=\u00bball\u00bb global_colors_info=\u00bb{}\u00bb][et_pb_row column_structure=\u00bb1_4,1_4,1_4,1_4&#8243; use_custom_gutter=\u00bbon\u00bb make_equal=\u00bbon\u00bb module_id=\u00bbdosieres\u00bb _builder_version=\u00bb4.27.4&#8243; _module_preset=\u00bbdefault\u00bb width=\u00bb90%\u00bb max_width=\u00bb1320px\u00bb max_width_tablet=\u00bb1320px\u00bb max_width_phone=\u00bb310px\u00bb max_width_last_edited=\u00bbon|phone\u00bb custom_margin=\u00bb0px||0px||false|false\u00bb custom_padding=\u00bb0px||0px||false|false\u00bb global_colors_info=\u00bb{}\u00bb][et_pb_column type=\u00bb1_4&#8243; _builder_version=\u00bb4.27.4&#8243; _module_preset=\u00bbdefault\u00bb background_color=\u00bb#FFFFFF\u00bb animation_style=\u00bbslide\u00bb animation_direction=\u00bbbottom\u00bb animation_intensity_slide=\u00bb2%\u00bb animation_speed_curve=\u00bbease\u00bb link_option_url=\u00bbhttps:\/\/drive.google.com\/file\/d\/1GX9U0Cgzvy1P84ci7ebWrQ6Gds6LzGl2\/view?usp=share_link\u00bb link_option_url_new_window=\u00bbon\u00bb border_radii=\u00bboff|30px|30px||\u00bb global_colors_info=\u00bb{}\u00bb][et_pb_image src=\u00bbhttps:\/\/salesianos.info\/protagonistasdelahistoria\/wp-content\/uploads\/sites\/14\/2025\/06\/PORTADAS-DOSIER-CASTELLANO-scaled.jpg\u00bb title_text=\u00bbPORTADAS DOSIER CASTELLANO\u00bb force_fullwidth=\u00bbon\u00bb _builder_version=\u00bb4.27.4&#8243; _module_preset=\u00bbdefault\u00bb custom_margin=\u00bb0px||18px||false|false\u00bb custom_padding=\u00bb0px||0px||false|false\u00bb global_colors_info=\u00bb{}\u00bb][\/et_pb_image][et_pb_text _builder_version=\u00bb4.25.1&#8243; _module_preset=\u00bbdefault\u00bb text_font=\u00bbManrope|600|||||||\u00bb text_text_color=\u00bb#19352d\u00bb text_font_size=\u00bb20px\u00bb text_line_height=\u00bb1.6em\u00bb text_orientation=\u00bbcenter\u00bb custom_margin=\u00bb0px||-2px||false|false\u00bb custom_padding=\u00bb0px||0px||false|false\u00bb global_colors_info=\u00bb{}\u00bb]<\/p>\n<p>SEPTIEMBRE &#8211; OCTUBRE<\/p>\n<p>[\/et_pb_text][et_pb_text _builder_version=\u00bb4.27.4&#8243; _module_preset=\u00bbdefault\u00bb text_font=\u00bbManrope||||||||\u00bb text_text_color=\u00bbrgba(0,0,0,0.7)\u00bb text_font_size=\u00bb15px\u00bb text_line_height=\u00bb1.6em\u00bb text_orientation=\u00bbcenter\u00bb custom_margin=\u00bb0px||29px||false|false\u00bb custom_padding=\u00bb0px||0px||false|false\u00bb global_colors_info=\u00bb{}\u00bb]<\/p>\n<p><i>\u201cUna historia que acoger\u201d<\/i><\/p>\n<p>[\/et_pb_text][et_pb_toggle title=\u00bbDESARROLLO TEM\u00c1TICO\u00bb open_toggle_text_color=\u00bb#0C71C3&#8243; closed_toggle_text_color=\u00bb#0C71C3&#8243; icon_color=\u00bb#0C71C3&#8243; open_icon_color=\u00bb#0C71C3&#8243; _builder_version=\u00bb4.27.4&#8243; _module_preset=\u00bbdefault\u00bb title_text_color=\u00bb#0C71C3&#8243; closed_title_font_size=\u00bb15px\u00bb border_width_all=\u00bb0px\u00bb global_colors_info=\u00bb{}\u00bb]<\/p>\n<ul>\n<li>Acoger un nuevo curso es aprovechar esa \u201chistoria\u201d que tenemos la\u00a0oportunidad de seguir escribiendo cada a\u00f1o.<\/li>\n<li>Abrirnos a la novedad que supone es regalarnos la oportunidad de conocer lo desconocido, valorar lo que se tiene, compartir lo que somos\u2026 dejarnos sorprender, \u00a1tambi\u00e9n por Dios!<\/li>\n<li>En nuestra Casa Salesiana, como en la Iglesia, queremos acoger al \u201cprotagonista de la historia\u201d, descubriendo la Buena Noticia de Dios,\u00a0que nos quiere y nos ama.<\/li>\n<\/ul>\n<p>[\/et_pb_toggle][\/et_pb_column][et_pb_column type=\u00bb1_4&#8243; _builder_version=\u00bb4.27.4&#8243; _module_preset=\u00bbdefault\u00bb background_color=\u00bb#FFFFFF\u00bb animation_style=\u00bbslide\u00bb animation_direction=\u00bbbottom\u00bb animation_delay=\u00bb200ms\u00bb animation_intensity_slide=\u00bb2%\u00bb animation_speed_curve=\u00bbease\u00bb link_option_url=\u00bbhttps:\/\/drive.google.com\/file\/d\/16Y8Pf0NKGji7sk6VAFCDiRKddP6L5ZXF\/view?usp=share_link\u00bb link_option_url_new_window=\u00bbon\u00bb border_radii=\u00bboff|30px|30px||\u00bb global_colors_info=\u00bb{}\u00bb][et_pb_image src=\u00bbhttps:\/\/salesianos.info\/protagonistasdelahistoria\/wp-content\/uploads\/sites\/14\/2025\/06\/PORTADAS-DOSIER-CASTELLANO2-scaled.jpg\u00bb title_text=\u00bbPORTADAS DOSIER CASTELLANO2&#8243; force_fullwidth=\u00bbon\u00bb _builder_version=\u00bb4.27.4&#8243; _module_preset=\u00bbdefault\u00bb custom_margin=\u00bb0px||18px||false|false\u00bb custom_padding=\u00bb0px||0px||false|false\u00bb global_colors_info=\u00bb{}\u00bb][\/et_pb_image][et_pb_text _builder_version=\u00bb4.25.1&#8243; _module_preset=\u00bbdefault\u00bb text_font=\u00bbManrope|600|||||||\u00bb text_text_color=\u00bb#19352d\u00bb text_font_size=\u00bb20px\u00bb text_line_height=\u00bb1.6em\u00bb text_orientation=\u00bbcenter\u00bb custom_margin=\u00bb0px||-2px||false|false\u00bb custom_padding=\u00bb0px||0px||false|false\u00bb global_colors_info=\u00bb{}\u00bb]<\/p>\n<p>NOVIEMBRE<\/p>\n<p>[\/et_pb_text][et_pb_text _builder_version=\u00bb4.27.4&#8243; _module_preset=\u00bbdefault\u00bb text_font=\u00bbManrope||||||||\u00bb text_text_color=\u00bbrgba(0,0,0,0.7)\u00bb text_font_size=\u00bb12px\u00bb text_line_height=\u00bb1.6em\u00bb text_orientation=\u00bbcenter\u00bb custom_margin=\u00bb6px||29px||false|false\u00bb custom_padding=\u00bb0px||0px||false|false\u00bb global_colors_info=\u00bb{}\u00bb]<\/p>\n<p><i>\u201cUna historia <\/i><i>que crece y da fruto\u201d<\/i><\/p>\n<p>[\/et_pb_text][et_pb_toggle title=\u00bbDESARROLLO TEM\u00c1TICO\u00bb open_toggle_text_color=\u00bb#ed2146&#8243; closed_toggle_text_color=\u00bb#ed2146&#8243; icon_color=\u00bb#ed2146&#8243; open_icon_color=\u00bb#ed2146&#8243; _builder_version=\u00bb4.27.4&#8243; _module_preset=\u00bbdefault\u00bb title_text_color=\u00bb#ed2146&#8243; closed_title_font_size=\u00bb15px\u00bb custom_margin=\u00bb||||false|false\u00bb border_width_all=\u00bb0px\u00bb global_colors_info=\u00bb{}\u00bb]<\/p>\n<p>Celebrar el 150 aniversario de la primera expedici\u00f3n misionera salesiana es:<\/p>\n<ul>\n<li>una oportunidad para acoger la historia y reconocer que el\u00a0carisma de Don Bosco se ha extendido gracias a la generosidad\u00a0de los primeros misioneros salesianos.<\/li>\n<li>un tiempo para agradecer su vida, su compromiso, su testimonio, su fe\u2026<\/li>\n<li>un aniversario para relanzar nuestra misi\u00f3n, como herederos del sue\u00f1o de Don Bosco.<\/li>\n<\/ul>\n<p>[\/et_pb_toggle][\/et_pb_column][et_pb_column type=\u00bb1_4&#8243; _builder_version=\u00bb4.27.4&#8243; _module_preset=\u00bbdefault\u00bb background_color=\u00bb#FFFFFF\u00bb animation_style=\u00bbslide\u00bb animation_direction=\u00bbbottom\u00bb animation_delay=\u00bb400ms\u00bb animation_intensity_slide=\u00bb2%\u00bb animation_speed_curve=\u00bbease\u00bb link_option_url=\u00bbhttps:\/\/drive.google.com\/file\/d\/1xZXX7bn0YAlr5yCflWC-e1vZl3dW50u9\/view?usp=share_link\u00bb link_option_url_new_window=\u00bbon\u00bb border_radii=\u00bboff|30px|30px||\u00bb global_colors_info=\u00bb{}\u00bb][et_pb_image src=\u00bbhttps:\/\/salesianos.info\/protagonistasdelahistoria\/wp-content\/uploads\/sites\/14\/2025\/06\/PORTADAS-DOSIER-CASTELLANO3-scaled.jpg\u00bb title_text=\u00bbPORTADAS DOSIER CASTELLANO3&#8243; force_fullwidth=\u00bbon\u00bb _builder_version=\u00bb4.27.4&#8243; _module_preset=\u00bbdefault\u00bb custom_margin=\u00bb0px||18px||false|false\u00bb custom_padding=\u00bb0px||0px||false|false\u00bb global_colors_info=\u00bb{}\u00bb][\/et_pb_image][et_pb_text _builder_version=\u00bb4.25.1&#8243; _module_preset=\u00bbdefault\u00bb text_font=\u00bbManrope|600|||||||\u00bb text_text_color=\u00bb#19352d\u00bb text_font_size=\u00bb20px\u00bb text_line_height=\u00bb1.6em\u00bb text_orientation=\u00bbcenter\u00bb custom_margin=\u00bb0px||-2px||false|false\u00bb custom_padding=\u00bb0px||0px||false|false\u00bb global_colors_info=\u00bb{}\u00bb]<\/p>\n<p>DICIEMBRE<\/p>\n<p>[\/et_pb_text][et_pb_text _builder_version=\u00bb4.27.4&#8243; _module_preset=\u00bbdefault\u00bb text_font=\u00bbManrope||||||||\u00bb text_text_color=\u00bbrgba(0,0,0,0.7)\u00bb text_font_size=\u00bb15px\u00bb text_line_height=\u00bb1.6em\u00bb text_orientation=\u00bbcenter\u00bb custom_margin=\u00bb0px||-5px||false|false\u00bb custom_padding=\u00bb0px||0px||false|false\u00bb global_colors_info=\u00bb{}\u00bb]<\/p>\n<p><i>\u201cUna Esperanza\u00a0<\/i><i>que ilumina nuestra historia\u201d<\/i><\/p>\n<p><i><\/i><\/p>\n<p>[\/et_pb_text][et_pb_toggle title=\u00bbDESARROLLO TEM\u00c1TICO\u00bb open_toggle_text_color=\u00bb#a37b32&#8243; closed_toggle_text_color=\u00bb#a37b32&#8243; icon_color=\u00bb#a37b32&#8243; open_icon_color=\u00bb#a37b32&#8243; _builder_version=\u00bb4.27.4&#8243; _module_preset=\u00bbdefault\u00bb title_text_color=\u00bb#a37b32&#8243; closed_title_font_size=\u00bb15px\u00bb border_width_all=\u00bb0px\u00bb global_colors_info=\u00bb{}\u00bb]<\/p>\n<ul>\n<li>Concluimos el a\u00f1o Jubilar de la Esperanza: damos gracias a Dios y a los\u00a0dem\u00e1s por lo vivido y compartido durante un a\u00f1o que ha sido\u00a0\u201cextraordinario\u201d. Es tiempo para volver a pasar por el coraz\u00f3n tanto bien\u00a0recibido y acogido.<\/li>\n<li>Con esa actitud de Esperanza, preparamos una nueva Navidad, en la que acoger al Salvador del mundo, tras un Adviento lleno de Esperanza.<\/li>\n<li>Celebramos que Jes\u00fas, nacido en Bel\u00e9n y en nuestras vidas, ilumina nuestra historia y es \u201cla Esperanza que no defrauda\u201d.<\/li>\n<\/ul>\n<p>[\/et_pb_toggle][\/et_pb_column][et_pb_column type=\u00bb1_4&#8243; _builder_version=\u00bb4.27.4&#8243; _module_preset=\u00bbdefault\u00bb background_color=\u00bb#FFFFFF\u00bb animation_style=\u00bbslide\u00bb animation_direction=\u00bbbottom\u00bb animation_delay=\u00bb600ms\u00bb animation_intensity_slide=\u00bb2%\u00bb animation_speed_curve=\u00bbease\u00bb link_option_url=\u00bbhttps:\/\/drive.google.com\/file\/d\/1j1t99hjSMEU6Gnp94OswJWFP52qWafLA\/view?usp=share_link\u00bb link_option_url_new_window=\u00bbon\u00bb border_radii=\u00bboff|30px|30px||\u00bb global_colors_info=\u00bb{}\u00bb][et_pb_image src=\u00bbhttps:\/\/salesianos.info\/protagonistasdelahistoria\/wp-content\/uploads\/sites\/14\/2025\/06\/PORTADAS-DOSIER-CASTELLANO4-scaled.jpg\u00bb title_text=\u00bbPORTADAS DOSIER CASTELLANO4&#8243; force_fullwidth=\u00bbon\u00bb _builder_version=\u00bb4.27.4&#8243; _module_preset=\u00bbdefault\u00bb custom_margin=\u00bb0px||18px||false|false\u00bb custom_padding=\u00bb0px||0px||false|false\u00bb global_colors_info=\u00bb{}\u00bb][\/et_pb_image][et_pb_text _builder_version=\u00bb4.23&#8243; _module_preset=\u00bbdefault\u00bb text_font=\u00bbManrope|600|||||||\u00bb text_text_color=\u00bb#19352d\u00bb text_font_size=\u00bb20px\u00bb text_line_height=\u00bb1.6em\u00bb text_orientation=\u00bbcenter\u00bb custom_margin=\u00bb0px||-2px||false|false\u00bb custom_padding=\u00bb0px||0px||false|false\u00bb global_colors_info=\u00bb{}\u00bb]<\/p>\n<p>ENERO<\/p>\n<p>[\/et_pb_text][et_pb_text _builder_version=\u00bb4.23&#8243; _module_preset=\u00bbdefault\u00bb text_font=\u00bbManrope||||||||\u00bb text_text_color=\u00bbrgba(0,0,0,0.7)\u00bb text_font_size=\u00bb15px\u00bb text_line_height=\u00bb1.6em\u00bb text_orientation=\u00bbcenter\u00bb custom_margin=\u00bb0px||29px||false|false\u00bb custom_padding=\u00bb0px||0px||false|false\u00bb global_colors_info=\u00bb{}\u00bb]<\/p>\n<p><i>\u201cUna historia que vivir\u201d<\/i><\/p>\n<p>[\/et_pb_text][et_pb_toggle title=\u00bbDESARROLLO TEM\u00c1TICO\u00bb open_toggle_text_color=\u00bb#0eb9f7&#8243; closed_toggle_text_color=\u00bb#0eb9f7&#8243; icon_color=\u00bb#0eb9f7&#8243; open_icon_color=\u00bb#0eb9f7&#8243; _builder_version=\u00bb4.27.4&#8243; _module_preset=\u00bbdefault\u00bb title_text_color=\u00bb#0eb9f7&#8243; closed_title_font_size=\u00bb15px\u00bb border_width_all=\u00bb0px\u00bb global_colors_info=\u00bb{}\u00bb]<\/p>\n<ul>\n<li>Descubrimos que el amor no es solo emoci\u00f3n, sino elecci\u00f3n,\u00a0responsabilidad y servicio, conociendo el testimonio vocacional de Don\u00a0Bosco y de tantos misioneros salesianos.<\/li>\n<li>Ellos y tantos otros nos hacen descubrir que hay historias vividas que han cambiado el rumbo de la historia.<\/li>\n<li>La Campa\u00f1a Vocacional nos ayudar\u00e1 a preguntarnos por nuestra propia\u00a0historia: \u201c\u00bfpara qui\u00e9n soy yo?\u201d, contempl\u00e1ndola al servicio de los\u00a0dem\u00e1s.<\/li>\n<\/ul>\n<p>[\/et_pb_toggle][\/et_pb_column][\/et_pb_row][et_pb_row _builder_version=\u00bb4.25.1&#8243; _module_preset=\u00bbdefault\u00bb global_colors_info=\u00bb{}\u00bb][et_pb_column type=\u00bb4_4&#8243; _builder_version=\u00bb4.25.1&#8243; _module_preset=\u00bbdefault\u00bb global_colors_info=\u00bb{}\u00bb][\/et_pb_column][\/et_pb_row][et_pb_row column_structure=\u00bb1_4,1_4,1_4,1_4&#8243; use_custom_gutter=\u00bbon\u00bb make_equal=\u00bbon\u00bb _builder_version=\u00bb4.27.4&#8243; _module_preset=\u00bbdefault\u00bb transform_scale_tablet=\u00bb\u00bb transform_scale_phone=\u00bb\u00bb transform_scale_last_edited=\u00bbon|desktop\u00bb transform_translate=\u00bb184px|-16px\u00bb transform_translate_tablet=\u00bb184px|-50px\u00bb transform_translate_phone=\u00bb0px|0px\u00bb transform_translate_last_edited=\u00bbon|desktop\u00bb transform_translate_linked=\u00bboff\u00bb transform_rotate_tablet=\u00bb\u00bb transform_rotate_phone=\u00bb\u00bb transform_rotate_last_edited=\u00bbon|desktop\u00bb transform_skew_tablet=\u00bb\u00bb transform_skew_phone=\u00bb\u00bb transform_skew_last_edited=\u00bbon|desktop\u00bb transform_origin_tablet=\u00bb\u00bb transform_origin_phone=\u00bb\u00bb transform_origin_last_edited=\u00bbon|desktop\u00bb transform_styles_last_edited=\u00bbon|desktop\u00bb width=\u00bb90%\u00bb max_width=\u00bb1320px\u00bb max_width_tablet=\u00bb1320px\u00bb max_width_phone=\u00bb310px\u00bb max_width_last_edited=\u00bbon|phone\u00bb custom_margin=\u00bb0px||0px||false|false\u00bb custom_padding=\u00bb0px||0px||false|false\u00bb hover_enabled=\u00bb0&#8243; transform_styles_tablet=\u00bb\u00bb transform_styles_phone=\u00bb\u00bb global_colors_info=\u00bb{}\u00bb sticky_enabled=\u00bb0&#8243;][et_pb_column type=\u00bb1_4&#8243; _builder_version=\u00bb4.27.4&#8243; _module_preset=\u00bbdefault\u00bb background_color=\u00bb#FFFFFF\u00bb animation_style=\u00bbslide\u00bb animation_direction=\u00bbbottom\u00bb animation_intensity_slide=\u00bb2%\u00bb animation_speed_curve=\u00bbease\u00bb link_option_url=\u00bbhttps:\/\/drive.google.com\/file\/d\/1zMRuHU17uDDRtyPvdOABWFwtPkTVIdXX\/view?usp=share_link\u00bb link_option_url_new_window=\u00bbon\u00bb hover_enabled=\u00bb0&#8243; border_radii=\u00bboff|30px|30px||\u00bb global_colors_info=\u00bb{}\u00bb sticky_enabled=\u00bb0&#8243;][et_pb_image src=\u00bbhttps:\/\/salesianos.info\/protagonistasdelahistoria\/wp-content\/uploads\/sites\/14\/2025\/06\/PORTADAS-DOSIER-CASTELLANO5-scaled.jpg\u00bb title_text=\u00bbPORTADAS DOSIER CASTELLANO5&#8243; force_fullwidth=\u00bbon\u00bb _builder_version=\u00bb4.27.4&#8243; _module_preset=\u00bbdefault\u00bb custom_margin=\u00bb0px||18px||false|false\u00bb custom_padding=\u00bb0px||0px||false|false\u00bb hover_enabled=\u00bb0&#8243; global_colors_info=\u00bb{}\u00bb sticky_enabled=\u00bb0&#8243;][\/et_pb_image][et_pb_text _builder_version=\u00bb4.27.4&#8243; _module_preset=\u00bbdefault\u00bb text_font=\u00bbManrope|600|||||||\u00bb text_text_color=\u00bb#19352d\u00bb text_font_size=\u00bb20px\u00bb text_line_height=\u00bb1.6em\u00bb text_orientation=\u00bbcenter\u00bb custom_margin=\u00bb0px||-2px||false|false\u00bb custom_padding=\u00bb0px||0px||false|false\u00bb global_colors_info=\u00bb{}\u00bb]<\/p>\n<p>FEBRERO &#8211; MARZO<\/p>\n<p>[\/et_pb_text][et_pb_text _builder_version=\u00bb4.27.4&#8243; _module_preset=\u00bbdefault\u00bb text_font=\u00bbManrope||||||||\u00bb text_text_color=\u00bbrgba(0,0,0,0.7)\u00bb text_font_size=\u00bb15px\u00bb text_line_height=\u00bb1.6em\u00bb text_orientation=\u00bbcenter\u00bb custom_margin=\u00bb0px||14px||false|false\u00bb custom_padding=\u00bb0px||0px||false|false\u00bb global_colors_info=\u00bb{}\u00bb]<\/p>\n<p><i>\u201cUna historia\u00a0<\/i><i>que nos hace mejores\u201d<\/i><\/p>\n<p>&nbsp;<\/p>\n<p>[\/et_pb_text][et_pb_toggle title=\u00bbDESARROLLO TEM\u00c1TICO\u00bb open_toggle_text_color=\u00bb#5b0046&#8243; closed_toggle_text_color=\u00bb#5b0046&#8243; icon_color=\u00bb#5b0046&#8243; open_icon_color=\u00bb#5b0046&#8243; _builder_version=\u00bb4.27.4&#8243; _module_preset=\u00bbdefault\u00bb title_text_color=\u00bb#5b0046&#8243; closed_title_font_size=\u00bb15px\u00bb border_width_all=\u00bb0px\u00bb global_colors_info=\u00bb{}\u00bb]<\/p>\n<ul>\n<li>Profundizamos en la vida de Jes\u00fas, en su Buena Noticia, en suEvangelio. Reconocemos su protagonismo en la historia del mundo y en\u00a0nuestra propia historia.<\/li>\n<li>El tiempo de Cuaresma nos invita a revisar nuestra historia, nuestra vida, y a convertirla en una mejor versi\u00f3n de nosotros mismos a la luz\u00a0del Evangelio. \u00a1Seamos verdaderos protagonistas de nuestra historia!<\/li>\n<li>La preparaci\u00f3n de la Semana Santa nos ayuda a entender que las historias que han cambiado el mundo no son las que se narran, sino las que se viven con coherencia, \u201camando hasta el extremo\u201d.<\/li>\n<\/ul>\n<p>[\/et_pb_toggle][\/et_pb_column][et_pb_column type=\u00bb1_4&#8243; _builder_version=\u00bb4.27.4&#8243; _module_preset=\u00bbdefault\u00bb background_color=\u00bb#FFFFFF\u00bb animation_style=\u00bbslide\u00bb animation_direction=\u00bbbottom\u00bb animation_delay=\u00bb400ms\u00bb animation_intensity_slide=\u00bb2%\u00bb animation_speed_curve=\u00bbease\u00bb link_option_url_new_window=\u00bbon\u00bb hover_enabled=\u00bb0&#8243; border_radii=\u00bboff|30px|30px||\u00bb global_colors_info=\u00bb{}\u00bb sticky_enabled=\u00bb0&#8243; link_option_url=\u00bbhttps:\/\/drive.google.com\/file\/d\/1OLNjEpv5h3cH0z4in127eQaEaL-fdJvF\/view?usp=share_link\u00bb][et_pb_image src=\u00bbhttps:\/\/salesianos.info\/protagonistasdelahistoria\/wp-content\/uploads\/sites\/14\/2025\/06\/PORTADAS-DOSIER-CASTELLANO6-scaled.jpg\u00bb title_text=\u00bbPORTADAS DOSIER CASTELLANO6&#8243; force_fullwidth=\u00bbon\u00bb _builder_version=\u00bb4.27.4&#8243; _module_preset=\u00bbdefault\u00bb custom_margin=\u00bb0px||18px||false|false\u00bb custom_padding=\u00bb0px||0px||false|false\u00bb global_colors_info=\u00bb{}\u00bb][\/et_pb_image][et_pb_text _builder_version=\u00bb4.27.4&#8243; _module_preset=\u00bbdefault\u00bb text_font=\u00bbManrope|600|||||||\u00bb text_text_color=\u00bb#19352d\u00bb text_font_size=\u00bb20px\u00bb text_line_height=\u00bb1.6em\u00bb text_orientation=\u00bbcenter\u00bb custom_margin=\u00bb0px||-2px||false|false\u00bb custom_padding=\u00bb0px||0px||false|false\u00bb global_colors_info=\u00bb{}\u00bb]<\/p>\n<p>ABRIL<\/p>\n<p>[\/et_pb_text][et_pb_text _builder_version=\u00bb4.27.4&#8243; _module_preset=\u00bbdefault\u00bb text_font=\u00bbManrope||||||||\u00bb text_text_color=\u00bbrgba(0,0,0,0.7)\u00bb text_font_size=\u00bb15px\u00bb text_line_height=\u00bb1.6em\u00bb text_orientation=\u00bbcenter\u00bb custom_margin=\u00bb0px||29px||false|false\u00bb custom_padding=\u00bb0px||0px||false|false\u00bb global_colors_info=\u00bb{}\u00bb]<\/p>\n<p><i>\u201cUn regalo\u00a0<\/i><i>que atraviesa nuestra historia\u201d<\/i><\/p>\n<p>[\/et_pb_text][et_pb_toggle title=\u00bbDESARROLLO TEM\u00c1TICO\u00bb open_toggle_text_color=\u00bb#F28B17&#8243; closed_toggle_text_color=\u00bb#F28B17&#8243; icon_color=\u00bb#F28B17&#8243; open_icon_color=\u00bb#F28B17&#8243; _builder_version=\u00bb4.27.4&#8243; _module_preset=\u00bbdefault\u00bb title_text_color=\u00bb#F28B17&#8243; closed_title_font_size=\u00bb15px\u00bb border_width_all=\u00bb0px\u00bb global_colors_info=\u00bb{}\u00bb]<\/p>\n<ul>\n<li>La celebraci\u00f3n de la Pascua nos regala la alegr\u00eda m\u00e1s profunda, la que toca la vida en todo su ser.<\/li>\n<li>El tiempo pascual es un regalo y una invitaci\u00f3n para descubrir la belleza de la vida, la fortaleza que supone la esperanza y la profundidad que\u00a0nos ofrece la fe.<\/li>\n<li>Estos sentimientos fortalecen nuestra historia y nuestras vidas, de manera especial al contemplar a Jes\u00fas Buen Pastor, que conoce a su\u00a0reba\u00f1o y sale en busca de la oveja perdida, y es el Se\u00f1or Resucitado\u00a0que camina con los de Ema\u00fas y es capaz de cambiar el rumbo de sus\u00a0vidas y de su historia al reconocerlo al partir el pan.<\/li>\n<\/ul>\n<p>[\/et_pb_toggle][\/et_pb_column][et_pb_column type=\u00bb1_4&#8243; _builder_version=\u00bb4.27.4&#8243; _module_preset=\u00bbdefault\u00bb background_color=\u00bb#FFFFFF\u00bb animation_style=\u00bbslide\u00bb animation_direction=\u00bbbottom\u00bb animation_delay=\u00bb600ms\u00bb animation_intensity_slide=\u00bb2%\u00bb animation_speed_curve=\u00bbease\u00bb link_option_url=\u00bbhttps:\/\/drive.google.com\/file\/d\/1uIUzPjx1GyqOlx7xYSXCO1i7bH8iIUqa\/view?usp=share_link\u00bb link_option_url_new_window=\u00bbon\u00bb border_radii=\u00bboff|30px|30px||\u00bb global_colors_info=\u00bb{}\u00bb][et_pb_image src=\u00bbhttps:\/\/salesianos.info\/protagonistasdelahistoria\/wp-content\/uploads\/sites\/14\/2025\/06\/PORTADAS-DOSIER-CASTELLANO7-scaled.jpg\u00bb title_text=\u00bbPORTADAS DOSIER CASTELLANO7&#8243; force_fullwidth=\u00bbon\u00bb _builder_version=\u00bb4.27.4&#8243; _module_preset=\u00bbdefault\u00bb custom_margin=\u00bb0px||18px||false|false\u00bb custom_padding=\u00bb0px||0px||false|false\u00bb global_colors_info=\u00bb{}\u00bb][\/et_pb_image][et_pb_text _builder_version=\u00bb4.23&#8243; _module_preset=\u00bbdefault\u00bb text_font=\u00bbManrope|600|||||||\u00bb text_text_color=\u00bb#19352d\u00bb text_font_size=\u00bb20px\u00bb text_line_height=\u00bb1.6em\u00bb text_orientation=\u00bbcenter\u00bb custom_margin=\u00bb0px||-2px||false|false\u00bb custom_padding=\u00bb0px||0px||false|false\u00bb global_colors_info=\u00bb{}\u00bb]<\/p>\n<p>MAYO &#8211; JUNIO<\/p>\n<p>[\/et_pb_text][et_pb_text _builder_version=\u00bb4.27.4&#8243; _module_preset=\u00bbdefault\u00bb text_font=\u00bbManrope||||||||\u00bb text_text_color=\u00bbrgba(0,0,0,0.7)\u00bb text_font_size=\u00bb15px\u00bb text_line_height=\u00bb1.6em\u00bb text_orientation=\u00bbcenter\u00bb custom_margin=\u00bb0px||47px||false|false\u00bb custom_padding=\u00bb0px||0px||false|false\u00bb global_colors_info=\u00bb{}\u00bb]<\/p>\n<p><i>\u201cUna historia que regalar\u201d<\/i><\/p>\n<p>[\/et_pb_text][et_pb_toggle title=\u00bbDESARROLLO TEM\u00c1TICO\u00bb open_toggle_text_color=\u00bb#cc4f91&#8243; closed_toggle_text_color=\u00bb#cc4f91&#8243; icon_color=\u00bb#cc4f91&#8243; open_icon_color=\u00bb#cc4f91&#8243; _builder_version=\u00bb4.27.4&#8243; _module_preset=\u00bbdefault\u00bb title_text_color=\u00bb#cc4f91&#8243; closed_title_font_size=\u00bb15px\u00bb border_width_all=\u00bb0px\u00bb global_colors_info=\u00bb{}\u00bb]<\/p>\n<ul>\n<li>En ese \u201ccompartir lo que somos\u201d, contemplamos a Mar\u00eda, la Virgen, que\u00a0nos da ejemplo de disponibilidad, entrega, servicio\u2026 \u00a1Qu\u00e9 grande es el amor de nuestra Madre, que cuida y acompa\u00f1a nuestra historia!<\/li>\n<li>Como Ella, que es Auxiliadora, nos sentimos comprometidos con nuestro mundo y nuestra historia: tambi\u00e9n nosotros queremos humanizar nuestras relaciones, prestando especial atenci\u00f3n a las\u00a0personas que tienen m\u00e1s necesidad de ayuda. Estamos llamados a ser\u00a0un regalo para \u201ctodos, todos, todos\u201d.<\/li>\n<li>-Humanizar el mundo es volver a poner en el centro a cada persona, hacerla protagonista de su vida, potenciar su dignidad, sus derechos y sus sue\u00f1os m\u00e1s profundos, tambi\u00e9n aquellos que Dios tiene para todos.<\/li>\n<\/ul>\n<p>[\/et_pb_toggle][\/et_pb_column][et_pb_column type=\u00bb1_4&#8243; _builder_version=\u00bb4.27.4&#8243; _module_preset=\u00bbdefault\u00bb global_colors_info=\u00bb{}\u00bb][\/et_pb_column][\/et_pb_row][\/et_pb_section]<\/p>\n","protected":false},"excerpt":{"rendered":"<p>&nbsp; &nbsp; &nbsp; &nbsp; &nbsp; &nbsp; &nbsp; &nbsp; &nbsp;DOSIERES MENSUALESSEPTIEMBRE &#8211; OCTUBRE\u201cUna historia que acoger\u201d Acoger un nuevo curso es aprovechar esa \u201chistoria\u201d que tenemos la\u00a0oportunidad de seguir escribiendo cada a\u00f1o. Abrirnos a la novedad que supone es regalarnos la oportunidad de conocer lo desconocido, valorar lo que se tiene, compartir lo que somos\u2026 dejarnos [&hellip;]<\/p>\n","protected":false},"author":3,"featured_media":0,"parent":0,"menu_order":0,"comment_status":"closed","ping_status":"closed","template":"","meta":{"_et_pb_use_builder":"on","_et_pb_old_content":"","_et_gb_content_width":"","footnotes":""},"class_list":["post-55","page","type-page","status-publish","hentry"],"yoast_head":"<!-- This site is optimized with the Yoast SEO plugin v27.4 - https:\/\/yoast.com\/product\/yoast-seo-wordpress\/ -->\n<title>Dosieres - Campa\u00f1a Pastoral 2025-26 | Protagonistas de la historia<\/title>\n<meta name=\"robots\" content=\"index, follow, max-snippet:-1, max-image-preview:large, max-video-preview:-1\" \/>\n<link rel=\"canonical\" href=\"https:\/\/salesianos.info\/protagonistasdelahistoria\/dosieres\/\" \/>\n<meta property=\"og:locale\" content=\"es_ES\" \/>\n<meta property=\"og:type\" content=\"article\" \/>\n<meta property=\"og:title\" content=\"Dosieres - Campa\u00f1a Pastoral 2025-26 | Protagonistas de la historia\" \/>\n<meta property=\"og:description\" content=\"Exceur Sint Accaecat Lorem ipsum dolor sit amet consectetur adipiscing elit sed do eiusmod tempor incididunt ut labore et dolore magna aliqua. Ut enim ad minim veniam quis nostrud exercitation ullamco laboris nisi ut aliquip ex ea commodo consequat. Duis aute irure dolor in reprehenderit in voluptate velit esse cillum dolore eu fugiat nulla pariatur. [&hellip;]\" \/>\n<meta property=\"og:url\" content=\"https:\/\/salesianos.info\/protagonistasdelahistoria\/dosieres\/\" \/>\n<meta property=\"og:site_name\" content=\"Campa\u00f1a Pastoral 2025-26 | Protagonistas de la historia\" \/>\n<meta property=\"article:modified_time\" content=\"2025-07-14T10:33:52+00:00\" \/>\n<meta name=\"twitter:card\" content=\"summary_large_image\" \/>\n<meta name=\"twitter:label1\" content=\"Tiempo de lectura\" \/>\n\t<meta name=\"twitter:data1\" content=\"5 minutos\" \/>\n<script type=\"application\/ld+json\" class=\"yoast-schema-graph\">{\"@context\":\"https:\\\/\\\/schema.org\",\"@graph\":[{\"@type\":\"WebPage\",\"@id\":\"https:\\\/\\\/salesianos.info\\\/protagonistasdelahistoria\\\/dosieres\\\/\",\"url\":\"https:\\\/\\\/salesianos.info\\\/protagonistasdelahistoria\\\/dosieres\\\/\",\"name\":\"Dosieres - Campa\u00f1a Pastoral 2025-26 | Protagonistas de la historia\",\"isPartOf\":{\"@id\":\"https:\\\/\\\/salesianos.info\\\/protagonistasdelahistoria\\\/#website\"},\"datePublished\":\"2025-06-19T05:30:30+00:00\",\"dateModified\":\"2025-07-14T10:33:52+00:00\",\"breadcrumb\":{\"@id\":\"https:\\\/\\\/salesianos.info\\\/protagonistasdelahistoria\\\/dosieres\\\/#breadcrumb\"},\"inLanguage\":\"es\",\"potentialAction\":[{\"@type\":\"ReadAction\",\"target\":[\"https:\\\/\\\/salesianos.info\\\/protagonistasdelahistoria\\\/dosieres\\\/\"]}]},{\"@type\":\"BreadcrumbList\",\"@id\":\"https:\\\/\\\/salesianos.info\\\/protagonistasdelahistoria\\\/dosieres\\\/#breadcrumb\",\"itemListElement\":[{\"@type\":\"ListItem\",\"position\":1,\"name\":\"Portada\",\"item\":\"https:\\\/\\\/salesianos.info\\\/protagonistasdelahistoria\\\/\"},{\"@type\":\"ListItem\",\"position\":2,\"name\":\"Dosieres\"}]},{\"@type\":\"WebSite\",\"@id\":\"https:\\\/\\\/salesianos.info\\\/protagonistasdelahistoria\\\/#website\",\"url\":\"https:\\\/\\\/salesianos.info\\\/protagonistasdelahistoria\\\/\",\"name\":\"Campa\u00f1a Pastoral 2025-26 | Protagonistas de la historia\",\"description\":\"\",\"potentialAction\":[{\"@type\":\"SearchAction\",\"target\":{\"@type\":\"EntryPoint\",\"urlTemplate\":\"https:\\\/\\\/salesianos.info\\\/protagonistasdelahistoria\\\/?s={search_term_string}\"},\"query-input\":{\"@type\":\"PropertyValueSpecification\",\"valueRequired\":true,\"valueName\":\"search_term_string\"}}],\"inLanguage\":\"es\"}]}<\/script>\n<!-- \/ Yoast SEO plugin. -->","yoast_head_json":{"title":"Dosieres - Campa\u00f1a Pastoral 2025-26 | Protagonistas de la historia","robots":{"index":"index","follow":"follow","max-snippet":"max-snippet:-1","max-image-preview":"max-image-preview:large","max-video-preview":"max-video-preview:-1"},"canonical":"https:\/\/salesianos.info\/protagonistasdelahistoria\/dosieres\/","og_locale":"es_ES","og_type":"article","og_title":"Dosieres - Campa\u00f1a Pastoral 2025-26 | Protagonistas de la historia","og_description":"Exceur Sint Accaecat Lorem ipsum dolor sit amet consectetur adipiscing elit sed do eiusmod tempor incididunt ut labore et dolore magna aliqua. Ut enim ad minim veniam quis nostrud exercitation ullamco laboris nisi ut aliquip ex ea commodo consequat. Duis aute irure dolor in reprehenderit in voluptate velit esse cillum dolore eu fugiat nulla pariatur. [&hellip;]","og_url":"https:\/\/salesianos.info\/protagonistasdelahistoria\/dosieres\/","og_site_name":"Campa\u00f1a Pastoral 2025-26 | Protagonistas de la historia","article_modified_time":"2025-07-14T10:33:52+00:00","twitter_card":"summary_large_image","twitter_misc":{"Tiempo de lectura":"5 minutos"},"schema":{"@context":"https:\/\/schema.org","@graph":[{"@type":"WebPage","@id":"https:\/\/salesianos.info\/protagonistasdelahistoria\/dosieres\/","url":"https:\/\/salesianos.info\/protagonistasdelahistoria\/dosieres\/","name":"Dosieres - Campa\u00f1a Pastoral 2025-26 | Protagonistas de la historia","isPartOf":{"@id":"https:\/\/salesianos.info\/protagonistasdelahistoria\/#website"},"datePublished":"2025-06-19T05:30:30+00:00","dateModified":"2025-07-14T10:33:52+00:00","breadcrumb":{"@id":"https:\/\/salesianos.info\/protagonistasdelahistoria\/dosieres\/#breadcrumb"},"inLanguage":"es","potentialAction":[{"@type":"ReadAction","target":["https:\/\/salesianos.info\/protagonistasdelahistoria\/dosieres\/"]}]},{"@type":"BreadcrumbList","@id":"https:\/\/salesianos.info\/protagonistasdelahistoria\/dosieres\/#breadcrumb","itemListElement":[{"@type":"ListItem","position":1,"name":"Portada","item":"https:\/\/salesianos.info\/protagonistasdelahistoria\/"},{"@type":"ListItem","position":2,"name":"Dosieres"}]},{"@type":"WebSite","@id":"https:\/\/salesianos.info\/protagonistasdelahistoria\/#website","url":"https:\/\/salesianos.info\/protagonistasdelahistoria\/","name":"Campa\u00f1a Pastoral 2025-26 | Protagonistas de la historia","description":"","potentialAction":[{"@type":"SearchAction","target":{"@type":"EntryPoint","urlTemplate":"https:\/\/salesianos.info\/protagonistasdelahistoria\/?s={search_term_string}"},"query-input":{"@type":"PropertyValueSpecification","valueRequired":true,"valueName":"search_term_string"}}],"inLanguage":"es"}]}},"_links":{"self":[{"href":"https:\/\/salesianos.info\/protagonistasdelahistoria\/wp-json\/wp\/v2\/pages\/55","targetHints":{"allow":["GET"]}}],"collection":[{"href":"https:\/\/salesianos.info\/protagonistasdelahistoria\/wp-json\/wp\/v2\/pages"}],"about":[{"href":"https:\/\/salesianos.info\/protagonistasdelahistoria\/wp-json\/wp\/v2\/types\/page"}],"author":[{"embeddable":true,"href":"https:\/\/salesianos.info\/protagonistasdelahistoria\/wp-json\/wp\/v2\/users\/3"}],"replies":[{"embeddable":true,"href":"https:\/\/salesianos.info\/protagonistasdelahistoria\/wp-json\/wp\/v2\/comments?post=55"}],"version-history":[{"count":21,"href":"https:\/\/salesianos.info\/protagonistasdelahistoria\/wp-json\/wp\/v2\/pages\/55\/revisions"}],"predecessor-version":[{"id":115154,"href":"https:\/\/salesianos.info\/protagonistasdelahistoria\/wp-json\/wp\/v2\/pages\/55\/revisions\/115154"}],"wp:attachment":[{"href":"https:\/\/salesianos.info\/protagonistasdelahistoria\/wp-json\/wp\/v2\/media?parent=55"}],"curies":[{"name":"wp","href":"https:\/\/api.w.org\/{rel}","templated":true}]}}