{"id":85,"date":"2025-06-18T17:07:15","date_gmt":"2025-06-18T15:07:15","guid":{"rendered":"https:\/\/salesianos.info\/protagonistasdelahistoria\/?page_id=85"},"modified":"2025-06-24T14:04:12","modified_gmt":"2025-06-24T12:04:12","slug":"justificacion","status":"publish","type":"page","link":"https:\/\/salesianos.info\/protagonistasdelahistoria\/justificacion\/","title":{"rendered":"Justificaci\u00f3n de la campa\u00f1a"},"content":{"rendered":"<p>[et_pb_section fb_built=\u00bb1&#8243; _builder_version=\u00bb4.27.4&#8243; background_color=\u00bb#edf1ee\u00bb background_image=\u00bbhttps:\/\/salesianos.info\/protagonistasdelahistoria\/wp-content\/uploads\/sites\/14\/2025\/06\/Fondoweb.png\u00bb custom_padding=\u00bb244px||0px||false|false\u00bb global_colors_info=\u00bb{}\u00bb][et_pb_row use_custom_gutter=\u00bbon\u00bb make_equal=\u00bbon\u00bb _builder_version=\u00bb4.27.4&#8243; width=\u00bb90%\u00bb width_tablet=\u00bb90%\u00bb width_phone=\u00bb90%\u00bb width_last_edited=\u00bbon|tablet\u00bb max_width_tablet=\u00bb90%\u00bb max_width_phone=\u00bb90%\u00bb max_width_last_edited=\u00bboff|desktop\u00bb custom_padding=\u00bb0px||45px||false|false\u00bb global_colors_info=\u00bb{}\u00bb][et_pb_column type=\u00bb4_4&#8243; _builder_version=\u00bb4.27.4&#8243; global_colors_info=\u00bb{}\u00bb][et_pb_text disabled_on=\u00bbon|off|off\u00bb _builder_version=\u00bb4.27.4&#8243; header_font=\u00bbPoppins|900|||||||\u00bb header_text_color=\u00bbrgba(89,8,43,0.05)\u00bb header_font_size=\u00bb124px\u00bb custom_margin=\u00bb-30px|||-34px|false|false\u00bb custom_margin_tablet=\u00bb\u00bb custom_margin_phone=\u00bb|||0px|false|false\u00bb custom_margin_last_edited=\u00bbon|phone\u00bb animation_direction=\u00bbtop\u00bb header_font_size_tablet=\u00bb130px\u00bb header_font_size_phone=\u00bb36px\u00bb header_font_size_last_edited=\u00bbon|phone\u00bb global_colors_info=\u00bb{}\u00bb]<\/p>\n<p>&nbsp;<\/p>\n<p>&nbsp;<\/p>\n<p>&nbsp;<\/p>\n<p>&nbsp;<\/p>\n<p>&nbsp;<\/p>\n<p>&nbsp;<\/p>\n<p>&nbsp;<\/p>\n<p>&nbsp;<\/p>\n<p>&nbsp;<\/p>\n<p>[\/et_pb_text][et_pb_image src=\u00bbhttps:\/\/salesianos.info\/protagonistasdelahistoria\/wp-content\/uploads\/sites\/14\/2025\/06\/protagonistas-def.png\u00bb title_text=\u00bbprotagonistas def\u00bb align=\u00bbcenter\u00bb align_tablet=\u00bbcenter\u00bb align_phone=\u00bbcenter\u00bb align_last_edited=\u00bbon|desktop\u00bb _builder_version=\u00bb4.27.4&#8243; _module_preset=\u00bbdefault\u00bb max_width=\u00bb536px\u00bb custom_margin=\u00bb-334px||0px||false|false\u00bb custom_margin_tablet=\u00bb-334px||0px||false|false\u00bb custom_margin_phone=\u00bb-150px||||false|false\u00bb custom_margin_last_edited=\u00bbon|phone\u00bb custom_padding=\u00bb0px||31px||false|false\u00bb border_radii=\u00bbon|20px|20px|20px|20px\u00bb global_colors_info=\u00bb{}\u00bb][\/et_pb_image][et_pb_blurb title=\u00bbOBJETIVO GENERAL\u00bb _builder_version=\u00bb4.25.2&#8243; _module_preset=\u00bbdefault\u00bb header_font=\u00bb|800|||||||\u00bb header_text_align=\u00bbcenter\u00bb header_text_color=\u00bb#F28B17&#8243; header_font_size=\u00bb31px\u00bb body_text_color=\u00bb#000000&#8243; body_font_size=\u00bb20px\u00bb custom_margin=\u00bb25px|||||\u00bb global_colors_info=\u00bb{}\u00bb]<\/p>\n<p style=\"text-align: center;\">Inspirados por la exhortaci\u00f3n Christus Vivit (ChV 252) del papa Francisco, <strong>queremos favorecer que los ni\u00f1os,<\/strong><br \/><strong>adolescentes, j\u00f3venes y educadores de nuestras Comunidades Educativo-Pastorales puedan descubrir,<\/strong><br \/><strong>paso a paso, que sus historias personales tienen un sentido mayor y universal; que hay una historia que<\/strong><br \/><strong>comienza en el coraz\u00f3n de Dios, se encarna en Jes\u00fas y sigue viva en el Esp\u00edritu y en cada uno de nosotros.<\/strong><\/p>\n<p>[\/et_pb_blurb][\/et_pb_column][\/et_pb_row][\/et_pb_section][et_pb_section fb_built=\u00bb1&#8243; admin_label=\u00bbFeatures\u00bb _builder_version=\u00bb4.25.2&#8243; _module_preset=\u00bbdefault\u00bb custom_margin=\u00bb||||false\u00bb custom_padding=\u00bb0px||0px||true\u00bb top_divider_color=\u00bb#ffffff\u00bb top_divider_height=\u00bb2.5vw\u00bb top_divider_arrangement=\u00bbabove_content\u00bb global_colors_info=\u00bb{}\u00bb][et_pb_row column_structure=\u00bb1_3,1_3,1_3&#8243; use_custom_gutter=\u00bbon\u00bb gutter_width=\u00bb1&#8243; make_equal=\u00bbon\u00bb padding_top_bottom_link_1=\u00bbtrue\u00bb padding_top_bottom_link_2=\u00bbtrue\u00bb padding_top_bottom_link_3=\u00bbtrue\u00bb padding_left_right_link_1=\u00bbtrue\u00bb padding_left_right_link_2=\u00bbtrue\u00bb padding_left_right_link_3=\u00bbtrue\u00bb module_id=\u00bbjustificacion\u00bb _builder_version=\u00bb4.27.4&#8243; _module_preset=\u00bbdefault\u00bb width=\u00bb100%\u00bb width_tablet=\u00bb100%\u00bb width_phone=\u00bb\u00bb width_last_edited=\u00bbon|desktop\u00bb max_width=\u00bb100%\u00bb max_width_tablet=\u00bb100%\u00bb max_width_phone=\u00bb\u00bb max_width_last_edited=\u00bbon|desktop\u00bb custom_padding=\u00bb0|0px|0px|0px|false|false\u00bb make_fullwidth=\u00bbon\u00bb global_colors_info=\u00bb{}\u00bb][et_pb_column type=\u00bb1_3&#8243; _builder_version=\u00bb4.27.4&#8243; _module_preset=\u00bbdefault\u00bb background_color=\u00bbrgba(239,230,198,0.41)\u00bb custom_padding=\u00bb80px|4%|80px|4%\u00bb custom_padding_tablet=\u00bb|10%||10%||true\u00bb custom_padding_phone=\u00bb\u00bb custom_padding_last_edited=\u00bbon|tablet\u00bb global_colors_info=\u00bb{}\u00bb padding_tablet=\u00bb|10%||10%||true\u00bb padding_last_edited=\u00bbon|tablet\u00bb custom_padding__hover=\u00bb|||\u00bb padding_phone=\u00bb|10%||10%||true\u00bb][et_pb_image src=\u00bbhttps:\/\/salesianos.info\/protagonistasdelahistoria\/wp-content\/uploads\/sites\/14\/2025\/06\/acoger.png\u00bb title_text=\u00bbacoger\u00bb align=\u00bbcenter\u00bb align_tablet=\u00bbcenter\u00bb align_phone=\u00bb\u00bb align_last_edited=\u00bbon|desktop\u00bb _builder_version=\u00bb4.27.4&#8243; _module_preset=\u00bbdefault\u00bb max_width=\u00bb60%\u00bb custom_margin=\u00bb34px||33px||false|false\u00bb custom_padding=\u00bb1px|||||\u00bb animation_style=\u00bbfade\u00bb global_colors_info=\u00bb{}\u00bb][\/et_pb_image][et_pb_cta button_url=\u00bb#acoger\u00bb button_text=\u00bbCONOCE M\u00c1S\u00bb _builder_version=\u00bb4.27.4&#8243; _module_preset=\u00bbdefault\u00bb header_font=\u00bbMontserrat|600|||||||\u00bb header_text_color=\u00bb#000000&#8243; header_font_size=\u00bb28px\u00bb header_line_height=\u00bb1.5em\u00bb body_font=\u00bb||||||||\u00bb body_font_size=\u00bb16px\u00bb body_line_height=\u00bb2em\u00bb use_background_color=\u00bboff\u00bb custom_button=\u00bbon\u00bb button_text_size=\u00bb14px\u00bb button_text_color=\u00bb#ffffff\u00bb button_bg_color=\u00bb#ea8d46&#8243; button_border_width=\u00bb8px\u00bb button_border_color=\u00bbrgba(0,0,0,0)\u00bb button_border_radius=\u00bb100px\u00bb button_letter_spacing=\u00bb2px\u00bb button_font=\u00bbMontserrat|||on|||||\u00bb background_layout=\u00bblight\u00bb box_shadow_style_button=\u00bbpreset3&#8243; box_shadow_color_button=\u00bbrgba(127,141,255,0.4)\u00bb button_letter_spacing_hover=\u00bb2px\u00bb global_colors_info=\u00bb{}\u00bb button_text_size__hover_enabled=\u00bboff\u00bb button_one_text_size__hover_enabled=\u00bboff\u00bb button_two_text_size__hover_enabled=\u00bboff\u00bb button_text_color__hover_enabled=\u00bboff\u00bb button_one_text_color__hover_enabled=\u00bboff\u00bb button_two_text_color__hover_enabled=\u00bboff\u00bb button_border_width__hover_enabled=\u00bboff\u00bb button_one_border_width__hover_enabled=\u00bboff\u00bb button_two_border_width__hover_enabled=\u00bboff\u00bb button_border_color__hover_enabled=\u00bboff\u00bb button_one_border_color__hover_enabled=\u00bboff\u00bb button_two_border_color__hover_enabled=\u00bboff\u00bb button_border_radius__hover_enabled=\u00bboff\u00bb button_one_border_radius__hover_enabled=\u00bboff\u00bb button_two_border_radius__hover_enabled=\u00bboff\u00bb button_letter_spacing__hover_enabled=\u00bbon\u00bb button_letter_spacing__hover=\u00bb2px\u00bb button_one_letter_spacing__hover_enabled=\u00bboff\u00bb button_two_letter_spacing__hover_enabled=\u00bboff\u00bb button_bg_color__hover_enabled=\u00bboff\u00bb button_one_bg_color__hover_enabled=\u00bboff\u00bb button_two_bg_color__hover_enabled=\u00bboff\u00bb]<\/p>\n<h1><strong>PRIMER TRIMESTRE<\/strong><\/h1>\n<p>[\/et_pb_cta][\/et_pb_column][et_pb_column type=\u00bb1_3&#8243; _builder_version=\u00bb4.27.4&#8243; _module_preset=\u00bbdefault\u00bb background_color=\u00bbrgba(228,249,212,0.43)\u00bb custom_padding=\u00bb80px|4%|80px|4%\u00bb custom_padding_tablet=\u00bb|10%||10%||true\u00bb custom_padding_phone=\u00bb\u00bb custom_padding_last_edited=\u00bbon|tablet\u00bb global_colors_info=\u00bb{}\u00bb padding_tablet=\u00bb|10%||10%||true\u00bb padding_last_edited=\u00bbon|tablet\u00bb custom_padding__hover=\u00bb|||\u00bb padding_phone=\u00bb|10%||10%||true\u00bb][et_pb_image src=\u00bbhttps:\/\/salesianos.info\/protagonistasdelahistoria\/wp-content\/uploads\/sites\/14\/2025\/06\/vivir.png\u00bb title_text=\u00bbvivir\u00bb align=\u00bbcenter\u00bb align_tablet=\u00bbcenter\u00bb align_phone=\u00bb\u00bb align_last_edited=\u00bbon|desktop\u00bb _builder_version=\u00bb4.27.4&#8243; _module_preset=\u00bbdefault\u00bb max_width=\u00bb70%\u00bb custom_margin=\u00bb||20px|\u00bb animation_style=\u00bbfade\u00bb global_colors_info=\u00bb{}\u00bb][\/et_pb_image][et_pb_cta button_url=\u00bb#vivir\u00bb button_text=\u00bbCONOCE M\u00c1S\u00bb _builder_version=\u00bb4.27.4&#8243; _module_preset=\u00bbdefault\u00bb header_font=\u00bbMontserrat|600|||||||\u00bb header_line_height=\u00bb1.5em\u00bb body_font=\u00bb||||||||\u00bb body_font_size=\u00bb16px\u00bb body_line_height=\u00bb2em\u00bb use_background_color=\u00bboff\u00bb custom_button=\u00bbon\u00bb button_text_size=\u00bb14px\u00bb button_text_color=\u00bb#ffffff\u00bb button_bg_color=\u00bb#24b57d\u00bb button_border_width=\u00bb8px\u00bb button_border_color=\u00bbrgba(0,0,0,0)\u00bb button_border_radius=\u00bb100px\u00bb button_letter_spacing=\u00bb2px\u00bb button_font=\u00bbMontserrat|||on|||||\u00bb background_layout=\u00bblight\u00bb button_letter_spacing_hover=\u00bb2px\u00bb locked=\u00bboff\u00bb global_colors_info=\u00bb{}\u00bb button_text_size__hover_enabled=\u00bboff\u00bb button_one_text_size__hover_enabled=\u00bboff\u00bb button_two_text_size__hover_enabled=\u00bboff\u00bb button_text_color__hover_enabled=\u00bboff\u00bb button_one_text_color__hover_enabled=\u00bboff\u00bb button_two_text_color__hover_enabled=\u00bboff\u00bb button_border_width__hover_enabled=\u00bboff\u00bb button_one_border_width__hover_enabled=\u00bboff\u00bb button_two_border_width__hover_enabled=\u00bboff\u00bb button_border_color__hover_enabled=\u00bboff\u00bb button_one_border_color__hover_enabled=\u00bboff\u00bb button_two_border_color__hover_enabled=\u00bboff\u00bb button_border_radius__hover_enabled=\u00bboff\u00bb button_one_border_radius__hover_enabled=\u00bboff\u00bb button_two_border_radius__hover_enabled=\u00bboff\u00bb button_letter_spacing__hover_enabled=\u00bbon\u00bb button_letter_spacing__hover=\u00bb2px\u00bb button_one_letter_spacing__hover_enabled=\u00bboff\u00bb button_two_letter_spacing__hover_enabled=\u00bboff\u00bb button_bg_color__hover_enabled=\u00bboff\u00bb button_one_bg_color__hover_enabled=\u00bboff\u00bb button_two_bg_color__hover_enabled=\u00bboff\u00bb]<\/p>\n<h1><strong>SEGUNDO TRIMESTRE<\/strong><\/h1>\n<p>[\/et_pb_cta][\/et_pb_column][et_pb_column type=\u00bb1_3&#8243; _builder_version=\u00bb4.25.2&#8243; _module_preset=\u00bbdefault\u00bb background_color=\u00bbrgba(210,235,242,0.46)\u00bb custom_padding=\u00bb80px|4%|80px|4%\u00bb custom_padding_tablet=\u00bb|10%||10%||true\u00bb custom_padding_phone=\u00bb\u00bb custom_padding_last_edited=\u00bbon|tablet\u00bb global_colors_info=\u00bb{}\u00bb padding_tablet=\u00bb|10%||10%||true\u00bb padding_last_edited=\u00bbon|tablet\u00bb custom_padding__hover=\u00bb|||\u00bb padding_phone=\u00bb|10%||10%||true\u00bb][et_pb_image src=\u00bbhttps:\/\/salesianos.info\/protagonistasdelahistoria\/wp-content\/uploads\/sites\/14\/2025\/06\/regalar.png\u00bb title_text=\u00bbregalar\u00bb align=\u00bbcenter\u00bb align_tablet=\u00bbcenter\u00bb align_phone=\u00bb\u00bb align_last_edited=\u00bbon|desktop\u00bb _builder_version=\u00bb4.27.4&#8243; _module_preset=\u00bbdefault\u00bb max_width=\u00bb70%\u00bb custom_margin=\u00bb||20px|\u00bb animation_style=\u00bbfade\u00bb global_colors_info=\u00bb{}\u00bb][\/et_pb_image][et_pb_cta button_url=\u00bb#regalar\u00bb button_text=\u00bbCONOCE M\u00c1S\u00bb _builder_version=\u00bb4.27.4&#8243; _module_preset=\u00bbdefault\u00bb header_font=\u00bbMontserrat|600|||||||\u00bb header_line_height=\u00bb1.5em\u00bb body_font=\u00bb||||||||\u00bb body_font_size=\u00bb16px\u00bb body_line_height=\u00bb2em\u00bb use_background_color=\u00bboff\u00bb custom_button=\u00bbon\u00bb button_text_size=\u00bb14px\u00bb button_text_color=\u00bb#ffffff\u00bb button_bg_color=\u00bb#2fb0e2&#8243; button_border_width=\u00bb8px\u00bb button_border_color=\u00bbrgba(0,0,0,0)\u00bb button_border_radius=\u00bb100px\u00bb button_letter_spacing=\u00bb2px\u00bb button_font=\u00bbMontserrat|||on|||||\u00bb background_layout=\u00bblight\u00bb button_letter_spacing_hover=\u00bb2px\u00bb locked=\u00bboff\u00bb global_colors_info=\u00bb{}\u00bb button_text_size__hover_enabled=\u00bboff\u00bb button_one_text_size__hover_enabled=\u00bboff\u00bb button_two_text_size__hover_enabled=\u00bboff\u00bb button_text_color__hover_enabled=\u00bboff\u00bb button_one_text_color__hover_enabled=\u00bboff\u00bb button_two_text_color__hover_enabled=\u00bboff\u00bb button_border_width__hover_enabled=\u00bboff\u00bb button_one_border_width__hover_enabled=\u00bboff\u00bb button_two_border_width__hover_enabled=\u00bboff\u00bb button_border_color__hover_enabled=\u00bboff\u00bb button_one_border_color__hover_enabled=\u00bboff\u00bb button_two_border_color__hover_enabled=\u00bboff\u00bb button_border_radius__hover_enabled=\u00bboff\u00bb button_one_border_radius__hover_enabled=\u00bboff\u00bb button_two_border_radius__hover_enabled=\u00bboff\u00bb button_letter_spacing__hover_enabled=\u00bbon\u00bb button_letter_spacing__hover=\u00bb2px\u00bb button_one_letter_spacing__hover_enabled=\u00bboff\u00bb button_two_letter_spacing__hover_enabled=\u00bboff\u00bb button_bg_color__hover_enabled=\u00bboff\u00bb button_one_bg_color__hover_enabled=\u00bboff\u00bb button_two_bg_color__hover_enabled=\u00bboff\u00bb]<\/p>\n<h1><strong>TERCER TRIMESTRE<\/strong><\/h1>\n<p>[\/et_pb_cta][\/et_pb_column][\/et_pb_row][\/et_pb_section][et_pb_section fb_built=\u00bb1&#8243; admin_label=\u00bbServices\u00bb _builder_version=\u00bb4.27.4&#8243; _module_preset=\u00bbdefault\u00bb use_background_color_gradient=\u00bbon\u00bb background_color_gradient_direction=\u00bb1deg\u00bb background_color_gradient_stops=\u00bbrgba(255,255,255,0.82) 0%|rgba(255,255,255,0.88) 100%\u00bb background_color_gradient_overlays_image=\u00bbon\u00bb background_color_gradient_start=\u00bbrgba(255,255,255,0)\u00bb background_color_gradient_start_position=\u00bb67%\u00bb background_color_gradient_end=\u00bb#ffffff\u00bb background_image=\u00bbhttps:\/\/salesianos.info\/protagonistasdelahistoria\/wp-content\/uploads\/sites\/14\/2025\/06\/acoger-1.png\u00bb custom_padding=\u00bb8vw||10vw||false|false\u00bb global_colors_info=\u00bb{}\u00bb][et_pb_row _builder_version=\u00bb4.27.4&#8243; _module_preset=\u00bbdefault\u00bb global_colors_info=\u00bb{}\u00bb][et_pb_column type=\u00bb4_4&#8243; _builder_version=\u00bb4.16&#8243; _module_preset=\u00bbdefault\u00bb custom_padding=\u00bb|||\u00bb global_colors_info=\u00bb{}\u00bb custom_padding__hover=\u00bb|||\u00bb][et_pb_text module_id=\u00bbacoger\u00bb _builder_version=\u00bb4.27.4&#8243; _module_preset=\u00bbdefault\u00bb text_font=\u00bb||||||||\u00bb text_font_size=\u00bb16px\u00bb text_line_height=\u00bb2em\u00bb header_font=\u00bb||||||||\u00bb header_2_font=\u00bbMontserrat|300|||||||\u00bb header_2_text_color=\u00bb#f48549&#8243; header_2_font_size=\u00bb40px\u00bb header_2_line_height=\u00bb1.4em\u00bb header_3_font=\u00bb|300|||||||\u00bb header_3_font_size=\u00bb36px\u00bb header_5_font=\u00bb||||||||\u00bb header_5_text_color=\u00bb#7f8dff\u00bb header_5_line_height=\u00bb2em\u00bb text_orientation=\u00bbcenter\u00bb max_width=\u00bb700px\u00bb module_alignment=\u00bbcenter\u00bb header_2_font_size_tablet=\u00bb\u00bb header_2_font_size_phone=\u00bb30px\u00bb header_2_font_size_last_edited=\u00bbon|phone\u00bb locked=\u00bboff\u00bb global_colors_info=\u00bb{}\u00bb]<\/p>\n<h2><strong>PRIMER<\/strong> TRIMESTRE<\/h2>\n<h3>\u201c<strong><em>Una historia que acoger<\/em><\/strong>\u201d \u00b7 Esperanza<\/h3>\n<p>Toda gran historia comienza con una llamada que acoger, con una semilla de esperanza. Esta es la nuestra: <strong>una historia que Dios ha empezado en nosotros y que est\u00e1 llamada a dar fruto.<\/strong><\/p>\n<p>[\/et_pb_text][\/et_pb_column][\/et_pb_row][et_pb_row column_structure=\u00bb1_2,1_2&#8243; _builder_version=\u00bb4.16&#8243; _module_preset=\u00bbdefault\u00bb custom_padding=\u00bb27px|0px|27px|0px|false|false\u00bb global_colors_info=\u00bb{}\u00bb][et_pb_column type=\u00bb1_2&#8243; _builder_version=\u00bb4.16&#8243; _module_preset=\u00bbdefault\u00bb custom_padding=\u00bb|||\u00bb global_colors_info=\u00bb{}\u00bb custom_padding__hover=\u00bb|||\u00bb][et_pb_image src=\u00bbhttps:\/\/salesianos.info\/protagonistasdelahistoria\/wp-content\/uploads\/sites\/14\/2025\/06\/acoger.png\u00bb title_text=\u00bbacoger\u00bb align=\u00bbright\u00bb align_tablet=\u00bbcenter\u00bb align_phone=\u00bb\u00bb align_last_edited=\u00bbon|desktop\u00bb disabled_on=\u00bbon|off|off\u00bb _builder_version=\u00bb4.27.4&#8243; _module_preset=\u00bbdefault\u00bb transform_scale=\u00bb88%|88%\u00bb transform_scale_tablet=\u00bb56%|56%\u00bb transform_scale_phone=\u00bb102%|102%\u00bb transform_scale_last_edited=\u00bbon|desktop\u00bb transform_translate=\u00bb52px|36px\u00bb transform_translate_tablet=\u00bb68px|-119px\u00bb transform_translate_phone=\u00bb-4px|-24px\u00bb transform_translate_last_edited=\u00bbon|desktop\u00bb transform_translate_linked=\u00bboff\u00bb transform_rotate_tablet=\u00bb\u00bb transform_rotate_phone=\u00bb\u00bb transform_rotate_last_edited=\u00bbon|desktop\u00bb transform_skew_tablet=\u00bb\u00bb transform_skew_phone=\u00bb\u00bb transform_skew_last_edited=\u00bbon|desktop\u00bb transform_origin_tablet=\u00bb\u00bb transform_origin_phone=\u00bb\u00bb transform_origin_last_edited=\u00bbon|desktop\u00bb transform_styles_last_edited=\u00bbon|desktop\u00bb animation_style=\u00bbfade\u00bb transform_styles_tablet=\u00bb\u00bb transform_styles_phone=\u00bb\u00bb global_colors_info=\u00bb{}\u00bb][\/et_pb_image][\/et_pb_column][et_pb_column type=\u00bb1_2&#8243; _builder_version=\u00bb4.16&#8243; _module_preset=\u00bbdefault\u00bb custom_padding=\u00bb80px|||\u00bb custom_padding_tablet=\u00bb0px|||\u00bb custom_padding_phone=\u00bb\u00bb custom_padding_last_edited=\u00bbon|tablet\u00bb global_colors_info=\u00bb{}\u00bb padding_tablet=\u00bb0px|||\u00bb padding_last_edited=\u00bbon|tablet\u00bb custom_padding__hover=\u00bb|||\u00bb padding_phone=\u00bb0px|||\u00bb][et_pb_image src=\u00bbhttps:\/\/salesianos.info\/protagonistasdelahistoria\/wp-content\/uploads\/sites\/14\/2025\/06\/acoger.png\u00bb title_text=\u00bbacoger\u00bb disabled_on=\u00bboff|on|on\u00bb _builder_version=\u00bb4.27.4&#8243; _module_preset=\u00bbdefault\u00bb global_colors_info=\u00bb{}\u00bb][\/et_pb_image][et_pb_text _builder_version=\u00bb4.25.2&#8243; _module_preset=\u00bbdefault\u00bb text_font=\u00bb||||||||\u00bb text_font_size=\u00bb17px\u00bb text_line_height=\u00bb1.9em\u00bb header_font=\u00bb||||||||\u00bb header_2_font=\u00bb||||||||\u00bb header_3_font=\u00bbMontserrat||||||||\u00bb header_3_line_height=\u00bb1.4em\u00bb header_5_font=\u00bb||||||||\u00bb header_5_text_color=\u00bb#7f8dff\u00bb header_5_line_height=\u00bb2em\u00bb max_width=\u00bb700px\u00bb header_2_font_size_phone=\u00bb30px\u00bb header_2_font_size_last_edited=\u00bboff|desktop\u00bb locked=\u00bboff\u00bb global_colors_info=\u00bb{}\u00bb]<\/p>\n<p>Con este convencimiento, se nos brinda la ocasi\u00f3n de acoger la Buena Noticia de Dios e iluminar la historia del mundo a la luz del Evangelio de Jes\u00fas, en clave de<strong> Primer Anuncio:<\/strong> <strong><em>\u201cDios nos quiere, Dios nos ama a todos\u201d<\/em><\/strong> (Le\u00f3n XIV).<br \/>Poniendo en valor nuestra historia, celebramos el 1<strong>50 aniversario de la Primera Expedici\u00f3n Misionera Salesiana<\/strong> para agradecer, repensar y relanzar nuestra misi\u00f3n.<br \/>Concluyendo el <strong>A\u00f1o Jubilar de la Esperanza<\/strong>, convocado por el papa Francisco, prepararemos una nueva Navidad para \u00a0acoger a quien es la Esperanza del mundo: \u201cUna esperanza que no \u00a0defrauda\u201d.<\/p>\n<ul>\n<li>Redescubrimos nuestra historia personal a la luz del Evangelio: <strong>\u00abDios nos quiere, Dios nos ama\u00bb.<\/strong><\/li>\n<li>Celebramos el <strong>150 aniversario de la Primera Expedici\u00f3n Misionera Salesiana, <\/strong>como parte de una historia que sigue dando fruto.<\/li>\n<li>Concluimos el <strong>A\u00f1o Jubilar de la Esperanza, <\/strong>prepar\u00e1ndonos para celebrar una nueva Navidad en la que acoger al que es la Esperanza del mundo.<\/li>\n<\/ul>\n<p>[\/et_pb_text][\/et_pb_column][\/et_pb_row][\/et_pb_section][et_pb_section fb_built=\u00bb1&#8243; custom_padding_last_edited=\u00bbon|tablet\u00bb admin_label=\u00bbServices\u00bb _builder_version=\u00bb4.27.4&#8243; _module_preset=\u00bbdefault\u00bb use_background_color_gradient=\u00bbon\u00bb background_color_gradient_type=\u00bbcircular\u00bb background_color_gradient_stops=\u00bbrgba(255,255,255,0.81) 67%|#ffffff 100%\u00bb background_color_gradient_overlays_image=\u00bbon\u00bb background_color_gradient_start=\u00bbrgba(255,255,255,0)\u00bb background_color_gradient_start_position=\u00bb67%\u00bb background_color_gradient_end=\u00bb#ffffff\u00bb background_image=\u00bbhttps:\/\/salesianos.info\/protagonistasdelahistoria\/wp-content\/uploads\/sites\/14\/2025\/06\/vivir-1.png\u00bb custom_margin=\u00bb-80px||||false|false\u00bb custom_margin_tablet=\u00bb-80px||||false|false\u00bb custom_margin_phone=\u00bb-80px||||false|false\u00bb custom_margin_last_edited=\u00bbon|desktop\u00bb custom_padding=\u00bb100px|0px|100px|0px|true|false\u00bb custom_padding_tablet=\u00bb40px||40px||true\u00bb custom_padding_phone=\u00bb\u00bb global_colors_info=\u00bb{}\u00bb][et_pb_row _builder_version=\u00bb4.17.4&#8243; _module_preset=\u00bbdefault\u00bb global_colors_info=\u00bb{}\u00bb][et_pb_column type=\u00bb4_4&#8243; _builder_version=\u00bb4.17.4&#8243; _module_preset=\u00bbdefault\u00bb global_colors_info=\u00bb{}\u00bb][et_pb_text module_id=\u00bbvivir\u00bb _builder_version=\u00bb4.27.4&#8243; _module_preset=\u00bbdefault\u00bb text_font=\u00bb||||||||\u00bb text_font_size=\u00bb16px\u00bb text_line_height=\u00bb2em\u00bb header_font=\u00bb||||||||\u00bb header_2_font=\u00bbMontserrat|300|||||||\u00bb header_2_text_color=\u00bb#1ab287&#8243; header_2_font_size=\u00bb40px\u00bb header_2_line_height=\u00bb1.4em\u00bb header_3_font=\u00bb|300|||||||\u00bb header_3_font_size=\u00bb36px\u00bb header_5_font=\u00bb||||||||\u00bb header_5_text_color=\u00bb#7f8dff\u00bb header_5_line_height=\u00bb2em\u00bb text_orientation=\u00bbcenter\u00bb max_width=\u00bb700px\u00bb module_alignment=\u00bbcenter\u00bb header_2_font_size_tablet=\u00bb\u00bb header_2_font_size_phone=\u00bb30px\u00bb header_2_font_size_last_edited=\u00bbon|phone\u00bb locked=\u00bboff\u00bb global_colors_info=\u00bb{}\u00bb]<\/p>\n<h2><strong>SEGUNDO <\/strong>TRIMESTRE<\/h2>\n<h3><strong><em>\u201cUna historia que vivir\u201d<\/em><\/strong> \u00b7 Amor<\/h3>\n<p>TLa historia no es solo para ser contada, sino para ser vivida. <strong>El amor de Dios se hizo carne, y nos invita a vivir y amar con autenticidad, entregando la vida.<\/strong><\/p>\n<p>[\/et_pb_text][\/et_pb_column][\/et_pb_row][et_pb_row column_structure=\u00bb1_2,1_2&#8243; _builder_version=\u00bb4.16&#8243; _module_preset=\u00bbdefault\u00bb custom_padding=\u00bb0px|||||\u00bb global_colors_info=\u00bb{}\u00bb][et_pb_column type=\u00bb1_2&#8243; _builder_version=\u00bb4.16&#8243; _module_preset=\u00bbdefault\u00bb custom_padding=\u00bb40px|||\u00bb custom_padding_tablet=\u00bb0px|||\u00bb custom_padding_phone=\u00bb\u00bb custom_padding_last_edited=\u00bbon|tablet\u00bb global_colors_info=\u00bb{}\u00bb padding_tablet=\u00bb0px|||\u00bb padding_last_edited=\u00bbon|tablet\u00bb custom_padding__hover=\u00bb|||\u00bb padding_phone=\u00bb0px|||\u00bb][et_pb_image src=\u00bbhttps:\/\/salesianos.info\/protagonistasdelahistoria\/wp-content\/uploads\/sites\/14\/2025\/06\/vivir.png\u00bb title_text=\u00bbvivir\u00bb disabled_on=\u00bboff|on|on\u00bb _builder_version=\u00bb4.27.4&#8243; _module_preset=\u00bbdefault\u00bb global_colors_info=\u00bb{}\u00bb][\/et_pb_image][et_pb_text _builder_version=\u00bb4.25.2&#8243; _module_preset=\u00bbdefault\u00bb text_font=\u00bb||||||||\u00bb text_font_size=\u00bb17px\u00bb text_line_height=\u00bb2em\u00bb header_font=\u00bb||||||||\u00bb header_2_font=\u00bb||||||||\u00bb header_3_font=\u00bbMontserrat||||||||\u00bb header_3_line_height=\u00bb1.4em\u00bb header_5_font=\u00bb||||||||\u00bb header_5_text_color=\u00bb#7f8dff\u00bb header_5_line_height=\u00bb2em\u00bb max_width=\u00bb700px\u00bb header_2_font_size_phone=\u00bb30px\u00bb header_2_font_size_last_edited=\u00bboff|desktop\u00bb locked=\u00bboff\u00bb global_colors_info=\u00bb{}\u00bb]<\/p>\n<p>Las historias que cambian el mundo son las que, antes de ser contadas, son vividas. La mayor historia de amor jam\u00e1s contada es la que encarn\u00f3 <strong>Jes\u00fas de Nazaret,<\/strong> <em><strong>el Hijo de Dios,<\/strong> <\/em>con su forma de vivir y amar a \u201ctodos, todos, todos\u201d.<br \/>Tambi\u00e9n nosotros estamos llamados a vivir una vida que ilumine la historia, tenga sentido y sea capaz de responder a<br \/>la pregunta \u201c<strong>\u00bfpara qui\u00e9n soy?\u201d<\/strong>, superando esa autorreferencialidad que nos impide ser m\u00e1s humanos y m\u00e1s hermanos de todos.<br \/>El proyecto personal de vida nos interroga sobre nuestra vocaci\u00f3n y misi\u00f3n: es el prop\u00f3sito de nuestra <strong>campa\u00f1a vocacional,<\/strong> ayudarnos a vivir una historia que merezca ser vivida.<\/p>\n<ul>\n<li>Profundizamos en la <strong>Buena Noticia del Se\u00f1or Jes\u00fas,<\/strong> (re)descubriendo su historia de amor radical al<br \/>Padre en el Esp\u00edritu y a \u2018todos, todos, todos\u2019.<\/li>\n<li>Reflexionamos sobre la vocaci\u00f3n personal, \u201c\u00bfpara qui\u00e9n soy?\u201d, a la luz de la<strong> Campa\u00f1a Vocacional.<\/strong><\/li>\n<li>\u00a0Descubrimos que el amor no es solo emoci\u00f3n, sino elecci\u00f3n, responsabilidad y servicio, conociendo el<br \/><strong>testimonio vocacional de Don Bosco y de tantos misioneros salesianos.<\/strong><\/li>\n<\/ul>\n<p>[\/et_pb_text][\/et_pb_column][et_pb_column type=\u00bb1_2&#8243; _builder_version=\u00bb4.16&#8243; _module_preset=\u00bbdefault\u00bb custom_padding=\u00bb40px|||\u00bb custom_padding_tablet=\u00bb0px|||\u00bb custom_padding_phone=\u00bb\u00bb custom_padding_last_edited=\u00bbon|tablet\u00bb global_colors_info=\u00bb{}\u00bb padding_tablet=\u00bb0px|||\u00bb padding_last_edited=\u00bbon|tablet\u00bb custom_padding__hover=\u00bb|||\u00bb padding_phone=\u00bb0px|||\u00bb][et_pb_image src=\u00bbhttps:\/\/salesianos.info\/protagonistasdelahistoria\/wp-content\/uploads\/sites\/14\/2025\/06\/vivir.png\u00bb title_text=\u00bbvivir\u00bb align=\u00bbright\u00bb align_tablet=\u00bbcenter\u00bb align_phone=\u00bb\u00bb align_last_edited=\u00bbon|desktop\u00bb disabled_on=\u00bbon|off|off\u00bb _builder_version=\u00bb4.27.4&#8243; _module_preset=\u00bbdefault\u00bb transform_scale_tablet=\u00bb\u00bb transform_scale_phone=\u00bb\u00bb transform_scale_last_edited=\u00bbon|desktop\u00bb transform_scale_linked=\u00bboff\u00bb transform_translate=\u00bb77px|-98px\u00bb transform_translate_tablet=\u00bb0px|-109px\u00bb transform_translate_phone=\u00bb0px|-109px\u00bb transform_translate_last_edited=\u00bbon|desktop\u00bb transform_translate_linked=\u00bboff\u00bb transform_rotate_tablet=\u00bb\u00bb transform_rotate_phone=\u00bb\u00bb transform_rotate_last_edited=\u00bbon|desktop\u00bb transform_skew_tablet=\u00bb\u00bb transform_skew_phone=\u00bb\u00bb transform_skew_last_edited=\u00bbon|desktop\u00bb transform_origin_tablet=\u00bb\u00bb transform_origin_phone=\u00bb\u00bb transform_origin_last_edited=\u00bbon|desktop\u00bb transform_styles_last_edited=\u00bbon|desktop\u00bb max_width=\u00bb100%\u00bb module_alignment=\u00bbright\u00bb animation_style=\u00bbfade\u00bb transform_styles_tablet=\u00bb\u00bb transform_styles_phone=\u00bb\u00bb locked=\u00bboff\u00bb global_colors_info=\u00bb{}\u00bb][\/et_pb_image][\/et_pb_column][\/et_pb_row][\/et_pb_section][et_pb_section fb_built=\u00bb1&#8243; admin_label=\u00bbServices\u00bb _builder_version=\u00bb4.27.4&#8243; _module_preset=\u00bbdefault\u00bb use_background_color_gradient=\u00bbon\u00bb background_color_gradient_direction=\u00bb286deg\u00bb background_color_gradient_stops=\u00bbrgba(255,255,255,0.6) 65%|#ffffff 100%\u00bb background_color_gradient_overlays_image=\u00bbon\u00bb background_color_gradient_start=\u00bbrgba(255,255,255,0)\u00bb background_color_gradient_start_position=\u00bb67%\u00bb background_color_gradient_end=\u00bb#ffffff\u00bb background_image=\u00bbhttps:\/\/salesianos.info\/protagonistasdelahistoria\/wp-content\/uploads\/sites\/14\/2025\/06\/regalar-1.png\u00bb background_size=\u00bbcontain\u00bb custom_padding=\u00bb8vw||10vw||false|false\u00bb global_colors_info=\u00bb{}\u00bb][et_pb_row _builder_version=\u00bb4.16&#8243; _module_preset=\u00bbdefault\u00bb global_colors_info=\u00bb{}\u00bb][et_pb_column type=\u00bb4_4&#8243; _builder_version=\u00bb4.16&#8243; _module_preset=\u00bbdefault\u00bb custom_padding=\u00bb|||\u00bb global_colors_info=\u00bb{}\u00bb custom_padding__hover=\u00bb|||\u00bb][et_pb_text module_id=\u00bbregalar\u00bb _builder_version=\u00bb4.27.4&#8243; _module_preset=\u00bbdefault\u00bb text_font=\u00bb||||||||\u00bb text_font_size=\u00bb16px\u00bb text_line_height=\u00bb2em\u00bb header_font=\u00bb|300|||||||\u00bb header_2_font=\u00bbMontserrat|300|||||||\u00bb header_2_text_color=\u00bb#2ca3d6&#8243; header_2_font_size=\u00bb40px\u00bb header_2_line_height=\u00bb1.4em\u00bb header_3_font=\u00bb|300|||||||\u00bb header_3_font_size=\u00bb36px\u00bb header_5_font=\u00bb||||||||\u00bb header_5_text_color=\u00bb#7f8dff\u00bb header_5_line_height=\u00bb2em\u00bb text_orientation=\u00bbcenter\u00bb max_width=\u00bb700px\u00bb module_alignment=\u00bbcenter\u00bb header_2_font_size_tablet=\u00bb\u00bb header_2_font_size_phone=\u00bb30px\u00bb header_2_font_size_last_edited=\u00bbon|phone\u00bb locked=\u00bboff\u00bb global_colors_info=\u00bb{}\u00bb]<\/p>\n<h2><strong>TERCER TRIMESTRE\u00a0<\/strong><\/h2>\n<h3><strong>\u201cUna historia que regalar\u201d<\/strong> \u00b7 Alegr\u00eda<\/h3>\n<p>La alegr\u00eda no se guarda, se regala. El Resucitado nos env\u00eda a ser testigos. <strong>Nuestra historia se multiplica cuando se convierte en don para todos.<\/strong><\/p>\n<p>[\/et_pb_text][\/et_pb_column][\/et_pb_row][et_pb_row column_structure=\u00bb1_2,1_2&#8243; _builder_version=\u00bb4.16&#8243; _module_preset=\u00bbdefault\u00bb custom_padding=\u00bb27px|0px|27px|0px|false|false\u00bb global_colors_info=\u00bb{}\u00bb][et_pb_column type=\u00bb1_2&#8243; _builder_version=\u00bb4.16&#8243; _module_preset=\u00bbdefault\u00bb custom_padding=\u00bb|||\u00bb global_colors_info=\u00bb{}\u00bb custom_padding__hover=\u00bb|||\u00bb][et_pb_image src=\u00bbhttps:\/\/salesianos.info\/protagonistasdelahistoria\/wp-content\/uploads\/sites\/14\/2025\/06\/regalar.png\u00bb title_text=\u00bbregalar\u00bb align_tablet=\u00bbcenter\u00bb align_phone=\u00bb\u00bb align_last_edited=\u00bbon|desktop\u00bb disabled_on=\u00bbon|off|off\u00bb _builder_version=\u00bb4.27.4&#8243; _module_preset=\u00bbdefault\u00bb transform_scale_tablet=\u00bb56%|56%\u00bb transform_scale_phone=\u00bb56%|56%\u00bb transform_scale_last_edited=\u00bbon|desktop\u00bb transform_translate=\u00bb29px|-10px\u00bb transform_translate_tablet=\u00bb68px|-119px\u00bb transform_translate_phone=\u00bb68px|-119px\u00bb transform_translate_last_edited=\u00bbon|desktop\u00bb transform_translate_linked=\u00bboff\u00bb transform_rotate_tablet=\u00bb\u00bb transform_rotate_phone=\u00bb\u00bb transform_rotate_last_edited=\u00bbon|desktop\u00bb transform_skew_tablet=\u00bb\u00bb transform_skew_phone=\u00bb\u00bb transform_skew_last_edited=\u00bbon|desktop\u00bb transform_origin_tablet=\u00bb\u00bb transform_origin_phone=\u00bb\u00bb transform_origin_last_edited=\u00bbon|desktop\u00bb transform_styles_last_edited=\u00bbon|desktop\u00bb animation_style=\u00bbfade\u00bb transform_styles_tablet=\u00bb\u00bb transform_styles_phone=\u00bb\u00bb global_colors_info=\u00bb{}\u00bb][\/et_pb_image][et_pb_image src=\u00bbhttps:\/\/salesianos.info\/protagonistasdelahistoria\/wp-content\/uploads\/sites\/14\/2025\/06\/regalar.png\u00bb title_text=\u00bbregalar\u00bb disabled_on=\u00bboff|on|on\u00bb _builder_version=\u00bb4.27.4&#8243; _module_preset=\u00bbdefault\u00bb global_colors_info=\u00bb{}\u00bb][\/et_pb_image][\/et_pb_column][et_pb_column type=\u00bb1_2&#8243; _builder_version=\u00bb4.16&#8243; _module_preset=\u00bbdefault\u00bb custom_padding=\u00bb80px|||\u00bb custom_padding_tablet=\u00bb0px|||\u00bb custom_padding_phone=\u00bb\u00bb custom_padding_last_edited=\u00bbon|tablet\u00bb global_colors_info=\u00bb{}\u00bb padding_tablet=\u00bb0px|||\u00bb padding_last_edited=\u00bbon|tablet\u00bb custom_padding__hover=\u00bb|||\u00bb padding_phone=\u00bb0px|||\u00bb][et_pb_text _builder_version=\u00bb4.25.2&#8243; _module_preset=\u00bbdefault\u00bb text_font=\u00bb||||||||\u00bb text_font_size=\u00bb17px\u00bb text_line_height=\u00bb2.3em\u00bb header_font=\u00bb||||||||\u00bb header_2_font=\u00bb||||||||\u00bb header_3_font=\u00bbMontserrat||||||||\u00bb header_3_line_height=\u00bb1.4em\u00bb header_5_font=\u00bb||||||||\u00bb header_5_text_color=\u00bb#7f8dff\u00bb header_5_line_height=\u00bb2em\u00bb max_width=\u00bb700px\u00bb custom_margin=\u00bb-70px||||false|false\u00bb custom_margin_tablet=\u00bb-70px||||false|false\u00bb custom_margin_phone=\u00bb-70px||||false|false\u00bb custom_margin_last_edited=\u00bbon|desktop\u00bb custom_padding_tablet=\u00bb\u00bb custom_padding_phone=\u00bb\u00bb custom_padding_last_edited=\u00bbon|desktop\u00bb header_2_font_size_phone=\u00bb30px\u00bb header_2_font_size_last_edited=\u00bboff|desktop\u00bb locked=\u00bboff\u00bb global_colors_info=\u00bb{}\u00bb][\/et_pb_text][et_pb_text _builder_version=\u00bb4.25.2&#8243; _module_preset=\u00bbdefault\u00bb text_font=\u00bb||||||||\u00bb text_font_size=\u00bb17px\u00bb text_line_height=\u00bb1.9em\u00bb header_font=\u00bb||||||||\u00bb header_2_font=\u00bb||||||||\u00bb header_3_font=\u00bbMontserrat||||||||\u00bb header_3_line_height=\u00bb1.4em\u00bb header_5_font=\u00bb||||||||\u00bb header_5_text_color=\u00bb#7f8dff\u00bb header_5_line_height=\u00bb2em\u00bb max_width=\u00bb700px\u00bb header_2_font_size_phone=\u00bb30px\u00bb header_2_font_size_last_edited=\u00bboff|desktop\u00bb locked=\u00bboff\u00bb global_colors_info=\u00bb{}\u00bb]<\/p>\n<p>La celebraci\u00f3n de la<em><strong> Pascua de Resurrecci\u00f3n<\/strong><\/em> ofrece plenitud a la historia y reaviva la esperanza en nuestro mundo.<br \/>La<strong> alegr\u00eda del Evangelio<\/strong> compromete nuestra historia y nuestras vidas, ampl\u00eda la mirada y nos hace salir de nosotros, sentirnos enviados a la misi\u00f3n cotidiana, la del servicio en el d\u00eda a d\u00eda.<br \/>Este compromiso con la historia nos invita a <strong>humanizar nuestro mundo<\/strong>, a poner en el centro a los hermanos,<br \/>especialmente a aquellos que m\u00e1s sufren.<\/p>\n<ul>\n<li>Celebramos la <strong>Pascua de Resurrecci\u00f3n<\/strong> como plenitud de la historia: de la cruz a la vida nueva.<\/li>\n<li>Promovemos un <strong>compromiso alegre y sincero con todos,<\/strong> especialmente con los que m\u00e1s sufren.<\/li>\n<li>Compartimos lo que somos, como la Virgen Mar\u00eda, conscientes -como Ella- de que estamos llamados a <strong>humanizar el mundo.<\/strong><\/li>\n<\/ul>\n<p>[\/et_pb_text][\/et_pb_column][\/et_pb_row][\/et_pb_section]<\/p>\n","protected":false},"excerpt":{"rendered":"<p>&nbsp; &nbsp; &nbsp; &nbsp; &nbsp; &nbsp; &nbsp; &nbsp; &nbsp;Inspirados por la exhortaci\u00f3n Christus Vivit (ChV 252) del papa Francisco, queremos favorecer que los ni\u00f1os,adolescentes, j\u00f3venes y educadores de nuestras Comunidades Educativo-Pastorales puedan descubrir,paso a paso, que sus historias personales tienen un sentido mayor y universal; que hay una historia quecomienza en el coraz\u00f3n de Dios, [&hellip;]<\/p>\n","protected":false},"author":3,"featured_media":41,"parent":0,"menu_order":0,"comment_status":"closed","ping_status":"closed","template":"","meta":{"_et_pb_use_builder":"on","_et_pb_old_content":"","_et_gb_content_width":"","footnotes":""},"class_list":["post-85","page","type-page","status-publish","has-post-thumbnail","hentry"],"yoast_head":"<!-- This site is optimized with the Yoast SEO plugin v27.4 - https:\/\/yoast.com\/product\/yoast-seo-wordpress\/ -->\n<title>Justificaci\u00f3n de la campa\u00f1a - Campa\u00f1a Pastoral 2025-26 | Protagonistas de la historia<\/title>\n<meta name=\"robots\" content=\"index, follow, max-snippet:-1, max-image-preview:large, max-video-preview:-1\" \/>\n<link rel=\"canonical\" href=\"https:\/\/salesianos.info\/protagonistasdelahistoria\/justificacion\/\" \/>\n<meta property=\"og:locale\" content=\"es_ES\" \/>\n<meta property=\"og:type\" content=\"article\" \/>\n<meta property=\"og:title\" content=\"Justificaci\u00f3n de la campa\u00f1a - Campa\u00f1a Pastoral 2025-26 | Protagonistas de la historia\" \/>\n<meta property=\"og:description\" content=\"Exceur Sint Accaecat Lorem ipsum dolor sit amet consectetur adipiscing elit sed do eiusmod tempor incididunt ut labore et dolore magna aliqua. Ut enim ad minim veniam quis nostrud exercitation ullamco laboris nisi ut aliquip ex ea commodo consequat. Duis aute irure dolor in reprehenderit in voluptate velit esse cillum dolore eu fugiat nulla pariatur. [&hellip;]\" \/>\n<meta property=\"og:url\" content=\"https:\/\/salesianos.info\/protagonistasdelahistoria\/justificacion\/\" \/>\n<meta property=\"og:site_name\" content=\"Campa\u00f1a Pastoral 2025-26 | Protagonistas de la historia\" \/>\n<meta property=\"article:modified_time\" content=\"2025-06-24T12:04:12+00:00\" \/>\n<meta property=\"og:image\" content=\"https:\/\/salesianos.info\/protagonistasdelahistoria\/wp-content\/uploads\/sites\/14\/2025\/06\/FONDO-HOME.png\" \/>\n\t<meta property=\"og:image:width\" content=\"1920\" \/>\n\t<meta property=\"og:image:height\" content=\"1080\" \/>\n\t<meta property=\"og:image:type\" content=\"image\/png\" \/>\n<meta name=\"twitter:card\" content=\"summary_large_image\" \/>\n<meta name=\"twitter:label1\" content=\"Tiempo de lectura\" \/>\n\t<meta name=\"twitter:data1\" content=\"6 minutos\" \/>\n<script type=\"application\/ld+json\" class=\"yoast-schema-graph\">{\"@context\":\"https:\\\/\\\/schema.org\",\"@graph\":[{\"@type\":\"WebPage\",\"@id\":\"https:\\\/\\\/salesianos.info\\\/protagonistasdelahistoria\\\/justificacion\\\/\",\"url\":\"https:\\\/\\\/salesianos.info\\\/protagonistasdelahistoria\\\/justificacion\\\/\",\"name\":\"Justificaci\u00f3n de la campa\u00f1a - Campa\u00f1a Pastoral 2025-26 | Protagonistas de la historia\",\"isPartOf\":{\"@id\":\"https:\\\/\\\/salesianos.info\\\/protagonistasdelahistoria\\\/#website\"},\"primaryImageOfPage\":{\"@id\":\"https:\\\/\\\/salesianos.info\\\/protagonistasdelahistoria\\\/justificacion\\\/#primaryimage\"},\"image\":{\"@id\":\"https:\\\/\\\/salesianos.info\\\/protagonistasdelahistoria\\\/justificacion\\\/#primaryimage\"},\"thumbnailUrl\":\"https:\\\/\\\/salesianos.info\\\/protagonistasdelahistoria\\\/wp-content\\\/uploads\\\/sites\\\/14\\\/2025\\\/06\\\/FONDO-HOME.png\",\"datePublished\":\"2025-06-18T15:07:15+00:00\",\"dateModified\":\"2025-06-24T12:04:12+00:00\",\"breadcrumb\":{\"@id\":\"https:\\\/\\\/salesianos.info\\\/protagonistasdelahistoria\\\/justificacion\\\/#breadcrumb\"},\"inLanguage\":\"es\",\"potentialAction\":[{\"@type\":\"ReadAction\",\"target\":[\"https:\\\/\\\/salesianos.info\\\/protagonistasdelahistoria\\\/justificacion\\\/\"]}]},{\"@type\":\"ImageObject\",\"inLanguage\":\"es\",\"@id\":\"https:\\\/\\\/salesianos.info\\\/protagonistasdelahistoria\\\/justificacion\\\/#primaryimage\",\"url\":\"https:\\\/\\\/salesianos.info\\\/protagonistasdelahistoria\\\/wp-content\\\/uploads\\\/sites\\\/14\\\/2025\\\/06\\\/FONDO-HOME.png\",\"contentUrl\":\"https:\\\/\\\/salesianos.info\\\/protagonistasdelahistoria\\\/wp-content\\\/uploads\\\/sites\\\/14\\\/2025\\\/06\\\/FONDO-HOME.png\",\"width\":1920,\"height\":1080},{\"@type\":\"BreadcrumbList\",\"@id\":\"https:\\\/\\\/salesianos.info\\\/protagonistasdelahistoria\\\/justificacion\\\/#breadcrumb\",\"itemListElement\":[{\"@type\":\"ListItem\",\"position\":1,\"name\":\"Portada\",\"item\":\"https:\\\/\\\/salesianos.info\\\/protagonistasdelahistoria\\\/\"},{\"@type\":\"ListItem\",\"position\":2,\"name\":\"Justificaci\u00f3n de la campa\u00f1a\"}]},{\"@type\":\"WebSite\",\"@id\":\"https:\\\/\\\/salesianos.info\\\/protagonistasdelahistoria\\\/#website\",\"url\":\"https:\\\/\\\/salesianos.info\\\/protagonistasdelahistoria\\\/\",\"name\":\"Campa\u00f1a Pastoral 2025-26 | Protagonistas de la historia\",\"description\":\"\",\"potentialAction\":[{\"@type\":\"SearchAction\",\"target\":{\"@type\":\"EntryPoint\",\"urlTemplate\":\"https:\\\/\\\/salesianos.info\\\/protagonistasdelahistoria\\\/?s={search_term_string}\"},\"query-input\":{\"@type\":\"PropertyValueSpecification\",\"valueRequired\":true,\"valueName\":\"search_term_string\"}}],\"inLanguage\":\"es\"}]}<\/script>\n<!-- \/ Yoast SEO plugin. -->","yoast_head_json":{"title":"Justificaci\u00f3n de la campa\u00f1a - Campa\u00f1a Pastoral 2025-26 | Protagonistas de la historia","robots":{"index":"index","follow":"follow","max-snippet":"max-snippet:-1","max-image-preview":"max-image-preview:large","max-video-preview":"max-video-preview:-1"},"canonical":"https:\/\/salesianos.info\/protagonistasdelahistoria\/justificacion\/","og_locale":"es_ES","og_type":"article","og_title":"Justificaci\u00f3n de la campa\u00f1a - Campa\u00f1a Pastoral 2025-26 | Protagonistas de la historia","og_description":"Exceur Sint Accaecat Lorem ipsum dolor sit amet consectetur adipiscing elit sed do eiusmod tempor incididunt ut labore et dolore magna aliqua. Ut enim ad minim veniam quis nostrud exercitation ullamco laboris nisi ut aliquip ex ea commodo consequat. Duis aute irure dolor in reprehenderit in voluptate velit esse cillum dolore eu fugiat nulla pariatur. [&hellip;]","og_url":"https:\/\/salesianos.info\/protagonistasdelahistoria\/justificacion\/","og_site_name":"Campa\u00f1a Pastoral 2025-26 | Protagonistas de la historia","article_modified_time":"2025-06-24T12:04:12+00:00","og_image":[{"width":1920,"height":1080,"url":"https:\/\/salesianos.info\/protagonistasdelahistoria\/wp-content\/uploads\/sites\/14\/2025\/06\/FONDO-HOME.png","type":"image\/png"}],"twitter_card":"summary_large_image","twitter_misc":{"Tiempo de lectura":"6 minutos"},"schema":{"@context":"https:\/\/schema.org","@graph":[{"@type":"WebPage","@id":"https:\/\/salesianos.info\/protagonistasdelahistoria\/justificacion\/","url":"https:\/\/salesianos.info\/protagonistasdelahistoria\/justificacion\/","name":"Justificaci\u00f3n de la campa\u00f1a - Campa\u00f1a Pastoral 2025-26 | Protagonistas de la historia","isPartOf":{"@id":"https:\/\/salesianos.info\/protagonistasdelahistoria\/#website"},"primaryImageOfPage":{"@id":"https:\/\/salesianos.info\/protagonistasdelahistoria\/justificacion\/#primaryimage"},"image":{"@id":"https:\/\/salesianos.info\/protagonistasdelahistoria\/justificacion\/#primaryimage"},"thumbnailUrl":"https:\/\/salesianos.info\/protagonistasdelahistoria\/wp-content\/uploads\/sites\/14\/2025\/06\/FONDO-HOME.png","datePublished":"2025-06-18T15:07:15+00:00","dateModified":"2025-06-24T12:04:12+00:00","breadcrumb":{"@id":"https:\/\/salesianos.info\/protagonistasdelahistoria\/justificacion\/#breadcrumb"},"inLanguage":"es","potentialAction":[{"@type":"ReadAction","target":["https:\/\/salesianos.info\/protagonistasdelahistoria\/justificacion\/"]}]},{"@type":"ImageObject","inLanguage":"es","@id":"https:\/\/salesianos.info\/protagonistasdelahistoria\/justificacion\/#primaryimage","url":"https:\/\/salesianos.info\/protagonistasdelahistoria\/wp-content\/uploads\/sites\/14\/2025\/06\/FONDO-HOME.png","contentUrl":"https:\/\/salesianos.info\/protagonistasdelahistoria\/wp-content\/uploads\/sites\/14\/2025\/06\/FONDO-HOME.png","width":1920,"height":1080},{"@type":"BreadcrumbList","@id":"https:\/\/salesianos.info\/protagonistasdelahistoria\/justificacion\/#breadcrumb","itemListElement":[{"@type":"ListItem","position":1,"name":"Portada","item":"https:\/\/salesianos.info\/protagonistasdelahistoria\/"},{"@type":"ListItem","position":2,"name":"Justificaci\u00f3n de la campa\u00f1a"}]},{"@type":"WebSite","@id":"https:\/\/salesianos.info\/protagonistasdelahistoria\/#website","url":"https:\/\/salesianos.info\/protagonistasdelahistoria\/","name":"Campa\u00f1a Pastoral 2025-26 | Protagonistas de la historia","description":"","potentialAction":[{"@type":"SearchAction","target":{"@type":"EntryPoint","urlTemplate":"https:\/\/salesianos.info\/protagonistasdelahistoria\/?s={search_term_string}"},"query-input":{"@type":"PropertyValueSpecification","valueRequired":true,"valueName":"search_term_string"}}],"inLanguage":"es"}]}},"_links":{"self":[{"href":"https:\/\/salesianos.info\/protagonistasdelahistoria\/wp-json\/wp\/v2\/pages\/85","targetHints":{"allow":["GET"]}}],"collection":[{"href":"https:\/\/salesianos.info\/protagonistasdelahistoria\/wp-json\/wp\/v2\/pages"}],"about":[{"href":"https:\/\/salesianos.info\/protagonistasdelahistoria\/wp-json\/wp\/v2\/types\/page"}],"author":[{"embeddable":true,"href":"https:\/\/salesianos.info\/protagonistasdelahistoria\/wp-json\/wp\/v2\/users\/3"}],"replies":[{"embeddable":true,"href":"https:\/\/salesianos.info\/protagonistasdelahistoria\/wp-json\/wp\/v2\/comments?post=85"}],"version-history":[{"count":10,"href":"https:\/\/salesianos.info\/protagonistasdelahistoria\/wp-json\/wp\/v2\/pages\/85\/revisions"}],"predecessor-version":[{"id":115130,"href":"https:\/\/salesianos.info\/protagonistasdelahistoria\/wp-json\/wp\/v2\/pages\/85\/revisions\/115130"}],"wp:featuredmedia":[{"embeddable":true,"href":"https:\/\/salesianos.info\/protagonistasdelahistoria\/wp-json\/wp\/v2\/media\/41"}],"wp:attachment":[{"href":"https:\/\/salesianos.info\/protagonistasdelahistoria\/wp-json\/wp\/v2\/media?parent=85"}],"curies":[{"name":"wp","href":"https:\/\/api.w.org\/{rel}","templated":true}]}}